{"id":238946,"date":"2025-08-03T15:59:25","date_gmt":"2025-08-03T15:59:25","guid":{"rendered":"https:\/\/landscapes-et-cie.com\/?post_type=project&#038;p=238946"},"modified":"2025-09-20T09:54:42","modified_gmt":"2025-09-20T09:54:42","slug":"jardin-au-coeur-de-rennes","status":"publish","type":"project","link":"https:\/\/landscapes-et-cie.com\/en\/project\/jardin-au-coeur-de-rennes\/","title":{"rendered":"Rennes Thabor"},"content":{"rendered":"<p>[et_pb_section fb_built=\u00a0\u00bb1&Prime; _builder_version=\u00a0\u00bb4.24.0&Prime; _module_preset=\u00a0\u00bbdefault\u00a0\u00bb background_color=\u00a0\u00bbrgba(10,10,10,0.41)\u00a0\u00bb background_image=\u00a0\u00bbhttps:\/\/landscapes-et-cie.com\/wp-content\/uploads\/2025\/09\/Jardin-coeur-de-Rennes-8-scaled.webp\u00a0\u00bb background_blend=\u00a0\u00bbmultiply\u00a0\u00bb max_height=\u00a0\u00bb302px\u00a0\u00bb max_height_tablet=\u00a0\u00bb\u00a0\u00bb max_height_phone=\u00a0\u00bb237px\u00a0\u00bb max_height_last_edited=\u00a0\u00bbon|phone\u00a0\u00bb locked=\u00a0\u00bboff\u00a0\u00bb global_colors_info=\u00a0\u00bb{}\u00a0\u00bb][et_pb_row _builder_version=\u00a0\u00bb4.16&Prime; _module_preset=\u00a0\u00bbdefault\u00a0\u00bb global_colors_info=\u00a0\u00bb{}\u00a0\u00bb][et_pb_column type=\u00a0\u00bb4_4&Prime; _builder_version=\u00a0\u00bb4.16&Prime; _module_preset=\u00a0\u00bbdefault\u00a0\u00bb global_colors_info=\u00a0\u00bb{}\u00a0\u00bb][et_pb_cta title=\u00a0\u00bbJardin au coeur de Rennes\u00a0\u00bb _builder_version=\u00a0\u00bb4.24.0&Prime; _module_preset=\u00a0\u00bbdefault\u00a0\u00bb header_level=\u00a0\u00bbh1&Prime; header_font=\u00a0\u00bb|700|||||||\u00a0\u00bb header_font_size=\u00a0\u00bb30px\u00a0\u00bb background_color=\u00a0\u00bbRGBA(0,0,0,0)\u00a0\u00bb custom_margin=\u00a0\u00bb25px||||false|false\u00a0\u00bb custom_margin_tablet=\u00a0\u00bb\u00a0\u00bb custom_margin_phone=\u00a0\u00bb-36px||||false|false\u00a0\u00bb custom_margin_last_edited=\u00a0\u00bbon|phone\u00a0\u00bb header_line_height_tablet=\u00a0\u00bb\u00a0\u00bb header_line_height_phone=\u00a0\u00bb1.3em\u00a0\u00bb header_line_height_last_edited=\u00a0\u00bbon|phone\u00a0\u00bb global_colors_info=\u00a0\u00bb{}\u00a0\u00bb][\/et_pb_cta][\/et_pb_column][\/et_pb_row][\/et_pb_section][et_pb_section fb_built=\u00a0\u00bb1&Prime; _builder_version=\u00a0\u00bb4.16&Prime; _module_preset=\u00a0\u00bbdefault\u00a0\u00bb background_color=\u00a0\u00bbrgba(229,217,199,0.35)\u00a0\u00bb custom_margin=\u00a0\u00bb0px||0px||false|false\u00a0\u00bb custom_padding=\u00a0\u00bb22px||30px||false|false\u00a0\u00bb locked=\u00a0\u00bboff\u00a0\u00bb global_colors_info=\u00a0\u00bb{}\u00a0\u00bb][et_pb_row column_structure=\u00a0\u00bb1_2,1_2&Prime; custom_padding_last_edited=\u00a0\u00bbon|desktop\u00a0\u00bb _builder_version=\u00a0\u00bb4.24.0&Prime; _module_preset=\u00a0\u00bbdefault\u00a0\u00bb custom_margin=\u00a0\u00bb12px||12px||false|false\u00a0\u00bb custom_margin_tablet=\u00a0\u00bb0px||0px||false|false\u00a0\u00bb custom_margin_phone=\u00a0\u00bb0px||0px||false|false\u00a0\u00bb custom_margin_last_edited=\u00a0\u00bbon|desktop\u00a0\u00bb custom_padding=\u00a0\u00bb6px||0px||false|false\u00a0\u00bb custom_padding_tablet=\u00a0\u00bb\u00a0\u00bb custom_padding_phone=\u00a0\u00bb\u00a0\u00bb global_colors_info=\u00a0\u00bb{}\u00a0\u00bb][et_pb_column type=\u00a0\u00bb1_2&Prime; _builder_version=\u00a0\u00bb4.16&Prime; _module_preset=\u00a0\u00bbdefault\u00a0\u00bb global_colors_info=\u00a0\u00bb{}\u00a0\u00bb][et_pb_text _builder_version=\u00a0\u00bb4.24.0&Prime; _module_preset=\u00a0\u00bbdefault\u00a0\u00bb max_width=\u00a0\u00bb100%\u00a0\u00bb max_width_tablet=\u00a0\u00bb90%\u00a0\u00bb max_width_phone=\u00a0\u00bb100%\u00a0\u00bb max_width_last_edited=\u00a0\u00bbon|phone\u00a0\u00bb module_alignment=\u00a0\u00bbleft\u00a0\u00bb custom_margin=\u00a0\u00bb||0px||false|false\u00a0\u00bb custom_padding=\u00a0\u00bb|13px||||\u00a0\u00bb custom_padding_tablet=\u00a0\u00bb\u00a0\u00bb custom_padding_phone=\u00a0\u00bb||0px||false|false\u00a0\u00bb custom_padding_last_edited=\u00a0\u00bbon|phone\u00a0\u00bb locked=\u00a0\u00bboff\u00a0\u00bb global_colors_info=\u00a0\u00bb{}\u00a0\u00bb]<\/p>\n<p class=\"p1\">An intimate garden with brick and stone terracing surrounded by trees. This design was developed in line with the building project preserving the authenticity of the architecture.<\/p>\n<p class=\"p1\">The town house and its patio to the North, are surrounded by lush planting in the heart of the city.<\/p>\n<p>[\/et_pb_text] preset= \u00bbdefault \u00bb max_width= \u00bb100% \u00bb max_width_tablet= \u00bb90% \u00bb max_width_phone= \u00bb100% \u00bb max_width_last_edited= \u00bbon|phone \u00bb module_alignment= \u00bbleft \u00bb custom_margin= \u00bb||0px||false|false \u00bb custom_padding_tablet= \u00bb \u00bb custom_padding_phone= \u00bb| |0px||false|false \u00bb custom_padding_last_edited= \u00bbon|phone \u00bb locked= \u00bboff \u00bb global_colors_info= \u00bb{} \u00bb]<\/p>\n<blockquote>\n<p class=\"p1\">Landscape Study: 2022<\/p>\n<\/blockquote>\n<blockquote>\n<p class=\"p1\">Area: 200<span>m<\/span><sup>2<\/sup><\/p>\n<\/blockquote>\n<p>[\/et_pb_text][\/et_pb_column][\/et_pb_row][et_pb_row column_structure=\u00a0\u00bb1_2,1_2&Prime; custom_padding_last_edited=\u00a0\u00bbon|desktop\u00a0\u00bb _builder_version=\u00a0\u00bb4.24.0&Prime; _module_preset=\u00a0\u00bbdefault\u00a0\u00bb custom_margin=\u00a0\u00bb12px||12px||false|false\u00a0\u00bb custom_margin_tablet=\u00a0\u00bb0px||0px||false|false\u00a0\u00bb custom_margin_phone=\u00a0\u00bb0px||0px||false|false\u00a0\u00bb custom_margin_last_edited=\u00a0\u00bbon|phone\u00a0\u00bb custom_padding=\u00a0\u00bb6px||0px|600px|false|false\u00a0\u00bb custom_padding_tablet=\u00a0\u00bb\u00a0\u00bb custom_padding_phone=\u00a0\u00bb|||0px|false|false\u00a0\u00bb global_colors_info=\u00a0\u00bb{}\u00a0\u00bb theme_builder_area=\u00a0\u00bbpost_content\u00a0\u00bb][et_pb_column type=\u00a0\u00bb1_2&Prime; _builder_version=\u00a0\u00bb4.16&Prime; _module_preset=\u00a0\u00bbdefault\u00a0\u00bb global_colors_info=\u00a0\u00bb{}\u00a0\u00bb theme_builder_area=\u00a0\u00bbpost_content\u00a0\u00bb][et_pb_button button_url=\u00a0\u00bbhttps:\/\/www.houzz.co.uk\/hznb\/projects\/jardin-au-coeur-de-rennes-pj-vj~7706139?share=clipboard\u00a0\u00bb url_new_window=\u00a0\u00bbon\u00a0\u00bb button_text=\u00a0\u00bbVoir sur Houzz\u00a0\u00bb _builder_version=\u00a0\u00bb4.24.0&Prime; _module_preset=\u00a0\u00bbdefault\u00a0\u00bb button_text_color=\u00a0\u00bb#FFFFFF\u00a0\u00bb button_bg_color=\u00a0\u00bb#4B9374&Prime; button_border_color=\u00a0\u00bb#4B9374&Prime; button_use_icon=\u00a0\u00bbon\u00a0\u00bb button_icon=\u00a0\u00bb&#xf27c;||fa||400&Prime; button_icon_placement=\u00a0\u00bbleft\u00a0\u00bb button_on_hover=\u00a0\u00bboff\u00a0\u00bb custom_padding=\u00a0\u00bb16px|24px|16px|40px|true|false\u00a0\u00bb hover_enabled=\u00a0\u00bb0&Prime; global_colors_info=\u00a0\u00bb{}\u00a0\u00bb theme_builder_area=\u00a0\u00bbpost_content\u00a0\u00bb sticky_enabled=\u00a0\u00bb0&Prime;][\/et_pb_button][\/et_pb_column][et_pb_column type=\u00a0\u00bb1_2&Prime; _builder_version=\u00a0\u00bb4.16&Prime; _module_preset=\u00a0\u00bbdefault\u00a0\u00bb global_colors_info=\u00a0\u00bb{}\u00a0\u00bb theme_builder_area=\u00a0\u00bbpost_content\u00a0\u00bb][et_pb_button button_url=\u00a0\u00bbhttps:\/\/pin.it\/1idpDc4L4&Prime; url_new_window=\u00a0\u00bbon\u00a0\u00bb button_text=\u00a0\u00bbVoir sur Pinterest\u00a0\u00bb _builder_version=\u00a0\u00bb4.24.0&Prime; _module_preset=\u00a0\u00bbdefault\u00a0\u00bb button_use_icon=\u00a0\u00bbon\u00a0\u00bb button_icon=\u00a0\u00bb&#xf0d2;||fa||400&Prime; button_icon_placement=\u00a0\u00bbleft\u00a0\u00bb button_on_hover=\u00a0\u00bboff\u00a0\u00bb custom_padding=\u00a0\u00bb16px|24px|16px|40px|true|false\u00a0\u00bb hover_enabled=\u00a0\u00bb0&Prime; global_colors_info=\u00a0\u00bb{}\u00a0\u00bb theme_builder_area=\u00a0\u00bbpost_content\u00a0\u00bb sticky_enabled=\u00a0\u00bb0&Prime;][\/et_pb_button][\/et_pb_column][\/et_pb_row][\/et_pb_section][et_pb_section fb_built=\u00a0\u00bb1&Prime; custom_padding_last_edited=\u00a0\u00bbon|phone\u00a0\u00bb _builder_version=\u00a0\u00bb4.24.0&Prime; _module_preset=\u00a0\u00bbdefault\u00a0\u00bb background_color=\u00a0\u00bb#fffaf2&Prime; custom_margin=\u00a0\u00bb0px||||false|false\u00a0\u00bb custom_padding=\u00a0\u00bb18px||||false|false\u00a0\u00bb custom_padding_tablet=\u00a0\u00bb24px||||false|false\u00a0\u00bb custom_padding_phone=\u00a0\u00bb20px||||false|false\u00a0\u00bb locked=\u00a0\u00bboff\u00a0\u00bb global_colors_info=\u00a0\u00bb{}\u00a0\u00bb][et_pb_row custom_padding_last_edited=\u00a0\u00bbon|tablet\u00a0\u00bb _builder_version=\u00a0\u00bb4.24.0&Prime; _module_preset=\u00a0\u00bbdefault\u00a0\u00bb width_tablet=\u00a0\u00bb\u00a0\u00bb width_phone=\u00a0\u00bb90%\u00a0\u00bb width_last_edited=\u00a0\u00bbon|phone\u00a0\u00bb custom_padding=\u00a0\u00bb20px||20px||false|false\u00a0\u00bb custom_padding_tablet=\u00a0\u00bb16px||16px||false|false\u00a0\u00bb custom_padding_phone=\u00a0\u00bb\u00a0\u00bb locked=\u00a0\u00bboff\u00a0\u00bb global_colors_info=\u00a0\u00bb{}\u00a0\u00bb][et_pb_column type=\u00a0\u00bb4_4&Prime; _builder_version=\u00a0\u00bb4.24.0&Prime; _module_preset=\u00a0\u00bbdefault\u00a0\u00bb global_colors_info=\u00a0\u00bb{}\u00a0\u00bb][et_pb_image src=\u00a0\u00bbhttps:\/\/landscapes-et-cie.com\/wp-content\/uploads\/2025\/09\/Jardin-coeur-de-Rennes-12-scaled.webp\u00a0\u00bb alt=\u00a0\u00bbFa\u00e7ade ensoleill\u00e9e de la maison de ma\u00eetre vue depuis le jardin. Au premier plan, une terrasse en briques rouges et de grosses fleurs d&rsquo;hortensia vert-lime encadrent les marches en pierre menant \u00e0 l&rsquo;entr\u00e9e.\u00a0\u00bb title_text=\u00a0\u00bbJardin coeur de Rennes (12)\u00a0\u00bb show_in_lightbox=\u00a0\u00bbon\u00a0\u00bb force_fullwidth=\u00a0\u00bbon\u00a0\u00bb _builder_version=\u00a0\u00bb4.24.0&Prime; _module_preset=\u00a0\u00bbdefault\u00a0\u00bb transform_scale_last_edited=\u00a0\u00bboff|desktop\u00a0\u00bb transform_translate_last_edited=\u00a0\u00bboff|desktop\u00a0\u00bb transform_rotate_last_edited=\u00a0\u00bboff|desktop\u00a0\u00bb transform_skew_last_edited=\u00a0\u00bboff|desktop\u00a0\u00bb transform_origin_last_edited=\u00a0\u00bboff|desktop\u00a0\u00bb height_tablet=\u00a0\u00bb\u00a0\u00bb height_phone=\u00a0\u00bb\u00a0\u00bb height_last_edited=\u00a0\u00bbon|tablet\u00a0\u00bb custom_margin=\u00a0\u00bb|-12px||0px|false|false\u00a0\u00bb custom_margin_tablet=\u00a0\u00bb|0px||0px|false|false\u00a0\u00bb custom_margin_phone=\u00a0\u00bb\u00a0\u00bb custom_margin_last_edited=\u00a0\u00bbon|phone\u00a0\u00bb box_shadow_style=\u00a0\u00bbpreset3&Prime; box_shadow_vertical=\u00a0\u00bb7px\u00a0\u00bb box_shadow_blur=\u00a0\u00bb33px\u00a0\u00bb box_shadow_spread=\u00a0\u00bb-17px\u00a0\u00bb box_shadow_color=\u00a0\u00bbrgba(10,0,0,0.76)\u00a0\u00bb global_colors_info=\u00a0\u00bb{}\u00a0\u00bb box_shadow_vertical__hover=\u00a0\u00bb7px\u00a0\u00bb box_shadow_vertical__hover_enabled=\u00a0\u00bbon|desktop\u00a0\u00bb box_shadow_spread__hover=\u00a0\u00bb-10px\u00a0\u00bb box_shadow_spread__hover_enabled=\u00a0\u00bbon|hover\u00a0\u00bb transform_styles__hover_enabled=\u00a0\u00bbon|hover\u00a0\u00bb transform_scale__hover_enabled=\u00a0\u00bboff|hover\u00a0\u00bb transform_translate__hover_enabled=\u00a0\u00bboff|hover\u00a0\u00bb transform_rotate__hover_enabled=\u00a0\u00bboff|hover\u00a0\u00bb transform_skew__hover_enabled=\u00a0\u00bboff|hover\u00a0\u00bb transform_origin__hover_enabled=\u00a0\u00bboff|hover\u00a0\u00bb][\/et_pb_image][\/et_pb_column][\/et_pb_row][et_pb_row column_structure=\u00a0\u00bb1_2,1_2&Prime; custom_padding_last_edited=\u00a0\u00bbon|tablet\u00a0\u00bb _builder_version=\u00a0\u00bb4.24.0&Prime; _module_preset=\u00a0\u00bbdefault\u00a0\u00bb width_tablet=\u00a0\u00bb\u00a0\u00bb width_phone=\u00a0\u00bb90%\u00a0\u00bb width_last_edited=\u00a0\u00bbon|phone\u00a0\u00bb custom_padding=\u00a0\u00bb20px||20px||false|false\u00a0\u00bb custom_padding_tablet=\u00a0\u00bb16px||16px||false|false\u00a0\u00bb custom_padding_phone=\u00a0\u00bb\u00a0\u00bb locked=\u00a0\u00bboff\u00a0\u00bb global_colors_info=\u00a0\u00bb{}\u00a0\u00bb][et_pb_column type=\u00a0\u00bb1_2&Prime; _builder_version=\u00a0\u00bb4.24.0&Prime; _module_preset=\u00a0\u00bbdefault\u00a0\u00bb global_colors_info=\u00a0\u00bb{}\u00a0\u00bb][et_pb_image src=\u00a0\u00bbhttps:\/\/landscapes-et-cie.com\/wp-content\/uploads\/2025\/09\/Jardin-coeur-de-Rennes-9-scaled.webp\u00a0\u00bb alt=\u00a0\u00bbUn \u00e9rable du Japon en pot sur une terrasse en briques, \u00e0 c\u00f4t\u00e9 d&rsquo;une plante grimpante et d&rsquo;une foug\u00e8re dans des pots en terre cuite plus petits. Le tout est nich\u00e9 dans un coin avec des murs en bois gris.\u00a0\u00bb title_text=\u00a0\u00bbJardin coeur de Rennes (9)\u00a0\u00bb show_in_lightbox=\u00a0\u00bbon\u00a0\u00bb _builder_version=\u00a0\u00bb4.24.0&Prime; _module_preset=\u00a0\u00bbdefault\u00a0\u00bb transform_scale_last_edited=\u00a0\u00bboff|desktop\u00a0\u00bb transform_translate_last_edited=\u00a0\u00bboff|desktop\u00a0\u00bb transform_rotate_last_edited=\u00a0\u00bboff|desktop\u00a0\u00bb transform_skew_last_edited=\u00a0\u00bboff|desktop\u00a0\u00bb transform_origin_last_edited=\u00a0\u00bboff|desktop\u00a0\u00bb height_tablet=\u00a0\u00bb\u00a0\u00bb height_phone=\u00a0\u00bb\u00a0\u00bb height_last_edited=\u00a0\u00bbon|tablet\u00a0\u00bb custom_margin=\u00a0\u00bb|-12px||0px|false|false\u00a0\u00bb custom_margin_tablet=\u00a0\u00bb|0px||0px|false|false\u00a0\u00bb custom_margin_phone=\u00a0\u00bb\u00a0\u00bb custom_margin_last_edited=\u00a0\u00bbon|phone\u00a0\u00bb box_shadow_style=\u00a0\u00bbpreset3&Prime; box_shadow_vertical=\u00a0\u00bb7px\u00a0\u00bb box_shadow_blur=\u00a0\u00bb33px\u00a0\u00bb box_shadow_spread=\u00a0\u00bb-17px\u00a0\u00bb box_shadow_color=\u00a0\u00bbrgba(10,0,0,0.76)\u00a0\u00bb global_colors_info=\u00a0\u00bb{}\u00a0\u00bb box_shadow_vertical__hover=\u00a0\u00bb7px\u00a0\u00bb box_shadow_vertical__hover_enabled=\u00a0\u00bbon|desktop\u00a0\u00bb box_shadow_spread__hover=\u00a0\u00bb-10px\u00a0\u00bb box_shadow_spread__hover_enabled=\u00a0\u00bbon|hover\u00a0\u00bb transform_styles__hover_enabled=\u00a0\u00bbon|hover\u00a0\u00bb transform_scale__hover_enabled=\u00a0\u00bboff|hover\u00a0\u00bb transform_translate__hover_enabled=\u00a0\u00bboff|hover\u00a0\u00bb transform_rotate__hover_enabled=\u00a0\u00bboff|hover\u00a0\u00bb transform_skew__hover_enabled=\u00a0\u00bboff|hover\u00a0\u00bb transform_origin__hover_enabled=\u00a0\u00bboff|hover\u00a0\u00bb][\/et_pb_image][\/et_pb_column][et_pb_column type=\u00a0\u00bb1_2&Prime; _builder_version=\u00a0\u00bb4.16&Prime; _module_preset=\u00a0\u00bbdefault\u00a0\u00bb global_colors_info=\u00a0\u00bb{}\u00a0\u00bb][et_pb_image src=\u00a0\u00bbhttps:\/\/landscapes-et-cie.com\/wp-content\/uploads\/2025\/09\/Jardin-coeur-de-Rennes-8-scaled.webp\u00a0\u00bb alt=\u00a0\u00bbFa\u00e7ade d&rsquo;une maison de ma\u00eetre avec un perron en pierre. L&rsquo;entr\u00e9e est entour\u00e9e de plantations d&rsquo;arbustes et de deux pots gris. Le chemin d&rsquo;acc\u00e8s est pav\u00e9 de briques rouges en motif \u00e0 chevrons.\u00a0\u00bb title_text=\u00a0\u00bbJardin coeur de Rennes (8)\u00a0\u00bb show_in_lightbox=\u00a0\u00bbon\u00a0\u00bb _builder_version=\u00a0\u00bb4.24.0&Prime; _module_preset=\u00a0\u00bbdefault\u00a0\u00bb transform_scale_last_edited=\u00a0\u00bboff|desktop\u00a0\u00bb transform_translate_last_edited=\u00a0\u00bboff|desktop\u00a0\u00bb transform_rotate_last_edited=\u00a0\u00bboff|desktop\u00a0\u00bb transform_skew_last_edited=\u00a0\u00bboff|desktop\u00a0\u00bb transform_origin_last_edited=\u00a0\u00bboff|desktop\u00a0\u00bb custom_margin=\u00a0\u00bb|||-12px|false|false\u00a0\u00bb custom_margin_tablet=\u00a0\u00bb|||0px|false|false\u00a0\u00bb custom_margin_phone=\u00a0\u00bb\u00a0\u00bb custom_margin_last_edited=\u00a0\u00bbon|phone\u00a0\u00bb box_shadow_style=\u00a0\u00bbpreset3&Prime; box_shadow_vertical=\u00a0\u00bb7px\u00a0\u00bb box_shadow_blur=\u00a0\u00bb33px\u00a0\u00bb box_shadow_spread=\u00a0\u00bb-17px\u00a0\u00bb box_shadow_color=\u00a0\u00bbrgba(10,0,0,0.76)\u00a0\u00bb global_colors_info=\u00a0\u00bb{}\u00a0\u00bb box_shadow_vertical__hover=\u00a0\u00bb7px\u00a0\u00bb box_shadow_vertical__hover_enabled=\u00a0\u00bbon|desktop\u00a0\u00bb box_shadow_spread__hover=\u00a0\u00bb-10px\u00a0\u00bb box_shadow_spread__hover_enabled=\u00a0\u00bbon|hover\u00a0\u00bb transform_styles__hover_enabled=\u00a0\u00bbon|desktop\u00a0\u00bb transform_scale__hover_enabled=\u00a0\u00bboff|hover\u00a0\u00bb transform_translate__hover_enabled=\u00a0\u00bboff|hover\u00a0\u00bb transform_rotate__hover_enabled=\u00a0\u00bboff|hover\u00a0\u00bb transform_skew__hover_enabled=\u00a0\u00bboff|hover\u00a0\u00bb transform_origin__hover_enabled=\u00a0\u00bboff|hover\u00a0\u00bb][\/et_pb_image][\/et_pb_column][\/et_pb_row][et_pb_row column_structure=\u00a0\u00bb1_3,1_3,1_3&Prime; custom_padding_last_edited=\u00a0\u00bbon|tablet\u00a0\u00bb _builder_version=\u00a0\u00bb4.16&Prime; _module_preset=\u00a0\u00bbdefault\u00a0\u00bb width_tablet=\u00a0\u00bb\u00a0\u00bb width_phone=\u00a0\u00bb90%\u00a0\u00bb width_last_edited=\u00a0\u00bbon|phone\u00a0\u00bb custom_padding=\u00a0\u00bb20px||20px||false|false\u00a0\u00bb custom_padding_tablet=\u00a0\u00bb16px||16px||false|false\u00a0\u00bb custom_padding_phone=\u00a0\u00bb\u00a0\u00bb locked=\u00a0\u00bboff\u00a0\u00bb global_colors_info=\u00a0\u00bb{}\u00a0\u00bb][et_pb_column type=\u00a0\u00bb1_3&Prime; _builder_version=\u00a0\u00bb4.16&Prime; _module_preset=\u00a0\u00bbdefault\u00a0\u00bb global_colors_info=\u00a0\u00bb{}\u00a0\u00bb][et_pb_image src=\u00a0\u00bbhttps:\/\/landscapes-et-cie.com\/wp-content\/uploads\/2025\/09\/Jardin-coeur-de-Rennes-5-scaled.webp\u00a0\u00bb alt=\u00a0\u00bbFa\u00e7ade principale d&rsquo;une maison de ma\u00eetre blanche avec des encadrements de fen\u00eatres et de porte rose-orang\u00e9. Au centre, un parterre d&rsquo;arbustes verts m\u00e8ne \u00e0 des marches en pierre. Un chemin en briques rouges est visible au premier plan, et des pots de buis flanquent la porte d&rsquo;entr\u00e9e.\u00a0\u00bb title_text=\u00a0\u00bbJardin coeur de Rennes (5)\u00a0\u00bb show_in_lightbox=\u00a0\u00bbon\u00a0\u00bb _builder_version=\u00a0\u00bb4.24.0&Prime; _module_preset=\u00a0\u00bbdefault\u00a0\u00bb transform_scale_last_edited=\u00a0\u00bboff|desktop\u00a0\u00bb transform_translate_last_edited=\u00a0\u00bboff|desktop\u00a0\u00bb transform_rotate_last_edited=\u00a0\u00bboff|desktop\u00a0\u00bb transform_skew_last_edited=\u00a0\u00bboff|desktop\u00a0\u00bb transform_origin_last_edited=\u00a0\u00bboff|desktop\u00a0\u00bb custom_margin=\u00a0\u00bb|-12px||0px|false|false\u00a0\u00bb custom_margin_tablet=\u00a0\u00bb|0px||0px|false|false\u00a0\u00bb custom_margin_phone=\u00a0\u00bb\u00a0\u00bb custom_margin_last_edited=\u00a0\u00bbon|phone\u00a0\u00bb box_shadow_style=\u00a0\u00bbpreset3&Prime; box_shadow_vertical=\u00a0\u00bb7px\u00a0\u00bb box_shadow_blur=\u00a0\u00bb33px\u00a0\u00bb box_shadow_spread=\u00a0\u00bb-17px\u00a0\u00bb box_shadow_color=\u00a0\u00bbrgba(10,0,0,0.76)\u00a0\u00bb global_colors_info=\u00a0\u00bb{}\u00a0\u00bb box_shadow_vertical__hover=\u00a0\u00bb7px\u00a0\u00bb box_shadow_vertical__hover_enabled=\u00a0\u00bbon|desktop\u00a0\u00bb box_shadow_spread__hover=\u00a0\u00bb-10px\u00a0\u00bb box_shadow_spread__hover_enabled=\u00a0\u00bbon|hover\u00a0\u00bb transform_styles__hover_enabled=\u00a0\u00bbon|hover\u00a0\u00bb transform_scale__hover_enabled=\u00a0\u00bbon|hover\u00a0\u00bb transform_translate__hover_enabled=\u00a0\u00bbon|desktop\u00a0\u00bb transform_rotate__hover_enabled=\u00a0\u00bbon|desktop\u00a0\u00bb transform_skew__hover_enabled=\u00a0\u00bbon|desktop\u00a0\u00bb transform_origin__hover_enabled=\u00a0\u00bbon|desktop\u00a0\u00bb][\/et_pb_image][\/et_pb_column][et_pb_column type=\u00a0\u00bb1_3&Prime; _builder_version=\u00a0\u00bb4.16&Prime; _module_preset=\u00a0\u00bbdefault\u00a0\u00bb global_colors_info=\u00a0\u00bb{}\u00a0\u00bb][et_pb_image src=\u00a0\u00bbhttps:\/\/landscapes-et-cie.com\/wp-content\/uploads\/2025\/09\/Jardin-coeur-de-Rennes-6-scaled.webp\u00a0\u00bb alt=\u00a0\u00bbUne personne en chemise \u00e0 carreaux rose et jean bleu tient son v\u00e9lo sur un chemin en briques dans un jardin luxuriant. Au premier plan, des fleurs d&rsquo;hortensia aux teintes cr\u00e8me et des g\u00e9raniums vivaces violets. En arri\u00e8re-plan, un \u00e9rable et une dense haie de bambous.\u00a0\u00bb title_text=\u00a0\u00bbJardin coeur de Rennes (6)\u00a0\u00bb show_in_lightbox=\u00a0\u00bbon\u00a0\u00bb _builder_version=\u00a0\u00bb4.24.0&Prime; _module_preset=\u00a0\u00bbdefault\u00a0\u00bb transform_scale_last_edited=\u00a0\u00bboff|desktop\u00a0\u00bb transform_translate_last_edited=\u00a0\u00bboff|desktop\u00a0\u00bb transform_rotate_last_edited=\u00a0\u00bboff|desktop\u00a0\u00bb transform_skew_last_edited=\u00a0\u00bboff|desktop\u00a0\u00bb transform_origin_last_edited=\u00a0\u00bboff|desktop\u00a0\u00bb custom_margin=\u00a0\u00bb|-6px||-6px|false|false\u00a0\u00bb custom_margin_tablet=\u00a0\u00bb|0px||0px|false|false\u00a0\u00bb custom_margin_phone=\u00a0\u00bb\u00a0\u00bb custom_margin_last_edited=\u00a0\u00bbon|phone\u00a0\u00bb box_shadow_style=\u00a0\u00bbpreset3&Prime; box_shadow_vertical=\u00a0\u00bb7px\u00a0\u00bb box_shadow_blur=\u00a0\u00bb33px\u00a0\u00bb box_shadow_spread=\u00a0\u00bb-17px\u00a0\u00bb box_shadow_color=\u00a0\u00bbrgba(10,0,0,0.76)\u00a0\u00bb global_colors_info=\u00a0\u00bb{}\u00a0\u00bb box_shadow_spread__hover=\u00a0\u00bb-10px\u00a0\u00bb box_shadow_spread__hover_enabled=\u00a0\u00bbon|hover\u00a0\u00bb box_shadow_vertical__hover_enabled=\u00a0\u00bbon|desktop\u00a0\u00bb box_shadow_vertical__hover=\u00a0\u00bb7px\u00a0\u00bb transform_styles__hover_enabled=\u00a0\u00bbon|hover\u00a0\u00bb transform_scale__hover_enabled=\u00a0\u00bbon|hover\u00a0\u00bb transform_translate__hover_enabled=\u00a0\u00bbon|desktop\u00a0\u00bb transform_rotate__hover_enabled=\u00a0\u00bbon|desktop\u00a0\u00bb transform_skew__hover_enabled=\u00a0\u00bbon|desktop\u00a0\u00bb transform_origin__hover_enabled=\u00a0\u00bbon|desktop\u00a0\u00bb][\/et_pb_image][\/et_pb_column][et_pb_column type=\u00a0\u00bb1_3&Prime; _builder_version=\u00a0\u00bb4.16&Prime; _module_preset=\u00a0\u00bbdefault\u00a0\u00bb global_colors_info=\u00a0\u00bb{}\u00a0\u00bb][et_pb_image src=\u00a0\u00bbhttps:\/\/landscapes-et-cie.com\/wp-content\/uploads\/2025\/09\/Jardin-coeur-de-Rennes-4-scaled.webp\u00a0\u00bb alt=\u00a0\u00bbGros plan sur un coin d&rsquo;un patio avec un sol en briques rouges. Un grand pot en terre cuite contient un \u00e9rable du Japon, accompagn\u00e9 de pots plus petits avec une plante grimpante et des foug\u00e8res. Le tout est encadr\u00e9 par des murs en lattes de bois gris clair.\u00a0\u00bb title_text=\u00a0\u00bbJardin coeur de Rennes (4)\u00a0\u00bb show_in_lightbox=\u00a0\u00bbon\u00a0\u00bb _builder_version=\u00a0\u00bb4.24.0&Prime; _module_preset=\u00a0\u00bbdefault\u00a0\u00bb transform_scale_last_edited=\u00a0\u00bboff|desktop\u00a0\u00bb transform_translate_last_edited=\u00a0\u00bboff|desktop\u00a0\u00bb transform_rotate_last_edited=\u00a0\u00bboff|desktop\u00a0\u00bb transform_skew_last_edited=\u00a0\u00bboff|desktop\u00a0\u00bb transform_origin_last_edited=\u00a0\u00bboff|desktop\u00a0\u00bb custom_margin=\u00a0\u00bb|0px||-12px|false|false\u00a0\u00bb custom_margin_tablet=\u00a0\u00bb|0px||0px|false|false\u00a0\u00bb custom_margin_phone=\u00a0\u00bb\u00a0\u00bb custom_margin_last_edited=\u00a0\u00bbon|phone\u00a0\u00bb box_shadow_style=\u00a0\u00bbpreset3&Prime; box_shadow_vertical=\u00a0\u00bb7px\u00a0\u00bb box_shadow_blur=\u00a0\u00bb33px\u00a0\u00bb box_shadow_spread=\u00a0\u00bb-17px\u00a0\u00bb box_shadow_color=\u00a0\u00bbrgba(10,0,0,0.76)\u00a0\u00bb global_colors_info=\u00a0\u00bb{}\u00a0\u00bb box_shadow_vertical__hover=\u00a0\u00bb7px\u00a0\u00bb box_shadow_vertical__hover_enabled=\u00a0\u00bbon|desktop\u00a0\u00bb box_shadow_spread__hover=\u00a0\u00bb-10px\u00a0\u00bb box_shadow_spread__hover_enabled=\u00a0\u00bbon|hover\u00a0\u00bb transform_styles__hover_enabled=\u00a0\u00bbon|hover\u00a0\u00bb transform_scale__hover_enabled=\u00a0\u00bbon|hover\u00a0\u00bb transform_translate__hover_enabled=\u00a0\u00bbon|desktop\u00a0\u00bb transform_rotate__hover_enabled=\u00a0\u00bbon|desktop\u00a0\u00bb transform_skew__hover_enabled=\u00a0\u00bbon|desktop\u00a0\u00bb transform_origin__hover_enabled=\u00a0\u00bbon|desktop\u00a0\u00bb][\/et_pb_image][\/et_pb_column][\/et_pb_row][et_pb_row custom_padding_last_edited=\u00a0\u00bbon|tablet\u00a0\u00bb _builder_version=\u00a0\u00bb4.24.0&Prime; _module_preset=\u00a0\u00bbdefault\u00a0\u00bb width_tablet=\u00a0\u00bb\u00a0\u00bb width_phone=\u00a0\u00bb90%\u00a0\u00bb width_last_edited=\u00a0\u00bbon|phone\u00a0\u00bb custom_padding=\u00a0\u00bb20px||20px||false|false\u00a0\u00bb custom_padding_tablet=\u00a0\u00bb16px||16px||false|false\u00a0\u00bb custom_padding_phone=\u00a0\u00bb\u00a0\u00bb locked=\u00a0\u00bboff\u00a0\u00bb global_colors_info=\u00a0\u00bb{}\u00a0\u00bb][et_pb_column type=\u00a0\u00bb4_4&Prime; _builder_version=\u00a0\u00bb4.24.0&Prime; _module_preset=\u00a0\u00bbdefault\u00a0\u00bb global_colors_info=\u00a0\u00bb{}\u00a0\u00bb][et_pb_image src=\u00a0\u00bbhttps:\/\/landscapes-et-cie.com\/wp-content\/uploads\/2025\/09\/Jardin-coeur-de-Rennes-11-scaled.webp\u00a0\u00bb alt=\u00a0\u00bbVue plongeante depuis une terrasse en pierre sur le jardin de ville. Un chemin central en briques rouges \u00e0 chevrons est bord\u00e9 de massifs denses d&rsquo;arbustes, d&rsquo;hortensias blancs et d&rsquo;arbres, avec des immeubles en arri\u00e8re-plan.\u00a0\u00bb title_text=\u00a0\u00bbJardin coeur de Rennes (11)\u00a0\u00bb show_in_lightbox=\u00a0\u00bbon\u00a0\u00bb force_fullwidth=\u00a0\u00bbon\u00a0\u00bb _builder_version=\u00a0\u00bb4.24.0&Prime; _module_preset=\u00a0\u00bbdefault\u00a0\u00bb transform_scale_last_edited=\u00a0\u00bboff|desktop\u00a0\u00bb transform_translate_last_edited=\u00a0\u00bboff|desktop\u00a0\u00bb transform_rotate_last_edited=\u00a0\u00bboff|desktop\u00a0\u00bb transform_skew_last_edited=\u00a0\u00bboff|desktop\u00a0\u00bb transform_origin_last_edited=\u00a0\u00bboff|desktop\u00a0\u00bb height_tablet=\u00a0\u00bb\u00a0\u00bb height_phone=\u00a0\u00bb\u00a0\u00bb height_last_edited=\u00a0\u00bbon|tablet\u00a0\u00bb custom_margin=\u00a0\u00bb|-12px||0px|false|false\u00a0\u00bb custom_margin_tablet=\u00a0\u00bb|0px||0px|false|false\u00a0\u00bb custom_margin_phone=\u00a0\u00bb\u00a0\u00bb custom_margin_last_edited=\u00a0\u00bbon|phone\u00a0\u00bb box_shadow_style=\u00a0\u00bbpreset3&Prime; box_shadow_vertical=\u00a0\u00bb7px\u00a0\u00bb box_shadow_blur=\u00a0\u00bb33px\u00a0\u00bb box_shadow_spread=\u00a0\u00bb-17px\u00a0\u00bb box_shadow_color=\u00a0\u00bbrgba(10,0,0,0.76)\u00a0\u00bb global_colors_info=\u00a0\u00bb{}\u00a0\u00bb box_shadow_vertical__hover=\u00a0\u00bb7px\u00a0\u00bb box_shadow_vertical__hover_enabled=\u00a0\u00bbon|desktop\u00a0\u00bb box_shadow_spread__hover=\u00a0\u00bb-10px\u00a0\u00bb box_shadow_spread__hover_enabled=\u00a0\u00bbon|hover\u00a0\u00bb transform_styles__hover_enabled=\u00a0\u00bbon|hover\u00a0\u00bb transform_scale__hover_enabled=\u00a0\u00bboff|hover\u00a0\u00bb transform_translate__hover_enabled=\u00a0\u00bboff|hover\u00a0\u00bb transform_rotate__hover_enabled=\u00a0\u00bboff|hover\u00a0\u00bb transform_skew__hover_enabled=\u00a0\u00bboff|hover\u00a0\u00bb transform_origin__hover_enabled=\u00a0\u00bboff|hover\u00a0\u00bb][\/et_pb_image][\/et_pb_column][\/et_pb_row][et_pb_row column_structure=\u00a0\u00bb1_2,1_2&Prime; custom_padding_last_edited=\u00a0\u00bbon|tablet\u00a0\u00bb _builder_version=\u00a0\u00bb4.24.0&Prime; _module_preset=\u00a0\u00bbdefault\u00a0\u00bb width_tablet=\u00a0\u00bb\u00a0\u00bb width_phone=\u00a0\u00bb90%\u00a0\u00bb width_last_edited=\u00a0\u00bbon|phone\u00a0\u00bb custom_padding=\u00a0\u00bb20px||20px||false|false\u00a0\u00bb custom_padding_tablet=\u00a0\u00bb16px||16px||false|false\u00a0\u00bb custom_padding_phone=\u00a0\u00bb\u00a0\u00bb locked=\u00a0\u00bboff\u00a0\u00bb global_colors_info=\u00a0\u00bb{}\u00a0\u00bb][et_pb_column type=\u00a0\u00bb1_2&Prime; _builder_version=\u00a0\u00bb4.16&Prime; _module_preset=\u00a0\u00bbdefault\u00a0\u00bb global_colors_info=\u00a0\u00bb{}\u00a0\u00bb][et_pb_image src=\u00a0\u00bbhttps:\/\/landscapes-et-cie.com\/wp-content\/uploads\/2025\/09\/Jardin-coeur-de-Rennes-2-1.webp\u00a0\u00bb alt=\u00a0\u00bbUn patio intime avec un sol en briques rouges \u00e0 chevrons. Sur la gauche, un grand pot en terre cuite avec un buisson vert. Au fond, un \u00e9rable du Japon aux feuilles vert-jaune dans un grand pot, et des plantes grimpantes le long d&rsquo;un mur en lattes de bois gris clair. Un mur en pierre est visible en arri\u00e8re-plan.\u00a0\u00bb title_text=\u00a0\u00bbJardin coeur de Rennes (2)\u00a0\u00bb show_in_lightbox=\u00a0\u00bbon\u00a0\u00bb _builder_version=\u00a0\u00bb4.24.0&Prime; _module_preset=\u00a0\u00bbdefault\u00a0\u00bb transform_scale_last_edited=\u00a0\u00bboff|desktop\u00a0\u00bb transform_translate_last_edited=\u00a0\u00bboff|desktop\u00a0\u00bb transform_rotate_last_edited=\u00a0\u00bboff|desktop\u00a0\u00bb transform_skew_last_edited=\u00a0\u00bboff|desktop\u00a0\u00bb transform_origin_last_edited=\u00a0\u00bboff|desktop\u00a0\u00bb custom_margin=\u00a0\u00bb|-12px||0px|false|false\u00a0\u00bb custom_margin_tablet=\u00a0\u00bb|0px||0px|false|false\u00a0\u00bb custom_margin_phone=\u00a0\u00bb\u00a0\u00bb custom_margin_last_edited=\u00a0\u00bbon|phone\u00a0\u00bb box_shadow_style=\u00a0\u00bbpreset3&Prime; box_shadow_vertical=\u00a0\u00bb7px\u00a0\u00bb box_shadow_blur=\u00a0\u00bb33px\u00a0\u00bb box_shadow_spread=\u00a0\u00bb-17px\u00a0\u00bb box_shadow_color=\u00a0\u00bbrgba(10,0,0,0.76)\u00a0\u00bb global_colors_info=\u00a0\u00bb{}\u00a0\u00bb box_shadow_vertical__hover=\u00a0\u00bb7px\u00a0\u00bb box_shadow_vertical__hover_enabled=\u00a0\u00bbon|desktop\u00a0\u00bb box_shadow_spread__hover=\u00a0\u00bb-10px\u00a0\u00bb box_shadow_spread__hover_enabled=\u00a0\u00bbon|hover\u00a0\u00bb transform_styles__hover_enabled=\u00a0\u00bbon|hover\u00a0\u00bb transform_scale__hover_enabled=\u00a0\u00bbon|hover\u00a0\u00bb transform_translate__hover_enabled=\u00a0\u00bbon|desktop\u00a0\u00bb transform_rotate__hover_enabled=\u00a0\u00bbon|desktop\u00a0\u00bb transform_skew__hover_enabled=\u00a0\u00bbon|desktop\u00a0\u00bb transform_origin__hover_enabled=\u00a0\u00bbon|desktop\u00a0\u00bb][\/et_pb_image][\/et_pb_column][et_pb_column type=\u00a0\u00bb1_2&Prime; _builder_version=\u00a0\u00bb4.16&Prime; _module_preset=\u00a0\u00bbdefault\u00a0\u00bb global_colors_info=\u00a0\u00bb{}\u00a0\u00bb][et_pb_image src=\u00a0\u00bbhttps:\/\/landscapes-et-cie.com\/wp-content\/uploads\/2025\/09\/Jardin-coeur-de-Rennes-1-scaled.webp\u00a0\u00bb alt=\u00a0\u00bbGros plan sur un coin d&rsquo;un patio avec un sol en briques rouges. Un grand pot en terre cuite contient un \u00e9rable du Japon, accompagn\u00e9 de pots plus petits avec une plante grimpante et des foug\u00e8res. Le tout est encadr\u00e9 par des murs en lattes de bois gris clair.\u00a0\u00bb title_text=\u00a0\u00bbJardin coeur de Rennes (1)\u00a0\u00bb show_in_lightbox=\u00a0\u00bbon\u00a0\u00bb force_fullwidth=\u00a0\u00bbon\u00a0\u00bb _builder_version=\u00a0\u00bb4.24.0&Prime; _module_preset=\u00a0\u00bbdefault\u00a0\u00bb transform_scale_last_edited=\u00a0\u00bboff|desktop\u00a0\u00bb transform_translate_last_edited=\u00a0\u00bboff|desktop\u00a0\u00bb transform_rotate_last_edited=\u00a0\u00bboff|desktop\u00a0\u00bb transform_skew_last_edited=\u00a0\u00bboff|desktop\u00a0\u00bb transform_origin_last_edited=\u00a0\u00bboff|desktop\u00a0\u00bb height_tablet=\u00a0\u00bb\u00a0\u00bb height_phone=\u00a0\u00bb\u00a0\u00bb height_last_edited=\u00a0\u00bbon|tablet\u00a0\u00bb max_height=\u00a0\u00bb655px\u00a0\u00bb custom_margin=\u00a0\u00bb|-6px||-6px|false|false\u00a0\u00bb custom_margin_tablet=\u00a0\u00bb|0px||0px|false|false\u00a0\u00bb custom_margin_phone=\u00a0\u00bb\u00a0\u00bb custom_margin_last_edited=\u00a0\u00bbon|phone\u00a0\u00bb box_shadow_style=\u00a0\u00bbpreset3&Prime; box_shadow_vertical=\u00a0\u00bb7px\u00a0\u00bb box_shadow_blur=\u00a0\u00bb33px\u00a0\u00bb box_shadow_spread=\u00a0\u00bb-17px\u00a0\u00bb box_shadow_color=\u00a0\u00bbrgba(10,0,0,0.76)\u00a0\u00bb global_colors_info=\u00a0\u00bb{}\u00a0\u00bb box_shadow_spread__hover=\u00a0\u00bb-10px\u00a0\u00bb box_shadow_spread__hover_enabled=\u00a0\u00bbon|hover\u00a0\u00bb box_shadow_vertical__hover_enabled=\u00a0\u00bbon|desktop\u00a0\u00bb box_shadow_vertical__hover=\u00a0\u00bb7px\u00a0\u00bb transform_styles__hover_enabled=\u00a0\u00bbon|hover\u00a0\u00bb transform_scale__hover_enabled=\u00a0\u00bbon|hover\u00a0\u00bb transform_translate__hover_enabled=\u00a0\u00bbon|desktop\u00a0\u00bb transform_rotate__hover_enabled=\u00a0\u00bbon|desktop\u00a0\u00bb transform_skew__hover_enabled=\u00a0\u00bbon|desktop\u00a0\u00bb transform_origin__hover_enabled=\u00a0\u00bbon|desktop\u00a0\u00bb][\/et_pb_image][\/et_pb_column][\/et_pb_row][et_pb_row custom_padding_last_edited=\u00a0\u00bbon|phone\u00a0\u00bb _builder_version=\u00a0\u00bb4.16&Prime; _module_preset=\u00a0\u00bbdefault\u00a0\u00bb custom_margin=\u00a0\u00bb0px||-30px||false|false\u00a0\u00bb custom_margin_tablet=\u00a0\u00bb4px||-42px||false|false\u00a0\u00bb custom_margin_phone=\u00a0\u00bb0px||0px||false|false\u00a0\u00bb custom_margin_last_edited=\u00a0\u00bbon|desktop\u00a0\u00bb custom_padding=\u00a0\u00bb0px||||false|false\u00a0\u00bb custom_padding_tablet=\u00a0\u00bb0px||||false|false\u00a0\u00bb custom_padding_phone=\u00a0\u00bb0px||20px||false|false\u00a0\u00bb locked=\u00a0\u00bboff\u00a0\u00bb global_colors_info=\u00a0\u00bb{}\u00a0\u00bb][et_pb_column type=\u00a0\u00bb4_4&Prime; _builder_version=\u00a0\u00bb4.16&Prime; _module_preset=\u00a0\u00bbdefault\u00a0\u00bb global_colors_info=\u00a0\u00bb{}\u00a0\u00bb][et_pb_button button_url=\u00a0\u00bbhttps:\/\/landscapes-et-cie.com\/projets\/\u00a0\u00bb button_text=\u00a0\u00bb\u2192 retour aux jardins\u00a0\u00bb _builder_version=\u00a0\u00bb4.24.0&Prime; _module_preset=\u00a0\u00bbdefault\u00a0\u00bb button_text_size=\u00a0\u00bb18px\u00a0\u00bb button_text_color=\u00a0\u00bb#D3A13B\u00a0\u00bb button_bg_color=\u00a0\u00bbRGBA(0,0,0,0)\u00a0\u00bb button_border_width=\u00a0\u00bb0px\u00a0\u00bb button_border_color=\u00a0\u00bb#fffaf2&Prime; button_font=\u00a0\u00bbLibre Baskerville|700||||||#D3A13B|solid\u00a0\u00bb custom_margin=\u00a0\u00bb30px||0px||false|false\u00a0\u00bb custom_margin_tablet=\u00a0\u00bb20px||||false|false\u00a0\u00bb custom_margin_phone=\u00a0\u00bb20px||-33px||false|false\u00a0\u00bb custom_margin_last_edited=\u00a0\u00bbon|phone\u00a0\u00bb custom_padding=\u00a0\u00bb14px|22px|14px|22px|true|true\u00a0\u00bb button_bg_color_last_edited=\u00a0\u00bboff|desktop\u00a0\u00bb box_shadow_style=\u00a0\u00bbpreset3&Prime; box_shadow_vertical=\u00a0\u00bb7px\u00a0\u00bb box_shadow_blur=\u00a0\u00bb11px\u00a0\u00bb box_shadow_spread=\u00a0\u00bb-21px\u00a0\u00bb box_shadow_color=\u00a0\u00bbrgba(69,93,81,0.16)\u00a0\u00bb global_colors_info=\u00a0\u00bb{}\u00a0\u00bb button_border_color__hover_enabled=\u00a0\u00bbon|hover\u00a0\u00bb button_border_color__hover=\u00a0\u00bbRGBA(0,0,0,0)\u00a0\u00bb button_bg_color__hover_enabled=\u00a0\u00bbon|hover\u00a0\u00bb button_border_radius__hover_enabled=\u00a0\u00bbon|hover\u00a0\u00bb button_border_width__hover_enabled=\u00a0\u00bbon|hover\u00a0\u00bb button_border_width__hover=\u00a0\u00bb0px\u00a0\u00bb box_shadow_spread__hover=\u00a0\u00bb0px\u00a0\u00bb button_bg_color__hover=\u00a0\u00bbRGBA(0,0,0,0)\u00a0\u00bb][\/et_pb_button][\/et_pb_column][\/et_pb_row][\/et_pb_section]<\/p>","protected":false},"excerpt":{"rendered":"<p>Un jardin intime bas\u00e9 sur une alliance de briques et pierres, entour\u00e9 d\u2019arbres. Ce projet a \u00e9t\u00e9 \u00e9labor\u00e9 en accompagnement du projet architectural dans le but de pr\u00e9server l\u2019authenticit\u00e9 du b\u00e2ti. La maison de ma\u00eetre et son patio au Nord, se fond dans un \u00e9crin de verdure en plein coeur de la ville. Etude Paysag\u00e8re: [&hellip;]<\/p>","protected":false},"author":2,"featured_media":239034,"comment_status":"open","ping_status":"closed","template":"","meta":{"_et_pb_use_builder":"on","_et_pb_old_content":"","_et_gb_content_width":"","_monsterinsights_skip_tracking":false,"_monsterinsights_sitenote_active":false,"_monsterinsights_sitenote_note":"","_monsterinsights_sitenote_category":0,"footnotes":""},"project_category":[25],"project_tag":[],"class_list":["post-238946","project","type-project","status-publish","has-post-thumbnail","hentry","project_category-jardins"],"yoast_head":"<!-- This site is optimized with the Yoast SEO plugin v27.5 - https:\/\/yoast.com\/product\/yoast-seo-wordpress\/ -->\n<title>Jardin au coeur de Rennes &#8226; Landscapes et Cie<\/title>\n<meta name=\"description\" content=\"Jardin intime et verdoyant en plein coeur de la ville pour ce maison de ma\u00eetre. Patio en briques agr\u00e9ment\u00e9de grands pots en terre cuite.\" \/>\n<meta name=\"robots\" content=\"index, follow, max-snippet:-1, max-image-preview:large, max-video-preview:-1\" \/>\n<link rel=\"canonical\" href=\"https:\/\/landscapes-et-cie.com\/en\/project\/jardin-au-coeur-de-rennes\/\" \/>\n<meta property=\"og:locale\" content=\"en_GB\" \/>\n<meta property=\"og:type\" content=\"article\" \/>\n<meta property=\"og:title\" content=\"Jardin au coeur de Rennes &#8226; Landscapes et Cie\" \/>\n<meta property=\"og:description\" content=\"Jardin intime et verdoyant en plein coeur de la ville pour ce maison de ma\u00eetre. Patio en briques agr\u00e9ment\u00e9de grands pots en terre cuite.\" \/>\n<meta property=\"og:url\" content=\"https:\/\/landscapes-et-cie.com\/en\/project\/jardin-au-coeur-de-rennes\/\" \/>\n<meta property=\"og:site_name\" content=\"Landscapes et Cie\" \/>\n<meta property=\"article:publisher\" content=\"https:\/\/www.facebook.com\/Landscapesetcie\/\" \/>\n<meta property=\"article:modified_time\" content=\"2025-09-20T09:54:42+00:00\" \/>\n<meta property=\"og:image\" content=\"https:\/\/landscapes-et-cie.com\/wp-content\/uploads\/2025\/09\/Jardin-coeur-de-Rennes-12-scaled.webp\" \/>\n\t<meta property=\"og:image:width\" content=\"2560\" \/>\n\t<meta property=\"og:image:height\" content=\"1920\" \/>\n\t<meta property=\"og:image:type\" content=\"image\/jpeg\" \/>\n<meta name=\"twitter:card\" content=\"summary_large_image\" \/>\n<meta name=\"twitter:label1\" content=\"Estimated reading time\" \/>\n\t<meta name=\"twitter:data1\" content=\"3 minutes\" \/>\n<script type=\"application\/ld+json\" class=\"yoast-schema-graph\">{\"@context\":\"https:\\\/\\\/schema.org\",\"@graph\":[{\"@type\":\"WebPage\",\"@id\":\"https:\\\/\\\/landscapes-et-cie.com\\\/project\\\/jardin-au-coeur-de-rennes\\\/\",\"url\":\"https:\\\/\\\/landscapes-et-cie.com\\\/project\\\/jardin-au-coeur-de-rennes\\\/\",\"name\":\"Jardin au coeur de Rennes &#8226; Landscapes et Cie\",\"isPartOf\":{\"@id\":\"https:\\\/\\\/landscapes-et-cie.com\\\/#website\"},\"primaryImageOfPage\":{\"@id\":\"https:\\\/\\\/landscapes-et-cie.com\\\/project\\\/jardin-au-coeur-de-rennes\\\/#primaryimage\"},\"image\":{\"@id\":\"https:\\\/\\\/landscapes-et-cie.com\\\/project\\\/jardin-au-coeur-de-rennes\\\/#primaryimage\"},\"thumbnailUrl\":\"https:\\\/\\\/landscapes-et-cie.com\\\/wp-content\\\/uploads\\\/2025\\\/09\\\/Jardin-coeur-de-Rennes-12-scaled.webp\",\"datePublished\":\"2025-08-03T15:59:25+00:00\",\"dateModified\":\"2025-09-20T09:54:42+00:00\",\"description\":\"Jardin intime et verdoyant en plein coeur de la ville pour ce maison de ma\u00eetre. Patio en briques agr\u00e9ment\u00e9de grands pots en terre cuite.\",\"breadcrumb\":{\"@id\":\"https:\\\/\\\/landscapes-et-cie.com\\\/project\\\/jardin-au-coeur-de-rennes\\\/#breadcrumb\"},\"inLanguage\":\"en-GB\",\"potentialAction\":[{\"@type\":\"ReadAction\",\"target\":[\"https:\\\/\\\/landscapes-et-cie.com\\\/project\\\/jardin-au-coeur-de-rennes\\\/\"]}]},{\"@type\":\"ImageObject\",\"inLanguage\":\"en-GB\",\"@id\":\"https:\\\/\\\/landscapes-et-cie.com\\\/project\\\/jardin-au-coeur-de-rennes\\\/#primaryimage\",\"url\":\"https:\\\/\\\/landscapes-et-cie.com\\\/wp-content\\\/uploads\\\/2025\\\/09\\\/Jardin-coeur-de-Rennes-12-scaled.webp\",\"contentUrl\":\"https:\\\/\\\/landscapes-et-cie.com\\\/wp-content\\\/uploads\\\/2025\\\/09\\\/Jardin-coeur-de-Rennes-12-scaled.webp\",\"width\":2560,\"height\":1920,\"caption\":\"Fa\u00e7ade ensoleill\u00e9e de la maison de ma\u00eetre vue depuis le jardin. Au premier plan, une terrasse en briques rouges et de grosses fleurs d'hortensia vert-lime encadrent les marches en pierre menant \u00e0 l'entr\u00e9e.\"},{\"@type\":\"BreadcrumbList\",\"@id\":\"https:\\\/\\\/landscapes-et-cie.com\\\/project\\\/jardin-au-coeur-de-rennes\\\/#breadcrumb\",\"itemListElement\":[{\"@type\":\"ListItem\",\"position\":1,\"name\":\"Accueil\",\"item\":\"https:\\\/\\\/landscapes-et-cie.com\\\/\"},{\"@type\":\"ListItem\",\"position\":2,\"name\":\"Projets\",\"item\":\"https:\\\/\\\/landscapes-et-cie.com\\\/project\\\/\"},{\"@type\":\"ListItem\",\"position\":3,\"name\":\"Jardin au coeur de Rennes\"}]},{\"@type\":\"WebSite\",\"@id\":\"https:\\\/\\\/landscapes-et-cie.com\\\/#website\",\"url\":\"https:\\\/\\\/landscapes-et-cie.com\\\/\",\"name\":\"Landscapes et Cie\",\"description\":\"Garden Design - Clare Ob\u00e9ron, Architecte Paysagiste\",\"publisher\":{\"@id\":\"https:\\\/\\\/landscapes-et-cie.com\\\/#organization\"},\"potentialAction\":[{\"@type\":\"SearchAction\",\"target\":{\"@type\":\"EntryPoint\",\"urlTemplate\":\"https:\\\/\\\/landscapes-et-cie.com\\\/?s={search_term_string}\"},\"query-input\":{\"@type\":\"PropertyValueSpecification\",\"valueRequired\":true,\"valueName\":\"search_term_string\"}}],\"inLanguage\":\"en-GB\"},{\"@type\":\"Organization\",\"@id\":\"https:\\\/\\\/landscapes-et-cie.com\\\/#organization\",\"name\":\"Landscapes et Cie\",\"url\":\"https:\\\/\\\/landscapes-et-cie.com\\\/\",\"logo\":{\"@type\":\"ImageObject\",\"inLanguage\":\"en-GB\",\"@id\":\"https:\\\/\\\/landscapes-et-cie.com\\\/#\\\/schema\\\/logo\\\/image\\\/\",\"url\":\"https:\\\/\\\/landscapes-et-cie.com\\\/wp-content\\\/uploads\\\/2021\\\/03\\\/LANDSCAPES_LOGO-1.png\",\"contentUrl\":\"https:\\\/\\\/landscapes-et-cie.com\\\/wp-content\\\/uploads\\\/2021\\\/03\\\/LANDSCAPES_LOGO-1.png\",\"width\":2000,\"height\":398,\"caption\":\"Landscapes et Cie\"},\"image\":{\"@id\":\"https:\\\/\\\/landscapes-et-cie.com\\\/#\\\/schema\\\/logo\\\/image\\\/\"},\"sameAs\":[\"https:\\\/\\\/www.facebook.com\\\/Landscapesetcie\\\/\"]}]}<\/script>\n<!-- \/ Yoast SEO plugin. -->","yoast_head_json":{"title":"Jardin au coeur de Rennes &#8226; Landscapes et Cie","description":"Jardin intime et verdoyant en plein coeur de la ville pour ce maison de ma\u00eetre. Patio en briques agr\u00e9ment\u00e9de grands pots en terre cuite.","robots":{"index":"index","follow":"follow","max-snippet":"max-snippet:-1","max-image-preview":"max-image-preview:large","max-video-preview":"max-video-preview:-1"},"canonical":"https:\/\/landscapes-et-cie.com\/en\/project\/jardin-au-coeur-de-rennes\/","og_locale":"en_GB","og_type":"article","og_title":"Jardin au coeur de Rennes &#8226; Landscapes et Cie","og_description":"Jardin intime et verdoyant en plein coeur de la ville pour ce maison de ma\u00eetre. Patio en briques agr\u00e9ment\u00e9de grands pots en terre cuite.","og_url":"https:\/\/landscapes-et-cie.com\/en\/project\/jardin-au-coeur-de-rennes\/","og_site_name":"Landscapes et Cie","article_publisher":"https:\/\/www.facebook.com\/Landscapesetcie\/","article_modified_time":"2025-09-20T09:54:42+00:00","og_image":[{"width":2560,"height":1920,"url":"https:\/\/landscapes-et-cie.com\/wp-content\/uploads\/2025\/09\/Jardin-coeur-de-Rennes-12-scaled.webp","type":"image\/jpeg"}],"twitter_card":"summary_large_image","twitter_misc":{"Estimated reading time":"3 minutes"},"schema":{"@context":"https:\/\/schema.org","@graph":[{"@type":"WebPage","@id":"https:\/\/landscapes-et-cie.com\/project\/jardin-au-coeur-de-rennes\/","url":"https:\/\/landscapes-et-cie.com\/project\/jardin-au-coeur-de-rennes\/","name":"Jardin au coeur de Rennes &#8226; Landscapes et Cie","isPartOf":{"@id":"https:\/\/landscapes-et-cie.com\/#website"},"primaryImageOfPage":{"@id":"https:\/\/landscapes-et-cie.com\/project\/jardin-au-coeur-de-rennes\/#primaryimage"},"image":{"@id":"https:\/\/landscapes-et-cie.com\/project\/jardin-au-coeur-de-rennes\/#primaryimage"},"thumbnailUrl":"https:\/\/landscapes-et-cie.com\/wp-content\/uploads\/2025\/09\/Jardin-coeur-de-Rennes-12-scaled.webp","datePublished":"2025-08-03T15:59:25+00:00","dateModified":"2025-09-20T09:54:42+00:00","description":"Jardin intime et verdoyant en plein coeur de la ville pour ce maison de ma\u00eetre. Patio en briques agr\u00e9ment\u00e9de grands pots en terre cuite.","breadcrumb":{"@id":"https:\/\/landscapes-et-cie.com\/project\/jardin-au-coeur-de-rennes\/#breadcrumb"},"inLanguage":"en-GB","potentialAction":[{"@type":"ReadAction","target":["https:\/\/landscapes-et-cie.com\/project\/jardin-au-coeur-de-rennes\/"]}]},{"@type":"ImageObject","inLanguage":"en-GB","@id":"https:\/\/landscapes-et-cie.com\/project\/jardin-au-coeur-de-rennes\/#primaryimage","url":"https:\/\/landscapes-et-cie.com\/wp-content\/uploads\/2025\/09\/Jardin-coeur-de-Rennes-12-scaled.webp","contentUrl":"https:\/\/landscapes-et-cie.com\/wp-content\/uploads\/2025\/09\/Jardin-coeur-de-Rennes-12-scaled.webp","width":2560,"height":1920,"caption":"Fa\u00e7ade ensoleill\u00e9e de la maison de ma\u00eetre vue depuis le jardin. Au premier plan, une terrasse en briques rouges et de grosses fleurs d'hortensia vert-lime encadrent les marches en pierre menant \u00e0 l'entr\u00e9e."},{"@type":"BreadcrumbList","@id":"https:\/\/landscapes-et-cie.com\/project\/jardin-au-coeur-de-rennes\/#breadcrumb","itemListElement":[{"@type":"ListItem","position":1,"name":"Accueil","item":"https:\/\/landscapes-et-cie.com\/"},{"@type":"ListItem","position":2,"name":"Projets","item":"https:\/\/landscapes-et-cie.com\/project\/"},{"@type":"ListItem","position":3,"name":"Jardin au coeur de Rennes"}]},{"@type":"WebSite","@id":"https:\/\/landscapes-et-cie.com\/#website","url":"https:\/\/landscapes-et-cie.com\/","name":"Landscapes et Cie","description":"Garden Design - Clare Ob\u00e9ron, Landscape Architect","publisher":{"@id":"https:\/\/landscapes-et-cie.com\/#organization"},"potentialAction":[{"@type":"SearchAction","target":{"@type":"EntryPoint","urlTemplate":"https:\/\/landscapes-et-cie.com\/?s={search_term_string}"},"query-input":{"@type":"PropertyValueSpecification","valueRequired":true,"valueName":"search_term_string"}}],"inLanguage":"en-GB"},{"@type":"Organization","@id":"https:\/\/landscapes-et-cie.com\/#organization","name":"Landscapes et Cie","url":"https:\/\/landscapes-et-cie.com\/","logo":{"@type":"ImageObject","inLanguage":"en-GB","@id":"https:\/\/landscapes-et-cie.com\/#\/schema\/logo\/image\/","url":"https:\/\/landscapes-et-cie.com\/wp-content\/uploads\/2021\/03\/LANDSCAPES_LOGO-1.png","contentUrl":"https:\/\/landscapes-et-cie.com\/wp-content\/uploads\/2021\/03\/LANDSCAPES_LOGO-1.png","width":2000,"height":398,"caption":"Landscapes et Cie"},"image":{"@id":"https:\/\/landscapes-et-cie.com\/#\/schema\/logo\/image\/"},"sameAs":["https:\/\/www.facebook.com\/Landscapesetcie\/"]}]}},"jetpack_sharing_enabled":true,"_links":{"self":[{"href":"https:\/\/landscapes-et-cie.com\/en\/wp-json\/wp\/v2\/project\/238946","targetHints":{"allow":["GET"]}}],"collection":[{"href":"https:\/\/landscapes-et-cie.com\/en\/wp-json\/wp\/v2\/project"}],"about":[{"href":"https:\/\/landscapes-et-cie.com\/en\/wp-json\/wp\/v2\/types\/project"}],"author":[{"embeddable":true,"href":"https:\/\/landscapes-et-cie.com\/en\/wp-json\/wp\/v2\/users\/2"}],"replies":[{"embeddable":true,"href":"https:\/\/landscapes-et-cie.com\/en\/wp-json\/wp\/v2\/comments?post=238946"}],"version-history":[{"count":15,"href":"https:\/\/landscapes-et-cie.com\/en\/wp-json\/wp\/v2\/project\/238946\/revisions"}],"predecessor-version":[{"id":239116,"href":"https:\/\/landscapes-et-cie.com\/en\/wp-json\/wp\/v2\/project\/238946\/revisions\/239116"}],"wp:featuredmedia":[{"embeddable":true,"href":"https:\/\/landscapes-et-cie.com\/en\/wp-json\/wp\/v2\/media\/239034"}],"wp:attachment":[{"href":"https:\/\/landscapes-et-cie.com\/en\/wp-json\/wp\/v2\/media?parent=238946"}],"wp:term":[{"taxonomy":"project_category","embeddable":true,"href":"https:\/\/landscapes-et-cie.com\/en\/wp-json\/wp\/v2\/project_category?post=238946"},{"taxonomy":"project_tag","embeddable":true,"href":"https:\/\/landscapes-et-cie.com\/en\/wp-json\/wp\/v2\/project_tag?post=238946"}],"curies":[{"name":"wp","href":"https:\/\/api.w.org\/{rel}","templated":true}]}}