{"id":237233,"date":"2021-04-04T22:55:38","date_gmt":"2021-04-04T22:55:38","guid":{"rendered":"https:\/\/landscapes-et-cie.com\/?post_type=project&#038;p=237233"},"modified":"2025-10-09T10:05:04","modified_gmt":"2025-10-09T10:05:04","slug":"jardin-de-ville","status":"publish","type":"project","link":"https:\/\/landscapes-et-cie.com\/en\/project\/jardin-de-ville\/","title":{"rendered":"City Garden"},"content":{"rendered":"<p>[et_pb_section fb_built= \u00bb1\u2033 _builder_version= \u00bb4.16\u2033 _module_preset= \u00bbdefault \u00bb background_color= \u00bbrgba(10,0,0,0.39) \u00bb background_image= \u00bbhttps:\/\/landscapes-et-cie.com\/wp-content\/ uploads\/2021\/04\/1_P1290571-scaled.jpeg \u00bb background_position= \u00bbtop_center \u00bb background_blend= \u00bbmultiply \u00bb max_height= \u00bb302px \u00bb max_height_tablet= \u00bb \u00bb max_height_phone= \u00bb237px \u00bb max_height_last_edited= \u00bbon|phone \u00bb locked= \u00bboff \u00bb global_colors_info= \u00bb{} \u00bb][et_pb_row _builder_version= \u00bb4.16\u2033 _module_preset= \u00bbdefault \u00bb global_colors_info= \u00bb{} \u00bb][et_pb_column type= \u00bb4_4\u2033 _builder_version= \u00bb4.16\u2033 _module_preset= \u00bbdefault \u00bb global_colors_info= \u00bb{} \u00bb][et_pb_cta title= \u00bbCity Garden \u00bb _builder_version= \u00bb4.16\u2033 _module_preset= \u00bbdefault \u00bb header_level= \u00bbh1\u2033 header_font= \u00bb|700||||||| \u00bb header_font_size= \u00bb30px \u00bb background_color= \u00bbRGBA(0,0,0,0) \u00bb custom_margin= \u00bb25px||||false|false \u00bb custom_margin_tablet= \u00bb \u00bb custom_margin_phone= \u00bb-36px||||false|false \u00bb custom_margin_last_edited = \u00bbon|phone \u00bb header_line_height_tablet= \u00bb \u00bb header_line_height_phone= \u00bb1.3em \u00bb header_line_height_last_edited= \u00bbon|phone \u00bb global_colors_info= \u00bb{} \u00bb][\/et_pb_cta][\/et_pb_column][\/et_pb_row][\/et_pb_section][et_pb_section fb_built= \u00bb1\u2033 custom_padding_last_edited= \u00bbon|phone \u00bb _builder_version= \u00bb4.24.0\u2033 _module_preset= \u00bbdefault \u00bb background_color= \u00bbrgba(229,217,199,0.35) \u00bb custom_margin= \u00bb0px||0px||false|false \u00bb custom_margin_tablet= \u00bb \u00bb custom_margin_phone = \u00bb \u00bb custom_margin_last_edited= \u00bbon|tablet \u00bb custom_padding= \u00bb22px||30px||false|false \u00bb custom_padding_tablet= \u00bb||105px||false|false \u00bb custom_padding_phone= \u00bb||105px||false|false \u00bb locked= \u00bb off \u00bb global_colors_info= \u00bb{} \u00bb][et_pb_row column_structure= \u00bb1_2,1_2\u2033 _builder_version= \u00bb4.16\u2033 _module_preset= \u00bbdefault \u00bb custom_margin= \u00bb-10px||-16px||false|false \u00bb custom_margin_tablet= \u00bb10px||- 80px||false|false \u00bb custom_margin_phone= \u00bb||-73px||false|false \u00bb custom_margin_last_edited= \u00bbon|phone \u00bb custom_padding= \u00bb0px||0px||false|false \u00bb global_colors_info= \u00bb{} \u00bb][et_pb_column type = \u00bb1_2\u2033 _builder_version= \u00bb4.16\u2033 _module_preset= \u00bbdefault \u00bb global_colors_info= \u00bb{} \u00bb][et_pb_text _builder_version= \u00bb4.24.0\u2033 _module_preset= \u00bbdefault \u00bb max_width= \u00bb100% \u00bb max_width_tablet= \u00bb90% \u00bb max_width_phone = \u00bb100% \u00bb max_width_last_edited= \u00bbon|phone \u00bb module_alignment= \u00bbleft \u00bb custom_margin= \u00bb||15px||false|false \u00bb custom_margin_tablet= \u00bb||0px||false|false \u00bb custom_margin_phone= \u00bb0px||0px||false|false \u00bb custom_margin_last_edited = \u00bbon|phone \u00bb custom_padding_tablet= \u00bb \u00bb custom_padding_phone= \u00bb10px||0px||false|false \u00bb custom_padding_last_edited= \u00bbon|phone \u00bb locked= \u00bboff \u00bb global_colors_info= \u00bb{} \u00bb]<\/p>\n<p style=\"font-weight: 400;\">Charming bucolic city garden for nature enthusiasts. The beds that undulate along the garden welcome numerous perennials throughout the seasons to the delight of foragers.<\/p>\n<p style=\"font-weight: 400;\">Rose bushes, perennials and edible plants delicately intertwine in the garden to maintain a natural feel.<\/p>\n<p>[\/et_pb_text][\/et_pb_column][et_pb_column type=\u00a0\u00bb1_2&Prime; _builder_version=\u00a0\u00bb4.16&Prime; _module_preset=\u00a0\u00bbdefault\u00a0\u00bb global_colors_info=\u00a0\u00bb{}\u00a0\u00bb][et_pb_text quote_border_weight=\u00a0\u00bb4px\u00a0\u00bb quote_border_color=\u00a0\u00bb#D3A13B\u00a0\u00bb _builder_version=\u00a0\u00bb4.24.0&Prime; _module_preset=\u00a0\u00bbdefault\u00a0\u00bb text_font=\u00a0\u00bb|600|||||||\u00a0\u00bb text_text_color=\u00a0\u00bbrgba(22,53,38,0.76)\u00a0\u00bb text_line_height=\u00a0\u00bb1.9em\u00a0\u00bb quote_font=\u00a0\u00bb||||||||\u00a0\u00bb quote_text_color=\u00a0\u00bbrgba(22,53,38,0.71)\u00a0\u00bb header_font=\u00a0\u00bb||||||||\u00a0\u00bb width=\u00a0\u00bb100%\u00a0\u00bb width_tablet=\u00a0\u00bb86%\u00a0\u00bb width_phone=\u00a0\u00bb100%\u00a0\u00bb width_last_edited=\u00a0\u00bbon|phone\u00a0\u00bb module_alignment=\u00a0\u00bbleft\u00a0\u00bb custom_margin=\u00a0\u00bb0px||-7px||false|false\u00a0\u00bb custom_margin_tablet=\u00a0\u00bb-18px||-18px||false|false\u00a0\u00bb custom_margin_phone=\u00a0\u00bb-20px||-26px||false|false\u00a0\u00bb custom_margin_last_edited=\u00a0\u00bbon|tablet\u00a0\u00bb custom_padding=\u00a0\u00bb0px||0px||false|false\u00a0\u00bb custom_padding_tablet=\u00a0\u00bb0px||||false|false\u00a0\u00bb custom_padding_phone=\u00a0\u00bb0px||||false|false\u00a0\u00bb custom_padding_last_edited=\u00a0\u00bbon|desktop\u00a0\u00bb text_font_size_tablet=\u00a0\u00bb\u00a0\u00bb text_font_size_phone=\u00a0\u00bb13px\u00a0\u00bb text_font_size_last_edited=\u00a0\u00bbon|phone\u00a0\u00bb locked=\u00a0\u00bboff\u00a0\u00bb global_colors_info=\u00a0\u00bb{}\u00a0\u00bb]<\/p>\n<blockquote>\n<p class=\"p1\"><span>Study and realization: 2017 \u2013 2019<\/span><\/p>\n<\/blockquote>\n<blockquote>\n<p class=\"p1\"><span>Area \u2013 800m\u00b2<\/span><\/p>\n<\/blockquote>\n<blockquote>\n<p class=\"p1\"><span>Saint Brieuc, C\u00f4tes d\u2019Armor, Brittany<\/span><\/p>\n<\/blockquote>\n<p>[\/et_pb_text][\/et_pb_column][\/et_pb_row][et_pb_row column_structure=\u00a0\u00bb1_2,1_2&Prime; custom_padding_last_edited=\u00a0\u00bbon|desktop\u00a0\u00bb _builder_version=\u00a0\u00bb4.24.0&Prime; _module_preset=\u00a0\u00bbdefault\u00a0\u00bb custom_margin=\u00a0\u00bb12px||12px||false|false\u00a0\u00bb custom_margin_tablet=\u00a0\u00bb0px||0px||false|false\u00a0\u00bb custom_margin_phone=\u00a0\u00bb0px||0px||false|false\u00a0\u00bb custom_margin_last_edited=\u00a0\u00bbon|phone\u00a0\u00bb custom_padding=\u00a0\u00bb6px||0px|600px|false|false\u00a0\u00bb custom_padding_tablet=\u00a0\u00bb\u00a0\u00bb custom_padding_phone=\u00a0\u00bb|||0px|false|false\u00a0\u00bb global_colors_info=\u00a0\u00bb{}\u00a0\u00bb theme_builder_area=\u00a0\u00bbpost_content\u00a0\u00bb][et_pb_column type=\u00a0\u00bb1_2&Prime; _builder_version=\u00a0\u00bb4.16&Prime; _module_preset=\u00a0\u00bbdefault\u00a0\u00bb global_colors_info=\u00a0\u00bb{}\u00a0\u00bb theme_builder_area=\u00a0\u00bbpost_content\u00a0\u00bb][et_pb_button button_url=\u00a0\u00bbhttps:\/\/www.houzz.co.uk\/hznb\/projects\/jardin-de-ville-pj-vj~2233253&Prime; url_new_window=\u00a0\u00bbon\u00a0\u00bb button_text=\u00a0\u00bbVoir sur Houzz\u00a0\u00bb _builder_version=\u00a0\u00bb4.27.4&Prime; _module_preset=\u00a0\u00bbdefault\u00a0\u00bb button_text_color=\u00a0\u00bb#FFFFFF\u00a0\u00bb button_bg_color=\u00a0\u00bb#4B9374&Prime; button_border_color=\u00a0\u00bb#4B9374&Prime; button_use_icon=\u00a0\u00bbon\u00a0\u00bb button_icon=\u00a0\u00bb&#xf27c;||fa||400&Prime; button_icon_placement=\u00a0\u00bbleft\u00a0\u00bb button_on_hover=\u00a0\u00bboff\u00a0\u00bb custom_padding=\u00a0\u00bb16px|24px|16px|40px|true|false\u00a0\u00bb hover_enabled=\u00a0\u00bb0&Prime; global_colors_info=\u00a0\u00bb{}\u00a0\u00bb theme_builder_area=\u00a0\u00bbpost_content\u00a0\u00bb sticky_enabled=\u00a0\u00bb0&Prime;][\/et_pb_button][\/et_pb_column][et_pb_column type=\u00a0\u00bb1_2&Prime; _builder_version=\u00a0\u00bb4.16&Prime; _module_preset=\u00a0\u00bbdefault\u00a0\u00bb global_colors_info=\u00a0\u00bb{}\u00a0\u00bb theme_builder_area=\u00a0\u00bbpost_content\u00a0\u00bb][et_pb_button button_url=\u00a0\u00bbhttps:\/\/pin.it\/256oc4PAC\u00a0\u00bb url_new_window=\u00a0\u00bbon\u00a0\u00bb button_text=\u00a0\u00bbVoir sur Pinterest\u00a0\u00bb _builder_version=\u00a0\u00bb4.27.4&Prime; _module_preset=\u00a0\u00bbdefault\u00a0\u00bb button_use_icon=\u00a0\u00bbon\u00a0\u00bb button_icon=\u00a0\u00bb&#xf0d2;||fa||400&Prime; button_icon_placement=\u00a0\u00bbleft\u00a0\u00bb button_on_hover=\u00a0\u00bboff\u00a0\u00bb custom_padding=\u00a0\u00bb16px|24px|16px|40px|true|false\u00a0\u00bb hover_enabled=\u00a0\u00bb0&Prime; global_colors_info=\u00a0\u00bb{}\u00a0\u00bb theme_builder_area=\u00a0\u00bbpost_content\u00a0\u00bb sticky_enabled=\u00a0\u00bb0&Prime;][\/et_pb_button][\/et_pb_column][\/et_pb_row][\/et_pb_section][et_pb_section fb_built=\u00a0\u00bb1&Prime; custom_padding_last_edited=\u00a0\u00bbon|phone\u00a0\u00bb _builder_version=\u00a0\u00bb4.16&Prime; _module_preset=\u00a0\u00bbdefault\u00a0\u00bb background_color=\u00a0\u00bb#fffaf2&Prime; custom_margin=\u00a0\u00bb0px||||false|false\u00a0\u00bb custom_padding=\u00a0\u00bb18px||||false|false\u00a0\u00bb custom_padding_tablet=\u00a0\u00bb24px||||false|false\u00a0\u00bb custom_padding_phone=\u00a0\u00bb20px||||false|false\u00a0\u00bb locked=\u00a0\u00bboff\u00a0\u00bb global_colors_info=\u00a0\u00bb{}\u00a0\u00bb][et_pb_row column_structure=\u00a0\u00bb1_2,1_2&Prime; custom_padding_last_edited=\u00a0\u00bbon|tablet\u00a0\u00bb _builder_version=\u00a0\u00bb4.16&Prime; _module_preset=\u00a0\u00bbdefault\u00a0\u00bb width_tablet=\u00a0\u00bb\u00a0\u00bb width_phone=\u00a0\u00bb90%\u00a0\u00bb width_last_edited=\u00a0\u00bbon|phone\u00a0\u00bb custom_margin=\u00a0\u00bb0px||0px||false|false\u00a0\u00bb custom_padding=\u00a0\u00bb20px||20px||false|false\u00a0\u00bb custom_padding_tablet=\u00a0\u00bb16px||16px||false|false\u00a0\u00bb custom_padding_phone=\u00a0\u00bb\u00a0\u00bb locked=\u00a0\u00bboff\u00a0\u00bb global_colors_info=\u00a0\u00bb{}\u00a0\u00bb][et_pb_column type=\u00a0\u00bb1_2&Prime; _builder_version=\u00a0\u00bb4.16&Prime; _module_preset=\u00a0\u00bbdefault\u00a0\u00bb global_colors_info=\u00a0\u00bb{}\u00a0\u00bb][et_pb_image src=\u00a0\u00bbhttps:\/\/landscapes-et-cie.com\/wp-content\/uploads\/2024\/01\/Jardin-de-Ville-Landscapes-et-Cie-30.jpg\u00a0\u00bb alt=\u00a0\u00bbVue plongeante depuis la terrasse sur le jardin de ville. Une large pelouse, ponctu\u00e9e d&rsquo;un petit salon de jardin, est encadr\u00e9e par des massifs de vivaces denses et ondulants. La rambarde moderne en inox contraste avec l&rsquo;esprit bucolique des plantations. En arri\u00e8re-plan, les immeubles voisins rappellent que ce jardin est un v\u00e9ritable havre de paix en milieu urbain.\u00a0\u00bb title_text=\u00a0\u00bbJardin de Ville &#8211; Landscapes et Cie (30)\u00a0\u00bb show_in_lightbox=\u00a0\u00bbon\u00a0\u00bb use_overlay=\u00a0\u00bbon\u00a0\u00bb overlay_icon_color=\u00a0\u00bbRGBA(0,0,0,0)\u00a0\u00bb hover_overlay_color=\u00a0\u00bbrgba(22,53,38,0.3)\u00a0\u00bb _builder_version=\u00a0\u00bb4.27.4&Prime; _module_preset=\u00a0\u00bbdefault\u00a0\u00bb custom_margin=\u00a0\u00bb|-12px||0px|false|false\u00a0\u00bb custom_margin_tablet=\u00a0\u00bb|0px||0px|false|false\u00a0\u00bb custom_margin_phone=\u00a0\u00bb\u00a0\u00bb custom_margin_last_edited=\u00a0\u00bbon|phone\u00a0\u00bb hover_enabled=\u00a0\u00bb0&Prime; box_shadow_style=\u00a0\u00bbpreset3&Prime; box_shadow_vertical=\u00a0\u00bb5px\u00a0\u00bb box_shadow_spread=\u00a0\u00bb-4px\u00a0\u00bb global_colors_info=\u00a0\u00bb{}\u00a0\u00bb sticky_enabled=\u00a0\u00bb0&Prime;][\/et_pb_image][\/et_pb_column][et_pb_column type=\u00a0\u00bb1_2&Prime; _builder_version=\u00a0\u00bb4.16&Prime; _module_preset=\u00a0\u00bbdefault\u00a0\u00bb global_colors_info=\u00a0\u00bb{}\u00a0\u00bb][et_pb_image src=\u00a0\u00bbhttps:\/\/landscapes-et-cie.com\/wp-content\/uploads\/2024\/01\/Jardin-de-Ville-Landscapes-et-Cie-2.jpg\u00a0\u00bb alt=\u00a0\u00bbVue sur une bordure de massif aux courbes douces qui ondule le long de la pelouse. Cet espace foisonnant, plant\u00e9 d&rsquo;une grande diversit\u00e9 de vivaces, attire les insectes butineurs. En arri\u00e8re-plan, les immeubles de la ville rappellent que ce jardin bucolique est une v\u00e9ritable oasis de nature en milieu urbain.\u00a0\u00bb title_text=\u00a0\u00bbJardin de Ville &#8211; Landscapes et Cie (2)\u00a0\u00bb show_in_lightbox=\u00a0\u00bbon\u00a0\u00bb use_overlay=\u00a0\u00bbon\u00a0\u00bb overlay_icon_color=\u00a0\u00bbRGBA(0,0,0,0)\u00a0\u00bb hover_overlay_color=\u00a0\u00bbrgba(22,53,38,0.3)\u00a0\u00bb _builder_version=\u00a0\u00bb4.27.4&Prime; _module_preset=\u00a0\u00bbdefault\u00a0\u00bb custom_margin=\u00a0\u00bb|||-12px|false|false\u00a0\u00bb custom_margin_tablet=\u00a0\u00bb|||0px|false|false\u00a0\u00bb custom_margin_phone=\u00a0\u00bb\u00a0\u00bb custom_margin_last_edited=\u00a0\u00bbon|phone\u00a0\u00bb hover_enabled=\u00a0\u00bb0&Prime; box_shadow_style=\u00a0\u00bbpreset3&Prime; box_shadow_vertical=\u00a0\u00bb5px\u00a0\u00bb box_shadow_spread=\u00a0\u00bb-4px\u00a0\u00bb global_colors_info=\u00a0\u00bb{}\u00a0\u00bb sticky_enabled=\u00a0\u00bb0&Prime;][\/et_pb_image][\/et_pb_column][\/et_pb_row][et_pb_row column_structure=\u00a0\u00bb1_3,1_3,1_3&Prime; custom_padding_last_edited=\u00a0\u00bbon|tablet\u00a0\u00bb _builder_version=\u00a0\u00bb4.16&Prime; _module_preset=\u00a0\u00bbdefault\u00a0\u00bb width_tablet=\u00a0\u00bb\u00a0\u00bb width_phone=\u00a0\u00bb90%\u00a0\u00bb width_last_edited=\u00a0\u00bbon|phone\u00a0\u00bb custom_padding=\u00a0\u00bb20px||20px||false|false\u00a0\u00bb custom_padding_tablet=\u00a0\u00bb16px||16px||false|false\u00a0\u00bb custom_padding_phone=\u00a0\u00bb\u00a0\u00bb locked=\u00a0\u00bboff\u00a0\u00bb global_colors_info=\u00a0\u00bb{}\u00a0\u00bb][et_pb_column type=\u00a0\u00bb1_3&Prime; _builder_version=\u00a0\u00bb4.16&Prime; _module_preset=\u00a0\u00bbdefault\u00a0\u00bb global_colors_info=\u00a0\u00bb{}\u00a0\u00bb][et_pb_image src=\u00a0\u00bbhttps:\/\/landscapes-et-cie.com\/wp-content\/uploads\/2024\/01\/Jardin-de-Ville-Landscapes-et-Cie-21.jpg\u00a0\u00bb alt=\u00a0\u00bbGros plan sur la floraison d\u00e9licate de l&rsquo;Heptacodium miconioides, aussi appel\u00e9 %22Fleur des sept fils%22. Ses petites fleurs blanches parfum\u00e9es, r\u00e9unies en panicules, sont tr\u00e8s attractives pour les abeilles et les papillons en fin d&rsquo;\u00e9t\u00e9, faisant de cet arbuste un atout majeur pour un jardin de butineurs.\u00a0\u00bb title_text=\u00a0\u00bbJardin de Ville &#8211; Landscapes et Cie (21)\u00a0\u00bb show_in_lightbox=\u00a0\u00bbon\u00a0\u00bb use_overlay=\u00a0\u00bbon\u00a0\u00bb overlay_icon_color=\u00a0\u00bbRGBA(0,0,0,0)\u00a0\u00bb hover_overlay_color=\u00a0\u00bbrgba(22,53,38,0.3)\u00a0\u00bb _builder_version=\u00a0\u00bb4.27.4&Prime; _module_preset=\u00a0\u00bbdefault\u00a0\u00bb custom_margin=\u00a0\u00bb|-12px||0px|false|false\u00a0\u00bb custom_margin_tablet=\u00a0\u00bb|0px||0px|false|false\u00a0\u00bb custom_margin_phone=\u00a0\u00bb\u00a0\u00bb custom_margin_last_edited=\u00a0\u00bbon|phone\u00a0\u00bb hover_enabled=\u00a0\u00bb0&Prime; box_shadow_style=\u00a0\u00bbpreset3&Prime; box_shadow_vertical=\u00a0\u00bb5px\u00a0\u00bb box_shadow_spread=\u00a0\u00bb-4px\u00a0\u00bb global_colors_info=\u00a0\u00bb{}\u00a0\u00bb sticky_enabled=\u00a0\u00bb0&Prime;][\/et_pb_image][\/et_pb_column][et_pb_column type=\u00a0\u00bb1_3&Prime; _builder_version=\u00a0\u00bb4.16&Prime; _module_preset=\u00a0\u00bbdefault\u00a0\u00bb global_colors_info=\u00a0\u00bb{}\u00a0\u00bb][et_pb_image src=\u00a0\u00bbhttps:\/\/landscapes-et-cie.com\/wp-content\/uploads\/2024\/01\/Jardin-de-Ville-Landscapes-et-Cie-12-scaled.jpg\u00a0\u00bb alt=\u00a0\u00bbGros plan sur la fleur d&rsquo;un rouge carmin de la Scabieuse de Mac\u00e9doine (Knautia macedonica). Sa forme de pompon d\u00e9licat, port\u00e9e par une fine tige, semble flotter dans les airs. C&rsquo;est une vivace de choix pour un jardin naturel, appr\u00e9ci\u00e9e des papillons et autres pollinisateurs.\u00a0\u00bb title_text=\u00a0\u00bbJardin de Ville &#8211; Landscapes et Cie (12)\u00a0\u00bb show_in_lightbox=\u00a0\u00bbon\u00a0\u00bb use_overlay=\u00a0\u00bbon\u00a0\u00bb overlay_icon_color=\u00a0\u00bbRGBA(0,0,0,0)\u00a0\u00bb hover_overlay_color=\u00a0\u00bbrgba(22,53,38,0.3)\u00a0\u00bb _builder_version=\u00a0\u00bb4.27.4&Prime; _module_preset=\u00a0\u00bbdefault\u00a0\u00bb custom_margin=\u00a0\u00bb|-6px||-6px|false|false\u00a0\u00bb custom_margin_tablet=\u00a0\u00bb|0px||0px|false|false\u00a0\u00bb custom_margin_phone=\u00a0\u00bb\u00a0\u00bb custom_margin_last_edited=\u00a0\u00bbon|phone\u00a0\u00bb hover_enabled=\u00a0\u00bb0&Prime; box_shadow_style=\u00a0\u00bbpreset3&Prime; box_shadow_vertical=\u00a0\u00bb5px\u00a0\u00bb box_shadow_spread=\u00a0\u00bb-4px\u00a0\u00bb global_colors_info=\u00a0\u00bb{}\u00a0\u00bb sticky_enabled=\u00a0\u00bb0&Prime;][\/et_pb_image][\/et_pb_column][et_pb_column type=\u00a0\u00bb1_3&Prime; _builder_version=\u00a0\u00bb4.16&Prime; _module_preset=\u00a0\u00bbdefault\u00a0\u00bb global_colors_info=\u00a0\u00bb{}\u00a0\u00bb][et_pb_image src=\u00a0\u00bbhttps:\/\/landscapes-et-cie.com\/wp-content\/uploads\/2024\/01\/Jardin-de-Ville-Landscapes-et-Cie-19.jpg\u00a0\u00bb alt=\u00a0\u00bbGros plan sur une fleur d&rsquo;h\u00e9m\u00e9rocalle (Hemerocallis) aux p\u00e9tales d&rsquo;un rose-rouge subtilement stri\u00e9s de jaune. Le c\u0153ur jaune vif de la fleur illumine la composition. Aussi appel\u00e9e %22Lis d&rsquo;un jour%22, cette vivace robuste et facile \u00e0 cultiver est un incontournable des jardins de cottage.\u00a0\u00bb title_text=\u00a0\u00bbJardin de Ville &#8211; Landscapes et Cie (19)\u00a0\u00bb show_in_lightbox=\u00a0\u00bbon\u00a0\u00bb use_overlay=\u00a0\u00bbon\u00a0\u00bb overlay_icon_color=\u00a0\u00bbRGBA(0,0,0,0)\u00a0\u00bb hover_overlay_color=\u00a0\u00bbrgba(22,53,38,0.3)\u00a0\u00bb _builder_version=\u00a0\u00bb4.27.4&Prime; _module_preset=\u00a0\u00bbdefault\u00a0\u00bb custom_margin=\u00a0\u00bb|0px||-12px|false|false\u00a0\u00bb custom_margin_tablet=\u00a0\u00bb|0px||0px|false|false\u00a0\u00bb custom_margin_phone=\u00a0\u00bb\u00a0\u00bb custom_margin_last_edited=\u00a0\u00bbon|phone\u00a0\u00bb hover_enabled=\u00a0\u00bb0&Prime; box_shadow_style=\u00a0\u00bbpreset3&Prime; box_shadow_vertical=\u00a0\u00bb5px\u00a0\u00bb box_shadow_spread=\u00a0\u00bb-4px\u00a0\u00bb global_colors_info=\u00a0\u00bb{}\u00a0\u00bb sticky_enabled=\u00a0\u00bb0&Prime;][\/et_pb_image][\/et_pb_column][\/et_pb_row][et_pb_row column_structure=\u00a0\u00bb1_2,1_2&Prime; custom_padding_last_edited=\u00a0\u00bbon|tablet\u00a0\u00bb _builder_version=\u00a0\u00bb4.16&Prime; _module_preset=\u00a0\u00bbdefault\u00a0\u00bb width_tablet=\u00a0\u00bb\u00a0\u00bb width_phone=\u00a0\u00bb90%\u00a0\u00bb width_last_edited=\u00a0\u00bbon|phone\u00a0\u00bb custom_margin=\u00a0\u00bb0px||0px||false|false\u00a0\u00bb custom_padding=\u00a0\u00bb20px||20px||false|false\u00a0\u00bb custom_padding_tablet=\u00a0\u00bb16px||16px||false|false\u00a0\u00bb custom_padding_phone=\u00a0\u00bb\u00a0\u00bb locked=\u00a0\u00bboff\u00a0\u00bb global_colors_info=\u00a0\u00bb{}\u00a0\u00bb][et_pb_column type=\u00a0\u00bb1_2&Prime; _builder_version=\u00a0\u00bb4.16&Prime; _module_preset=\u00a0\u00bbdefault\u00a0\u00bb global_colors_info=\u00a0\u00bb{}\u00a0\u00bb][et_pb_image src=\u00a0\u00bbhttps:\/\/landscapes-et-cie.com\/wp-content\/uploads\/2024\/01\/Jardin-de-Ville-Landscapes-et-Cie-1.jpg\u00a0\u00bb alt=\u00a0\u00bbUn v\u00e9ritable enchev\u00eatrement v\u00e9g\u00e9tal o\u00f9 les plantes vivaces se m\u00ealent pour former une tapisserie luxuriante. Les grandes astrances (Astrantia major) et leurs fleurs blanches cisel\u00e9es dominent le premier plan, ponctu\u00e9es par des touches de bleu intense. Cette densit\u00e9 de plantation favorise la biodiversit\u00e9 et cr\u00e9e un aspect naturel.\u00a0\u00bb title_text=\u00a0\u00bbJardin de Ville &#8211; Landscapes et Cie (1)\u00a0\u00bb show_in_lightbox=\u00a0\u00bbon\u00a0\u00bb use_overlay=\u00a0\u00bbon\u00a0\u00bb overlay_icon_color=\u00a0\u00bbRGBA(0,0,0,0)\u00a0\u00bb hover_overlay_color=\u00a0\u00bbrgba(22,53,38,0.3)\u00a0\u00bb _builder_version=\u00a0\u00bb4.27.4&Prime; _module_preset=\u00a0\u00bbdefault\u00a0\u00bb custom_margin=\u00a0\u00bb|-12px||0px|false|false\u00a0\u00bb custom_margin_tablet=\u00a0\u00bb|0px||0px|false|false\u00a0\u00bb custom_margin_phone=\u00a0\u00bb\u00a0\u00bb custom_margin_last_edited=\u00a0\u00bbon|phone\u00a0\u00bb hover_enabled=\u00a0\u00bb0&Prime; box_shadow_style=\u00a0\u00bbpreset3&Prime; box_shadow_vertical=\u00a0\u00bb5px\u00a0\u00bb box_shadow_spread=\u00a0\u00bb-4px\u00a0\u00bb global_colors_info=\u00a0\u00bb{}\u00a0\u00bb sticky_enabled=\u00a0\u00bb0&Prime;][\/et_pb_image][\/et_pb_column][et_pb_column type=\u00a0\u00bb1_2&Prime; _builder_version=\u00a0\u00bb4.16&Prime; _module_preset=\u00a0\u00bbdefault\u00a0\u00bb global_colors_info=\u00a0\u00bb{}\u00a0\u00bb][et_pb_image src=\u00a0\u00bbhttps:\/\/landscapes-et-cie.com\/wp-content\/uploads\/2024\/01\/Jardin-de-Ville-Landscapes-et-Cie-18.jpg\u00a0\u00bb alt=\u00a0\u00bbUn massif de vivaces luxuriant et color\u00e9, typique de ce jardin bucolique. Les \u00e9pis floraux de l&rsquo;Acanthus mollis se dressent au-dessus de son feuillage d\u00e9coup\u00e9, tandis que des h\u00e9m\u00e9rocalles orang\u00e9es apportent une touche de chaleur. Au premier plan, la bourrache avec ses fleurs bleues comestibles attire les butineurs.\u00a0\u00bb title_text=\u00a0\u00bbJardin de Ville &#8211; Landscapes et Cie (18)\u00a0\u00bb show_in_lightbox=\u00a0\u00bbon\u00a0\u00bb use_overlay=\u00a0\u00bbon\u00a0\u00bb overlay_icon_color=\u00a0\u00bbRGBA(0,0,0,0)\u00a0\u00bb hover_overlay_color=\u00a0\u00bbrgba(22,53,38,0.3)\u00a0\u00bb _builder_version=\u00a0\u00bb4.27.4&Prime; _module_preset=\u00a0\u00bbdefault\u00a0\u00bb custom_margin=\u00a0\u00bb|||-12px|false|false\u00a0\u00bb custom_margin_tablet=\u00a0\u00bb|||0px|false|false\u00a0\u00bb custom_margin_phone=\u00a0\u00bb\u00a0\u00bb custom_margin_last_edited=\u00a0\u00bbon|phone\u00a0\u00bb hover_enabled=\u00a0\u00bb0&Prime; box_shadow_style=\u00a0\u00bbpreset3&Prime; box_shadow_vertical=\u00a0\u00bb5px\u00a0\u00bb box_shadow_spread=\u00a0\u00bb-4px\u00a0\u00bb global_colors_info=\u00a0\u00bb{}\u00a0\u00bb sticky_enabled=\u00a0\u00bb0&Prime;][\/et_pb_image][\/et_pb_column][\/et_pb_row][et_pb_row custom_padding_last_edited=\u00a0\u00bbon|tablet\u00a0\u00bb _builder_version=\u00a0\u00bb4.16&Prime; _module_preset=\u00a0\u00bbdefault\u00a0\u00bb width_tablet=\u00a0\u00bb\u00a0\u00bb width_phone=\u00a0\u00bb90%\u00a0\u00bb width_last_edited=\u00a0\u00bbon|phone\u00a0\u00bb custom_padding=\u00a0\u00bb20px||20px||false|false\u00a0\u00bb custom_padding_tablet=\u00a0\u00bb16px||16px||false|false\u00a0\u00bb custom_padding_phone=\u00a0\u00bb\u00a0\u00bb locked=\u00a0\u00bboff\u00a0\u00bb global_colors_info=\u00a0\u00bb{}\u00a0\u00bb][et_pb_column type=\u00a0\u00bb4_4&Prime; _builder_version=\u00a0\u00bb4.16&Prime; _module_preset=\u00a0\u00bbdefault\u00a0\u00bb global_colors_info=\u00a0\u00bb{}\u00a0\u00bb][et_pb_image src=\u00a0\u00bbhttps:\/\/landscapes-et-cie.com\/wp-content\/uploads\/2024\/01\/Jardin-de-Ville-Landscapes-et-Cie-24.jpg\u00a0\u00bb alt=\u00a0\u00bbLa lumi\u00e8re du soleil couchant filtre \u00e0 travers les hautes tiges florales des vivaces, cr\u00e9ant un effet de contre-jour magique. Les silhouettes de la Knautia macedonica au premier plan et des v\u00e9roniques en arri\u00e8re-plan se d\u00e9coupent, transformant le massif en une sc\u00e8ne po\u00e9tique et vaporeuse.\u00a0\u00bb title_text=\u00a0\u00bbJardin de Ville &#8211; Landscapes et Cie (24)\u00a0\u00bb show_in_lightbox=\u00a0\u00bbon\u00a0\u00bb _builder_version=\u00a0\u00bb4.27.4&Prime; _module_preset=\u00a0\u00bbdefault\u00a0\u00bb custom_margin=\u00a0\u00bb|0px||0px|false|false\u00a0\u00bb hover_enabled=\u00a0\u00bb0&Prime; box_shadow_style=\u00a0\u00bbpreset3&Prime; box_shadow_vertical=\u00a0\u00bb7px\u00a0\u00bb box_shadow_blur=\u00a0\u00bb33px\u00a0\u00bb box_shadow_spread=\u00a0\u00bb-17px\u00a0\u00bb box_shadow_color=\u00a0\u00bbrgba(10,0,0,0.76)\u00a0\u00bb global_colors_info=\u00a0\u00bb{}\u00a0\u00bb box_shadow_vertical__hover=\u00a0\u00bb7px\u00a0\u00bb box_shadow_vertical__hover_enabled=\u00a0\u00bbon|hover\u00a0\u00bb box_shadow_spread__hover=\u00a0\u00bb-10px\u00a0\u00bb box_shadow_spread__hover_enabled=\u00a0\u00bbon|hover\u00a0\u00bb sticky_enabled=\u00a0\u00bb0&Prime;][\/et_pb_image][\/et_pb_column][\/et_pb_row][et_pb_row custom_padding_last_edited=\u00a0\u00bbon|tablet\u00a0\u00bb _builder_version=\u00a0\u00bb4.16&Prime; _module_preset=\u00a0\u00bbdefault\u00a0\u00bb width_tablet=\u00a0\u00bb\u00a0\u00bb width_phone=\u00a0\u00bb90%\u00a0\u00bb width_last_edited=\u00a0\u00bbon|phone\u00a0\u00bb custom_padding=\u00a0\u00bb20px||20px||false|false\u00a0\u00bb custom_padding_tablet=\u00a0\u00bb16px||16px||false|false\u00a0\u00bb custom_padding_phone=\u00a0\u00bb\u00a0\u00bb global_colors_info=\u00a0\u00bb{}\u00a0\u00bb][et_pb_column type=\u00a0\u00bb4_4&Prime; _builder_version=\u00a0\u00bb4.16&Prime; _module_preset=\u00a0\u00bbdefault\u00a0\u00bb global_colors_info=\u00a0\u00bb{}\u00a0\u00bb][et_pb_image src=\u00a0\u00bbhttps:\/\/landscapes-et-cie.com\/wp-content\/uploads\/2024\/01\/Jardin-de-Ville-Landscapes-et-Cie-25.jpg\u00a0\u00bb alt=\u00a0\u00bbLa lumi\u00e8re rasante du soleil met en valeur la texture vaporeuse des massifs de vivaces. Les fleurs pourpres de la Knautia macedonica, r\u00e9tro\u00e9clair\u00e9es, semblent flotter au-dessus du n\u00e9p\u00e9ta. Des poteaux de bois rustiques ancrent cette sc\u00e8ne bucolique o\u00f9 les plantations denses et naturalistes cr\u00e9ent une ambiance de prairie fleurie.\u00a0\u00bb title_text=\u00a0\u00bbJardin de Ville &#8211; Landscapes et Cie (25)\u00a0\u00bb show_in_lightbox=\u00a0\u00bbon\u00a0\u00bb _builder_version=\u00a0\u00bb4.27.4&Prime; _module_preset=\u00a0\u00bbdefault\u00a0\u00bb custom_margin=\u00a0\u00bb|0px||0px|false|false\u00a0\u00bb hover_enabled=\u00a0\u00bb0&Prime; box_shadow_style=\u00a0\u00bbpreset3&Prime; box_shadow_vertical=\u00a0\u00bb7px\u00a0\u00bb box_shadow_blur=\u00a0\u00bb33px\u00a0\u00bb box_shadow_spread=\u00a0\u00bb-17px\u00a0\u00bb box_shadow_color=\u00a0\u00bbrgba(10,0,0,0.76)\u00a0\u00bb global_colors_info=\u00a0\u00bb{}\u00a0\u00bb box_shadow_vertical__hover=\u00a0\u00bb7px\u00a0\u00bb box_shadow_vertical__hover_enabled=\u00a0\u00bbon|hover\u00a0\u00bb box_shadow_spread__hover=\u00a0\u00bb-10px\u00a0\u00bb box_shadow_spread__hover_enabled=\u00a0\u00bbon|hover\u00a0\u00bb sticky_enabled=\u00a0\u00bb0&Prime;][\/et_pb_image][\/et_pb_column][\/et_pb_row][et_pb_row column_structure=\u00a0\u00bb1_3,1_3,1_3&Prime; custom_padding_last_edited=\u00a0\u00bbon|tablet\u00a0\u00bb _builder_version=\u00a0\u00bb4.16&Prime; _module_preset=\u00a0\u00bbdefault\u00a0\u00bb width_tablet=\u00a0\u00bb\u00a0\u00bb width_phone=\u00a0\u00bb90%\u00a0\u00bb width_last_edited=\u00a0\u00bbon|phone\u00a0\u00bb custom_padding=\u00a0\u00bb20px||20px||false|false\u00a0\u00bb custom_padding_tablet=\u00a0\u00bb16px||16px||false|false\u00a0\u00bb custom_padding_phone=\u00a0\u00bb\u00a0\u00bb locked=\u00a0\u00bboff\u00a0\u00bb global_colors_info=\u00a0\u00bb{}\u00a0\u00bb][et_pb_column type=\u00a0\u00bb1_3&Prime; _builder_version=\u00a0\u00bb4.16&Prime; _module_preset=\u00a0\u00bbdefault\u00a0\u00bb global_colors_info=\u00a0\u00bb{}\u00a0\u00bb][et_pb_image src=\u00a0\u00bbhttps:\/\/landscapes-et-cie.com\/wp-content\/uploads\/2024\/01\/Jardin-de-Ville-Landscapes-et-Cie-17.jpg\u00a0\u00bb alt=\u00a0\u00bbComposition graphique et textur\u00e9e au pied d&rsquo;une palissade en bois. Les tiges verticales et segment\u00e9es de la pr\u00eale du Japon (Equisetum hyemale) cr\u00e9ent un rideau v\u00e9g\u00e9tal saisissant, \u00e0 travers lequel percent les fleurs pourpres de la Knautia. Un jeu de contraste entre la rigueur des lignes et la l\u00e9g\u00e8ret\u00e9 des fleurs.\u00a0\u00bb title_text=\u00a0\u00bbJardin de Ville &#8211; Landscapes et Cie (17)\u00a0\u00bb show_in_lightbox=\u00a0\u00bbon\u00a0\u00bb use_overlay=\u00a0\u00bbon\u00a0\u00bb overlay_icon_color=\u00a0\u00bbRGBA(0,0,0,0)\u00a0\u00bb hover_overlay_color=\u00a0\u00bbrgba(22,53,38,0.3)\u00a0\u00bb _builder_version=\u00a0\u00bb4.27.4&Prime; _module_preset=\u00a0\u00bbdefault\u00a0\u00bb custom_margin=\u00a0\u00bb|-12px||0px|false|false\u00a0\u00bb custom_margin_tablet=\u00a0\u00bb|0px||0px|false|false\u00a0\u00bb custom_margin_phone=\u00a0\u00bb\u00a0\u00bb custom_margin_last_edited=\u00a0\u00bbon|phone\u00a0\u00bb hover_enabled=\u00a0\u00bb0&Prime; box_shadow_style=\u00a0\u00bbpreset3&Prime; box_shadow_vertical=\u00a0\u00bb5px\u00a0\u00bb box_shadow_spread=\u00a0\u00bb-4px\u00a0\u00bb global_colors_info=\u00a0\u00bb{}\u00a0\u00bb sticky_enabled=\u00a0\u00bb0&Prime;][\/et_pb_image][\/et_pb_column][et_pb_column type=\u00a0\u00bb1_3&Prime; _builder_version=\u00a0\u00bb4.16&Prime; _module_preset=\u00a0\u00bbdefault\u00a0\u00bb global_colors_info=\u00a0\u00bb{}\u00a0\u00bb][et_pb_image src=\u00a0\u00bbhttps:\/\/landscapes-et-cie.com\/wp-content\/uploads\/2024\/01\/Jardin-de-Ville-Landscapes-et-Cie-15.jpg\u00a0\u00bb alt=\u00a0\u00bbUne bordure foisonnante o\u00f9 les vivaces s&rsquo;entrem\u00ealent pour cr\u00e9er une sc\u00e8ne naturelle et color\u00e9e. Les t\u00eates pourpres de la Knautia macedonica flottent au-dessus du feuillage, aux c\u00f4t\u00e9s des \u00e9pis lavande des v\u00e9roniques et des touffes de n\u00e9p\u00e9ta. Un paradis pour les insectes butineurs, comme le veut l&rsquo;esprit du jardin.\u00a0\u00bb title_text=\u00a0\u00bbJardin de Ville &#8211; Landscapes et Cie (15)\u00a0\u00bb show_in_lightbox=\u00a0\u00bbon\u00a0\u00bb use_overlay=\u00a0\u00bbon\u00a0\u00bb overlay_icon_color=\u00a0\u00bbRGBA(0,0,0,0)\u00a0\u00bb hover_overlay_color=\u00a0\u00bbrgba(22,53,38,0.3)\u00a0\u00bb _builder_version=\u00a0\u00bb4.27.4&Prime; _module_preset=\u00a0\u00bbdefault\u00a0\u00bb custom_margin=\u00a0\u00bb|-6px||-6px|false|false\u00a0\u00bb custom_margin_tablet=\u00a0\u00bb|0px||0px|false|false\u00a0\u00bb custom_margin_phone=\u00a0\u00bb\u00a0\u00bb custom_margin_last_edited=\u00a0\u00bbon|phone\u00a0\u00bb hover_enabled=\u00a0\u00bb0&Prime; box_shadow_style=\u00a0\u00bbpreset3&Prime; box_shadow_vertical=\u00a0\u00bb5px\u00a0\u00bb box_shadow_spread=\u00a0\u00bb-4px\u00a0\u00bb global_colors_info=\u00a0\u00bb{}\u00a0\u00bb sticky_enabled=\u00a0\u00bb0&Prime;][\/et_pb_image][\/et_pb_column][et_pb_column type=\u00a0\u00bb1_3&Prime; _builder_version=\u00a0\u00bb4.16&Prime; _module_preset=\u00a0\u00bbdefault\u00a0\u00bb global_colors_info=\u00a0\u00bb{}\u00a0\u00bb][et_pb_image src=\u00a0\u00bbhttps:\/\/landscapes-et-cie.com\/wp-content\/uploads\/2024\/01\/Jardin-de-Ville-Landscapes-et-Cie-8.jpg\u00a0\u00bb alt=\u00a0\u00bbLes hautes hampes florales d&rsquo;un Veronicastrum, d&rsquo;un mauve p\u00e2le et duveteux, se dressent avec \u00e9l\u00e9gance. Leur graphisme vertical apporte de la structure et de la l\u00e9g\u00e8ret\u00e9 au massif. En arri\u00e8re-plan, des fleurs jaunes et un feuillage dense de bambou cr\u00e9ent un contraste de couleurs et de textures.\u00a0\u00bb title_text=\u00a0\u00bbJardin de Ville &#8211; Landscapes et Cie (8)\u00a0\u00bb show_in_lightbox=\u00a0\u00bbon\u00a0\u00bb use_overlay=\u00a0\u00bbon\u00a0\u00bb overlay_icon_color=\u00a0\u00bbRGBA(0,0,0,0)\u00a0\u00bb hover_overlay_color=\u00a0\u00bbrgba(22,53,38,0.3)\u00a0\u00bb _builder_version=\u00a0\u00bb4.27.4&Prime; _module_preset=\u00a0\u00bbdefault\u00a0\u00bb custom_margin=\u00a0\u00bb|0px||-12px|false|false\u00a0\u00bb custom_margin_tablet=\u00a0\u00bb|0px||0px|false|false\u00a0\u00bb custom_margin_phone=\u00a0\u00bb\u00a0\u00bb custom_margin_last_edited=\u00a0\u00bbon|phone\u00a0\u00bb hover_enabled=\u00a0\u00bb0&Prime; box_shadow_style=\u00a0\u00bbpreset3&Prime; box_shadow_vertical=\u00a0\u00bb5px\u00a0\u00bb box_shadow_spread=\u00a0\u00bb-4px\u00a0\u00bb global_colors_info=\u00a0\u00bb{}\u00a0\u00bb sticky_enabled=\u00a0\u00bb0&Prime;][\/et_pb_image][\/et_pb_column][\/et_pb_row][et_pb_row custom_padding_last_edited=\u00a0\u00bbon|phone\u00a0\u00bb _builder_version=\u00a0\u00bb4.16&Prime; _module_preset=\u00a0\u00bbdefault\u00a0\u00bb custom_margin=\u00a0\u00bb0px||-30px||false|false\u00a0\u00bb custom_margin_tablet=\u00a0\u00bb4px||-42px||false|false\u00a0\u00bb custom_margin_phone=\u00a0\u00bb0px||0px||false|false\u00a0\u00bb custom_margin_last_edited=\u00a0\u00bbon|desktop\u00a0\u00bb custom_padding=\u00a0\u00bb0px||||false|false\u00a0\u00bb custom_padding_tablet=\u00a0\u00bb0px||||false|false\u00a0\u00bb custom_padding_phone=\u00a0\u00bb0px||20px||false|false\u00a0\u00bb locked=\u00a0\u00bboff\u00a0\u00bb global_colors_info=\u00a0\u00bb{}\u00a0\u00bb][et_pb_column type=\u00a0\u00bb4_4&Prime; _builder_version=\u00a0\u00bb4.16&Prime; _module_preset=\u00a0\u00bbdefault\u00a0\u00bb global_colors_info=\u00a0\u00bb{}\u00a0\u00bb][et_pb_button button_url=\u00a0\u00bbhttps:\/\/landscapes-et-cie.com\/jardins\/\u00a0\u00bb button_text=\u00a0\u00bb\u2192 retour aux jardins\u00a0\u00bb _builder_version=\u00a0\u00bb4.24.0&Prime; _module_preset=\u00a0\u00bbdefault\u00a0\u00bb button_text_size=\u00a0\u00bb18px\u00a0\u00bb button_text_color=\u00a0\u00bb#D3A13B\u00a0\u00bb button_bg_color=\u00a0\u00bbRGBA(0,0,0,0)\u00a0\u00bb button_border_width=\u00a0\u00bb0px\u00a0\u00bb button_border_color=\u00a0\u00bb#fffaf2&Prime; button_font=\u00a0\u00bbLibre Baskerville|700||||||#D3A13B|solid\u00a0\u00bb custom_margin=\u00a0\u00bb30px||0px||false|false\u00a0\u00bb custom_margin_tablet=\u00a0\u00bb20px||||false|false\u00a0\u00bb custom_margin_phone=\u00a0\u00bb20px||-33px||false|false\u00a0\u00bb custom_margin_last_edited=\u00a0\u00bbon|phone\u00a0\u00bb custom_padding=\u00a0\u00bb14px|22px|14px|22px|true|true\u00a0\u00bb button_bg_color_last_edited=\u00a0\u00bboff|desktop\u00a0\u00bb box_shadow_style=\u00a0\u00bbpreset3&Prime; box_shadow_vertical=\u00a0\u00bb7px\u00a0\u00bb box_shadow_blur=\u00a0\u00bb11px\u00a0\u00bb box_shadow_spread=\u00a0\u00bb-21px\u00a0\u00bb box_shadow_color=\u00a0\u00bbrgba(69,93,81,0.16)\u00a0\u00bb global_colors_info=\u00a0\u00bb{}\u00a0\u00bb button_border_color__hover_enabled=\u00a0\u00bbon|hover\u00a0\u00bb button_border_color__hover=\u00a0\u00bbRGBA(0,0,0,0)\u00a0\u00bb button_bg_color__hover_enabled=\u00a0\u00bbon|hover\u00a0\u00bb button_border_radius__hover_enabled=\u00a0\u00bbon|hover\u00a0\u00bb button_border_width__hover_enabled=\u00a0\u00bbon|hover\u00a0\u00bb button_border_width__hover=\u00a0\u00bb0px\u00a0\u00bb box_shadow_spread__hover=\u00a0\u00bb0px\u00a0\u00bb button_bg_color__hover=\u00a0\u00bbRGBA(0,0,0,0)\u00a0\u00bb][\/et_pb_button][\/et_pb_column][\/et_pb_row][\/et_pb_section]<\/p>","protected":false},"excerpt":{"rendered":"<p>Charming bucolic city garden for nature enthusiasts. The beds that undulate along the garden welcome numerous perennials throughout the seasons to the delight of foragers. Rose bushes, perennials and edible plants delicately intertwine in the garden to maintain a natural feel. Study and implementation: 2017 \u2013 2019 Area [\u2026]<\/p>","protected":false},"author":1,"featured_media":237640,"comment_status":"open","ping_status":"closed","template":"","meta":{"_et_pb_use_builder":"on","_et_pb_old_content":"","_et_gb_content_width":"","_monsterinsights_skip_tracking":false,"_monsterinsights_sitenote_active":false,"_monsterinsights_sitenote_note":"","_monsterinsights_sitenote_category":0,"footnotes":""},"project_category":[25],"project_tag":[],"class_list":["post-237233","project","type-project","status-publish","has-post-thumbnail","hentry","project_category-jardins"],"yoast_head":"<!-- This site is optimized with the Yoast SEO plugin v27.5 - https:\/\/yoast.com\/product\/yoast-seo-wordpress\/ -->\n<title>Jardin de Ville &#8226; Projets &#8226; Landscapes et Cie<\/title>\n<meta name=\"description\" content=\"Jardin de ville bucolique, avec Rosiers, Vivaces et plantes comestibles qui s\u2019entrem\u00ealent afin de garder un c\u00f4t\u00e9 naturel.\" \/>\n<meta name=\"robots\" content=\"index, follow, max-snippet:-1, max-image-preview:large, max-video-preview:-1\" \/>\n<link rel=\"canonical\" href=\"https:\/\/landscapes-et-cie.com\/en\/project\/jardin-de-ville\/\" \/>\n<meta property=\"og:locale\" content=\"en_GB\" \/>\n<meta property=\"og:type\" content=\"article\" \/>\n<meta property=\"og:title\" content=\"Jardin de Ville &#8226; Projets &#8226; Landscapes et Cie\" \/>\n<meta property=\"og:description\" content=\"Jardin de ville bucolique, avec Rosiers, Vivaces et plantes comestibles qui s\u2019entrem\u00ealent afin de garder un c\u00f4t\u00e9 naturel.\" \/>\n<meta property=\"og:url\" content=\"https:\/\/landscapes-et-cie.com\/en\/project\/jardin-de-ville\/\" \/>\n<meta property=\"og:site_name\" content=\"Landscapes et Cie\" \/>\n<meta property=\"article:publisher\" content=\"https:\/\/www.facebook.com\/Landscapesetcie\/\" \/>\n<meta property=\"article:modified_time\" content=\"2025-10-09T10:05:04+00:00\" \/>\n<meta property=\"og:image\" content=\"https:\/\/landscapes-et-cie.com\/wp-content\/uploads\/2021\/04\/P1290580-scaled.jpeg\" \/>\n\t<meta property=\"og:image:width\" content=\"2560\" \/>\n\t<meta property=\"og:image:height\" content=\"1920\" \/>\n\t<meta property=\"og:image:type\" content=\"image\/jpeg\" \/>\n<meta name=\"twitter:card\" content=\"summary_large_image\" \/>\n<meta name=\"twitter:label1\" content=\"Estimated reading time\" \/>\n\t<meta name=\"twitter:data1\" content=\"3 minutes\" \/>\n<script type=\"application\/ld+json\" class=\"yoast-schema-graph\">{\"@context\":\"https:\\\/\\\/schema.org\",\"@graph\":[{\"@type\":\"WebPage\",\"@id\":\"https:\\\/\\\/landscapes-et-cie.com\\\/project\\\/jardin-de-ville\\\/\",\"url\":\"https:\\\/\\\/landscapes-et-cie.com\\\/project\\\/jardin-de-ville\\\/\",\"name\":\"Jardin de Ville &#8226; Projets &#8226; Landscapes et Cie\",\"isPartOf\":{\"@id\":\"https:\\\/\\\/landscapes-et-cie.com\\\/#website\"},\"primaryImageOfPage\":{\"@id\":\"https:\\\/\\\/landscapes-et-cie.com\\\/project\\\/jardin-de-ville\\\/#primaryimage\"},\"image\":{\"@id\":\"https:\\\/\\\/landscapes-et-cie.com\\\/project\\\/jardin-de-ville\\\/#primaryimage\"},\"thumbnailUrl\":\"https:\\\/\\\/landscapes-et-cie.com\\\/wp-content\\\/uploads\\\/2021\\\/04\\\/P1290580-scaled.jpeg\",\"datePublished\":\"2021-04-04T22:55:38+00:00\",\"dateModified\":\"2025-10-09T10:05:04+00:00\",\"description\":\"Jardin de ville bucolique, avec Rosiers, Vivaces et plantes comestibles qui s\u2019entrem\u00ealent afin de garder un c\u00f4t\u00e9 naturel.\",\"breadcrumb\":{\"@id\":\"https:\\\/\\\/landscapes-et-cie.com\\\/project\\\/jardin-de-ville\\\/#breadcrumb\"},\"inLanguage\":\"en-GB\",\"potentialAction\":[{\"@type\":\"ReadAction\",\"target\":[\"https:\\\/\\\/landscapes-et-cie.com\\\/project\\\/jardin-de-ville\\\/\"]}]},{\"@type\":\"ImageObject\",\"inLanguage\":\"en-GB\",\"@id\":\"https:\\\/\\\/landscapes-et-cie.com\\\/project\\\/jardin-de-ville\\\/#primaryimage\",\"url\":\"https:\\\/\\\/landscapes-et-cie.com\\\/wp-content\\\/uploads\\\/2021\\\/04\\\/P1290580-scaled.jpeg\",\"contentUrl\":\"https:\\\/\\\/landscapes-et-cie.com\\\/wp-content\\\/uploads\\\/2021\\\/04\\\/P1290580-scaled.jpeg\",\"width\":2560,\"height\":1920,\"caption\":\"Jardin de Ville - Landscapes et Cie - Architecte Paysagiste\"},{\"@type\":\"BreadcrumbList\",\"@id\":\"https:\\\/\\\/landscapes-et-cie.com\\\/project\\\/jardin-de-ville\\\/#breadcrumb\",\"itemListElement\":[{\"@type\":\"ListItem\",\"position\":1,\"name\":\"Accueil\",\"item\":\"https:\\\/\\\/landscapes-et-cie.com\\\/\"},{\"@type\":\"ListItem\",\"position\":2,\"name\":\"Projets\",\"item\":\"https:\\\/\\\/landscapes-et-cie.com\\\/project\\\/\"},{\"@type\":\"ListItem\",\"position\":3,\"name\":\"Jardin de Ville\"}]},{\"@type\":\"WebSite\",\"@id\":\"https:\\\/\\\/landscapes-et-cie.com\\\/#website\",\"url\":\"https:\\\/\\\/landscapes-et-cie.com\\\/\",\"name\":\"Landscapes et Cie\",\"description\":\"Garden Design - Clare Ob\u00e9ron, Architecte Paysagiste\",\"publisher\":{\"@id\":\"https:\\\/\\\/landscapes-et-cie.com\\\/#organization\"},\"potentialAction\":[{\"@type\":\"SearchAction\",\"target\":{\"@type\":\"EntryPoint\",\"urlTemplate\":\"https:\\\/\\\/landscapes-et-cie.com\\\/?s={search_term_string}\"},\"query-input\":{\"@type\":\"PropertyValueSpecification\",\"valueRequired\":true,\"valueName\":\"search_term_string\"}}],\"inLanguage\":\"en-GB\"},{\"@type\":\"Organization\",\"@id\":\"https:\\\/\\\/landscapes-et-cie.com\\\/#organization\",\"name\":\"Landscapes et Cie\",\"url\":\"https:\\\/\\\/landscapes-et-cie.com\\\/\",\"logo\":{\"@type\":\"ImageObject\",\"inLanguage\":\"en-GB\",\"@id\":\"https:\\\/\\\/landscapes-et-cie.com\\\/#\\\/schema\\\/logo\\\/image\\\/\",\"url\":\"https:\\\/\\\/landscapes-et-cie.com\\\/wp-content\\\/uploads\\\/2021\\\/03\\\/LANDSCAPES_LOGO-1.png\",\"contentUrl\":\"https:\\\/\\\/landscapes-et-cie.com\\\/wp-content\\\/uploads\\\/2021\\\/03\\\/LANDSCAPES_LOGO-1.png\",\"width\":2000,\"height\":398,\"caption\":\"Landscapes et Cie\"},\"image\":{\"@id\":\"https:\\\/\\\/landscapes-et-cie.com\\\/#\\\/schema\\\/logo\\\/image\\\/\"},\"sameAs\":[\"https:\\\/\\\/www.facebook.com\\\/Landscapesetcie\\\/\"]}]}<\/script>\n<!-- \/ Yoast SEO plugin. -->","yoast_head_json":{"title":"Jardin de Ville &#8226; Projets &#8226; Landscapes et Cie","description":"Jardin de ville bucolique, avec Rosiers, Vivaces et plantes comestibles qui s\u2019entrem\u00ealent afin de garder un c\u00f4t\u00e9 naturel.","robots":{"index":"index","follow":"follow","max-snippet":"max-snippet:-1","max-image-preview":"max-image-preview:large","max-video-preview":"max-video-preview:-1"},"canonical":"https:\/\/landscapes-et-cie.com\/en\/project\/jardin-de-ville\/","og_locale":"en_GB","og_type":"article","og_title":"Jardin de Ville &#8226; Projets &#8226; Landscapes et Cie","og_description":"Jardin de ville bucolique, avec Rosiers, Vivaces et plantes comestibles qui s\u2019entrem\u00ealent afin de garder un c\u00f4t\u00e9 naturel.","og_url":"https:\/\/landscapes-et-cie.com\/en\/project\/jardin-de-ville\/","og_site_name":"Landscapes et Cie","article_publisher":"https:\/\/www.facebook.com\/Landscapesetcie\/","article_modified_time":"2025-10-09T10:05:04+00:00","og_image":[{"width":2560,"height":1920,"url":"https:\/\/landscapes-et-cie.com\/wp-content\/uploads\/2021\/04\/P1290580-scaled.jpeg","type":"image\/jpeg"}],"twitter_card":"summary_large_image","twitter_misc":{"Estimated reading time":"3 minutes"},"schema":{"@context":"https:\/\/schema.org","@graph":[{"@type":"WebPage","@id":"https:\/\/landscapes-et-cie.com\/project\/jardin-de-ville\/","url":"https:\/\/landscapes-et-cie.com\/project\/jardin-de-ville\/","name":"Jardin de Ville &#8226; Projets &#8226; Landscapes et Cie","isPartOf":{"@id":"https:\/\/landscapes-et-cie.com\/#website"},"primaryImageOfPage":{"@id":"https:\/\/landscapes-et-cie.com\/project\/jardin-de-ville\/#primaryimage"},"image":{"@id":"https:\/\/landscapes-et-cie.com\/project\/jardin-de-ville\/#primaryimage"},"thumbnailUrl":"https:\/\/landscapes-et-cie.com\/wp-content\/uploads\/2021\/04\/P1290580-scaled.jpeg","datePublished":"2021-04-04T22:55:38+00:00","dateModified":"2025-10-09T10:05:04+00:00","description":"Jardin de ville bucolique, avec Rosiers, Vivaces et plantes comestibles qui s\u2019entrem\u00ealent afin de garder un c\u00f4t\u00e9 naturel.","breadcrumb":{"@id":"https:\/\/landscapes-et-cie.com\/project\/jardin-de-ville\/#breadcrumb"},"inLanguage":"en-GB","potentialAction":[{"@type":"ReadAction","target":["https:\/\/landscapes-et-cie.com\/project\/jardin-de-ville\/"]}]},{"@type":"ImageObject","inLanguage":"en-GB","@id":"https:\/\/landscapes-et-cie.com\/project\/jardin-de-ville\/#primaryimage","url":"https:\/\/landscapes-et-cie.com\/wp-content\/uploads\/2021\/04\/P1290580-scaled.jpeg","contentUrl":"https:\/\/landscapes-et-cie.com\/wp-content\/uploads\/2021\/04\/P1290580-scaled.jpeg","width":2560,"height":1920,"caption":"Jardin de Ville - Landscapes et Cie - Architecte Paysagiste"},{"@type":"BreadcrumbList","@id":"https:\/\/landscapes-et-cie.com\/project\/jardin-de-ville\/#breadcrumb","itemListElement":[{"@type":"ListItem","position":1,"name":"Accueil","item":"https:\/\/landscapes-et-cie.com\/"},{"@type":"ListItem","position":2,"name":"Projets","item":"https:\/\/landscapes-et-cie.com\/project\/"},{"@type":"ListItem","position":3,"name":"Jardin de Ville"}]},{"@type":"WebSite","@id":"https:\/\/landscapes-et-cie.com\/#website","url":"https:\/\/landscapes-et-cie.com\/","name":"Landscapes et Cie","description":"Garden Design - Clare Ob\u00e9ron, Landscape Architect","publisher":{"@id":"https:\/\/landscapes-et-cie.com\/#organization"},"potentialAction":[{"@type":"SearchAction","target":{"@type":"EntryPoint","urlTemplate":"https:\/\/landscapes-et-cie.com\/?s={search_term_string}"},"query-input":{"@type":"PropertyValueSpecification","valueRequired":true,"valueName":"search_term_string"}}],"inLanguage":"en-GB"},{"@type":"Organization","@id":"https:\/\/landscapes-et-cie.com\/#organization","name":"Landscapes et Cie","url":"https:\/\/landscapes-et-cie.com\/","logo":{"@type":"ImageObject","inLanguage":"en-GB","@id":"https:\/\/landscapes-et-cie.com\/#\/schema\/logo\/image\/","url":"https:\/\/landscapes-et-cie.com\/wp-content\/uploads\/2021\/03\/LANDSCAPES_LOGO-1.png","contentUrl":"https:\/\/landscapes-et-cie.com\/wp-content\/uploads\/2021\/03\/LANDSCAPES_LOGO-1.png","width":2000,"height":398,"caption":"Landscapes et Cie"},"image":{"@id":"https:\/\/landscapes-et-cie.com\/#\/schema\/logo\/image\/"},"sameAs":["https:\/\/www.facebook.com\/Landscapesetcie\/"]}]}},"jetpack_sharing_enabled":true,"_links":{"self":[{"href":"https:\/\/landscapes-et-cie.com\/en\/wp-json\/wp\/v2\/project\/237233","targetHints":{"allow":["GET"]}}],"collection":[{"href":"https:\/\/landscapes-et-cie.com\/en\/wp-json\/wp\/v2\/project"}],"about":[{"href":"https:\/\/landscapes-et-cie.com\/en\/wp-json\/wp\/v2\/types\/project"}],"author":[{"embeddable":true,"href":"https:\/\/landscapes-et-cie.com\/en\/wp-json\/wp\/v2\/users\/1"}],"replies":[{"embeddable":true,"href":"https:\/\/landscapes-et-cie.com\/en\/wp-json\/wp\/v2\/comments?post=237233"}],"version-history":[{"count":21,"href":"https:\/\/landscapes-et-cie.com\/en\/wp-json\/wp\/v2\/project\/237233\/revisions"}],"predecessor-version":[{"id":239196,"href":"https:\/\/landscapes-et-cie.com\/en\/wp-json\/wp\/v2\/project\/237233\/revisions\/239196"}],"wp:featuredmedia":[{"embeddable":true,"href":"https:\/\/landscapes-et-cie.com\/en\/wp-json\/wp\/v2\/media\/237640"}],"wp:attachment":[{"href":"https:\/\/landscapes-et-cie.com\/en\/wp-json\/wp\/v2\/media?parent=237233"}],"wp:term":[{"taxonomy":"project_category","embeddable":true,"href":"https:\/\/landscapes-et-cie.com\/en\/wp-json\/wp\/v2\/project_category?post=237233"},{"taxonomy":"project_tag","embeddable":true,"href":"https:\/\/landscapes-et-cie.com\/en\/wp-json\/wp\/v2\/project_tag?post=237233"}],"curies":[{"name":"wp","href":"https:\/\/api.w.org\/{rel}","templated":true}]}}