{"id":237225,"date":"2021-04-04T22:48:44","date_gmt":"2021-04-04T22:48:44","guid":{"rendered":"https:\/\/landscapes-et-cie.com\/?post_type=project&#038;p=237225"},"modified":"2025-11-22T13:23:43","modified_gmt":"2025-11-22T13:23:43","slug":"petit-jardin-co%cc%82tier","status":"publish","type":"project","link":"https:\/\/landscapes-et-cie.com\/en\/project\/petit-jardin-co%cc%82tier\/","title":{"rendered":"Small Coastal Garden"},"content":{"rendered":"<p>[et_pb_section fb_built=\u00a0\u00bb1&Prime; _builder_version=\u00a0\u00bb4.16&Prime; _module_preset=\u00a0\u00bbdefault\u00a0\u00bb background_color=\u00a0\u00bbrgba(10,0,0,0.39)\u00a0\u00bb background_image=\u00a0\u00bbhttps:\/\/landscapes-et-cie.com\/wp-content\/uploads\/2021\/04\/1_P1020919-scaled.jpg\u00a0\u00bb background_blend=\u00a0\u00bbmultiply\u00a0\u00bb max_height=\u00a0\u00bb302px\u00a0\u00bb max_height_tablet=\u00a0\u00bb\u00a0\u00bb max_height_phone=\u00a0\u00bb237px\u00a0\u00bb max_height_last_edited=\u00a0\u00bbon|phone\u00a0\u00bb locked=\u00a0\u00bboff\u00a0\u00bb global_colors_info=\u00a0\u00bb{}\u00a0\u00bb][et_pb_row _builder_version=\u00a0\u00bb4.16&Prime; _module_preset=\u00a0\u00bbdefault\u00a0\u00bb global_colors_info=\u00a0\u00bb{}\u00a0\u00bb][et_pb_column type=\u00a0\u00bb4_4&Prime; _builder_version=\u00a0\u00bb4.16&Prime; _module_preset=\u00a0\u00bbdefault\u00a0\u00bb global_colors_info=\u00a0\u00bb{}\u00a0\u00bb][et_pb_cta title=\u00a0\u00bbPetit Jardin Co\u0302tier\u00a0\u00bb _builder_version=\u00a0\u00bb4.16&Prime; _module_preset=\u00a0\u00bbdefault\u00a0\u00bb header_level=\u00a0\u00bbh1&Prime; header_font=\u00a0\u00bb|700|||||||\u00a0\u00bb header_font_size=\u00a0\u00bb30px\u00a0\u00bb background_color=\u00a0\u00bbRGBA(0,0,0,0)\u00a0\u00bb custom_margin=\u00a0\u00bb25px||||false|false\u00a0\u00bb custom_margin_tablet=\u00a0\u00bb\u00a0\u00bb custom_margin_phone=\u00a0\u00bb-36px||||false|false\u00a0\u00bb custom_margin_last_edited=\u00a0\u00bbon|phone\u00a0\u00bb header_line_height_tablet=\u00a0\u00bb\u00a0\u00bb header_line_height_phone=\u00a0\u00bb1.3em\u00a0\u00bb header_line_height_last_edited=\u00a0\u00bbon|phone\u00a0\u00bb global_colors_info=\u00a0\u00bb{}\u00a0\u00bb][\/et_pb_cta][\/et_pb_column][\/et_pb_row][\/et_pb_section][et_pb_section fb_built=\u00a0\u00bb1&Prime; custom_padding_last_edited=\u00a0\u00bbon|phone\u00a0\u00bb _builder_version=\u00a0\u00bb4.24.0&Prime; _module_preset=\u00a0\u00bbdefault\u00a0\u00bb background_color=\u00a0\u00bbrgba(229,217,199,0.35)\u00a0\u00bb custom_margin=\u00a0\u00bb0px||0px||false|false\u00a0\u00bb custom_margin_tablet=\u00a0\u00bb\u00a0\u00bb custom_margin_phone=\u00a0\u00bb\u00a0\u00bb custom_margin_last_edited=\u00a0\u00bbon|tablet\u00a0\u00bb custom_padding=\u00a0\u00bb22px||30px||false|false\u00a0\u00bb custom_padding_tablet=\u00a0\u00bb||105px||false|false\u00a0\u00bb custom_padding_phone=\u00a0\u00bb||105px||false|false\u00a0\u00bb locked=\u00a0\u00bboff\u00a0\u00bb global_colors_info=\u00a0\u00bb{}\u00a0\u00bb][et_pb_row column_structure=\u00a0\u00bb1_2,1_2&Prime; _builder_version=\u00a0\u00bb4.16&Prime; _module_preset=\u00a0\u00bbdefault\u00a0\u00bb custom_margin=\u00a0\u00bb-10px||-16px||false|false\u00a0\u00bb custom_margin_tablet=\u00a0\u00bb10px||-80px||false|false\u00a0\u00bb custom_margin_phone=\u00a0\u00bb||-73px||false|false\u00a0\u00bb custom_margin_last_edited=\u00a0\u00bbon|phone\u00a0\u00bb custom_padding=\u00a0\u00bb0px||0px||false|false\u00a0\u00bb global_colors_info=\u00a0\u00bb{}\u00a0\u00bb][et_pb_column type=\u00a0\u00bb1_2&Prime; _builder_version=\u00a0\u00bb4.16&Prime; _module_preset=\u00a0\u00bbdefault\u00a0\u00bb global_colors_info=\u00a0\u00bb{}\u00a0\u00bb][et_pb_text _builder_version=\u00a0\u00bb4.24.0&Prime; _module_preset=\u00a0\u00bbdefault\u00a0\u00bb max_width=\u00a0\u00bb100%\u00a0\u00bb max_width_tablet=\u00a0\u00bb90%\u00a0\u00bb max_width_phone=\u00a0\u00bb100%\u00a0\u00bb max_width_last_edited=\u00a0\u00bbon|phone\u00a0\u00bb module_alignment=\u00a0\u00bbleft\u00a0\u00bb custom_margin=\u00a0\u00bb||15px||false|false\u00a0\u00bb custom_margin_tablet=\u00a0\u00bb||0px||false|false\u00a0\u00bb custom_margin_phone=\u00a0\u00bb0px||0px||false|false\u00a0\u00bb custom_margin_last_edited=\u00a0\u00bbon|phone\u00a0\u00bb custom_padding_tablet=\u00a0\u00bb\u00a0\u00bb custom_padding_phone=\u00a0\u00bb10px||0px||false|false\u00a0\u00bb custom_padding_last_edited=\u00a0\u00bbon|phone\u00a0\u00bb locked=\u00a0\u00bboff\u00a0\u00bb global_colors_info=\u00a0\u00bb{}\u00a0\u00bb]<\/p>\n<p class=\"p1\">\n<p class=\"p1\">Although each space has its own character in this large garden, the harmony of the whole comes not only from the stone of the large walls and buildings but also from a visual continuity which connects the different spaces. The plantations, like their design, do not<br \/>are never static but always brought with lightness and framed by the architectural structure.<\/p>\n<p>[\/et_pb_text][et_pb_text _builder_version=\u00a0\u00bb4.24.0&Prime; _module_preset=\u00a0\u00bbdefault\u00a0\u00bb max_width=\u00a0\u00bb100%\u00a0\u00bb max_width_tablet=\u00a0\u00bb90%\u00a0\u00bb max_width_phone=\u00a0\u00bb100%\u00a0\u00bb max_width_last_edited=\u00a0\u00bbon|phone\u00a0\u00bb module_alignment=\u00a0\u00bbleft\u00a0\u00bb custom_margin=\u00a0\u00bb||0px||false|false\u00a0\u00bb custom_padding_tablet=\u00a0\u00bb\u00a0\u00bb custom_padding_phone=\u00a0\u00bb10px||0px||false|false\u00a0\u00bb custom_padding_last_edited=\u00a0\u00bbon|phone\u00a0\u00bb locked=\u00a0\u00bboff\u00a0\u00bb global_colors_info=\u00a0\u00bb{}\u00a0\u00bb]<\/p>\n<p>A profusion of plants for this garden on the heights near the sea. With a client who is passionate about gardening, the challenge was to create a structure and paths giving pride of place to plants while protecting them from sea winds.<\/p>\n<p>[\/et_pb_text][\/et_pb_column][et_pb_column type=\u00a0\u00bb1_2&Prime; _builder_version=\u00a0\u00bb4.16&Prime; _module_preset=\u00a0\u00bbdefault\u00a0\u00bb global_colors_info=\u00a0\u00bb{}\u00a0\u00bb][et_pb_text quote_border_weight=\u00a0\u00bb4px\u00a0\u00bb quote_border_color=\u00a0\u00bb#D3A13B\u00a0\u00bb disabled_on=\u00a0\u00bboff|off|off\u00a0\u00bb _builder_version=\u00a0\u00bb4.24.0&Prime; _module_preset=\u00a0\u00bbdefault\u00a0\u00bb text_font=\u00a0\u00bb|600|||||||\u00a0\u00bb text_text_color=\u00a0\u00bbrgba(22,53,38,0.76)\u00a0\u00bb text_line_height=\u00a0\u00bb1.9em\u00a0\u00bb quote_font=\u00a0\u00bb||||||||\u00a0\u00bb quote_text_color=\u00a0\u00bbrgba(22,53,38,0.71)\u00a0\u00bb header_font=\u00a0\u00bb||||||||\u00a0\u00bb width=\u00a0\u00bb100%\u00a0\u00bb width_tablet=\u00a0\u00bb86%\u00a0\u00bb width_phone=\u00a0\u00bb100%\u00a0\u00bb width_last_edited=\u00a0\u00bbon|phone\u00a0\u00bb module_alignment=\u00a0\u00bbleft\u00a0\u00bb custom_margin=\u00a0\u00bb0px||-7px||false|false\u00a0\u00bb custom_margin_tablet=\u00a0\u00bb-39px||-18px||false|false\u00a0\u00bb custom_margin_phone=\u00a0\u00bb-36px||-26px||false|false\u00a0\u00bb custom_margin_last_edited=\u00a0\u00bbon|desktop\u00a0\u00bb custom_padding=\u00a0\u00bb0px||0px||false|false\u00a0\u00bb custom_padding_tablet=\u00a0\u00bb0px||||false|false\u00a0\u00bb custom_padding_phone=\u00a0\u00bb0px||||false|false\u00a0\u00bb custom_padding_last_edited=\u00a0\u00bbon|tablet\u00a0\u00bb text_font_size_tablet=\u00a0\u00bb\u00a0\u00bb text_font_size_phone=\u00a0\u00bb13px\u00a0\u00bb text_font_size_last_edited=\u00a0\u00bbon|phone\u00a0\u00bb locked=\u00a0\u00bboff\u00a0\u00bb global_colors_info=\u00a0\u00bb{}\u00a0\u00bb]<\/p>\n<blockquote>\n<p class=\"p1\">Area 2,000m2<\/p>\n<\/blockquote>\n<blockquote>\n<p class=\"p1\">Realization: 2019 \u2013 2020<\/p>\n<\/blockquote>\n<blockquote>\n<p class=\"p1\">Pl\u00e9neuf-Val-Andr\u00e9, C\u00f4tes d\u2019Armor, Brittany<\/p>\n<\/blockquote>\n<p>[\/et_pb_text][\/et_pb_column][\/et_pb_row][et_pb_row column_structure=\u00a0\u00bb1_2,1_2&Prime; custom_padding_last_edited=\u00a0\u00bbon|desktop\u00a0\u00bb _builder_version=\u00a0\u00bb4.24.0&Prime; _module_preset=\u00a0\u00bbdefault\u00a0\u00bb custom_margin=\u00a0\u00bb12px||12px||false|false\u00a0\u00bb custom_margin_tablet=\u00a0\u00bb0px||0px||false|false\u00a0\u00bb custom_margin_phone=\u00a0\u00bb0px||0px||false|false\u00a0\u00bb custom_margin_last_edited=\u00a0\u00bbon|phone\u00a0\u00bb custom_padding=\u00a0\u00bb6px||0px|600px|false|false\u00a0\u00bb custom_padding_tablet=\u00a0\u00bb\u00a0\u00bb custom_padding_phone=\u00a0\u00bb|||0px|false|false\u00a0\u00bb global_colors_info=\u00a0\u00bb{}\u00a0\u00bb theme_builder_area=\u00a0\u00bbpost_content\u00a0\u00bb][et_pb_column type=\u00a0\u00bb1_2&Prime; _builder_version=\u00a0\u00bb4.16&Prime; _module_preset=\u00a0\u00bbdefault\u00a0\u00bb global_colors_info=\u00a0\u00bb{}\u00a0\u00bb theme_builder_area=\u00a0\u00bbpost_content\u00a0\u00bb][et_pb_button button_url=\u00a0\u00bbhttps:\/\/www.houzz.co.uk\/hznb\/projects\/petit-jardin-cotier-pj-vj~7736091?share=clipboard\u00a0\u00bb url_new_window=\u00a0\u00bbon\u00a0\u00bb button_text=\u00a0\u00bbVoir sur Houzz\u00a0\u00bb _builder_version=\u00a0\u00bb4.27.4&Prime; _module_preset=\u00a0\u00bbdefault\u00a0\u00bb button_text_color=\u00a0\u00bb#FFFFFF\u00a0\u00bb button_bg_color=\u00a0\u00bb#4B9374&Prime; button_border_color=\u00a0\u00bb#4B9374&Prime; button_use_icon=\u00a0\u00bbon\u00a0\u00bb button_icon=\u00a0\u00bb&#xf27c;||fa||400&Prime; button_icon_placement=\u00a0\u00bbleft\u00a0\u00bb button_on_hover=\u00a0\u00bboff\u00a0\u00bb custom_padding=\u00a0\u00bb16px|24px|16px|40px|true|false\u00a0\u00bb hover_enabled=\u00a0\u00bb0&Prime; global_colors_info=\u00a0\u00bb{}\u00a0\u00bb theme_builder_area=\u00a0\u00bbpost_content\u00a0\u00bb sticky_enabled=\u00a0\u00bb0&Prime;][\/et_pb_button][\/et_pb_column][et_pb_column type=\u00a0\u00bb1_2&Prime; _builder_version=\u00a0\u00bb4.16&Prime; _module_preset=\u00a0\u00bbdefault\u00a0\u00bb global_colors_info=\u00a0\u00bb{}\u00a0\u00bb theme_builder_area=\u00a0\u00bbpost_content\u00a0\u00bb][et_pb_button button_url=\u00a0\u00bbhttps:\/\/pin.it\/45OQVQmpR\u00a0\u00bb url_new_window=\u00a0\u00bbon\u00a0\u00bb button_text=\u00a0\u00bbVoir sur Pinterest\u00a0\u00bb _builder_version=\u00a0\u00bb4.27.4&Prime; _module_preset=\u00a0\u00bbdefault\u00a0\u00bb button_use_icon=\u00a0\u00bbon\u00a0\u00bb button_icon=\u00a0\u00bb&#xf0d2;||fa||400&Prime; button_icon_placement=\u00a0\u00bbleft\u00a0\u00bb button_on_hover=\u00a0\u00bboff\u00a0\u00bb custom_padding=\u00a0\u00bb16px|24px|16px|40px|true|false\u00a0\u00bb hover_enabled=\u00a0\u00bb0&Prime; global_colors_info=\u00a0\u00bb{}\u00a0\u00bb theme_builder_area=\u00a0\u00bbpost_content\u00a0\u00bb sticky_enabled=\u00a0\u00bb0&Prime;][\/et_pb_button][\/et_pb_column][\/et_pb_row][\/et_pb_section][et_pb_section fb_built=\u00a0\u00bb1&Prime; custom_padding_last_edited=\u00a0\u00bbon|phone\u00a0\u00bb _builder_version=\u00a0\u00bb4.16&Prime; _module_preset=\u00a0\u00bbdefault\u00a0\u00bb background_color=\u00a0\u00bb#fffaf2&Prime; custom_margin=\u00a0\u00bb0px||||false|false\u00a0\u00bb custom_padding=\u00a0\u00bb18px||||false|false\u00a0\u00bb custom_padding_tablet=\u00a0\u00bb24px||||false|false\u00a0\u00bb custom_padding_phone=\u00a0\u00bb20px||||false|false\u00a0\u00bb locked=\u00a0\u00bboff\u00a0\u00bb global_colors_info=\u00a0\u00bb{}\u00a0\u00bb][et_pb_row column_structure=\u00a0\u00bb1_2,1_2&Prime; custom_padding_last_edited=\u00a0\u00bbon|tablet\u00a0\u00bb _builder_version=\u00a0\u00bb4.16&Prime; _module_preset=\u00a0\u00bbdefault\u00a0\u00bb width_tablet=\u00a0\u00bb\u00a0\u00bb width_phone=\u00a0\u00bb90%\u00a0\u00bb width_last_edited=\u00a0\u00bbon|phone\u00a0\u00bb custom_margin=\u00a0\u00bb0px||0px||false|false\u00a0\u00bb custom_padding=\u00a0\u00bb20px||20px||false|false\u00a0\u00bb custom_padding_tablet=\u00a0\u00bb16px||16px||false|false\u00a0\u00bb custom_padding_phone=\u00a0\u00bb\u00a0\u00bb locked=\u00a0\u00bboff\u00a0\u00bb global_colors_info=\u00a0\u00bb{}\u00a0\u00bb][et_pb_column type=\u00a0\u00bb1_2&Prime; _builder_version=\u00a0\u00bb4.16&Prime; _module_preset=\u00a0\u00bbdefault\u00a0\u00bb global_colors_info=\u00a0\u00bb{}\u00a0\u00bb][et_pb_image src=\u00a0\u00bbhttps:\/\/landscapes-et-cie.com\/wp-content\/uploads\/2024\/01\/Petit-Jardin-Cotier-Landscapes-et-Cie-14.jpg\u00a0\u00bb alt=\u00a0\u00bbPerspective du jardin montrant la richesse des plantations. Au premier plan, des arums blancs et des g\u00e9raniums vivaces violets. L&rsquo;all\u00e9e de pelouse m\u00e8ne vers le fond du jardin o\u00f9 l&rsquo;on aper\u00e7oit la cabane rouge et la grande jarre, invitant \u00e0 la d\u00e9couverte des diff\u00e9rents espaces.\u00a0\u00bb title_text=\u00a0\u00bbPetit Jardin Cotier &#8211; Landscapes et Cie (14)\u00a0\u00bb show_in_lightbox=\u00a0\u00bbon\u00a0\u00bb use_overlay=\u00a0\u00bbon\u00a0\u00bb overlay_icon_color=\u00a0\u00bbRGBA(0,0,0,0)\u00a0\u00bb hover_overlay_color=\u00a0\u00bbrgba(22,53,38,0.3)\u00a0\u00bb _builder_version=\u00a0\u00bb4.27.4&Prime; _module_preset=\u00a0\u00bbdefault\u00a0\u00bb custom_margin=\u00a0\u00bb|-12px||0px|false|false\u00a0\u00bb custom_margin_tablet=\u00a0\u00bb|0px||0px|false|false\u00a0\u00bb custom_margin_phone=\u00a0\u00bb\u00a0\u00bb custom_margin_last_edited=\u00a0\u00bbon|phone\u00a0\u00bb hover_enabled=\u00a0\u00bb0&Prime; box_shadow_style=\u00a0\u00bbpreset3&Prime; box_shadow_vertical=\u00a0\u00bb5px\u00a0\u00bb box_shadow_spread=\u00a0\u00bb-4px\u00a0\u00bb global_colors_info=\u00a0\u00bb{}\u00a0\u00bb sticky_enabled=\u00a0\u00bb0&Prime;][\/et_pb_image][\/et_pb_column][et_pb_column type=\u00a0\u00bb1_2&Prime; _builder_version=\u00a0\u00bb4.16&Prime; _module_preset=\u00a0\u00bbdefault\u00a0\u00bb global_colors_info=\u00a0\u00bb{}\u00a0\u00bb][et_pb_image src=\u00a0\u00bbhttps:\/\/landscapes-et-cie.com\/wp-content\/uploads\/2024\/01\/Petit-Jardin-Cotier-Landscapes-et-Cie-7.jpg\u00a0\u00bb alt=\u00a0\u00bbSc\u00e8ne de jardin foisonnante et color\u00e9e. Au premier plan, des vivaces au feuillage pourpre (Heuchera ou autre) et des aulx d&rsquo;ornement. Au second plan, des rosiers roses et des arums blancs. En arri\u00e8re-plan, des gramin\u00e9es (Miscanthus) apportent du mouvement. Une v\u00e9randa est visible \u00e0 droite.\u00a0\u00bb title_text=\u00a0\u00bbPetit Jardin Cotier &#8211; Landscapes et Cie (7)\u00a0\u00bb show_in_lightbox=\u00a0\u00bbon\u00a0\u00bb use_overlay=\u00a0\u00bbon\u00a0\u00bb overlay_icon_color=\u00a0\u00bbRGBA(0,0,0,0)\u00a0\u00bb hover_overlay_color=\u00a0\u00bbrgba(22,53,38,0.3)\u00a0\u00bb _builder_version=\u00a0\u00bb4.27.4&Prime; _module_preset=\u00a0\u00bbdefault\u00a0\u00bb custom_margin=\u00a0\u00bb|||-12px|false|false\u00a0\u00bb custom_margin_tablet=\u00a0\u00bb|||0px|false|false\u00a0\u00bb custom_margin_phone=\u00a0\u00bb\u00a0\u00bb custom_margin_last_edited=\u00a0\u00bbon|phone\u00a0\u00bb hover_enabled=\u00a0\u00bb0&Prime; box_shadow_style=\u00a0\u00bbpreset3&Prime; box_shadow_vertical=\u00a0\u00bb5px\u00a0\u00bb box_shadow_spread=\u00a0\u00bb-4px\u00a0\u00bb global_colors_info=\u00a0\u00bb{}\u00a0\u00bb sticky_enabled=\u00a0\u00bb0&Prime;][\/et_pb_image][\/et_pb_column][\/et_pb_row][et_pb_row column_structure=\u00a0\u00bb1_3,1_3,1_3&Prime; custom_padding_last_edited=\u00a0\u00bbon|tablet\u00a0\u00bb _builder_version=\u00a0\u00bb4.16&Prime; _module_preset=\u00a0\u00bbdefault\u00a0\u00bb width_tablet=\u00a0\u00bb\u00a0\u00bb width_phone=\u00a0\u00bb90%\u00a0\u00bb width_last_edited=\u00a0\u00bbon|phone\u00a0\u00bb custom_padding=\u00a0\u00bb20px||20px||false|false\u00a0\u00bb custom_padding_tablet=\u00a0\u00bb16px||16px||false|false\u00a0\u00bb custom_padding_phone=\u00a0\u00bb\u00a0\u00bb locked=\u00a0\u00bboff\u00a0\u00bb global_colors_info=\u00a0\u00bb{}\u00a0\u00bb][et_pb_column type=\u00a0\u00bb1_3&Prime; _builder_version=\u00a0\u00bb4.16&Prime; _module_preset=\u00a0\u00bbdefault\u00a0\u00bb global_colors_info=\u00a0\u00bb{}\u00a0\u00bb][et_pb_image src=\u00a0\u00bbhttps:\/\/landscapes-et-cie.com\/wp-content\/uploads\/2024\/01\/Petit-Jardin-Cotier-Landscapes-et-Cie-11.jpg\u00a0\u00bb alt=\u00a0\u00bbGros plan sur une grande jarre verniss\u00e9e marron fonc\u00e9, \u00e9l\u00e9ment d\u00e9coratif central d&rsquo;un massif. Elle est entour\u00e9e de g\u00e9raniums vivaces violets et d&rsquo;alch\u00e9milles aux fleurs jaune chartreuse. En arri\u00e8re-plan flou, un banc en bois invite au repos, soulignant l&rsquo;atmosph\u00e8re paisible du jardin.\u00a0\u00bb title_text=\u00a0\u00bbPetit Jardin Cotier &#8211; Landscapes et Cie (11)\u00a0\u00bb show_in_lightbox=\u00a0\u00bbon\u00a0\u00bb use_overlay=\u00a0\u00bbon\u00a0\u00bb overlay_icon_color=\u00a0\u00bbRGBA(0,0,0,0)\u00a0\u00bb hover_overlay_color=\u00a0\u00bbrgba(22,53,38,0.3)\u00a0\u00bb _builder_version=\u00a0\u00bb4.27.4&Prime; _module_preset=\u00a0\u00bbdefault\u00a0\u00bb custom_margin=\u00a0\u00bb|-12px||0px|false|false\u00a0\u00bb custom_margin_tablet=\u00a0\u00bb|0px||0px|false|false\u00a0\u00bb custom_margin_phone=\u00a0\u00bb\u00a0\u00bb custom_margin_last_edited=\u00a0\u00bbon|phone\u00a0\u00bb hover_enabled=\u00a0\u00bb0&Prime; box_shadow_style=\u00a0\u00bbpreset3&Prime; box_shadow_vertical=\u00a0\u00bb5px\u00a0\u00bb box_shadow_spread=\u00a0\u00bb-4px\u00a0\u00bb global_colors_info=\u00a0\u00bb{}\u00a0\u00bb sticky_enabled=\u00a0\u00bb0&Prime;][\/et_pb_image][\/et_pb_column][et_pb_column type=\u00a0\u00bb1_3&Prime; _builder_version=\u00a0\u00bb4.16&Prime; _module_preset=\u00a0\u00bbdefault\u00a0\u00bb global_colors_info=\u00a0\u00bb{}\u00a0\u00bb][et_pb_image src=\u00a0\u00bbhttps:\/\/landscapes-et-cie.com\/wp-content\/uploads\/2024\/01\/Petit-Jardin-Cotier-Landscapes-et-Cie-6.jpg\u00a0\u00bb alt=\u00a0\u00bbDuo de chaises de jardin en bois gris\u00e9, style Lutyens ou banc, install\u00e9es devant une haie vive dense. Une table basse les s\u00e9pare. Au premier plan, un massif de framboisiers ou de ronces d&rsquo;ornement au feuillage vert tendre apporte une touche de nature foisonnante et gourmande \u00e0 ce coin repos.\u00a0\u00bb title_text=\u00a0\u00bbPetit Jardin Cotier &#8211; Landscapes et Cie (6)\u00a0\u00bb show_in_lightbox=\u00a0\u00bbon\u00a0\u00bb use_overlay=\u00a0\u00bbon\u00a0\u00bb overlay_icon_color=\u00a0\u00bbRGBA(0,0,0,0)\u00a0\u00bb hover_overlay_color=\u00a0\u00bbrgba(22,53,38,0.3)\u00a0\u00bb _builder_version=\u00a0\u00bb4.27.4&Prime; _module_preset=\u00a0\u00bbdefault\u00a0\u00bb custom_margin=\u00a0\u00bb|-6px||-6px|false|false\u00a0\u00bb custom_margin_tablet=\u00a0\u00bb|0px||0px|false|false\u00a0\u00bb custom_margin_phone=\u00a0\u00bb\u00a0\u00bb custom_margin_last_edited=\u00a0\u00bbon|phone\u00a0\u00bb hover_enabled=\u00a0\u00bb0&Prime; box_shadow_style=\u00a0\u00bbpreset3&Prime; box_shadow_vertical=\u00a0\u00bb5px\u00a0\u00bb box_shadow_spread=\u00a0\u00bb-4px\u00a0\u00bb global_colors_info=\u00a0\u00bb{}\u00a0\u00bb sticky_enabled=\u00a0\u00bb0&Prime;][\/et_pb_image][\/et_pb_column][et_pb_column type=\u00a0\u00bb1_3&Prime; _builder_version=\u00a0\u00bb4.16&Prime; _module_preset=\u00a0\u00bbdefault\u00a0\u00bb global_colors_info=\u00a0\u00bb{}\u00a0\u00bb][et_pb_image src=\u00a0\u00bbhttps:\/\/landscapes-et-cie.com\/wp-content\/uploads\/2024\/01\/Petit-Jardin-Cotier-Landscapes-et-Cie-3.jpg\u00a0\u00bb alt=\u00a0\u00bbGrande jarre en gr\u00e8s verniss\u00e9 brun, aux motifs en relief, nich\u00e9e dans un massif de vivaces. Elle est entour\u00e9e de sauges (Salvia) aux \u00e9pis violets intenses et de rosiers aux fleurs pourpres, cr\u00e9ant une sc\u00e8ne de jardin riche en couleurs et en textures, typique d&rsquo;un jardin de collectionneur.\u00a0\u00bb title_text=\u00a0\u00bbPetit Jardin Cotier &#8211; Landscapes et Cie (3)\u00a0\u00bb show_in_lightbox=\u00a0\u00bbon\u00a0\u00bb use_overlay=\u00a0\u00bbon\u00a0\u00bb overlay_icon_color=\u00a0\u00bbRGBA(0,0,0,0)\u00a0\u00bb hover_overlay_color=\u00a0\u00bbrgba(22,53,38,0.3)\u00a0\u00bb _builder_version=\u00a0\u00bb4.27.4&Prime; _module_preset=\u00a0\u00bbdefault\u00a0\u00bb custom_margin=\u00a0\u00bb|0px||-12px|false|false\u00a0\u00bb custom_margin_tablet=\u00a0\u00bb|0px||0px|false|false\u00a0\u00bb custom_margin_phone=\u00a0\u00bb\u00a0\u00bb custom_margin_last_edited=\u00a0\u00bbon|phone\u00a0\u00bb hover_enabled=\u00a0\u00bb0&Prime; box_shadow_style=\u00a0\u00bbpreset3&Prime; box_shadow_vertical=\u00a0\u00bb5px\u00a0\u00bb box_shadow_spread=\u00a0\u00bb-4px\u00a0\u00bb global_colors_info=\u00a0\u00bb{}\u00a0\u00bb sticky_enabled=\u00a0\u00bb0&Prime;][\/et_pb_image][\/et_pb_column][\/et_pb_row][et_pb_row custom_padding_last_edited=\u00a0\u00bbon|tablet\u00a0\u00bb _builder_version=\u00a0\u00bb4.16&Prime; _module_preset=\u00a0\u00bbdefault\u00a0\u00bb width_tablet=\u00a0\u00bb\u00a0\u00bb width_phone=\u00a0\u00bb90%\u00a0\u00bb width_last_edited=\u00a0\u00bbon|phone\u00a0\u00bb custom_padding=\u00a0\u00bb20px||20px||false|false\u00a0\u00bb custom_padding_tablet=\u00a0\u00bb16px||16px||false|false\u00a0\u00bb custom_padding_phone=\u00a0\u00bb\u00a0\u00bb global_colors_info=\u00a0\u00bb{}\u00a0\u00bb][et_pb_column type=\u00a0\u00bb4_4&Prime; _builder_version=\u00a0\u00bb4.16&Prime; _module_preset=\u00a0\u00bbdefault\u00a0\u00bb global_colors_info=\u00a0\u00bb{}\u00a0\u00bb][et_pb_image src=\u00a0\u00bbhttps:\/\/landscapes-et-cie.com\/wp-content\/uploads\/2024\/01\/Petit-Jardin-Cotier-Landscapes-et-Cie-13.jpg\u00a0\u00bb alt=\u00a0\u00bbVue panoramique sur la mer \u00e0 travers la v\u00e9g\u00e9tation du jardin. Des arbres taill\u00e9s en parasol et des massifs d&rsquo;arbustes (Sureau, fusain) cadrent l&rsquo;horizon bleu. Au premier plan, un arbuste panach\u00e9 et un figuier apportent de la lumi\u00e8re et de la texture \u00e0 ce jardin de bord de mer.\u00a0\u00bb title_text=\u00a0\u00bbPetit Jardin Cotier &#8211; Landscapes et Cie (13)\u00a0\u00bb show_in_lightbox=\u00a0\u00bbon\u00a0\u00bb _builder_version=\u00a0\u00bb4.27.4&Prime; _module_preset=\u00a0\u00bbdefault\u00a0\u00bb custom_margin=\u00a0\u00bb|0px||0px|false|false\u00a0\u00bb hover_enabled=\u00a0\u00bb0&Prime; box_shadow_style=\u00a0\u00bbpreset3&Prime; box_shadow_vertical=\u00a0\u00bb7px\u00a0\u00bb box_shadow_blur=\u00a0\u00bb33px\u00a0\u00bb box_shadow_spread=\u00a0\u00bb-17px\u00a0\u00bb box_shadow_color=\u00a0\u00bbrgba(10,0,0,0.76)\u00a0\u00bb global_colors_info=\u00a0\u00bb{}\u00a0\u00bb box_shadow_vertical__hover=\u00a0\u00bb7px\u00a0\u00bb box_shadow_vertical__hover_enabled=\u00a0\u00bbon|hover\u00a0\u00bb box_shadow_spread__hover=\u00a0\u00bb-10px\u00a0\u00bb box_shadow_spread__hover_enabled=\u00a0\u00bbon|hover\u00a0\u00bb sticky_enabled=\u00a0\u00bb0&Prime;][\/et_pb_image][\/et_pb_column][\/et_pb_row][et_pb_row column_structure=\u00a0\u00bb1_2,1_2&Prime; custom_padding_last_edited=\u00a0\u00bbon|tablet\u00a0\u00bb _builder_version=\u00a0\u00bb4.16&Prime; _module_preset=\u00a0\u00bbdefault\u00a0\u00bb width_tablet=\u00a0\u00bb\u00a0\u00bb width_phone=\u00a0\u00bb90%\u00a0\u00bb width_last_edited=\u00a0\u00bbon|phone\u00a0\u00bb custom_margin=\u00a0\u00bb0px||0px||false|false\u00a0\u00bb custom_padding=\u00a0\u00bb20px||20px||false|false\u00a0\u00bb custom_padding_tablet=\u00a0\u00bb16px||16px||false|false\u00a0\u00bb custom_padding_phone=\u00a0\u00bb\u00a0\u00bb locked=\u00a0\u00bboff\u00a0\u00bb global_colors_info=\u00a0\u00bb{}\u00a0\u00bb][et_pb_column type=\u00a0\u00bb1_2&Prime; _builder_version=\u00a0\u00bb4.16&Prime; _module_preset=\u00a0\u00bbdefault\u00a0\u00bb global_colors_info=\u00a0\u00bb{}\u00a0\u00bb][et_pb_image src=\u00a0\u00bbhttps:\/\/landscapes-et-cie.com\/wp-content\/uploads\/2024\/01\/Petit-Jardin-Cotier-Landscapes-et-Cie-8.jpg\u00a0\u00bb alt=\u00a0\u00bbVue d&rsquo;ensemble d&rsquo;une pelouse soign\u00e9e entour\u00e9e de massifs courbes et g\u00e9n\u00e9reux. Une grande jarre sombre marque l&rsquo;angle d&rsquo;un massif. Des g\u00e9raniums vivaces bleus tapissent le sol au premier plan, tandis que des sauges et des arbustes structurent l&rsquo;espace en arri\u00e8re-plan, cr\u00e9ant une belle profondeur.\u00a0\u00bb title_text=\u00a0\u00bbPetit Jardin Cotier &#8211; Landscapes et Cie (8)\u00a0\u00bb show_in_lightbox=\u00a0\u00bbon\u00a0\u00bb use_overlay=\u00a0\u00bbon\u00a0\u00bb overlay_icon_color=\u00a0\u00bbRGBA(0,0,0,0)\u00a0\u00bb hover_overlay_color=\u00a0\u00bbrgba(22,53,38,0.3)\u00a0\u00bb _builder_version=\u00a0\u00bb4.27.4&Prime; _module_preset=\u00a0\u00bbdefault\u00a0\u00bb custom_margin=\u00a0\u00bb|-12px||0px|false|false\u00a0\u00bb custom_margin_tablet=\u00a0\u00bb|0px||0px|false|false\u00a0\u00bb custom_margin_phone=\u00a0\u00bb\u00a0\u00bb custom_margin_last_edited=\u00a0\u00bbon|phone\u00a0\u00bb hover_enabled=\u00a0\u00bb0&Prime; box_shadow_style=\u00a0\u00bbpreset3&Prime; box_shadow_vertical=\u00a0\u00bb5px\u00a0\u00bb box_shadow_spread=\u00a0\u00bb-4px\u00a0\u00bb global_colors_info=\u00a0\u00bb{}\u00a0\u00bb sticky_enabled=\u00a0\u00bb0&Prime;][\/et_pb_image][\/et_pb_column][et_pb_column type=\u00a0\u00bb1_2&Prime; _builder_version=\u00a0\u00bb4.16&Prime; _module_preset=\u00a0\u00bbdefault\u00a0\u00bb global_colors_info=\u00a0\u00bb{}\u00a0\u00bb][et_pb_image src=\u00a0\u00bbhttps:\/\/landscapes-et-cie.com\/wp-content\/uploads\/2024\/01\/Petit-Jardin-Cotier-Landscapes-et-Cie-12.jpg\u00a0\u00bb alt=\u00a0\u00bbCabane de jardin en bois peint en rouge sombre (rouge su\u00e9dois ou sang de b\u0153uf) avec des fen\u00eatres blanches, nich\u00e9e derri\u00e8re un massif foisonnant. Des gauras aux fleurs blanches l\u00e9g\u00e8res dansent au premier plan, accompagn\u00e9s d&rsquo;autres vivaces, cr\u00e9ant une sc\u00e8ne champ\u00eatre et color\u00e9e.\u00a0\u00bb title_text=\u00a0\u00bbPetit Jardin Cotier &#8211; Landscapes et Cie (12)\u00a0\u00bb show_in_lightbox=\u00a0\u00bbon\u00a0\u00bb use_overlay=\u00a0\u00bbon\u00a0\u00bb overlay_icon_color=\u00a0\u00bbRGBA(0,0,0,0)\u00a0\u00bb hover_overlay_color=\u00a0\u00bbrgba(22,53,38,0.3)\u00a0\u00bb _builder_version=\u00a0\u00bb4.27.4&Prime; _module_preset=\u00a0\u00bbdefault\u00a0\u00bb custom_margin=\u00a0\u00bb|||-12px|false|false\u00a0\u00bb custom_margin_tablet=\u00a0\u00bb|||0px|false|false\u00a0\u00bb custom_margin_phone=\u00a0\u00bb\u00a0\u00bb custom_margin_last_edited=\u00a0\u00bbon|phone\u00a0\u00bb hover_enabled=\u00a0\u00bb0&Prime; box_shadow_style=\u00a0\u00bbpreset3&Prime; box_shadow_vertical=\u00a0\u00bb5px\u00a0\u00bb box_shadow_spread=\u00a0\u00bb-4px\u00a0\u00bb global_colors_info=\u00a0\u00bb{}\u00a0\u00bb sticky_enabled=\u00a0\u00bb0&Prime;][\/et_pb_image][\/et_pb_column][\/et_pb_row][et_pb_row column_structure=\u00a0\u00bb1_3,1_3,1_3&Prime; custom_padding_last_edited=\u00a0\u00bbon|tablet\u00a0\u00bb _builder_version=\u00a0\u00bb4.16&Prime; _module_preset=\u00a0\u00bbdefault\u00a0\u00bb width_tablet=\u00a0\u00bb\u00a0\u00bb width_phone=\u00a0\u00bb90%\u00a0\u00bb width_last_edited=\u00a0\u00bbon|phone\u00a0\u00bb custom_padding=\u00a0\u00bb20px||20px||false|false\u00a0\u00bb custom_padding_tablet=\u00a0\u00bb16px||16px||false|false\u00a0\u00bb custom_padding_phone=\u00a0\u00bb\u00a0\u00bb locked=\u00a0\u00bboff\u00a0\u00bb global_colors_info=\u00a0\u00bb{}\u00a0\u00bb][et_pb_column type=\u00a0\u00bb1_3&Prime; _builder_version=\u00a0\u00bb4.16&Prime; _module_preset=\u00a0\u00bbdefault\u00a0\u00bb global_colors_info=\u00a0\u00bb{}\u00a0\u00bb][et_pb_image src=\u00a0\u00bbhttps:\/\/landscapes-et-cie.com\/wp-content\/uploads\/2024\/01\/Petit-Jardin-Cotier-Landscapes-et-Cie-5.jpg\u00a0\u00bb alt=\u00a0\u00bbPetit Jardin Cotier par Landscapes et Cie &#8211; Image 5&Prime; title_text=\u00a0\u00bbPetit Jardin Cotier &#8211; Landscapes et Cie (5)\u00a0\u00bb show_in_lightbox=\u00a0\u00bbon\u00a0\u00bb use_overlay=\u00a0\u00bbon\u00a0\u00bb overlay_icon_color=\u00a0\u00bbRGBA(0,0,0,0)\u00a0\u00bb hover_overlay_color=\u00a0\u00bbrgba(22,53,38,0.3)\u00a0\u00bb _builder_version=\u00a0\u00bb4.20.4&Prime; _module_preset=\u00a0\u00bbdefault\u00a0\u00bb custom_margin=\u00a0\u00bb|-12px||0px|false|false\u00a0\u00bb custom_margin_tablet=\u00a0\u00bb|0px||0px|false|false\u00a0\u00bb custom_margin_phone=\u00a0\u00bb\u00a0\u00bb custom_margin_last_edited=\u00a0\u00bbon|phone\u00a0\u00bb box_shadow_style=\u00a0\u00bbpreset3&Prime; box_shadow_vertical=\u00a0\u00bb5px\u00a0\u00bb box_shadow_spread=\u00a0\u00bb-4px\u00a0\u00bb global_colors_info=\u00a0\u00bb{}\u00a0\u00bb][\/et_pb_image][\/et_pb_column][et_pb_column type=\u00a0\u00bb1_3&Prime; _builder_version=\u00a0\u00bb4.16&Prime; _module_preset=\u00a0\u00bbdefault\u00a0\u00bb global_colors_info=\u00a0\u00bb{}\u00a0\u00bb][et_pb_image src=\u00a0\u00bbhttps:\/\/landscapes-et-cie.com\/wp-content\/uploads\/2024\/01\/Petit-Jardin-Cotier-Landscapes-et-Cie-2.jpg\u00a0\u00bb alt=\u00a0\u00bbGros plan sur la floraison vaporeuse et blanche d&rsquo;un Crambe cordifolia (Chou marin) se d\u00e9tachant sur un ciel bleu et une vue mer lointaine. Le feuillage fin et la multitude de petites fleurs cr\u00e9ent un effet de nuage l\u00e9ger, typique des plantes de bord de mer r\u00e9sistantes aux embruns.\u00a0\u00bb title_text=\u00a0\u00bbPetit Jardin Cotier &#8211; Landscapes et Cie (2)\u00a0\u00bb show_in_lightbox=\u00a0\u00bbon\u00a0\u00bb use_overlay=\u00a0\u00bbon\u00a0\u00bb overlay_icon_color=\u00a0\u00bbRGBA(0,0,0,0)\u00a0\u00bb hover_overlay_color=\u00a0\u00bbrgba(22,53,38,0.3)\u00a0\u00bb _builder_version=\u00a0\u00bb4.27.4&Prime; _module_preset=\u00a0\u00bbdefault\u00a0\u00bb custom_margin=\u00a0\u00bb|-6px||-6px|false|false\u00a0\u00bb custom_margin_tablet=\u00a0\u00bb|0px||0px|false|false\u00a0\u00bb custom_margin_phone=\u00a0\u00bb\u00a0\u00bb custom_margin_last_edited=\u00a0\u00bbon|phone\u00a0\u00bb hover_enabled=\u00a0\u00bb0&Prime; box_shadow_style=\u00a0\u00bbpreset3&Prime; box_shadow_vertical=\u00a0\u00bb5px\u00a0\u00bb box_shadow_spread=\u00a0\u00bb-4px\u00a0\u00bb global_colors_info=\u00a0\u00bb{}\u00a0\u00bb sticky_enabled=\u00a0\u00bb0&Prime;][\/et_pb_image][\/et_pb_column][et_pb_column type=\u00a0\u00bb1_3&Prime; _builder_version=\u00a0\u00bb4.16&Prime; _module_preset=\u00a0\u00bbdefault\u00a0\u00bb global_colors_info=\u00a0\u00bb{}\u00a0\u00bb][et_pb_image src=\u00a0\u00bbhttps:\/\/landscapes-et-cie.com\/wp-content\/uploads\/2024\/01\/Petit-Jardin-Cotier-Landscapes-et-Cie-10.jpg\u00a0\u00bb alt=\u00a0\u00bbAssociation de gramin\u00e9es (Pennisetum) aux \u00e9pis duveteux et de g\u00e9raniums vivaces roses au pied d&rsquo;un arbuste. Un sedum spectabile au feuillage charnu compl\u00e8te le tableau \u00e0 gauche. La lumi\u00e8re met en valeur la texture des gramin\u00e9es, typique d&rsquo;un jardin de bord de mer.\u00a0\u00bb title_text=\u00a0\u00bbPetit Jardin Cotier &#8211; Landscapes et Cie (10)\u00a0\u00bb show_in_lightbox=\u00a0\u00bbon\u00a0\u00bb use_overlay=\u00a0\u00bbon\u00a0\u00bb overlay_icon_color=\u00a0\u00bbRGBA(0,0,0,0)\u00a0\u00bb hover_overlay_color=\u00a0\u00bbrgba(22,53,38,0.3)\u00a0\u00bb _builder_version=\u00a0\u00bb4.27.4&Prime; _module_preset=\u00a0\u00bbdefault\u00a0\u00bb custom_margin=\u00a0\u00bb|0px||-12px|false|false\u00a0\u00bb custom_margin_tablet=\u00a0\u00bb|0px||0px|false|false\u00a0\u00bb custom_margin_phone=\u00a0\u00bb\u00a0\u00bb custom_margin_last_edited=\u00a0\u00bbon|phone\u00a0\u00bb hover_enabled=\u00a0\u00bb0&Prime; box_shadow_style=\u00a0\u00bbpreset3&Prime; box_shadow_vertical=\u00a0\u00bb5px\u00a0\u00bb box_shadow_spread=\u00a0\u00bb-4px\u00a0\u00bb global_colors_info=\u00a0\u00bb{}\u00a0\u00bb sticky_enabled=\u00a0\u00bb0&Prime;][\/et_pb_image][\/et_pb_column][\/et_pb_row][et_pb_row column_structure=\u00a0\u00bb1_2,1_2&Prime; custom_padding_last_edited=\u00a0\u00bbon|tablet\u00a0\u00bb _builder_version=\u00a0\u00bb4.16&Prime; _module_preset=\u00a0\u00bbdefault\u00a0\u00bb width_tablet=\u00a0\u00bb\u00a0\u00bb width_phone=\u00a0\u00bb90%\u00a0\u00bb width_last_edited=\u00a0\u00bbon|phone\u00a0\u00bb custom_margin=\u00a0\u00bb0px||0px||false|false\u00a0\u00bb custom_padding=\u00a0\u00bb20px||20px||false|false\u00a0\u00bb custom_padding_tablet=\u00a0\u00bb16px||16px||false|false\u00a0\u00bb custom_padding_phone=\u00a0\u00bb\u00a0\u00bb locked=\u00a0\u00bboff\u00a0\u00bb global_colors_info=\u00a0\u00bb{}\u00a0\u00bb][et_pb_column type=\u00a0\u00bb1_2&Prime; _builder_version=\u00a0\u00bb4.16&Prime; _module_preset=\u00a0\u00bbdefault\u00a0\u00bb global_colors_info=\u00a0\u00bb{}\u00a0\u00bb][et_pb_image src=\u00a0\u00bbhttps:\/\/landscapes-et-cie.com\/wp-content\/uploads\/2024\/01\/Petit-Jardin-Cotier-Landscapes-et-Cie-9.jpg\u00a0\u00bb alt=\u00a0\u00bbFa\u00e7ade arri\u00e8re d&rsquo;une maison contemporaine blanche avec toit en ardoise. Deux grandes baies vitr\u00e9es donnent sur une pelouse. La vue est encadr\u00e9e par deux arbres ou grands arbustes au premier plan, cr\u00e9ant une perspective vers la maison et son banc en bois, invitant \u00e0 profiter du jardin.\u00a0\u00bb title_text=\u00a0\u00bbPetit Jardin Cotier &#8211; Landscapes et Cie (9)\u00a0\u00bb show_in_lightbox=\u00a0\u00bbon\u00a0\u00bb use_overlay=\u00a0\u00bbon\u00a0\u00bb overlay_icon_color=\u00a0\u00bbRGBA(0,0,0,0)\u00a0\u00bb hover_overlay_color=\u00a0\u00bbrgba(22,53,38,0.3)\u00a0\u00bb _builder_version=\u00a0\u00bb4.27.4&Prime; _module_preset=\u00a0\u00bbdefault\u00a0\u00bb custom_margin=\u00a0\u00bb|-12px||0px|false|false\u00a0\u00bb custom_margin_tablet=\u00a0\u00bb|0px||0px|false|false\u00a0\u00bb custom_margin_phone=\u00a0\u00bb\u00a0\u00bb custom_margin_last_edited=\u00a0\u00bbon|phone\u00a0\u00bb hover_enabled=\u00a0\u00bb0&Prime; box_shadow_style=\u00a0\u00bbpreset3&Prime; box_shadow_vertical=\u00a0\u00bb5px\u00a0\u00bb box_shadow_spread=\u00a0\u00bb-4px\u00a0\u00bb global_colors_info=\u00a0\u00bb{}\u00a0\u00bb sticky_enabled=\u00a0\u00bb0&Prime;][\/et_pb_image][\/et_pb_column][et_pb_column type=\u00a0\u00bb1_2&Prime; _builder_version=\u00a0\u00bb4.16&Prime; _module_preset=\u00a0\u00bbdefault\u00a0\u00bb global_colors_info=\u00a0\u00bb{}\u00a0\u00bb][et_pb_image src=\u00a0\u00bbhttps:\/\/landscapes-et-cie.com\/wp-content\/uploads\/2024\/01\/Petit-Jardin-Cotier-Landscapes-et-Cie-1.jpg\u00a0\u00bb alt=\u00a0\u00bbRosier rugueux aux fleurs fuchsia au premier plan, devant une cl\u00f4ture en treillage m\u00e9tallique rouill\u00e9. Au second plan, un rosier blanc lumineux et un arbuste au feuillage panach\u00e9 encadrent une porte d&rsquo;entr\u00e9e grise traditionnelle. Des pots en terre cuite gris anthracite ponctuent la fa\u00e7ade de la maison.\u00a0\u00bb title_text=\u00a0\u00bbPetit Jardin Cotier &#8211; Landscapes et Cie (1)\u00a0\u00bb show_in_lightbox=\u00a0\u00bbon\u00a0\u00bb use_overlay=\u00a0\u00bbon\u00a0\u00bb overlay_icon_color=\u00a0\u00bbRGBA(0,0,0,0)\u00a0\u00bb hover_overlay_color=\u00a0\u00bbrgba(22,53,38,0.3)\u00a0\u00bb _builder_version=\u00a0\u00bb4.27.4&Prime; _module_preset=\u00a0\u00bbdefault\u00a0\u00bb custom_margin=\u00a0\u00bb|||-12px|false|false\u00a0\u00bb custom_margin_tablet=\u00a0\u00bb|||0px|false|false\u00a0\u00bb custom_margin_phone=\u00a0\u00bb\u00a0\u00bb custom_margin_last_edited=\u00a0\u00bbon|phone\u00a0\u00bb hover_enabled=\u00a0\u00bb0&Prime; box_shadow_style=\u00a0\u00bbpreset3&Prime; box_shadow_vertical=\u00a0\u00bb5px\u00a0\u00bb box_shadow_spread=\u00a0\u00bb-4px\u00a0\u00bb global_colors_info=\u00a0\u00bb{}\u00a0\u00bb sticky_enabled=\u00a0\u00bb0&Prime;][\/et_pb_image][\/et_pb_column][\/et_pb_row][et_pb_row custom_padding_last_edited=\u00a0\u00bbon|phone\u00a0\u00bb _builder_version=\u00a0\u00bb4.16&Prime; _module_preset=\u00a0\u00bbdefault\u00a0\u00bb custom_margin=\u00a0\u00bb0px||-30px||false|false\u00a0\u00bb custom_margin_tablet=\u00a0\u00bb4px||-42px||false|false\u00a0\u00bb custom_margin_phone=\u00a0\u00bb0px||0px||false|false\u00a0\u00bb custom_margin_last_edited=\u00a0\u00bbon|desktop\u00a0\u00bb custom_padding=\u00a0\u00bb0px||||false|false\u00a0\u00bb custom_padding_tablet=\u00a0\u00bb0px||||false|false\u00a0\u00bb custom_padding_phone=\u00a0\u00bb0px||20px||false|false\u00a0\u00bb locked=\u00a0\u00bboff\u00a0\u00bb global_colors_info=\u00a0\u00bb{}\u00a0\u00bb][et_pb_column type=\u00a0\u00bb4_4&Prime; _builder_version=\u00a0\u00bb4.16&Prime; _module_preset=\u00a0\u00bbdefault\u00a0\u00bb global_colors_info=\u00a0\u00bb{}\u00a0\u00bb][et_pb_button button_url=\u00a0\u00bbhttps:\/\/landscapes-et-cie.com\/jardins\/\u00a0\u00bb button_text=\u00a0\u00bb\u2192 retour aux jardins\u00a0\u00bb _builder_version=\u00a0\u00bb4.24.0&Prime; _module_preset=\u00a0\u00bbdefault\u00a0\u00bb button_text_size=\u00a0\u00bb18px\u00a0\u00bb button_text_color=\u00a0\u00bb#D3A13B\u00a0\u00bb button_bg_color=\u00a0\u00bbRGBA(0,0,0,0)\u00a0\u00bb button_border_width=\u00a0\u00bb0px\u00a0\u00bb button_border_color=\u00a0\u00bb#fffaf2&Prime; button_font=\u00a0\u00bbLibre Baskerville|700||||||#D3A13B|solid\u00a0\u00bb custom_margin=\u00a0\u00bb30px||0px||false|false\u00a0\u00bb custom_margin_tablet=\u00a0\u00bb20px||||false|false\u00a0\u00bb custom_margin_phone=\u00a0\u00bb20px||-33px||false|false\u00a0\u00bb custom_margin_last_edited=\u00a0\u00bbon|phone\u00a0\u00bb custom_padding=\u00a0\u00bb14px|22px|14px|22px|true|true\u00a0\u00bb button_bg_color_last_edited=\u00a0\u00bboff|desktop\u00a0\u00bb box_shadow_style=\u00a0\u00bbpreset3&Prime; box_shadow_vertical=\u00a0\u00bb7px\u00a0\u00bb box_shadow_blur=\u00a0\u00bb11px\u00a0\u00bb box_shadow_spread=\u00a0\u00bb-21px\u00a0\u00bb box_shadow_color=\u00a0\u00bbrgba(69,93,81,0.16)\u00a0\u00bb global_colors_info=\u00a0\u00bb{}\u00a0\u00bb button_border_color__hover_enabled=\u00a0\u00bbon|hover\u00a0\u00bb button_border_color__hover=\u00a0\u00bbRGBA(0,0,0,0)\u00a0\u00bb button_bg_color__hover_enabled=\u00a0\u00bbon|hover\u00a0\u00bb button_border_radius__hover_enabled=\u00a0\u00bbon|hover\u00a0\u00bb button_border_width__hover_enabled=\u00a0\u00bbon|hover\u00a0\u00bb button_border_width__hover=\u00a0\u00bb0px\u00a0\u00bb box_shadow_spread__hover=\u00a0\u00bb0px\u00a0\u00bb button_bg_color__hover=\u00a0\u00bbRGBA(0,0,0,0)\u00a0\u00bb][\/et_pb_button][\/et_pb_column][\/et_pb_row][\/et_pb_section]<\/p>","protected":false},"excerpt":{"rendered":"<p>Although each space has its own character in this large garden, the harmony of the whole comes not only from the stone of the large walls and buildings but also from a visual continuity which connects the different spaces. The plantations, like their design, are never static but always brought in with lightness and framed by the structure [\u2026]<\/p>","protected":false},"author":1,"featured_media":237230,"comment_status":"open","ping_status":"closed","template":"","meta":{"_et_pb_use_builder":"on","_et_pb_old_content":"","_et_gb_content_width":"","_monsterinsights_skip_tracking":false,"_monsterinsights_sitenote_active":false,"_monsterinsights_sitenote_note":"","_monsterinsights_sitenote_category":0,"footnotes":""},"project_category":[25],"project_tag":[],"class_list":["post-237225","project","type-project","status-publish","has-post-thumbnail","hentry","project_category-jardins"],"yoast_head":"<!-- This site is optimized with the Yoast SEO plugin v27.5 - https:\/\/yoast.com\/product\/yoast-seo-wordpress\/ -->\n<title>Petit Jardin Co\u0302tier &#8226; Projets &#8226; Landscapes et Cie<\/title>\n<meta name=\"description\" content=\"Une profusion de plantes pour ce Jardin sur des hauteurs pr\u00e8s de la mer. Des \u00e9l\u00e9ments ded\u00e9coration et des petits bancs animent l\u2019espace au d\u00e9tour du jardin.\" \/>\n<meta name=\"robots\" content=\"index, follow, max-snippet:-1, max-image-preview:large, max-video-preview:-1\" \/>\n<link rel=\"canonical\" href=\"https:\/\/landscapes-et-cie.com\/en\/project\/petit-jardin-co\u0302tier\/\" \/>\n<meta property=\"og:locale\" content=\"en_GB\" \/>\n<meta property=\"og:type\" content=\"article\" \/>\n<meta property=\"og:title\" content=\"Petit Jardin Co\u0302tier &#8226; Projets &#8226; Landscapes et Cie\" \/>\n<meta property=\"og:description\" content=\"Une profusion de plantes pour ce Jardin sur des hauteurs pr\u00e8s de la mer. Des \u00e9l\u00e9ments ded\u00e9coration et des petits bancs animent l\u2019espace au d\u00e9tour du jardin.\" \/>\n<meta property=\"og:url\" content=\"https:\/\/landscapes-et-cie.com\/en\/project\/petit-jardin-co\u0302tier\/\" \/>\n<meta property=\"og:site_name\" content=\"Landscapes et Cie\" \/>\n<meta property=\"article:publisher\" content=\"https:\/\/www.facebook.com\/Landscapesetcie\/\" \/>\n<meta property=\"article:modified_time\" content=\"2025-11-22T13:23:43+00:00\" \/>\n<meta property=\"og:image\" content=\"https:\/\/landscapes-et-cie.com\/wp-content\/uploads\/2021\/04\/1_P1020919-scaled.jpg\" \/>\n\t<meta property=\"og:image:width\" content=\"2560\" \/>\n\t<meta property=\"og:image:height\" content=\"1920\" \/>\n\t<meta property=\"og:image:type\" content=\"image\/jpeg\" \/>\n<meta name=\"twitter:card\" content=\"summary_large_image\" \/>\n<meta name=\"twitter:label1\" content=\"Estimated reading time\" \/>\n\t<meta name=\"twitter:data1\" content=\"3 minutes\" \/>\n<script type=\"application\/ld+json\" class=\"yoast-schema-graph\">{\"@context\":\"https:\\\/\\\/schema.org\",\"@graph\":[{\"@type\":\"WebPage\",\"@id\":\"https:\\\/\\\/landscapes-et-cie.com\\\/project\\\/petit-jardin-co%cc%82tier\\\/\",\"url\":\"https:\\\/\\\/landscapes-et-cie.com\\\/project\\\/petit-jardin-co%cc%82tier\\\/\",\"name\":\"Petit Jardin Co\u0302tier &#8226; Projets &#8226; Landscapes et Cie\",\"isPartOf\":{\"@id\":\"https:\\\/\\\/landscapes-et-cie.com\\\/#website\"},\"primaryImageOfPage\":{\"@id\":\"https:\\\/\\\/landscapes-et-cie.com\\\/project\\\/petit-jardin-co%cc%82tier\\\/#primaryimage\"},\"image\":{\"@id\":\"https:\\\/\\\/landscapes-et-cie.com\\\/project\\\/petit-jardin-co%cc%82tier\\\/#primaryimage\"},\"thumbnailUrl\":\"https:\\\/\\\/landscapes-et-cie.com\\\/wp-content\\\/uploads\\\/2021\\\/04\\\/1_P1020919-scaled.jpg\",\"datePublished\":\"2021-04-04T22:48:44+00:00\",\"dateModified\":\"2025-11-22T13:23:43+00:00\",\"description\":\"Une profusion de plantes pour ce Jardin sur des hauteurs pr\u00e8s de la mer. Des \u00e9l\u00e9ments ded\u00e9coration et des petits bancs animent l\u2019espace au d\u00e9tour du jardin.\",\"breadcrumb\":{\"@id\":\"https:\\\/\\\/landscapes-et-cie.com\\\/project\\\/petit-jardin-co%cc%82tier\\\/#breadcrumb\"},\"inLanguage\":\"en-GB\",\"potentialAction\":[{\"@type\":\"ReadAction\",\"target\":[\"https:\\\/\\\/landscapes-et-cie.com\\\/project\\\/petit-jardin-co%cc%82tier\\\/\"]}]},{\"@type\":\"ImageObject\",\"inLanguage\":\"en-GB\",\"@id\":\"https:\\\/\\\/landscapes-et-cie.com\\\/project\\\/petit-jardin-co%cc%82tier\\\/#primaryimage\",\"url\":\"https:\\\/\\\/landscapes-et-cie.com\\\/wp-content\\\/uploads\\\/2021\\\/04\\\/1_P1020919-scaled.jpg\",\"contentUrl\":\"https:\\\/\\\/landscapes-et-cie.com\\\/wp-content\\\/uploads\\\/2021\\\/04\\\/1_P1020919-scaled.jpg\",\"width\":2560,\"height\":1920,\"caption\":\"Petit Jardin Cotier - Landscapes et Cie - Architecte Paysagiste\"},{\"@type\":\"BreadcrumbList\",\"@id\":\"https:\\\/\\\/landscapes-et-cie.com\\\/project\\\/petit-jardin-co%cc%82tier\\\/#breadcrumb\",\"itemListElement\":[{\"@type\":\"ListItem\",\"position\":1,\"name\":\"Accueil\",\"item\":\"https:\\\/\\\/landscapes-et-cie.com\\\/\"},{\"@type\":\"ListItem\",\"position\":2,\"name\":\"Projets\",\"item\":\"https:\\\/\\\/landscapes-et-cie.com\\\/project\\\/\"},{\"@type\":\"ListItem\",\"position\":3,\"name\":\"Petit Jardin Co\u0302tier\"}]},{\"@type\":\"WebSite\",\"@id\":\"https:\\\/\\\/landscapes-et-cie.com\\\/#website\",\"url\":\"https:\\\/\\\/landscapes-et-cie.com\\\/\",\"name\":\"Landscapes et Cie\",\"description\":\"Garden Design - Clare Ob\u00e9ron, Architecte Paysagiste\",\"publisher\":{\"@id\":\"https:\\\/\\\/landscapes-et-cie.com\\\/#organization\"},\"potentialAction\":[{\"@type\":\"SearchAction\",\"target\":{\"@type\":\"EntryPoint\",\"urlTemplate\":\"https:\\\/\\\/landscapes-et-cie.com\\\/?s={search_term_string}\"},\"query-input\":{\"@type\":\"PropertyValueSpecification\",\"valueRequired\":true,\"valueName\":\"search_term_string\"}}],\"inLanguage\":\"en-GB\"},{\"@type\":\"Organization\",\"@id\":\"https:\\\/\\\/landscapes-et-cie.com\\\/#organization\",\"name\":\"Landscapes et Cie\",\"url\":\"https:\\\/\\\/landscapes-et-cie.com\\\/\",\"logo\":{\"@type\":\"ImageObject\",\"inLanguage\":\"en-GB\",\"@id\":\"https:\\\/\\\/landscapes-et-cie.com\\\/#\\\/schema\\\/logo\\\/image\\\/\",\"url\":\"https:\\\/\\\/landscapes-et-cie.com\\\/wp-content\\\/uploads\\\/2021\\\/03\\\/LANDSCAPES_LOGO-1.png\",\"contentUrl\":\"https:\\\/\\\/landscapes-et-cie.com\\\/wp-content\\\/uploads\\\/2021\\\/03\\\/LANDSCAPES_LOGO-1.png\",\"width\":2000,\"height\":398,\"caption\":\"Landscapes et Cie\"},\"image\":{\"@id\":\"https:\\\/\\\/landscapes-et-cie.com\\\/#\\\/schema\\\/logo\\\/image\\\/\"},\"sameAs\":[\"https:\\\/\\\/www.facebook.com\\\/Landscapesetcie\\\/\"]}]}<\/script>\n<!-- \/ Yoast SEO plugin. -->","yoast_head_json":{"title":"Petit Jardin Co\u0302tier &#8226; Projets &#8226; Landscapes et Cie","description":"Une profusion de plantes pour ce Jardin sur des hauteurs pr\u00e8s de la mer. Des \u00e9l\u00e9ments ded\u00e9coration et des petits bancs animent l\u2019espace au d\u00e9tour du jardin.","robots":{"index":"index","follow":"follow","max-snippet":"max-snippet:-1","max-image-preview":"max-image-preview:large","max-video-preview":"max-video-preview:-1"},"canonical":"https:\/\/landscapes-et-cie.com\/en\/project\/petit-jardin-co\u0302tier\/","og_locale":"en_GB","og_type":"article","og_title":"Petit Jardin Co\u0302tier &#8226; Projets &#8226; Landscapes et Cie","og_description":"Une profusion de plantes pour ce Jardin sur des hauteurs pr\u00e8s de la mer. Des \u00e9l\u00e9ments ded\u00e9coration et des petits bancs animent l\u2019espace au d\u00e9tour du jardin.","og_url":"https:\/\/landscapes-et-cie.com\/en\/project\/petit-jardin-co\u0302tier\/","og_site_name":"Landscapes et Cie","article_publisher":"https:\/\/www.facebook.com\/Landscapesetcie\/","article_modified_time":"2025-11-22T13:23:43+00:00","og_image":[{"width":2560,"height":1920,"url":"https:\/\/landscapes-et-cie.com\/wp-content\/uploads\/2021\/04\/1_P1020919-scaled.jpg","type":"image\/jpeg"}],"twitter_card":"summary_large_image","twitter_misc":{"Estimated reading time":"3 minutes"},"schema":{"@context":"https:\/\/schema.org","@graph":[{"@type":"WebPage","@id":"https:\/\/landscapes-et-cie.com\/project\/petit-jardin-co%cc%82tier\/","url":"https:\/\/landscapes-et-cie.com\/project\/petit-jardin-co%cc%82tier\/","name":"Petit Jardin Co\u0302tier &#8226; Projets &#8226; Landscapes et Cie","isPartOf":{"@id":"https:\/\/landscapes-et-cie.com\/#website"},"primaryImageOfPage":{"@id":"https:\/\/landscapes-et-cie.com\/project\/petit-jardin-co%cc%82tier\/#primaryimage"},"image":{"@id":"https:\/\/landscapes-et-cie.com\/project\/petit-jardin-co%cc%82tier\/#primaryimage"},"thumbnailUrl":"https:\/\/landscapes-et-cie.com\/wp-content\/uploads\/2021\/04\/1_P1020919-scaled.jpg","datePublished":"2021-04-04T22:48:44+00:00","dateModified":"2025-11-22T13:23:43+00:00","description":"Une profusion de plantes pour ce Jardin sur des hauteurs pr\u00e8s de la mer. Des \u00e9l\u00e9ments ded\u00e9coration et des petits bancs animent l\u2019espace au d\u00e9tour du jardin.","breadcrumb":{"@id":"https:\/\/landscapes-et-cie.com\/project\/petit-jardin-co%cc%82tier\/#breadcrumb"},"inLanguage":"en-GB","potentialAction":[{"@type":"ReadAction","target":["https:\/\/landscapes-et-cie.com\/project\/petit-jardin-co%cc%82tier\/"]}]},{"@type":"ImageObject","inLanguage":"en-GB","@id":"https:\/\/landscapes-et-cie.com\/project\/petit-jardin-co%cc%82tier\/#primaryimage","url":"https:\/\/landscapes-et-cie.com\/wp-content\/uploads\/2021\/04\/1_P1020919-scaled.jpg","contentUrl":"https:\/\/landscapes-et-cie.com\/wp-content\/uploads\/2021\/04\/1_P1020919-scaled.jpg","width":2560,"height":1920,"caption":"Petit Jardin Cotier - Landscapes et Cie - Architecte Paysagiste"},{"@type":"BreadcrumbList","@id":"https:\/\/landscapes-et-cie.com\/project\/petit-jardin-co%cc%82tier\/#breadcrumb","itemListElement":[{"@type":"ListItem","position":1,"name":"Accueil","item":"https:\/\/landscapes-et-cie.com\/"},{"@type":"ListItem","position":2,"name":"Projets","item":"https:\/\/landscapes-et-cie.com\/project\/"},{"@type":"ListItem","position":3,"name":"Petit Jardin Co\u0302tier"}]},{"@type":"WebSite","@id":"https:\/\/landscapes-et-cie.com\/#website","url":"https:\/\/landscapes-et-cie.com\/","name":"Landscapes et Cie","description":"Garden Design - Clare Ob\u00e9ron, Landscape Architect","publisher":{"@id":"https:\/\/landscapes-et-cie.com\/#organization"},"potentialAction":[{"@type":"SearchAction","target":{"@type":"EntryPoint","urlTemplate":"https:\/\/landscapes-et-cie.com\/?s={search_term_string}"},"query-input":{"@type":"PropertyValueSpecification","valueRequired":true,"valueName":"search_term_string"}}],"inLanguage":"en-GB"},{"@type":"Organization","@id":"https:\/\/landscapes-et-cie.com\/#organization","name":"Landscapes et Cie","url":"https:\/\/landscapes-et-cie.com\/","logo":{"@type":"ImageObject","inLanguage":"en-GB","@id":"https:\/\/landscapes-et-cie.com\/#\/schema\/logo\/image\/","url":"https:\/\/landscapes-et-cie.com\/wp-content\/uploads\/2021\/03\/LANDSCAPES_LOGO-1.png","contentUrl":"https:\/\/landscapes-et-cie.com\/wp-content\/uploads\/2021\/03\/LANDSCAPES_LOGO-1.png","width":2000,"height":398,"caption":"Landscapes et Cie"},"image":{"@id":"https:\/\/landscapes-et-cie.com\/#\/schema\/logo\/image\/"},"sameAs":["https:\/\/www.facebook.com\/Landscapesetcie\/"]}]}},"jetpack_sharing_enabled":true,"_links":{"self":[{"href":"https:\/\/landscapes-et-cie.com\/en\/wp-json\/wp\/v2\/project\/237225","targetHints":{"allow":["GET"]}}],"collection":[{"href":"https:\/\/landscapes-et-cie.com\/en\/wp-json\/wp\/v2\/project"}],"about":[{"href":"https:\/\/landscapes-et-cie.com\/en\/wp-json\/wp\/v2\/types\/project"}],"author":[{"embeddable":true,"href":"https:\/\/landscapes-et-cie.com\/en\/wp-json\/wp\/v2\/users\/1"}],"replies":[{"embeddable":true,"href":"https:\/\/landscapes-et-cie.com\/en\/wp-json\/wp\/v2\/comments?post=237225"}],"version-history":[{"count":17,"href":"https:\/\/landscapes-et-cie.com\/en\/wp-json\/wp\/v2\/project\/237225\/revisions"}],"predecessor-version":[{"id":239214,"href":"https:\/\/landscapes-et-cie.com\/en\/wp-json\/wp\/v2\/project\/237225\/revisions\/239214"}],"wp:featuredmedia":[{"embeddable":true,"href":"https:\/\/landscapes-et-cie.com\/en\/wp-json\/wp\/v2\/media\/237230"}],"wp:attachment":[{"href":"https:\/\/landscapes-et-cie.com\/en\/wp-json\/wp\/v2\/media?parent=237225"}],"wp:term":[{"taxonomy":"project_category","embeddable":true,"href":"https:\/\/landscapes-et-cie.com\/en\/wp-json\/wp\/v2\/project_category?post=237225"},{"taxonomy":"project_tag","embeddable":true,"href":"https:\/\/landscapes-et-cie.com\/en\/wp-json\/wp\/v2\/project_tag?post=237225"}],"curies":[{"name":"wp","href":"https:\/\/api.w.org\/{rel}","templated":true}]}}