{"id":237198,"date":"2021-04-04T22:44:51","date_gmt":"2021-04-04T22:44:51","guid":{"rendered":"https:\/\/landscapes-et-cie.com\/?post_type=project&#038;p=237198"},"modified":"2025-09-20T11:36:33","modified_gmt":"2025-09-20T11:36:33","slug":"jardin-du-manoir","status":"publish","type":"project","link":"https:\/\/landscapes-et-cie.com\/en\/project\/jardin-du-manoir\/","title":{"rendered":"Manor Garden"},"content":{"rendered":"<p>[et_pb_section fb_built= \u00bb1\u2033 _builder_version= \u00bb4.16\u2033 _module_preset= \u00bbdefault \u00bb background_color= \u00bbrgba(10,0,0,0.39) \u00bb background_image= \u00bbhttps:\/\/landscapes-et-cie.com\/wp-content\/ uploads\/2021\/04\/1_1469468003.jpg \u00bb background_blend= \u00bbmultiply \u00bb max_height= \u00bb302px \u00bb max_height_tablet= \u00bb \u00bb max_height_phone= \u00bb237px \u00bb max_height_last_edited= \u00bbon|phone \u00bb locked= \u00bboff \u00bb global_colors_info= \u00bb{} \u00bb][et_pb_row _builder_version= \u00bb4.16\u2033 _module_preset= \u00bbdefault \u00bb global_colors_info= \u00bb{} \u00bb][et_pb_column type= \u00bb4_4\u2033 _builder_version= \u00bb4.16\u2033 _module_preset= \u00bbdefault \u00bb global_colors_info= \u00bb{} \u00bb][et_pb_cta title= \u00bbJardin du Manoir \u00bb _builder_version= \u00bb4.16\u2033 _module_preset= \u00bbdefault \u00bb header_level= \u00bbh1\u2033 header_font= \u00bb|700||||||| \u00bb header_font_size= \u00bb30px \u00bb background_color= \u00bbRGBA(0,0,0,0) \u00bb custom_margin= \u00bb25px||||false|false \u00bb custom_margin_tablet= \u00bb \u00bb custom_margin_phone= \u00bb-36px||||false|false \u00bb custom_margin_last_edited = \u00bbon|phone \u00bb header_line_height_tablet= \u00bb \u00bb header_line_height_phone= \u00bb1.3em \u00bb header_line_height_last_edited= \u00bbon|phone \u00bb global_colors_info= \u00bb{} \u00bb][\/et_pb_cta][\/et_pb_column][\/et_pb_row][\/et_pb_section][et_pb_section fb_built= \u00bb1\u2033 custom_padding_last_edited= \u00bbon|phone \u00bb _builder_version= \u00bb4.16\u2033 _module_preset= \u00bbdefault \u00bb background_color= \u00bbrgba(229,217,199,0.35) \u00bb custom_margin= \u00bb0px||0px||false|false \u00bb custom_margin_tablet= \u00bb \u00bb custom_margin_phone= \u00bb \u00bb custom_margin_last_edited= \u00bbon|tablet \u00bb custom_padding= \u00bb22px||30px||false|false \u00bb custom_padding_tablet= \u00bb||105px||false|false \u00bb custom_padding_phone= \u00bb||105px||false|false \u00bb locked= \u00bboff \u00bb global_colors_info= \u00bb{} \u00bb][et_pb_row column_structure= \u00bb1_2,1_2\u2033 _builder_version= \u00bb4.16\u2033 _module_preset= \u00bbdefault \u00bb custom_margin= \u00bb-10px||-16px||false|false \u00bb custom_margin_tablet= \u00bb10px||-80px| |false|false \u00bb custom_margin_phone= \u00bb||-73px||false|false \u00bb custom_margin_last_edited= \u00bbon|phone \u00bb custom_padding= \u00bb0px||0px||false|false \u00bb global_colors_info= \u00bb{} \u00bb][et_pb_column type= \u00bb 1_2\u2033 _builder_version= \u00bb4.16\u2033 _module_preset= \u00bbdefault \u00bb global_colors_info= \u00bb{} \u00bb][et_pb_text quote_border_weight= \u00bb4px \u00bb quote_border_color= \u00bb#D3A13B \u00bb _builder_version= \u00bb4.16\u2033 _module_preset= \u00bbdefault \u00bb text_font= \u00bb|600|| || ||| \u00bb text_text_color= \u00bbrgba(22,53,38,0.76) \u00bb text_line_height= \u00bb1.9em \u00bb quote_font= \u00bb|||||||| \u00bb quote_text_color= \u00bbrgba(22,53,38,0.71) \u00bb header_font= \u00bb|||||||| \u00bb width= \u00bb100% \u00bb width_tablet= \u00bb86% \u00bb width_phone= \u00bb100% \u00bb width_last_edited= \u00bbon|phone \u00bb module_alignment= \u00bbleft \u00bb custom_margin= \u00bb0px||-7px||false|false \u00bb custom_margin_tablet= \u00bb-18px||- 18px||false|false \u00bb custom_margin_phone= \u00bb-20px||-26px||false|false \u00bb custom_margin_last_edited= \u00bbon|tablet \u00bb custom_padding= \u00bb3px||0px||false|false \u00bb custom_padding_tablet= \u00bb0px|||| false|false \u00bb custom_padding_phone= \u00bb0px||||false|false \u00bb custom_padding_last_edited= \u00bbon|phone \u00bb text_font_size_tablet= \u00bb \u00bb text_font_size_phone= \u00bb13px \u00bb text_font_size_last_edited= \u00bbon|phone \u00bb locked= \u00bboff \u00bb global_colors_info= \u00bb{} \u00bb ]<\/p>\n<blockquote>\n<p>Study and production in collaboration with &#039;Les Jardins d&#039;en Face&#039;, 2010\/2011<\/p>\n<\/blockquote>\n<p>[\/et_pb_text] \u2033 _module_preset = \u00bbdefault \u00bb text_font= \u00bb|600||||||| \u00bb text_text_color= \u00bbrgba(22,53,38,0.76) \u00bb text_line_height= \u00bb1.9em \u00bb quote_font= \u00bb|||||||| \u00bb quote_text_color= \u00bbrgba(22,53,38,0.71) \u00bb header_font= \u00bb|||||||| \u00bb width= \u00bb100% \u00bb width_tablet= \u00bb86% \u00bb width_phone= \u00bb100% \u00bb width_last_edited= \u00bbon|phone \u00bb module_alignment= \u00bbleft \u00bb custom_margin= \u00bb0px||-7px||false|false \u00bb custom_margin_tablet= \u00bb-39px||- 18px||false|false \u00bb custom_margin_phone= \u00bb-20px||-26px||false|false \u00bb custom_margin_last_edited= \u00bbon|tablet \u00bb custom_padding= \u00bb16px||0px||false|false \u00bb custom_padding_tablet= \u00bb0px|||| false|false \u00bb custom_padding_phone= \u00bb0px||||false|false \u00bb custom_padding_last_edited= \u00bbon|tablet \u00bb text_font_size_tablet= \u00bb \u00bb text_font_size_phone= \u00bb13px \u00bb text_font_size_last_edited= \u00bbon|phone \u00bb locked= \u00bboff \u00bb global_colors_info= \u00bb{} \u00bb ]<\/p>\n<blockquote>\n<p>Area: 5000m\u00b2<\/p>\n<\/blockquote>\n<p>[\/et_pb_text][\/et_pb_column][\/et_pb_row][et_pb_row column_structure=\u00a0\u00bb1_2,1_2&Prime; custom_padding_last_edited=\u00a0\u00bbon|desktop\u00a0\u00bb _builder_version=\u00a0\u00bb4.24.0&Prime; _module_preset=\u00a0\u00bbdefault\u00a0\u00bb custom_margin=\u00a0\u00bb12px||12px||false|false\u00a0\u00bb custom_margin_tablet=\u00a0\u00bb0px||0px||false|false\u00a0\u00bb custom_margin_phone=\u00a0\u00bb0px||0px||false|false\u00a0\u00bb custom_margin_last_edited=\u00a0\u00bbon|phone\u00a0\u00bb custom_padding=\u00a0\u00bb6px||0px|600px|false|false\u00a0\u00bb custom_padding_tablet=\u00a0\u00bb\u00a0\u00bb custom_padding_phone=\u00a0\u00bb|||0px|false|false\u00a0\u00bb global_colors_info=\u00a0\u00bb{}\u00a0\u00bb theme_builder_area=\u00a0\u00bbpost_content\u00a0\u00bb][et_pb_column type=\u00a0\u00bb1_2&Prime; _builder_version=\u00a0\u00bb4.16&Prime; _module_preset=\u00a0\u00bbdefault\u00a0\u00bb global_colors_info=\u00a0\u00bb{}\u00a0\u00bb theme_builder_area=\u00a0\u00bbpost_content\u00a0\u00bb][et_pb_button button_url=\u00a0\u00bbhttps:\/\/www.houzz.co.uk\/hznb\/projects\/jardin-du-manoir-pj-vj~7706187?share=clipboard\u00a0\u00bb url_new_window=\u00a0\u00bbon\u00a0\u00bb button_text=\u00a0\u00bbVoir sur Houzz\u00a0\u00bb _builder_version=\u00a0\u00bb4.24.0&Prime; _module_preset=\u00a0\u00bbdefault\u00a0\u00bb button_text_color=\u00a0\u00bb#FFFFFF\u00a0\u00bb button_bg_color=\u00a0\u00bb#4B9374&Prime; button_border_color=\u00a0\u00bb#4B9374&Prime; button_use_icon=\u00a0\u00bbon\u00a0\u00bb button_icon=\u00a0\u00bb&#xf27c;||fa||400&Prime; button_icon_placement=\u00a0\u00bbleft\u00a0\u00bb button_on_hover=\u00a0\u00bboff\u00a0\u00bb custom_padding=\u00a0\u00bb16px|24px|16px|40px|true|false\u00a0\u00bb hover_enabled=\u00a0\u00bb0&Prime; global_colors_info=\u00a0\u00bb{}\u00a0\u00bb theme_builder_area=\u00a0\u00bbpost_content\u00a0\u00bb sticky_enabled=\u00a0\u00bb0&Prime;][\/et_pb_button][\/et_pb_column][et_pb_column type=\u00a0\u00bb1_2&Prime; _builder_version=\u00a0\u00bb4.16&Prime; _module_preset=\u00a0\u00bbdefault\u00a0\u00bb global_colors_info=\u00a0\u00bb{}\u00a0\u00bb theme_builder_area=\u00a0\u00bbpost_content\u00a0\u00bb][et_pb_button button_url=\u00a0\u00bbhttps:\/\/pin.it\/5VhsyxUyI\u00a0\u00bb url_new_window=\u00a0\u00bbon\u00a0\u00bb button_text=\u00a0\u00bbVoir sur Pinterest\u00a0\u00bb _builder_version=\u00a0\u00bb4.24.0&Prime; _module_preset=\u00a0\u00bbdefault\u00a0\u00bb button_use_icon=\u00a0\u00bbon\u00a0\u00bb button_icon=\u00a0\u00bb&#xf0d2;||fa||400&Prime; button_icon_placement=\u00a0\u00bbleft\u00a0\u00bb button_on_hover=\u00a0\u00bboff\u00a0\u00bb custom_padding=\u00a0\u00bb16px|24px|16px|40px|true|false\u00a0\u00bb hover_enabled=\u00a0\u00bb0&Prime; global_colors_info=\u00a0\u00bb{}\u00a0\u00bb theme_builder_area=\u00a0\u00bbpost_content\u00a0\u00bb sticky_enabled=\u00a0\u00bb0&Prime;][\/et_pb_button][\/et_pb_column][\/et_pb_row][\/et_pb_section][et_pb_section fb_built=\u00a0\u00bb1&Prime; custom_padding_last_edited=\u00a0\u00bbon|phone\u00a0\u00bb _builder_version=\u00a0\u00bb4.16&Prime; _module_preset=\u00a0\u00bbdefault\u00a0\u00bb background_color=\u00a0\u00bb#fffaf2&Prime; custom_margin=\u00a0\u00bb0px||||false|false\u00a0\u00bb custom_padding=\u00a0\u00bb18px||||false|false\u00a0\u00bb custom_padding_tablet=\u00a0\u00bb24px||||false|false\u00a0\u00bb custom_padding_phone=\u00a0\u00bb20px||||false|false\u00a0\u00bb locked=\u00a0\u00bboff\u00a0\u00bb global_colors_info=\u00a0\u00bb{}\u00a0\u00bb][et_pb_row custom_padding_last_edited=\u00a0\u00bbon|tablet\u00a0\u00bb _builder_version=\u00a0\u00bb4.16&Prime; _module_preset=\u00a0\u00bbdefault\u00a0\u00bb width_tablet=\u00a0\u00bb\u00a0\u00bb width_phone=\u00a0\u00bb90%\u00a0\u00bb width_last_edited=\u00a0\u00bbon|phone\u00a0\u00bb custom_padding=\u00a0\u00bb20px||20px||false|false\u00a0\u00bb custom_padding_tablet=\u00a0\u00bb16px||16px||false|false\u00a0\u00bb custom_padding_phone=\u00a0\u00bb\u00a0\u00bb global_colors_info=\u00a0\u00bb{}\u00a0\u00bb][et_pb_column type=\u00a0\u00bb4_4&Prime; _builder_version=\u00a0\u00bb4.16&Prime; _module_preset=\u00a0\u00bbdefault\u00a0\u00bb global_colors_info=\u00a0\u00bb{}\u00a0\u00bb][et_pb_image src=\u00a0\u00bbhttps:\/\/landscapes-et-cie.com\/wp-content\/uploads\/2021\/04\/01.jpeg\u00a0\u00bb alt=\u00a0\u00bbUn bassin rectangulaire en pierre bleue au centre d&rsquo;une all\u00e9e de gravier, entour\u00e9 d&rsquo;une vaste pelouse et d&rsquo;arbres, avec un manoir en pierre en arri\u00e8re-plan sous un ciel bleu.\u00a0\u00bb title_text=\u00a0\u00bbJardin de Manior &#8211; Image 1&Prime; show_in_lightbox=\u00a0\u00bbon\u00a0\u00bb use_overlay=\u00a0\u00bbon\u00a0\u00bb overlay_icon_color=\u00a0\u00bbRGBA(0,0,0,0)\u00a0\u00bb hover_overlay_color=\u00a0\u00bbrgba(22,53,38,0.3)\u00a0\u00bb _builder_version=\u00a0\u00bb4.24.0&Prime; _module_preset=\u00a0\u00bbdefault\u00a0\u00bb custom_margin=\u00a0\u00bb|0px||0px|false|false\u00a0\u00bb box_shadow_style=\u00a0\u00bbpreset3&Prime; box_shadow_vertical=\u00a0\u00bb5px\u00a0\u00bb box_shadow_spread=\u00a0\u00bb-4px\u00a0\u00bb global_colors_info=\u00a0\u00bb{}\u00a0\u00bb][\/et_pb_image][\/et_pb_column][\/et_pb_row][et_pb_row column_structure=\u00a0\u00bb3_5,2_5&Prime; custom_padding_last_edited=\u00a0\u00bbon|tablet\u00a0\u00bb _builder_version=\u00a0\u00bb4.24.0&Prime; _module_preset=\u00a0\u00bbdefault\u00a0\u00bb width_tablet=\u00a0\u00bb\u00a0\u00bb width_phone=\u00a0\u00bb90%\u00a0\u00bb width_last_edited=\u00a0\u00bbon|phone\u00a0\u00bb custom_padding=\u00a0\u00bb20px||20px||false|false\u00a0\u00bb custom_padding_tablet=\u00a0\u00bb16px||16px||false|false\u00a0\u00bb custom_padding_phone=\u00a0\u00bb\u00a0\u00bb locked=\u00a0\u00bboff\u00a0\u00bb global_colors_info=\u00a0\u00bb{}\u00a0\u00bb][et_pb_column type=\u00a0\u00bb3_5&Prime; _builder_version=\u00a0\u00bb4.16&Prime; _module_preset=\u00a0\u00bbdefault\u00a0\u00bb global_colors_info=\u00a0\u00bb{}\u00a0\u00bb][et_pb_image src=\u00a0\u00bbhttps:\/\/landscapes-et-cie.com\/wp-content\/uploads\/2025\/09\/Jardin-du-Manoir-5-scaled.webp\u00a0\u00bb alt=\u00a0\u00bbJardini\u00e8res rectangulaires en acier Corten remplies de bambous, pos\u00e9es sur un sol de gravier le long du mur en pierre d&rsquo;un manoir.\u00a0\u00bb title_text=\u00a0\u00bbJardin du Manoir (5)\u00a0\u00bb show_in_lightbox=\u00a0\u00bbon\u00a0\u00bb use_overlay=\u00a0\u00bbon\u00a0\u00bb overlay_icon_color=\u00a0\u00bbRGBA(0,0,0,0)\u00a0\u00bb hover_overlay_color=\u00a0\u00bbrgba(22,53,38,0.3)\u00a0\u00bb _builder_version=\u00a0\u00bb4.24.0&Prime; _module_preset=\u00a0\u00bbdefault\u00a0\u00bb custom_margin=\u00a0\u00bb|-12px||0px|false|false\u00a0\u00bb custom_margin_tablet=\u00a0\u00bb|0px||0px|false|false\u00a0\u00bb custom_margin_phone=\u00a0\u00bb\u00a0\u00bb custom_margin_last_edited=\u00a0\u00bbon|phone\u00a0\u00bb box_shadow_style=\u00a0\u00bbpreset3&Prime; box_shadow_vertical=\u00a0\u00bb5px\u00a0\u00bb box_shadow_spread=\u00a0\u00bb-4px\u00a0\u00bb global_colors_info=\u00a0\u00bb{}\u00a0\u00bb][\/et_pb_image][\/et_pb_column][et_pb_column type=\u00a0\u00bb2_5&Prime; _builder_version=\u00a0\u00bb4.24.0&Prime; _module_preset=\u00a0\u00bbdefault\u00a0\u00bb global_colors_info=\u00a0\u00bb{}\u00a0\u00bb][et_pb_image src=\u00a0\u00bbhttps:\/\/landscapes-et-cie.com\/wp-content\/uploads\/2025\/09\/Jardin-du-Manoir-1-scaled.webp\u00a0\u00bb alt=\u00a0\u00bbAll\u00e9e de gravier bord\u00e9e de jardini\u00e8res en acier Corten contenant des bambous. Sur la droite, une grande pelouse et des arbres matures devant la fa\u00e7ade d&rsquo;un manoir.\u00a0\u00bb title_text=\u00a0\u00bbJardin du Manoir (1)\u00a0\u00bb show_in_lightbox=\u00a0\u00bbon\u00a0\u00bb use_overlay=\u00a0\u00bbon\u00a0\u00bb overlay_icon_color=\u00a0\u00bbRGBA(0,0,0,0)\u00a0\u00bb hover_overlay_color=\u00a0\u00bbrgba(22,53,38,0.3)\u00a0\u00bb align=\u00a0\u00bbright\u00a0\u00bb force_fullwidth=\u00a0\u00bbon\u00a0\u00bb _builder_version=\u00a0\u00bb4.24.0&Prime; _module_preset=\u00a0\u00bbdefault\u00a0\u00bb max_height=\u00a0\u00bb477px\u00a0\u00bb custom_margin=\u00a0\u00bb|||-12px|false|false\u00a0\u00bb custom_margin_tablet=\u00a0\u00bb|||0px|false|false\u00a0\u00bb custom_margin_phone=\u00a0\u00bb\u00a0\u00bb custom_margin_last_edited=\u00a0\u00bbon|phone\u00a0\u00bb box_shadow_style=\u00a0\u00bbpreset3&Prime; box_shadow_vertical=\u00a0\u00bb5px\u00a0\u00bb box_shadow_spread=\u00a0\u00bb-4px\u00a0\u00bb global_colors_info=\u00a0\u00bb{}\u00a0\u00bb][\/et_pb_image][\/et_pb_column][\/et_pb_row][et_pb_row custom_padding_last_edited=\u00a0\u00bbon|tablet\u00a0\u00bb _builder_version=\u00a0\u00bb4.16&Prime; _module_preset=\u00a0\u00bbdefault\u00a0\u00bb width_tablet=\u00a0\u00bb\u00a0\u00bb width_phone=\u00a0\u00bb90%\u00a0\u00bb width_last_edited=\u00a0\u00bbon|phone\u00a0\u00bb custom_padding=\u00a0\u00bb20px||20px||false|false\u00a0\u00bb custom_padding_tablet=\u00a0\u00bb16px||16px||false|false\u00a0\u00bb custom_padding_phone=\u00a0\u00bb\u00a0\u00bb locked=\u00a0\u00bboff\u00a0\u00bb global_colors_info=\u00a0\u00bb{}\u00a0\u00bb][et_pb_column type=\u00a0\u00bb4_4&Prime; _builder_version=\u00a0\u00bb4.16&Prime; _module_preset=\u00a0\u00bbdefault\u00a0\u00bb global_colors_info=\u00a0\u00bb{}\u00a0\u00bb][et_pb_image src=\u00a0\u00bbhttps:\/\/landscapes-et-cie.com\/wp-content\/uploads\/2025\/09\/Jardin-du-Manoir-1-1-scaled-e1758024375217.webp\u00a0\u00bb alt=\u00a0\u00bbVue d&rsquo;ensemble du jardin du manoir, montrant une grande pelouse impeccable, une all\u00e9e de gravier et la fa\u00e7ade en pierre du b\u00e2timent principal.\u00a0\u00bb title_text=\u00a0\u00bbJardin du Manoir (1)\u00a0\u00bb show_in_lightbox=\u00a0\u00bbon\u00a0\u00bb _builder_version=\u00a0\u00bb4.24.0&Prime; _module_preset=\u00a0\u00bbdefault\u00a0\u00bb custom_margin=\u00a0\u00bb|0px||0px|false|false\u00a0\u00bb box_shadow_style=\u00a0\u00bbpreset3&Prime; box_shadow_vertical=\u00a0\u00bb7px\u00a0\u00bb box_shadow_blur=\u00a0\u00bb33px\u00a0\u00bb box_shadow_spread=\u00a0\u00bb-17px\u00a0\u00bb box_shadow_color=\u00a0\u00bbrgba(10,0,0,0.76)\u00a0\u00bb global_colors_info=\u00a0\u00bb{}\u00a0\u00bb box_shadow_vertical__hover=\u00a0\u00bb7px\u00a0\u00bb box_shadow_vertical__hover_enabled=\u00a0\u00bbon|hover\u00a0\u00bb box_shadow_spread__hover=\u00a0\u00bb-10px\u00a0\u00bb box_shadow_spread__hover_enabled=\u00a0\u00bbon|hover\u00a0\u00bb][\/et_pb_image][\/et_pb_column][\/et_pb_row][et_pb_row column_structure=\u00a0\u00bb2_5,3_5&Prime; custom_padding_last_edited=\u00a0\u00bbon|tablet\u00a0\u00bb _builder_version=\u00a0\u00bb4.24.0&Prime; _module_preset=\u00a0\u00bbdefault\u00a0\u00bb width_tablet=\u00a0\u00bb\u00a0\u00bb width_phone=\u00a0\u00bb90%\u00a0\u00bb width_last_edited=\u00a0\u00bbon|phone\u00a0\u00bb custom_padding=\u00a0\u00bb20px||20px||false|false\u00a0\u00bb custom_padding_tablet=\u00a0\u00bb16px||16px||false|false\u00a0\u00bb custom_padding_phone=\u00a0\u00bb\u00a0\u00bb locked=\u00a0\u00bboff\u00a0\u00bb global_colors_info=\u00a0\u00bb{}\u00a0\u00bb][et_pb_column type=\u00a0\u00bb2_5&Prime; _builder_version=\u00a0\u00bb4.16&Prime; _module_preset=\u00a0\u00bbdefault\u00a0\u00bb global_colors_info=\u00a0\u00bb{}\u00a0\u00bb][et_pb_image src=\u00a0\u00bbhttps:\/\/landscapes-et-cie.com\/wp-content\/uploads\/2025\/09\/Jardin-du-Manoir-4-scaled.webp\u00a0\u00bb alt=\u00a0\u00bbPerspective d&rsquo;une all\u00e9e de gravier menant vers le manoir, bord\u00e9e par une pelouse verte et des arbres vari\u00e9s, mettant en valeur le style classique du jardin.\u00a0\u00bb title_text=\u00a0\u00bbJardin du Manoir (4)\u00a0\u00bb show_in_lightbox=\u00a0\u00bbon\u00a0\u00bb use_overlay=\u00a0\u00bbon\u00a0\u00bb overlay_icon_color=\u00a0\u00bbRGBA(0,0,0,0)\u00a0\u00bb hover_overlay_color=\u00a0\u00bbrgba(22,53,38,0.3)\u00a0\u00bb force_fullwidth=\u00a0\u00bbon\u00a0\u00bb _builder_version=\u00a0\u00bb4.24.0&Prime; _module_preset=\u00a0\u00bbdefault\u00a0\u00bb max_height=\u00a0\u00bb475px\u00a0\u00bb custom_margin=\u00a0\u00bb|-12px||0px|false|false\u00a0\u00bb custom_margin_tablet=\u00a0\u00bb|0px||0px|false|false\u00a0\u00bb custom_margin_phone=\u00a0\u00bb\u00a0\u00bb custom_margin_last_edited=\u00a0\u00bbon|phone\u00a0\u00bb box_shadow_style=\u00a0\u00bbpreset3&Prime; box_shadow_vertical=\u00a0\u00bb5px\u00a0\u00bb box_shadow_spread=\u00a0\u00bb-4px\u00a0\u00bb global_colors_info=\u00a0\u00bb{}\u00a0\u00bb][\/et_pb_image][\/et_pb_column][et_pb_column type=\u00a0\u00bb3_5&Prime; _builder_version=\u00a0\u00bb4.16&Prime; _module_preset=\u00a0\u00bbdefault\u00a0\u00bb global_colors_info=\u00a0\u00bb{}\u00a0\u00bb][et_pb_image src=\u00a0\u00bbhttps:\/\/landscapes-et-cie.com\/wp-content\/uploads\/2025\/09\/Jardin-du-Manoir-5-1-scaled.webp\u00a0\u00bb alt=\u00a0\u00bbVue rapproch\u00e9e de jardini\u00e8res en acier Corten avec des bambous, cr\u00e9ant un alignement v\u00e9g\u00e9tal le long du mur en pierre du manoir.\u00a0\u00bb title_text=\u00a0\u00bbJardin du Manoir (5)\u00a0\u00bb show_in_lightbox=\u00a0\u00bbon\u00a0\u00bb use_overlay=\u00a0\u00bbon\u00a0\u00bb overlay_icon_color=\u00a0\u00bbRGBA(0,0,0,0)\u00a0\u00bb hover_overlay_color=\u00a0\u00bbrgba(22,53,38,0.3)\u00a0\u00bb _builder_version=\u00a0\u00bb4.24.0&Prime; _module_preset=\u00a0\u00bbdefault\u00a0\u00bb custom_margin=\u00a0\u00bb|||-12px|false|false\u00a0\u00bb custom_margin_tablet=\u00a0\u00bb|||0px|false|false\u00a0\u00bb custom_margin_phone=\u00a0\u00bb\u00a0\u00bb custom_margin_last_edited=\u00a0\u00bbon|phone\u00a0\u00bb box_shadow_style=\u00a0\u00bbpreset3&Prime; box_shadow_vertical=\u00a0\u00bb5px\u00a0\u00bb box_shadow_spread=\u00a0\u00bb-4px\u00a0\u00bb global_colors_info=\u00a0\u00bb{}\u00a0\u00bb][\/et_pb_image][\/et_pb_column][\/et_pb_row][et_pb_row column_structure=\u00a0\u00bb1_2,1_2&Prime; custom_padding_last_edited=\u00a0\u00bbon|tablet\u00a0\u00bb _builder_version=\u00a0\u00bb4.16&Prime; _module_preset=\u00a0\u00bbdefault\u00a0\u00bb width_tablet=\u00a0\u00bb\u00a0\u00bb width_phone=\u00a0\u00bb90%\u00a0\u00bb width_last_edited=\u00a0\u00bbon|phone\u00a0\u00bb custom_padding=\u00a0\u00bb20px||20px||false|false\u00a0\u00bb custom_padding_tablet=\u00a0\u00bb16px||16px||false|false\u00a0\u00bb custom_padding_phone=\u00a0\u00bb\u00a0\u00bb locked=\u00a0\u00bboff\u00a0\u00bb global_colors_info=\u00a0\u00bb{}\u00a0\u00bb][et_pb_column type=\u00a0\u00bb1_2&Prime; _builder_version=\u00a0\u00bb4.16&Prime; _module_preset=\u00a0\u00bbdefault\u00a0\u00bb global_colors_info=\u00a0\u00bb{}\u00a0\u00bb][et_pb_image src=\u00a0\u00bbhttps:\/\/landscapes-et-cie.com\/wp-content\/uploads\/2025\/09\/Jardin-du-Manoir-2-scaled.webp\u00a0\u00bb alt=\u00a0\u00bbLe bassin en pierre bleue du jardin, refl\u00e9tant le ciel, avec en arri\u00e8re-plan la pelouse et la fa\u00e7ade en pierre du manoir.\u00a0\u00bb title_text=\u00a0\u00bbJardin du Manoir (2)\u00a0\u00bb show_in_lightbox=\u00a0\u00bbon\u00a0\u00bb use_overlay=\u00a0\u00bbon\u00a0\u00bb overlay_icon_color=\u00a0\u00bbRGBA(0,0,0,0)\u00a0\u00bb hover_overlay_color=\u00a0\u00bbrgba(22,53,38,0.3)\u00a0\u00bb _builder_version=\u00a0\u00bb4.24.0&Prime; _module_preset=\u00a0\u00bbdefault\u00a0\u00bb custom_margin=\u00a0\u00bb|-12px||0px|false|false\u00a0\u00bb custom_margin_tablet=\u00a0\u00bb|0px||0px|false|false\u00a0\u00bb custom_margin_phone=\u00a0\u00bb\u00a0\u00bb custom_margin_last_edited=\u00a0\u00bbon|phone\u00a0\u00bb box_shadow_style=\u00a0\u00bbpreset3&Prime; box_shadow_vertical=\u00a0\u00bb5px\u00a0\u00bb box_shadow_spread=\u00a0\u00bb-4px\u00a0\u00bb global_colors_info=\u00a0\u00bb{}\u00a0\u00bb][\/et_pb_image][\/et_pb_column][et_pb_column type=\u00a0\u00bb1_2&Prime; _builder_version=\u00a0\u00bb4.16&Prime; _module_preset=\u00a0\u00bbdefault\u00a0\u00bb global_colors_info=\u00a0\u00bb{}\u00a0\u00bb][et_pb_image src=\u00a0\u00bbhttps:\/\/landscapes-et-cie.com\/wp-content\/uploads\/2025\/09\/Jardin-du-Manoir-3-scaled.webp\u00a0\u00bb alt=\u00a0\u00bbGros plan sur les bambous plant\u00e9s dans des bacs en acier Corten, avec la texture du mur en pierre du manoir en arri\u00e8re-plan.\u00a0\u00bb title_text=\u00a0\u00bbJardin du Manoir (3)\u00a0\u00bb show_in_lightbox=\u00a0\u00bbon\u00a0\u00bb use_overlay=\u00a0\u00bbon\u00a0\u00bb overlay_icon_color=\u00a0\u00bbRGBA(0,0,0,0)\u00a0\u00bb hover_overlay_color=\u00a0\u00bbrgba(22,53,38,0.3)\u00a0\u00bb _builder_version=\u00a0\u00bb4.24.0&Prime; _module_preset=\u00a0\u00bbdefault\u00a0\u00bb custom_margin=\u00a0\u00bb|||-12px|false|false\u00a0\u00bb custom_margin_tablet=\u00a0\u00bb|||0px|false|false\u00a0\u00bb custom_margin_phone=\u00a0\u00bb\u00a0\u00bb custom_margin_last_edited=\u00a0\u00bbon|phone\u00a0\u00bb box_shadow_style=\u00a0\u00bbpreset3&Prime; box_shadow_vertical=\u00a0\u00bb5px\u00a0\u00bb box_shadow_spread=\u00a0\u00bb-4px\u00a0\u00bb global_colors_info=\u00a0\u00bb{}\u00a0\u00bb][\/et_pb_image][\/et_pb_column][\/et_pb_row][et_pb_row column_structure=\u00a0\u00bb3_5,2_5&Prime; custom_padding_last_edited=\u00a0\u00bbon|tablet\u00a0\u00bb _builder_version=\u00a0\u00bb4.24.0&Prime; _module_preset=\u00a0\u00bbdefault\u00a0\u00bb width_tablet=\u00a0\u00bb\u00a0\u00bb width_phone=\u00a0\u00bb90%\u00a0\u00bb width_last_edited=\u00a0\u00bbon|phone\u00a0\u00bb custom_padding=\u00a0\u00bb20px||20px||false|false\u00a0\u00bb custom_padding_tablet=\u00a0\u00bb16px||16px||false|false\u00a0\u00bb custom_padding_phone=\u00a0\u00bb\u00a0\u00bb locked=\u00a0\u00bboff\u00a0\u00bb global_colors_info=\u00a0\u00bb{}\u00a0\u00bb][et_pb_column type=\u00a0\u00bb3_5&Prime; _builder_version=\u00a0\u00bb4.16&Prime; _module_preset=\u00a0\u00bbdefault\u00a0\u00bb global_colors_info=\u00a0\u00bb{}\u00a0\u00bb][et_pb_image src=\u00a0\u00bbhttps:\/\/landscapes-et-cie.com\/wp-content\/uploads\/2025\/09\/Jardin-du-Manoir-7.webp\u00a0\u00bb alt=\u00a0\u00bbVue lat\u00e9rale du jardin montrant la transition entre la terrasse de gravier, la pelouse et les arbres, avec une partie du manoir visible sur la droite.\u00a0\u00bb title_text=\u00a0\u00bbJardin du Manoir (7)\u00a0\u00bb show_in_lightbox=\u00a0\u00bbon\u00a0\u00bb use_overlay=\u00a0\u00bbon\u00a0\u00bb overlay_icon_color=\u00a0\u00bbRGBA(0,0,0,0)\u00a0\u00bb hover_overlay_color=\u00a0\u00bbrgba(22,53,38,0.3)\u00a0\u00bb _builder_version=\u00a0\u00bb4.24.0&Prime; _module_preset=\u00a0\u00bbdefault\u00a0\u00bb custom_margin=\u00a0\u00bb|-12px||0px|false|false\u00a0\u00bb custom_margin_tablet=\u00a0\u00bb|0px||0px|false|false\u00a0\u00bb custom_margin_phone=\u00a0\u00bb\u00a0\u00bb custom_margin_last_edited=\u00a0\u00bbon|phone\u00a0\u00bb box_shadow_style=\u00a0\u00bbpreset3&Prime; box_shadow_vertical=\u00a0\u00bb5px\u00a0\u00bb box_shadow_spread=\u00a0\u00bb-4px\u00a0\u00bb global_colors_info=\u00a0\u00bb{}\u00a0\u00bb][\/et_pb_image][\/et_pb_column][et_pb_column type=\u00a0\u00bb2_5&Prime; _builder_version=\u00a0\u00bb4.24.0&Prime; _module_preset=\u00a0\u00bbdefault\u00a0\u00bb global_colors_info=\u00a0\u00bb{}\u00a0\u00bb][et_pb_image src=\u00a0\u00bbhttps:\/\/landscapes-et-cie.com\/wp-content\/uploads\/2025\/09\/Jardin-du-Manoir-9-scaled.webp\u00a0\u00bb alt=\u00a0\u00bbAll\u00e9e de gravier longeant le manoir, avec d&rsquo;un c\u00f4t\u00e9 la pelouse et de l&rsquo;autre les jardini\u00e8res en acier Corten plant\u00e9es de bambous.\u00a0\u00bb title_text=\u00a0\u00bbJardin du Manoir (9)\u00a0\u00bb show_in_lightbox=\u00a0\u00bbon\u00a0\u00bb use_overlay=\u00a0\u00bbon\u00a0\u00bb overlay_icon_color=\u00a0\u00bbRGBA(0,0,0,0)\u00a0\u00bb hover_overlay_color=\u00a0\u00bbrgba(22,53,38,0.3)\u00a0\u00bb align=\u00a0\u00bbright\u00a0\u00bb _builder_version=\u00a0\u00bb4.24.0&Prime; _module_preset=\u00a0\u00bbdefault\u00a0\u00bb width=\u00a0\u00bb100%\u00a0\u00bb max_height=\u00a0\u00bb475px\u00a0\u00bb custom_margin=\u00a0\u00bb|||-12px|false|false\u00a0\u00bb custom_margin_tablet=\u00a0\u00bb|||0px|false|false\u00a0\u00bb custom_margin_phone=\u00a0\u00bb\u00a0\u00bb custom_margin_last_edited=\u00a0\u00bbon|phone\u00a0\u00bb box_shadow_style=\u00a0\u00bbpreset3&Prime; box_shadow_vertical=\u00a0\u00bb5px\u00a0\u00bb box_shadow_spread=\u00a0\u00bb-4px\u00a0\u00bb global_colors_info=\u00a0\u00bb{}\u00a0\u00bb][\/et_pb_image][\/et_pb_column][\/et_pb_row][et_pb_row column_structure=\u00a0\u00bb1_3,2_3&Prime; custom_padding_last_edited=\u00a0\u00bbon|tablet\u00a0\u00bb _builder_version=\u00a0\u00bb4.24.0&Prime; _module_preset=\u00a0\u00bbdefault\u00a0\u00bb width_tablet=\u00a0\u00bb\u00a0\u00bb width_phone=\u00a0\u00bb90%\u00a0\u00bb width_last_edited=\u00a0\u00bbon|phone\u00a0\u00bb custom_padding=\u00a0\u00bb20px||20px||false|false\u00a0\u00bb custom_padding_tablet=\u00a0\u00bb16px||16px||false|false\u00a0\u00bb custom_padding_phone=\u00a0\u00bb\u00a0\u00bb hover_enabled=\u00a0\u00bb0&Prime; locked=\u00a0\u00bboff\u00a0\u00bb global_colors_info=\u00a0\u00bb{}\u00a0\u00bb sticky_enabled=\u00a0\u00bb0&Prime;][et_pb_column type=\u00a0\u00bb1_3&Prime; _builder_version=\u00a0\u00bb4.16&Prime; _module_preset=\u00a0\u00bbdefault\u00a0\u00bb global_colors_info=\u00a0\u00bb{}\u00a0\u00bb][et_pb_image src=\u00a0\u00bbhttps:\/\/landscapes-et-cie.com\/wp-content\/uploads\/2025\/09\/Jardin-du-Manoir-6-scaled-e1758026365759.webp\u00a0\u00bb alt=\u00a0\u00bbLa lumi\u00e8re dor\u00e9e du soleil couchant perce \u00e0 travers le feuillage d&rsquo;un arbre dans le jardin du manoir. Des murs en pierre anciens sont recouverts de lierre et de rosiers grimpants aux fleurs jaunes et roses p\u00e2les.\u00a0\u00bb title_text=\u00a0\u00bbJardin du Manoir (6)\u00a0\u00bb show_in_lightbox=\u00a0\u00bbon\u00a0\u00bb use_overlay=\u00a0\u00bbon\u00a0\u00bb overlay_icon_color=\u00a0\u00bbRGBA(0,0,0,0)\u00a0\u00bb hover_overlay_color=\u00a0\u00bbrgba(22,53,38,0.3)\u00a0\u00bb _builder_version=\u00a0\u00bb4.24.0&Prime; _module_preset=\u00a0\u00bbdefault\u00a0\u00bb custom_margin=\u00a0\u00bb|-12px||0px|false|false\u00a0\u00bb custom_margin_tablet=\u00a0\u00bb|0px||0px|false|false\u00a0\u00bb custom_margin_phone=\u00a0\u00bb\u00a0\u00bb custom_margin_last_edited=\u00a0\u00bbon|phone\u00a0\u00bb hover_enabled=\u00a0\u00bb0&Prime; box_shadow_style=\u00a0\u00bbpreset3&Prime; box_shadow_vertical=\u00a0\u00bb5px\u00a0\u00bb box_shadow_spread=\u00a0\u00bb-4px\u00a0\u00bb global_colors_info=\u00a0\u00bb{}\u00a0\u00bb sticky_enabled=\u00a0\u00bb0&Prime;][\/et_pb_image][\/et_pb_column][et_pb_column type=\u00a0\u00bb2_3&Prime; _builder_version=\u00a0\u00bb4.16&Prime; _module_preset=\u00a0\u00bbdefault\u00a0\u00bb global_colors_info=\u00a0\u00bb{}\u00a0\u00bb][et_pb_image src=\u00a0\u00bbhttps:\/\/landscapes-et-cie.com\/wp-content\/uploads\/2021\/04\/1_1469468003-1.jpg\u00a0\u00bb alt=\u00a0\u00bbUne all\u00e9e en gravier longeant une pelouse verte et des bacs rectangulaires en acier Corten plant\u00e9s de bambous, menant vers la fa\u00e7ade en pierre d&rsquo;un manoir sous un ciel clair.\u00a0\u00bb title_text=\u00a0\u00bb1_1469468003&Prime; show_in_lightbox=\u00a0\u00bbon\u00a0\u00bb use_overlay=\u00a0\u00bbon\u00a0\u00bb overlay_icon_color=\u00a0\u00bbRGBA(0,0,0,0)\u00a0\u00bb hover_overlay_color=\u00a0\u00bbrgba(22,53,38,0.3)\u00a0\u00bb _builder_version=\u00a0\u00bb4.24.0&Prime; _module_preset=\u00a0\u00bbdefault\u00a0\u00bb max_height=\u00a0\u00bb445px\u00a0\u00bb custom_margin=\u00a0\u00bb|||-12px|false|false\u00a0\u00bb custom_margin_tablet=\u00a0\u00bb|||0px|false|false\u00a0\u00bb custom_margin_phone=\u00a0\u00bb\u00a0\u00bb custom_margin_last_edited=\u00a0\u00bbon|phone\u00a0\u00bb hover_enabled=\u00a0\u00bb0&Prime; box_shadow_style=\u00a0\u00bbpreset3&Prime; box_shadow_vertical=\u00a0\u00bb5px\u00a0\u00bb box_shadow_spread=\u00a0\u00bb-4px\u00a0\u00bb global_colors_info=\u00a0\u00bb{}\u00a0\u00bb sticky_enabled=\u00a0\u00bb0&Prime;][\/et_pb_image][\/et_pb_column][\/et_pb_row][et_pb_row custom_padding_last_edited=\u00a0\u00bbon|phone\u00a0\u00bb _builder_version=\u00a0\u00bb4.16&Prime; _module_preset=\u00a0\u00bbdefault\u00a0\u00bb custom_margin=\u00a0\u00bb0px||-30px||false|false\u00a0\u00bb custom_margin_tablet=\u00a0\u00bb4px||-42px||false|false\u00a0\u00bb custom_margin_phone=\u00a0\u00bb0px||0px||false|false\u00a0\u00bb custom_margin_last_edited=\u00a0\u00bbon|desktop\u00a0\u00bb custom_padding=\u00a0\u00bb0px||||false|false\u00a0\u00bb custom_padding_tablet=\u00a0\u00bb0px||||false|false\u00a0\u00bb custom_padding_phone=\u00a0\u00bb0px||20px||false|false\u00a0\u00bb locked=\u00a0\u00bboff\u00a0\u00bb global_colors_info=\u00a0\u00bb{}\u00a0\u00bb][et_pb_column type=\u00a0\u00bb4_4&Prime; _builder_version=\u00a0\u00bb4.16&Prime; _module_preset=\u00a0\u00bbdefault\u00a0\u00bb global_colors_info=\u00a0\u00bb{}\u00a0\u00bb][et_pb_button button_url=\u00a0\u00bbhttps:\/\/landscapes-et-cie.com\/jardins\/\u00a0\u00bb button_text=\u00a0\u00bb\u2192 retour aux jardins\u00a0\u00bb _builder_version=\u00a0\u00bb4.24.0&Prime; _module_preset=\u00a0\u00bbdefault\u00a0\u00bb button_text_size=\u00a0\u00bb18px\u00a0\u00bb button_text_color=\u00a0\u00bb#D3A13B\u00a0\u00bb button_bg_color=\u00a0\u00bbRGBA(0,0,0,0)\u00a0\u00bb button_border_width=\u00a0\u00bb0px\u00a0\u00bb button_border_color=\u00a0\u00bb#fffaf2&Prime; button_font=\u00a0\u00bbLibre Baskerville|700||||||#D3A13B|solid\u00a0\u00bb custom_margin=\u00a0\u00bb30px||0px||false|false\u00a0\u00bb custom_margin_tablet=\u00a0\u00bb20px||||false|false\u00a0\u00bb custom_margin_phone=\u00a0\u00bb20px||-33px||false|false\u00a0\u00bb custom_margin_last_edited=\u00a0\u00bbon|phone\u00a0\u00bb custom_padding=\u00a0\u00bb14px|22px|14px|22px|true|true\u00a0\u00bb button_bg_color_last_edited=\u00a0\u00bboff|desktop\u00a0\u00bb box_shadow_style=\u00a0\u00bbpreset3&Prime; box_shadow_vertical=\u00a0\u00bb7px\u00a0\u00bb box_shadow_blur=\u00a0\u00bb11px\u00a0\u00bb box_shadow_spread=\u00a0\u00bb-21px\u00a0\u00bb box_shadow_color=\u00a0\u00bbrgba(69,93,81,0.16)\u00a0\u00bb global_colors_info=\u00a0\u00bb{}\u00a0\u00bb button_border_color__hover_enabled=\u00a0\u00bbon|hover\u00a0\u00bb button_border_color__hover=\u00a0\u00bbRGBA(0,0,0,0)\u00a0\u00bb button_bg_color__hover_enabled=\u00a0\u00bbon|hover\u00a0\u00bb button_border_radius__hover_enabled=\u00a0\u00bbon|hover\u00a0\u00bb button_border_width__hover_enabled=\u00a0\u00bbon|hover\u00a0\u00bb button_border_width__hover=\u00a0\u00bb0px\u00a0\u00bb box_shadow_spread__hover=\u00a0\u00bb0px\u00a0\u00bb button_bg_color__hover=\u00a0\u00bbRGBA(0,0,0,0)\u00a0\u00bb][\/et_pb_button][\/et_pb_column][\/et_pb_row][\/et_pb_section]<\/p>","protected":false},"excerpt":{"rendered":"<p>Study and production in collaboration with &#039;Les Jardins d&#039;en Face&#039;, 2010\/2011 Surface area: 5000m\u00b2<\/p>","protected":false},"author":1,"featured_media":237199,"comment_status":"open","ping_status":"closed","template":"","meta":{"_et_pb_use_builder":"on","_et_pb_old_content":"","_et_gb_content_width":"","_monsterinsights_skip_tracking":false,"_monsterinsights_sitenote_active":false,"_monsterinsights_sitenote_note":"","_monsterinsights_sitenote_category":0,"footnotes":""},"project_category":[25],"project_tag":[],"class_list":["post-237198","project","type-project","status-publish","has-post-thumbnail","hentry","project_category-jardins"],"yoast_head":"<!-- This site is optimized with the Yoast SEO plugin v27.5 - https:\/\/yoast.com\/product\/yoast-seo-wordpress\/ -->\n<title>Jardin du Manoir &#8226; Projets &#8226; Landscapes et Cie<\/title>\n<meta name=\"description\" content=\"D\u00e9couvrez un projet de jardinage. Un jardin de manoir avec un aspect grandiose mais accueillant et mettant en valeur les b\u00e2timents. Voir photos paysagiste.\" \/>\n<meta name=\"robots\" content=\"index, follow, max-snippet:-1, max-image-preview:large, max-video-preview:-1\" \/>\n<link rel=\"canonical\" href=\"https:\/\/landscapes-et-cie.com\/en\/project\/jardin-du-manoir\/\" \/>\n<meta property=\"og:locale\" content=\"en_GB\" \/>\n<meta property=\"og:type\" content=\"article\" \/>\n<meta property=\"og:title\" content=\"Jardin du Manoir &#8226; Projets &#8226; Landscapes et Cie\" \/>\n<meta property=\"og:description\" content=\"D\u00e9couvrez un projet de jardinage. Un jardin de manoir avec un aspect grandiose mais accueillant et mettant en valeur les b\u00e2timents. Voir photos paysagiste.\" \/>\n<meta property=\"og:url\" content=\"https:\/\/landscapes-et-cie.com\/en\/project\/jardin-du-manoir\/\" \/>\n<meta property=\"og:site_name\" content=\"Landscapes et Cie\" \/>\n<meta property=\"article:publisher\" content=\"https:\/\/www.facebook.com\/Landscapesetcie\/\" \/>\n<meta property=\"article:modified_time\" content=\"2025-09-20T11:36:33+00:00\" \/>\n<meta property=\"og:image\" content=\"https:\/\/landscapes-et-cie.com\/wp-content\/uploads\/2021\/04\/1_1469468003.jpg\" \/>\n\t<meta property=\"og:image:width\" content=\"1820\" \/>\n\t<meta property=\"og:image:height\" content=\"1218\" \/>\n\t<meta property=\"og:image:type\" content=\"image\/jpeg\" \/>\n<meta name=\"twitter:card\" content=\"summary_large_image\" \/>\n<meta name=\"twitter:label1\" content=\"Estimated reading time\" \/>\n\t<meta name=\"twitter:data1\" content=\"3 minutes\" \/>\n<script type=\"application\/ld+json\" class=\"yoast-schema-graph\">{\"@context\":\"https:\\\/\\\/schema.org\",\"@graph\":[{\"@type\":\"WebPage\",\"@id\":\"https:\\\/\\\/landscapes-et-cie.com\\\/project\\\/jardin-du-manoir\\\/\",\"url\":\"https:\\\/\\\/landscapes-et-cie.com\\\/project\\\/jardin-du-manoir\\\/\",\"name\":\"Jardin du Manoir &#8226; Projets &#8226; Landscapes et Cie\",\"isPartOf\":{\"@id\":\"https:\\\/\\\/landscapes-et-cie.com\\\/#website\"},\"primaryImageOfPage\":{\"@id\":\"https:\\\/\\\/landscapes-et-cie.com\\\/project\\\/jardin-du-manoir\\\/#primaryimage\"},\"image\":{\"@id\":\"https:\\\/\\\/landscapes-et-cie.com\\\/project\\\/jardin-du-manoir\\\/#primaryimage\"},\"thumbnailUrl\":\"https:\\\/\\\/landscapes-et-cie.com\\\/wp-content\\\/uploads\\\/2021\\\/04\\\/1_1469468003.jpg\",\"datePublished\":\"2021-04-04T22:44:51+00:00\",\"dateModified\":\"2025-09-20T11:36:33+00:00\",\"description\":\"D\u00e9couvrez un projet de jardinage. Un jardin de manoir avec un aspect grandiose mais accueillant et mettant en valeur les b\u00e2timents. Voir photos paysagiste.\",\"breadcrumb\":{\"@id\":\"https:\\\/\\\/landscapes-et-cie.com\\\/project\\\/jardin-du-manoir\\\/#breadcrumb\"},\"inLanguage\":\"en-GB\",\"potentialAction\":[{\"@type\":\"ReadAction\",\"target\":[\"https:\\\/\\\/landscapes-et-cie.com\\\/project\\\/jardin-du-manoir\\\/\"]}]},{\"@type\":\"ImageObject\",\"inLanguage\":\"en-GB\",\"@id\":\"https:\\\/\\\/landscapes-et-cie.com\\\/project\\\/jardin-du-manoir\\\/#primaryimage\",\"url\":\"https:\\\/\\\/landscapes-et-cie.com\\\/wp-content\\\/uploads\\\/2021\\\/04\\\/1_1469468003.jpg\",\"contentUrl\":\"https:\\\/\\\/landscapes-et-cie.com\\\/wp-content\\\/uploads\\\/2021\\\/04\\\/1_1469468003.jpg\",\"width\":1820,\"height\":1218},{\"@type\":\"BreadcrumbList\",\"@id\":\"https:\\\/\\\/landscapes-et-cie.com\\\/project\\\/jardin-du-manoir\\\/#breadcrumb\",\"itemListElement\":[{\"@type\":\"ListItem\",\"position\":1,\"name\":\"Accueil\",\"item\":\"https:\\\/\\\/landscapes-et-cie.com\\\/\"},{\"@type\":\"ListItem\",\"position\":2,\"name\":\"Projets\",\"item\":\"https:\\\/\\\/landscapes-et-cie.com\\\/project\\\/\"},{\"@type\":\"ListItem\",\"position\":3,\"name\":\"Jardin du Manoir\"}]},{\"@type\":\"WebSite\",\"@id\":\"https:\\\/\\\/landscapes-et-cie.com\\\/#website\",\"url\":\"https:\\\/\\\/landscapes-et-cie.com\\\/\",\"name\":\"Landscapes et Cie\",\"description\":\"Garden Design - Clare Ob\u00e9ron, Architecte Paysagiste\",\"publisher\":{\"@id\":\"https:\\\/\\\/landscapes-et-cie.com\\\/#organization\"},\"potentialAction\":[{\"@type\":\"SearchAction\",\"target\":{\"@type\":\"EntryPoint\",\"urlTemplate\":\"https:\\\/\\\/landscapes-et-cie.com\\\/?s={search_term_string}\"},\"query-input\":{\"@type\":\"PropertyValueSpecification\",\"valueRequired\":true,\"valueName\":\"search_term_string\"}}],\"inLanguage\":\"en-GB\"},{\"@type\":\"Organization\",\"@id\":\"https:\\\/\\\/landscapes-et-cie.com\\\/#organization\",\"name\":\"Landscapes et Cie\",\"url\":\"https:\\\/\\\/landscapes-et-cie.com\\\/\",\"logo\":{\"@type\":\"ImageObject\",\"inLanguage\":\"en-GB\",\"@id\":\"https:\\\/\\\/landscapes-et-cie.com\\\/#\\\/schema\\\/logo\\\/image\\\/\",\"url\":\"https:\\\/\\\/landscapes-et-cie.com\\\/wp-content\\\/uploads\\\/2021\\\/03\\\/LANDSCAPES_LOGO-1.png\",\"contentUrl\":\"https:\\\/\\\/landscapes-et-cie.com\\\/wp-content\\\/uploads\\\/2021\\\/03\\\/LANDSCAPES_LOGO-1.png\",\"width\":2000,\"height\":398,\"caption\":\"Landscapes et Cie\"},\"image\":{\"@id\":\"https:\\\/\\\/landscapes-et-cie.com\\\/#\\\/schema\\\/logo\\\/image\\\/\"},\"sameAs\":[\"https:\\\/\\\/www.facebook.com\\\/Landscapesetcie\\\/\"]}]}<\/script>\n<!-- \/ Yoast SEO plugin. -->","yoast_head_json":{"title":"Jardin du Manoir &#8226; Projets &#8226; Landscapes et Cie","description":"D\u00e9couvrez un projet de jardinage. Un jardin de manoir avec un aspect grandiose mais accueillant et mettant en valeur les b\u00e2timents. Voir photos paysagiste.","robots":{"index":"index","follow":"follow","max-snippet":"max-snippet:-1","max-image-preview":"max-image-preview:large","max-video-preview":"max-video-preview:-1"},"canonical":"https:\/\/landscapes-et-cie.com\/en\/project\/jardin-du-manoir\/","og_locale":"en_GB","og_type":"article","og_title":"Jardin du Manoir &#8226; Projets &#8226; Landscapes et Cie","og_description":"D\u00e9couvrez un projet de jardinage. Un jardin de manoir avec un aspect grandiose mais accueillant et mettant en valeur les b\u00e2timents. Voir photos paysagiste.","og_url":"https:\/\/landscapes-et-cie.com\/en\/project\/jardin-du-manoir\/","og_site_name":"Landscapes et Cie","article_publisher":"https:\/\/www.facebook.com\/Landscapesetcie\/","article_modified_time":"2025-09-20T11:36:33+00:00","og_image":[{"width":1820,"height":1218,"url":"https:\/\/landscapes-et-cie.com\/wp-content\/uploads\/2021\/04\/1_1469468003.jpg","type":"image\/jpeg"}],"twitter_card":"summary_large_image","twitter_misc":{"Estimated reading time":"3 minutes"},"schema":{"@context":"https:\/\/schema.org","@graph":[{"@type":"WebPage","@id":"https:\/\/landscapes-et-cie.com\/project\/jardin-du-manoir\/","url":"https:\/\/landscapes-et-cie.com\/project\/jardin-du-manoir\/","name":"Jardin du Manoir &#8226; Projets &#8226; Landscapes et Cie","isPartOf":{"@id":"https:\/\/landscapes-et-cie.com\/#website"},"primaryImageOfPage":{"@id":"https:\/\/landscapes-et-cie.com\/project\/jardin-du-manoir\/#primaryimage"},"image":{"@id":"https:\/\/landscapes-et-cie.com\/project\/jardin-du-manoir\/#primaryimage"},"thumbnailUrl":"https:\/\/landscapes-et-cie.com\/wp-content\/uploads\/2021\/04\/1_1469468003.jpg","datePublished":"2021-04-04T22:44:51+00:00","dateModified":"2025-09-20T11:36:33+00:00","description":"D\u00e9couvrez un projet de jardinage. Un jardin de manoir avec un aspect grandiose mais accueillant et mettant en valeur les b\u00e2timents. Voir photos paysagiste.","breadcrumb":{"@id":"https:\/\/landscapes-et-cie.com\/project\/jardin-du-manoir\/#breadcrumb"},"inLanguage":"en-GB","potentialAction":[{"@type":"ReadAction","target":["https:\/\/landscapes-et-cie.com\/project\/jardin-du-manoir\/"]}]},{"@type":"ImageObject","inLanguage":"en-GB","@id":"https:\/\/landscapes-et-cie.com\/project\/jardin-du-manoir\/#primaryimage","url":"https:\/\/landscapes-et-cie.com\/wp-content\/uploads\/2021\/04\/1_1469468003.jpg","contentUrl":"https:\/\/landscapes-et-cie.com\/wp-content\/uploads\/2021\/04\/1_1469468003.jpg","width":1820,"height":1218},{"@type":"BreadcrumbList","@id":"https:\/\/landscapes-et-cie.com\/project\/jardin-du-manoir\/#breadcrumb","itemListElement":[{"@type":"ListItem","position":1,"name":"Accueil","item":"https:\/\/landscapes-et-cie.com\/"},{"@type":"ListItem","position":2,"name":"Projets","item":"https:\/\/landscapes-et-cie.com\/project\/"},{"@type":"ListItem","position":3,"name":"Jardin du Manoir"}]},{"@type":"WebSite","@id":"https:\/\/landscapes-et-cie.com\/#website","url":"https:\/\/landscapes-et-cie.com\/","name":"Landscapes et Cie","description":"Garden Design - Clare Ob\u00e9ron, Landscape Architect","publisher":{"@id":"https:\/\/landscapes-et-cie.com\/#organization"},"potentialAction":[{"@type":"SearchAction","target":{"@type":"EntryPoint","urlTemplate":"https:\/\/landscapes-et-cie.com\/?s={search_term_string}"},"query-input":{"@type":"PropertyValueSpecification","valueRequired":true,"valueName":"search_term_string"}}],"inLanguage":"en-GB"},{"@type":"Organization","@id":"https:\/\/landscapes-et-cie.com\/#organization","name":"Landscapes et Cie","url":"https:\/\/landscapes-et-cie.com\/","logo":{"@type":"ImageObject","inLanguage":"en-GB","@id":"https:\/\/landscapes-et-cie.com\/#\/schema\/logo\/image\/","url":"https:\/\/landscapes-et-cie.com\/wp-content\/uploads\/2021\/03\/LANDSCAPES_LOGO-1.png","contentUrl":"https:\/\/landscapes-et-cie.com\/wp-content\/uploads\/2021\/03\/LANDSCAPES_LOGO-1.png","width":2000,"height":398,"caption":"Landscapes et Cie"},"image":{"@id":"https:\/\/landscapes-et-cie.com\/#\/schema\/logo\/image\/"},"sameAs":["https:\/\/www.facebook.com\/Landscapesetcie\/"]}]}},"jetpack_sharing_enabled":true,"_links":{"self":[{"href":"https:\/\/landscapes-et-cie.com\/en\/wp-json\/wp\/v2\/project\/237198","targetHints":{"allow":["GET"]}}],"collection":[{"href":"https:\/\/landscapes-et-cie.com\/en\/wp-json\/wp\/v2\/project"}],"about":[{"href":"https:\/\/landscapes-et-cie.com\/en\/wp-json\/wp\/v2\/types\/project"}],"author":[{"embeddable":true,"href":"https:\/\/landscapes-et-cie.com\/en\/wp-json\/wp\/v2\/users\/1"}],"replies":[{"embeddable":true,"href":"https:\/\/landscapes-et-cie.com\/en\/wp-json\/wp\/v2\/comments?post=237198"}],"version-history":[{"count":22,"href":"https:\/\/landscapes-et-cie.com\/en\/wp-json\/wp\/v2\/project\/237198\/revisions"}],"predecessor-version":[{"id":239137,"href":"https:\/\/landscapes-et-cie.com\/en\/wp-json\/wp\/v2\/project\/237198\/revisions\/239137"}],"wp:featuredmedia":[{"embeddable":true,"href":"https:\/\/landscapes-et-cie.com\/en\/wp-json\/wp\/v2\/media\/237199"}],"wp:attachment":[{"href":"https:\/\/landscapes-et-cie.com\/en\/wp-json\/wp\/v2\/media?parent=237198"}],"wp:term":[{"taxonomy":"project_category","embeddable":true,"href":"https:\/\/landscapes-et-cie.com\/en\/wp-json\/wp\/v2\/project_category?post=237198"},{"taxonomy":"project_tag","embeddable":true,"href":"https:\/\/landscapes-et-cie.com\/en\/wp-json\/wp\/v2\/project_tag?post=237198"}],"curies":[{"name":"wp","href":"https:\/\/api.w.org\/{rel}","templated":true}]}}