{"id":21,"date":"2021-03-30T13:44:45","date_gmt":"2021-03-30T13:44:45","guid":{"rendered":"https:\/\/landscapes-et-cie.com\/?page_id=21"},"modified":"2025-09-20T10:22:20","modified_gmt":"2025-09-20T10:22:20","slug":"jardin-la-maison","status":"publish","type":"page","link":"https:\/\/landscapes-et-cie.com\/en\/jardin-la-maison\/","title":{"rendered":"The garden at 'La Maison'"},"content":{"rendered":"<p>[et_pb_section fb_built= \u00bb1\u2033 _builder_version= \u00bb4.20.4\u2033 _module_preset= \u00bbdefault \u00bb background_color= \u00bbrgba(10,10,10,0.41) \u00bb background_image= \u00bbhttps:\/\/landscapes-et-cie.com\/wp- content\/uploads\/2024\/01\/Jardin-La-Maison-Landscapes-et-Cie-52-scaled.jpg \u00bb background_blend= \u00bbmultiply \u00bb max_height= \u00bb302px \u00bb max_height_tablet= \u00bb \u00bb max_height_phone= \u00bb237px \u00bb max_height_last_edited= \u00bbon| phone \u00bb locked= \u00bboff \u00bb global_colors_info= \u00bb{} \u00bb][et_pb_row _builder_version= \u00bb4.16\u2033 _module_preset= \u00bbdefault \u00bb global_colors_info= \u00bb{} \u00bb][et_pb_column type= \u00bb4_4\u2033 _builder_version= \u00bb4.16\u2033 _module_preset= \u00bbdefault \u00bb global_colors_info= \u00bb{} \u00bb][et_pb_cta title= \u00bbGarden \u201cLa Maison\u201d \u00bb _builder_version= \u00bb4.16\u2033 _module_preset= \u00bbdefault \u00bb header_level= \u00bbh1\u2033 header_font= \u00bb|700||||||| \u00bb header_font_size= \u00bb30px \u00bb background_color= \u00bbRGBA(0,0,0,0) \u00bb custom_margin= \u00bb25px||||false|false \u00bb custom_margin_tablet= \u00bb \u00bb custom_margin_phone= \u00bb-36px||||false|false \u00bb custom_margin_last_edited = \u00bbon|phone \u00bb header_line_height_tablet= \u00bb \u00bb header_line_height_phone= \u00bb1.3em \u00bb header_line_height_last_edited= \u00bbon|phone \u00bb global_colors_info= \u00bb{} \u00bb][\/et_pb_cta][\/et_pb_column][\/et_pb_row][\/et_pb_section][et_pb_section fb_built= \u00bb1\u2033 _builder_version= \u00bb4.16\u2033 _module_preset= \u00bbdefault \u00bb background_color= \u00bbrgba(229,217,199,0.35) \u00bb custom_margin= \u00bb0px||0px||false|false \u00bb custom_padding= \u00bb22px||30px||false|false \u00bb locked = \u00bboff \u00bb global_colors_info= \u00bb{} \u00bb][et_pb_row column_structure= \u00bb1_2,1_2\u2033 custom_padding_last_edited= \u00bbon|desktop \u00bb _builder_version= \u00bb4.16\u2033 _module_preset= \u00bbdefault \u00bb custom_margin= \u00bb12px||12px||false|false \u00bb custom_margin_tablet= \u00bb0px||0px||false|false \u00bb custom_margin_phone= \u00bb0px||0px||false|false \u00bb custom_margin_last_edited= \u00bbon|desktop \u00bb custom_padding= \u00bb6px||0px||false|false \u00bb custom_padding_tablet= \u00bb \u00bb custom_padding_phone= \u00bb \u00bb global_colors_info= \u00bb{} \u00bb][et_pb_column type= \u00bb1_2\u2033 _builder_version= \u00bb4.16\u2033 _module_preset= \u00bbdefault \u00bb global_colors_info= \u00bb{} \u00bb][et_pb_text _builder_version= \u00bb4.16\u2033 _module_preset= \u00bbdefault \u00bb max_width= \u00bb 100% \u00bb max_width_tablet= \u00bb90% \u00bb max_width_phone= \u00bb100% \u00bb max_width_last_edited= \u00bbon|phone \u00bb module_alignment= \u00bbleft \u00bb custom_margin= \u00bb||0px||false|false \u00bb custom_padding_tablet= \u00bb \u00bb custom_padding_phone= \u00bb||0px||false| false \u00bb custom_padding_last_edited= \u00bbon|phone \u00bb locked= \u00bboff \u00bb global_colors_info= \u00bb{} \u00bb]<\/p>\n<p class=\"p1\">Nearly thirty years ago Clare started this garden on one hectare of agricultural land. Apart from three large oak trees at the edge of the property, there were no trees or hedges and the front of the house was a farmyard filled with stone.<\/p>\n<p class=\"p1\">The garden is particularly dry, with a free draining gravelly soil, slightly acidic. Spring lines provide some water but in summer the grass becomes brown and irrigation is not an option except for new plantings. This led to the development of the gravel garden to the front of the house, open and sunny. The house walls provide protection for many less hardy plants with a Mediterranean theme and also those from Southern Africa or New Zealand.<\/p>\n<p>[\/et_pb_text] \u00bb max_width_tablet = \u00bb90% \u00bb max_width_phone= \u00bb100% \u00bb max_width_last_edited= \u00bbon|phone \u00bb module_alignment= \u00bbleft \u00bb custom_margin= \u00bb||0px||false|false \u00bb custom_padding_tablet= \u00bb \u00bb custom_padding_phone= \u00bb||0px||false|false \u00bb custom_padding_last_edited = \u00bbon|phone \u00bb locked= \u00bboff \u00bb global_colors_info= \u00bb{} \u00bb]<\/p>\n<p class=\"p1\">Converted outbuildings are set perpendicular to the house with just a narrow passage to the west effectively dividing the garden in two so that as one moves through the garden there are also distinct changes in atmosphere. The grass garden and wild areas are situated naturally to the north with shrub and perennial plantings to the west.<\/p>\n<p class=\"p1\">The garden has appeared in books and articles over the years but Clare moved from the garden in 2021 and it is now closed to the public. Following are some images of the garden from her years there:<\/p>\n<p>[\/et_pb_text][\/et_pb_column][\/et_pb_row][et_pb_row column_structure=\u00a0\u00bb1_2,1_2&Prime; custom_padding_last_edited=\u00a0\u00bbon|desktop\u00a0\u00bb _builder_version=\u00a0\u00bb4.24.0&Prime; _module_preset=\u00a0\u00bbdefault\u00a0\u00bb custom_margin=\u00a0\u00bb12px||12px||false|false\u00a0\u00bb custom_margin_tablet=\u00a0\u00bb0px||0px||false|false\u00a0\u00bb custom_margin_phone=\u00a0\u00bb0px||0px||false|false\u00a0\u00bb custom_margin_last_edited=\u00a0\u00bbon|phone\u00a0\u00bb custom_padding=\u00a0\u00bb6px||0px|600px|false|false\u00a0\u00bb custom_padding_tablet=\u00a0\u00bb\u00a0\u00bb custom_padding_phone=\u00a0\u00bb|||0px|false|false\u00a0\u00bb global_colors_info=\u00a0\u00bb{}\u00a0\u00bb theme_builder_area=\u00a0\u00bbpost_content\u00a0\u00bb][et_pb_column type=\u00a0\u00bb1_2&Prime; _builder_version=\u00a0\u00bb4.16&Prime; _module_preset=\u00a0\u00bbdefault\u00a0\u00bb global_colors_info=\u00a0\u00bb{}\u00a0\u00bb theme_builder_area=\u00a0\u00bbpost_content\u00a0\u00bb][et_pb_button button_url=\u00a0\u00bbhttps:\/\/www.houzz.co.uk\/hznb\/projects\/jardin-la-maison-pj-vj~7706140?share=clipboard\u00a0\u00bb url_new_window=\u00a0\u00bbon\u00a0\u00bb button_text=\u00a0\u00bbVoir sur Houzz\u00a0\u00bb _builder_version=\u00a0\u00bb4.24.0&Prime; _module_preset=\u00a0\u00bbdefault\u00a0\u00bb button_text_color=\u00a0\u00bb#FFFFFF\u00a0\u00bb button_bg_color=\u00a0\u00bb#4B9374&Prime; button_border_color=\u00a0\u00bb#4B9374&Prime; button_use_icon=\u00a0\u00bbon\u00a0\u00bb button_icon=\u00a0\u00bb&#xf27c;||fa||400&Prime; button_icon_placement=\u00a0\u00bbleft\u00a0\u00bb button_on_hover=\u00a0\u00bboff\u00a0\u00bb custom_padding=\u00a0\u00bb16px|24px|16px|40px|true|false\u00a0\u00bb hover_enabled=\u00a0\u00bb0&Prime; global_colors_info=\u00a0\u00bb{}\u00a0\u00bb theme_builder_area=\u00a0\u00bbpost_content\u00a0\u00bb sticky_enabled=\u00a0\u00bb0&Prime;][\/et_pb_button][\/et_pb_column][et_pb_column type=\u00a0\u00bb1_2&Prime; _builder_version=\u00a0\u00bb4.16&Prime; _module_preset=\u00a0\u00bbdefault\u00a0\u00bb global_colors_info=\u00a0\u00bb{}\u00a0\u00bb theme_builder_area=\u00a0\u00bbpost_content\u00a0\u00bb][et_pb_button button_url=\u00a0\u00bbhttps:\/\/pin.it\/4X9444vud\u00a0\u00bb url_new_window=\u00a0\u00bbon\u00a0\u00bb button_text=\u00a0\u00bbVoir sur Pinterest\u00a0\u00bb _builder_version=\u00a0\u00bb4.24.0&Prime; _module_preset=\u00a0\u00bbdefault\u00a0\u00bb button_use_icon=\u00a0\u00bbon\u00a0\u00bb button_icon=\u00a0\u00bb&#xf0d2;||fa||400&Prime; button_icon_placement=\u00a0\u00bbleft\u00a0\u00bb button_on_hover=\u00a0\u00bboff\u00a0\u00bb custom_padding=\u00a0\u00bb16px|24px|16px|40px|true|false\u00a0\u00bb hover_enabled=\u00a0\u00bb0&Prime; global_colors_info=\u00a0\u00bb{}\u00a0\u00bb theme_builder_area=\u00a0\u00bbpost_content\u00a0\u00bb sticky_enabled=\u00a0\u00bb0&Prime;][\/et_pb_button][\/et_pb_column][\/et_pb_row][\/et_pb_section][et_pb_section fb_built=\u00a0\u00bb1&Prime; custom_padding_last_edited=\u00a0\u00bbon|phone\u00a0\u00bb _builder_version=\u00a0\u00bb4.16&Prime; _module_preset=\u00a0\u00bbdefault\u00a0\u00bb background_color=\u00a0\u00bb#fffaf2&Prime; custom_margin=\u00a0\u00bb0px||||false|false\u00a0\u00bb custom_padding=\u00a0\u00bb18px||||false|false\u00a0\u00bb custom_padding_tablet=\u00a0\u00bb24px||||false|false\u00a0\u00bb custom_padding_phone=\u00a0\u00bb20px||||false|false\u00a0\u00bb locked=\u00a0\u00bboff\u00a0\u00bb global_colors_info=\u00a0\u00bb{}\u00a0\u00bb][et_pb_row column_structure=\u00a0\u00bb1_2,1_2&Prime; custom_padding_last_edited=\u00a0\u00bbon|tablet\u00a0\u00bb _builder_version=\u00a0\u00bb4.16&Prime; _module_preset=\u00a0\u00bbdefault\u00a0\u00bb width_tablet=\u00a0\u00bb\u00a0\u00bb width_phone=\u00a0\u00bb90%\u00a0\u00bb width_last_edited=\u00a0\u00bbon|phone\u00a0\u00bb custom_padding=\u00a0\u00bb20px||20px||false|false\u00a0\u00bb custom_padding_tablet=\u00a0\u00bb16px||16px||false|false\u00a0\u00bb custom_padding_phone=\u00a0\u00bb\u00a0\u00bb locked=\u00a0\u00bboff\u00a0\u00bb global_colors_info=\u00a0\u00bb{}\u00a0\u00bb][et_pb_column type=\u00a0\u00bb1_2&Prime; _builder_version=\u00a0\u00bb4.16&Prime; _module_preset=\u00a0\u00bbdefault\u00a0\u00bb global_colors_info=\u00a0\u00bb{}\u00a0\u00bb][et_pb_image src=\u00a0\u00bbhttps:\/\/landscapes-et-cie.com\/wp-content\/uploads\/2024\/01\/Jardin-La-Maison-Landscapes-et-Cie-17-scaled.jpg\u00a0\u00bb alt=\u00a0\u00bbUn sentier de gravier clair serpente \u00e0 travers des bordures foisonnantes de plantes de jardin sec. Des touffes de feuillage argent\u00e9, des rosiers, des sauges et autres vivaces aux teintes roses et violettes cr\u00e9ent une composition riche et textur\u00e9e, \u00e9voquant une atmosph\u00e8re m\u00e9diterran\u00e9enne ensoleill\u00e9e.\u00a0\u00bb title_text=\u00a0\u00bbJardin &lsquo;La Maison&rsquo; &#8211; Landscapes et Cie (17)\u00a0\u00bb show_in_lightbox=\u00a0\u00bbon\u00a0\u00bb _builder_version=\u00a0\u00bb4.24.0&Prime; _module_preset=\u00a0\u00bbdefault\u00a0\u00bb transform_scale_last_edited=\u00a0\u00bboff|desktop\u00a0\u00bb transform_translate_last_edited=\u00a0\u00bboff|desktop\u00a0\u00bb transform_rotate_last_edited=\u00a0\u00bboff|desktop\u00a0\u00bb transform_skew_last_edited=\u00a0\u00bboff|desktop\u00a0\u00bb transform_origin_last_edited=\u00a0\u00bboff|desktop\u00a0\u00bb custom_margin=\u00a0\u00bb|-12px||0px|false|false\u00a0\u00bb custom_margin_tablet=\u00a0\u00bb|0px||0px|false|false\u00a0\u00bb custom_margin_phone=\u00a0\u00bb\u00a0\u00bb custom_margin_last_edited=\u00a0\u00bbon|phone\u00a0\u00bb box_shadow_style=\u00a0\u00bbpreset3&Prime; box_shadow_vertical=\u00a0\u00bb7px\u00a0\u00bb box_shadow_blur=\u00a0\u00bb33px\u00a0\u00bb box_shadow_spread=\u00a0\u00bb-17px\u00a0\u00bb box_shadow_color=\u00a0\u00bbrgba(10,0,0,0.76)\u00a0\u00bb global_colors_info=\u00a0\u00bb{}\u00a0\u00bb box_shadow_vertical__hover=\u00a0\u00bb7px\u00a0\u00bb box_shadow_vertical__hover_enabled=\u00a0\u00bbon|desktop\u00a0\u00bb box_shadow_spread__hover=\u00a0\u00bb-10px\u00a0\u00bb box_shadow_spread__hover_enabled=\u00a0\u00bbon|hover\u00a0\u00bb transform_styles__hover_enabled=\u00a0\u00bbon|hover\u00a0\u00bb transform_scale__hover_enabled=\u00a0\u00bboff|hover\u00a0\u00bb transform_translate__hover_enabled=\u00a0\u00bboff|hover\u00a0\u00bb transform_rotate__hover_enabled=\u00a0\u00bboff|hover\u00a0\u00bb transform_skew__hover_enabled=\u00a0\u00bboff|hover\u00a0\u00bb transform_origin__hover_enabled=\u00a0\u00bboff|hover\u00a0\u00bb][\/et_pb_image][\/et_pb_column][et_pb_column type=\u00a0\u00bb1_2&Prime; _builder_version=\u00a0\u00bb4.16&Prime; _module_preset=\u00a0\u00bbdefault\u00a0\u00bb global_colors_info=\u00a0\u00bb{}\u00a0\u00bb][et_pb_image src=\u00a0\u00bbhttps:\/\/landscapes-et-cie.com\/wp-content\/uploads\/2024\/01\/Jardin-La-Maison-Landscapes-et-Cie-55-scaled.jpg\u00a0\u00bb alt=\u00a0\u00bbLe long du sentier de gravier, une grande agapanthe blanche s&rsquo;\u00e9panouit au premier plan. Elle fait partie d&rsquo;un massif en pente richement plant\u00e9 au pied de la maison en pierre, o\u00f9 se c\u00f4toient agapanthes bleues, feuillages argent\u00e9s et autres vivaces de jardin sec, cr\u00e9ant une ambiance m\u00e9diterran\u00e9enne.\u00a0\u00bb title_text=\u00a0\u00bbJardin &lsquo;La Maison&rsquo; &#8211; Landscapes et Cie (55)\u00a0\u00bb show_in_lightbox=\u00a0\u00bbon\u00a0\u00bb _builder_version=\u00a0\u00bb4.24.0&Prime; _module_preset=\u00a0\u00bbdefault\u00a0\u00bb transform_scale_last_edited=\u00a0\u00bboff|desktop\u00a0\u00bb transform_translate_last_edited=\u00a0\u00bboff|desktop\u00a0\u00bb transform_rotate_last_edited=\u00a0\u00bboff|desktop\u00a0\u00bb transform_skew_last_edited=\u00a0\u00bboff|desktop\u00a0\u00bb transform_origin_last_edited=\u00a0\u00bboff|desktop\u00a0\u00bb custom_margin=\u00a0\u00bb|||-12px|false|false\u00a0\u00bb custom_margin_tablet=\u00a0\u00bb|||0px|false|false\u00a0\u00bb custom_margin_phone=\u00a0\u00bb\u00a0\u00bb custom_margin_last_edited=\u00a0\u00bbon|phone\u00a0\u00bb box_shadow_style=\u00a0\u00bbpreset3&Prime; box_shadow_vertical=\u00a0\u00bb7px\u00a0\u00bb box_shadow_blur=\u00a0\u00bb33px\u00a0\u00bb box_shadow_spread=\u00a0\u00bb-17px\u00a0\u00bb box_shadow_color=\u00a0\u00bbrgba(10,0,0,0.76)\u00a0\u00bb global_colors_info=\u00a0\u00bb{}\u00a0\u00bb box_shadow_vertical__hover=\u00a0\u00bb7px\u00a0\u00bb box_shadow_vertical__hover_enabled=\u00a0\u00bbon|desktop\u00a0\u00bb box_shadow_spread__hover=\u00a0\u00bb-10px\u00a0\u00bb box_shadow_spread__hover_enabled=\u00a0\u00bbon|hover\u00a0\u00bb transform_styles__hover_enabled=\u00a0\u00bbon|desktop\u00a0\u00bb transform_scale__hover_enabled=\u00a0\u00bboff|hover\u00a0\u00bb transform_translate__hover_enabled=\u00a0\u00bboff|hover\u00a0\u00bb transform_rotate__hover_enabled=\u00a0\u00bboff|hover\u00a0\u00bb transform_skew__hover_enabled=\u00a0\u00bboff|hover\u00a0\u00bb transform_origin__hover_enabled=\u00a0\u00bboff|hover\u00a0\u00bb][\/et_pb_image][\/et_pb_column][\/et_pb_row][et_pb_row custom_padding_last_edited=\u00a0\u00bbon|tablet\u00a0\u00bb _builder_version=\u00a0\u00bb4.16&Prime; _module_preset=\u00a0\u00bbdefault\u00a0\u00bb width_tablet=\u00a0\u00bb\u00a0\u00bb width_phone=\u00a0\u00bb90%\u00a0\u00bb width_last_edited=\u00a0\u00bbon|phone\u00a0\u00bb custom_padding=\u00a0\u00bb20px||20px||false|false\u00a0\u00bb custom_padding_tablet=\u00a0\u00bb16px||16px||false|false\u00a0\u00bb custom_padding_phone=\u00a0\u00bb\u00a0\u00bb locked=\u00a0\u00bboff\u00a0\u00bb global_colors_info=\u00a0\u00bb{}\u00a0\u00bb][et_pb_column type=\u00a0\u00bb4_4&Prime; _builder_version=\u00a0\u00bb4.16&Prime; _module_preset=\u00a0\u00bbdefault\u00a0\u00bb global_colors_info=\u00a0\u00bb{}\u00a0\u00bb][et_pb_image src=\u00a0\u00bbhttps:\/\/landscapes-et-cie.com\/wp-content\/uploads\/2024\/01\/Jardin-La-Maison-Landscapes-et-Cie-18-scaled.jpg\u00a0\u00bb alt=\u00a0\u00bbSc\u00e8ne de jardin baign\u00e9e dans la lumi\u00e8re brumeuse du petit matin. Les rayons du soleil percent la brume, cr\u00e9ant une atmosph\u00e8re onirique et mettant en valeur les silhouettes des plantes. Des pavots d&rsquo;un rose pourpre se d\u00e9tachent au milieu des vivaces, cr\u00e9ant une peinture vivante et po\u00e9tique.\u00a0\u00bb title_text=\u00a0\u00bbJardin &lsquo;La Maison&rsquo; &#8211; Landscapes et Cie (18)\u00a0\u00bb show_in_lightbox=\u00a0\u00bbon\u00a0\u00bb _builder_version=\u00a0\u00bb4.24.0&Prime; _module_preset=\u00a0\u00bbdefault\u00a0\u00bb transform_scale_last_edited=\u00a0\u00bboff|desktop\u00a0\u00bb transform_translate_last_edited=\u00a0\u00bboff|desktop\u00a0\u00bb transform_rotate_last_edited=\u00a0\u00bboff|desktop\u00a0\u00bb transform_skew_last_edited=\u00a0\u00bboff|desktop\u00a0\u00bb transform_origin_last_edited=\u00a0\u00bboff|desktop\u00a0\u00bb custom_margin=\u00a0\u00bb|0px||0px|false|false\u00a0\u00bb box_shadow_style=\u00a0\u00bbpreset3&Prime; box_shadow_vertical=\u00a0\u00bb7px\u00a0\u00bb box_shadow_blur=\u00a0\u00bb33px\u00a0\u00bb box_shadow_spread=\u00a0\u00bb-17px\u00a0\u00bb box_shadow_color=\u00a0\u00bbrgba(10,0,0,0.76)\u00a0\u00bb global_colors_info=\u00a0\u00bb{}\u00a0\u00bb box_shadow_vertical__hover=\u00a0\u00bb7px\u00a0\u00bb box_shadow_vertical__hover_enabled=\u00a0\u00bbon|hover\u00a0\u00bb box_shadow_spread__hover=\u00a0\u00bb-10px\u00a0\u00bb box_shadow_spread__hover_enabled=\u00a0\u00bbon|hover\u00a0\u00bb transform_styles__hover_enabled=\u00a0\u00bbon|hover\u00a0\u00bb transform_scale__hover_enabled=\u00a0\u00bboff|hover\u00a0\u00bb transform_translate__hover_enabled=\u00a0\u00bboff|hover\u00a0\u00bb transform_rotate__hover_enabled=\u00a0\u00bboff|hover\u00a0\u00bb transform_skew__hover_enabled=\u00a0\u00bboff|hover\u00a0\u00bb transform_origin__hover_enabled=\u00a0\u00bboff|hover\u00a0\u00bb][\/et_pb_image][\/et_pb_column][\/et_pb_row][et_pb_row column_structure=\u00a0\u00bb1_2,1_2&Prime; custom_padding_last_edited=\u00a0\u00bbon|tablet\u00a0\u00bb _builder_version=\u00a0\u00bb4.16&Prime; _module_preset=\u00a0\u00bbdefault\u00a0\u00bb width_tablet=\u00a0\u00bb\u00a0\u00bb width_phone=\u00a0\u00bb90%\u00a0\u00bb width_last_edited=\u00a0\u00bbon|phone\u00a0\u00bb custom_padding=\u00a0\u00bb20px||20px||false|false\u00a0\u00bb custom_padding_tablet=\u00a0\u00bb16px||16px||false|false\u00a0\u00bb custom_padding_phone=\u00a0\u00bb\u00a0\u00bb locked=\u00a0\u00bboff\u00a0\u00bb global_colors_info=\u00a0\u00bb{}\u00a0\u00bb][et_pb_column type=\u00a0\u00bb1_2&Prime; _builder_version=\u00a0\u00bb4.16&Prime; _module_preset=\u00a0\u00bbdefault\u00a0\u00bb global_colors_info=\u00a0\u00bb{}\u00a0\u00bb][et_pb_image src=\u00a0\u00bbhttps:\/\/landscapes-et-cie.com\/wp-content\/uploads\/2024\/01\/Jardin-La-Maison-Landscapes-et-Cie-54-scaled.jpg\u00a0\u00bb alt=\u00a0\u00bbGros plan d&rsquo;un bourdon butinant avec ardeur une d\u00e9licate fleur de sauge arbustive aux teintes cr\u00e8me et rose p\u00e2le. La photo capture la relation intime entre la faune et la flore du jardin, soulignant son r\u00f4le essentiel d&rsquo;\u00e9cosyst\u00e8me accueillant pour les insectes pollinisateurs.\u00a0\u00bb title_text=\u00a0\u00bbJardin &lsquo;La Maison&rsquo; &#8211; Landscapes et Cie (54)\u00a0\u00bb show_in_lightbox=\u00a0\u00bbon\u00a0\u00bb _builder_version=\u00a0\u00bb4.24.0&Prime; _module_preset=\u00a0\u00bbdefault\u00a0\u00bb transform_scale_last_edited=\u00a0\u00bboff|desktop\u00a0\u00bb transform_translate_last_edited=\u00a0\u00bboff|desktop\u00a0\u00bb transform_rotate_last_edited=\u00a0\u00bboff|desktop\u00a0\u00bb transform_skew_last_edited=\u00a0\u00bboff|desktop\u00a0\u00bb transform_origin_last_edited=\u00a0\u00bboff|desktop\u00a0\u00bb custom_margin=\u00a0\u00bb|-12px||0px|false|false\u00a0\u00bb custom_margin_tablet=\u00a0\u00bb|0px||0px|false|false\u00a0\u00bb custom_margin_phone=\u00a0\u00bb\u00a0\u00bb custom_margin_last_edited=\u00a0\u00bbon|phone\u00a0\u00bb box_shadow_style=\u00a0\u00bbpreset3&Prime; box_shadow_vertical=\u00a0\u00bb7px\u00a0\u00bb box_shadow_blur=\u00a0\u00bb33px\u00a0\u00bb box_shadow_spread=\u00a0\u00bb-17px\u00a0\u00bb box_shadow_color=\u00a0\u00bbrgba(10,0,0,0.76)\u00a0\u00bb global_colors_info=\u00a0\u00bb{}\u00a0\u00bb box_shadow_vertical__hover=\u00a0\u00bb7px\u00a0\u00bb box_shadow_vertical__hover_enabled=\u00a0\u00bbon|desktop\u00a0\u00bb box_shadow_spread__hover=\u00a0\u00bb-10px\u00a0\u00bb box_shadow_spread__hover_enabled=\u00a0\u00bbon|hover\u00a0\u00bb transform_styles__hover_enabled=\u00a0\u00bbon|hover\u00a0\u00bb transform_scale__hover_enabled=\u00a0\u00bboff|hover\u00a0\u00bb transform_translate__hover_enabled=\u00a0\u00bboff|hover\u00a0\u00bb transform_rotate__hover_enabled=\u00a0\u00bboff|hover\u00a0\u00bb transform_skew__hover_enabled=\u00a0\u00bboff|hover\u00a0\u00bb transform_origin__hover_enabled=\u00a0\u00bboff|hover\u00a0\u00bb][\/et_pb_image][\/et_pb_column][et_pb_column type=\u00a0\u00bb1_2&Prime; _builder_version=\u00a0\u00bb4.16&Prime; _module_preset=\u00a0\u00bbdefault\u00a0\u00bb global_colors_info=\u00a0\u00bb{}\u00a0\u00bb][et_pb_image src=\u00a0\u00bbhttps:\/\/landscapes-et-cie.com\/wp-content\/uploads\/2024\/01\/Jardin-La-Maison-Landscapes-et-Cie-28-scaled.jpg\u00a0\u00bb alt=\u00a0\u00bbGros plan po\u00e9tique sur une fleur d&rsquo;hortensia s\u00e9ch\u00e9e en automne. La lumi\u00e8re rasante traverse les s\u00e9pales devenus parchemin\u00e9s, r\u00e9v\u00e9lant leurs nervures d\u00e9licates et leurs teintes chaudes de beige et de cuivre. Une illustration de la beaut\u00e9 durable du jardin, m\u00eame lorsque les floraisons estivales sont termin\u00e9es.\u00a0\u00bb title_text=\u00a0\u00bbJardin &lsquo;La Maison&rsquo; &#8211; Landscapes et Cie (28)\u00a0\u00bb show_in_lightbox=\u00a0\u00bbon\u00a0\u00bb _builder_version=\u00a0\u00bb4.24.0&Prime; _module_preset=\u00a0\u00bbdefault\u00a0\u00bb transform_scale_last_edited=\u00a0\u00bboff|desktop\u00a0\u00bb transform_translate_last_edited=\u00a0\u00bboff|desktop\u00a0\u00bb transform_rotate_last_edited=\u00a0\u00bboff|desktop\u00a0\u00bb transform_skew_last_edited=\u00a0\u00bboff|desktop\u00a0\u00bb transform_origin_last_edited=\u00a0\u00bboff|desktop\u00a0\u00bb custom_margin=\u00a0\u00bb|||-12px|false|false\u00a0\u00bb custom_margin_tablet=\u00a0\u00bb|||0px|false|false\u00a0\u00bb custom_margin_phone=\u00a0\u00bb\u00a0\u00bb custom_margin_last_edited=\u00a0\u00bbon|phone\u00a0\u00bb box_shadow_style=\u00a0\u00bbpreset3&Prime; box_shadow_vertical=\u00a0\u00bb7px\u00a0\u00bb box_shadow_blur=\u00a0\u00bb33px\u00a0\u00bb box_shadow_spread=\u00a0\u00bb-17px\u00a0\u00bb box_shadow_color=\u00a0\u00bbrgba(10,0,0,0.76)\u00a0\u00bb global_colors_info=\u00a0\u00bb{}\u00a0\u00bb box_shadow_vertical__hover=\u00a0\u00bb7px\u00a0\u00bb box_shadow_vertical__hover_enabled=\u00a0\u00bbon|desktop\u00a0\u00bb box_shadow_spread__hover=\u00a0\u00bb-10px\u00a0\u00bb box_shadow_spread__hover_enabled=\u00a0\u00bbon|hover\u00a0\u00bb transform_styles__hover_enabled=\u00a0\u00bbon|hover\u00a0\u00bb transform_scale__hover_enabled=\u00a0\u00bboff|hover\u00a0\u00bb transform_translate__hover_enabled=\u00a0\u00bboff|hover\u00a0\u00bb transform_rotate__hover_enabled=\u00a0\u00bboff|hover\u00a0\u00bb transform_skew__hover_enabled=\u00a0\u00bboff|hover\u00a0\u00bb transform_origin__hover_enabled=\u00a0\u00bboff|hover\u00a0\u00bb][\/et_pb_image][\/et_pb_column][\/et_pb_row][et_pb_row custom_padding_last_edited=\u00a0\u00bbon|tablet\u00a0\u00bb _builder_version=\u00a0\u00bb4.16&Prime; _module_preset=\u00a0\u00bbdefault\u00a0\u00bb width_tablet=\u00a0\u00bb\u00a0\u00bb width_phone=\u00a0\u00bb90%\u00a0\u00bb width_last_edited=\u00a0\u00bbon|phone\u00a0\u00bb custom_padding=\u00a0\u00bb20px||20px||false|false\u00a0\u00bb custom_padding_tablet=\u00a0\u00bb16px||16px||false|false\u00a0\u00bb custom_padding_phone=\u00a0\u00bb\u00a0\u00bb global_colors_info=\u00a0\u00bb{}\u00a0\u00bb][et_pb_column type=\u00a0\u00bb4_4&Prime; _builder_version=\u00a0\u00bb4.16&Prime; _module_preset=\u00a0\u00bbdefault\u00a0\u00bb global_colors_info=\u00a0\u00bb{}\u00a0\u00bb][et_pb_image src=\u00a0\u00bbhttps:\/\/landscapes-et-cie.com\/wp-content\/uploads\/2024\/01\/Jardin-La-Maison-Landscapes-et-Cie-33-scaled.jpg\u00a0\u00bb alt=\u00a0\u00bbUn sentier d&rsquo;herbe tondue serpente entre des zones de prairie sauvage et des massifs d&rsquo;arbustes denses. Une cl\u00f4ture rustique en rondins de bois borde le chemin \u00e0 gauche, guidant le regard vers le fond du jardin o\u00f9 la nature semble plus libre et spontan\u00e9e, cr\u00e9ant une transition douce vers les espaces sauvages.\u00a0\u00bb title_text=\u00a0\u00bbJardin &lsquo;La Maison&rsquo; &#8211; Landscapes et Cie (33)\u00a0\u00bb show_in_lightbox=\u00a0\u00bbon\u00a0\u00bb _builder_version=\u00a0\u00bb4.24.0&Prime; _module_preset=\u00a0\u00bbdefault\u00a0\u00bb transform_scale_last_edited=\u00a0\u00bboff|desktop\u00a0\u00bb transform_translate_last_edited=\u00a0\u00bboff|desktop\u00a0\u00bb transform_rotate_last_edited=\u00a0\u00bboff|desktop\u00a0\u00bb transform_skew_last_edited=\u00a0\u00bboff|desktop\u00a0\u00bb transform_origin_last_edited=\u00a0\u00bboff|desktop\u00a0\u00bb custom_margin=\u00a0\u00bb|0px||0px|false|false\u00a0\u00bb box_shadow_style=\u00a0\u00bbpreset3&Prime; box_shadow_vertical=\u00a0\u00bb7px\u00a0\u00bb box_shadow_blur=\u00a0\u00bb33px\u00a0\u00bb box_shadow_spread=\u00a0\u00bb-17px\u00a0\u00bb box_shadow_color=\u00a0\u00bbrgba(10,0,0,0.76)\u00a0\u00bb global_colors_info=\u00a0\u00bb{}\u00a0\u00bb box_shadow_vertical__hover=\u00a0\u00bb7px\u00a0\u00bb box_shadow_vertical__hover_enabled=\u00a0\u00bbon|desktop\u00a0\u00bb box_shadow_spread__hover=\u00a0\u00bb-10px\u00a0\u00bb box_shadow_spread__hover_enabled=\u00a0\u00bbon|hover\u00a0\u00bb transform_styles__hover_enabled=\u00a0\u00bbon|hover\u00a0\u00bb transform_scale__hover_enabled=\u00a0\u00bboff|hover\u00a0\u00bb transform_translate__hover_enabled=\u00a0\u00bboff|hover\u00a0\u00bb transform_rotate__hover_enabled=\u00a0\u00bboff|hover\u00a0\u00bb transform_skew__hover_enabled=\u00a0\u00bboff|hover\u00a0\u00bb transform_origin__hover_enabled=\u00a0\u00bboff|hover\u00a0\u00bb][\/et_pb_image][\/et_pb_column][\/et_pb_row][et_pb_row column_structure=\u00a0\u00bb1_2,1_2&Prime; custom_padding_last_edited=\u00a0\u00bbon|tablet\u00a0\u00bb _builder_version=\u00a0\u00bb4.16&Prime; _module_preset=\u00a0\u00bbdefault\u00a0\u00bb width_tablet=\u00a0\u00bb\u00a0\u00bb width_phone=\u00a0\u00bb90%\u00a0\u00bb width_last_edited=\u00a0\u00bbon|phone\u00a0\u00bb custom_padding=\u00a0\u00bb20px||20px||false|false\u00a0\u00bb custom_padding_tablet=\u00a0\u00bb16px||16px||false|false\u00a0\u00bb custom_padding_phone=\u00a0\u00bb\u00a0\u00bb locked=\u00a0\u00bboff\u00a0\u00bb global_colors_info=\u00a0\u00bb{}\u00a0\u00bb][et_pb_column type=\u00a0\u00bb1_2&Prime; _builder_version=\u00a0\u00bb4.16&Prime; _module_preset=\u00a0\u00bbdefault\u00a0\u00bb global_colors_info=\u00a0\u00bb{}\u00a0\u00bb][et_pb_image src=\u00a0\u00bbhttps:\/\/landscapes-et-cie.com\/wp-content\/uploads\/2024\/01\/Jardin-La-Maison-Landscapes-et-Cie-36-scaled.jpg\u00a0\u00bb alt=\u00a0\u00bbExplosion de couleurs dans un massif de vivaces. Un grand cornouiller panach\u00e9 sert de toile de fond \u00e0 une mer de g\u00e9raniums d&rsquo;un bleu-violet intense, ponctu\u00e9e par les \u00e9pis orang\u00e9s des kniphofias et les fl\u00e8ches violettes des sauges. Une association de plantes dynamique et pleine de vie.\u00a0\u00bb title_text=\u00a0\u00bbJardin &lsquo;La Maison&rsquo; &#8211; Landscapes et Cie (36)\u00a0\u00bb show_in_lightbox=\u00a0\u00bbon\u00a0\u00bb _builder_version=\u00a0\u00bb4.24.0&Prime; _module_preset=\u00a0\u00bbdefault\u00a0\u00bb transform_scale_last_edited=\u00a0\u00bboff|desktop\u00a0\u00bb transform_translate_last_edited=\u00a0\u00bboff|desktop\u00a0\u00bb transform_rotate_last_edited=\u00a0\u00bboff|desktop\u00a0\u00bb transform_skew_last_edited=\u00a0\u00bboff|desktop\u00a0\u00bb transform_origin_last_edited=\u00a0\u00bboff|desktop\u00a0\u00bb custom_margin=\u00a0\u00bb|-12px||0px|false|false\u00a0\u00bb custom_margin_tablet=\u00a0\u00bb|0px||0px|false|false\u00a0\u00bb custom_margin_phone=\u00a0\u00bb\u00a0\u00bb custom_margin_last_edited=\u00a0\u00bbon|phone\u00a0\u00bb box_shadow_style=\u00a0\u00bbpreset3&Prime; box_shadow_vertical=\u00a0\u00bb7px\u00a0\u00bb box_shadow_blur=\u00a0\u00bb33px\u00a0\u00bb box_shadow_spread=\u00a0\u00bb-17px\u00a0\u00bb box_shadow_color=\u00a0\u00bbrgba(10,0,0,0.76)\u00a0\u00bb global_colors_info=\u00a0\u00bb{}\u00a0\u00bb box_shadow_vertical__hover=\u00a0\u00bb7px\u00a0\u00bb box_shadow_vertical__hover_enabled=\u00a0\u00bbon|desktop\u00a0\u00bb box_shadow_spread__hover=\u00a0\u00bb-10px\u00a0\u00bb box_shadow_spread__hover_enabled=\u00a0\u00bbon|hover\u00a0\u00bb transform_styles__hover_enabled=\u00a0\u00bbon|hover\u00a0\u00bb transform_scale__hover_enabled=\u00a0\u00bboff|hover\u00a0\u00bb transform_translate__hover_enabled=\u00a0\u00bboff|hover\u00a0\u00bb transform_rotate__hover_enabled=\u00a0\u00bboff|hover\u00a0\u00bb transform_skew__hover_enabled=\u00a0\u00bboff|hover\u00a0\u00bb transform_origin__hover_enabled=\u00a0\u00bboff|hover\u00a0\u00bb][\/et_pb_image][\/et_pb_column][et_pb_column type=\u00a0\u00bb1_2&Prime; _builder_version=\u00a0\u00bb4.16&Prime; _module_preset=\u00a0\u00bbdefault\u00a0\u00bb global_colors_info=\u00a0\u00bb{}\u00a0\u00bb][et_pb_image src=\u00a0\u00bbhttps:\/\/landscapes-et-cie.com\/wp-content\/uploads\/2024\/01\/Jardin-La-Maison-Landscapes-et-Cie-45-scaled.jpg\u00a0\u00bb alt=\u00a0\u00bbAssociation de plantes de fin d&rsquo;\u00e9t\u00e9 dans un coin ombrag\u00e9 du jardin. Les inflorescences roses et plates des s\u00e9dums d&rsquo;automne se marient \u00e0 la texture vaporeuse d&rsquo;une gramin\u00e9e et au feuillage pourpre d&rsquo;une heuch\u00e8re. Un grand cornouiller panach\u00e9 domine la sc\u00e8ne, cr\u00e9ant un jeu d&rsquo;ombre et de lumi\u00e8re.\u00a0\u00bb title_text=\u00a0\u00bbJardin &lsquo;La Maison&rsquo; &#8211; Landscapes et Cie (45)\u00a0\u00bb show_in_lightbox=\u00a0\u00bbon\u00a0\u00bb _builder_version=\u00a0\u00bb4.24.0&Prime; _module_preset=\u00a0\u00bbdefault\u00a0\u00bb transform_scale_last_edited=\u00a0\u00bboff|desktop\u00a0\u00bb transform_translate_last_edited=\u00a0\u00bboff|desktop\u00a0\u00bb transform_rotate_last_edited=\u00a0\u00bboff|desktop\u00a0\u00bb transform_skew_last_edited=\u00a0\u00bboff|desktop\u00a0\u00bb transform_origin_last_edited=\u00a0\u00bboff|desktop\u00a0\u00bb custom_margin=\u00a0\u00bb|||-12px|false|false\u00a0\u00bb custom_margin_tablet=\u00a0\u00bb|||0px|false|false\u00a0\u00bb custom_margin_phone=\u00a0\u00bb\u00a0\u00bb custom_margin_last_edited=\u00a0\u00bbon|phone\u00a0\u00bb box_shadow_style=\u00a0\u00bbpreset3&Prime; box_shadow_vertical=\u00a0\u00bb7px\u00a0\u00bb box_shadow_blur=\u00a0\u00bb33px\u00a0\u00bb box_shadow_spread=\u00a0\u00bb-17px\u00a0\u00bb box_shadow_color=\u00a0\u00bbrgba(10,0,0,0.76)\u00a0\u00bb global_colors_info=\u00a0\u00bb{}\u00a0\u00bb box_shadow_vertical__hover=\u00a0\u00bb7px\u00a0\u00bb box_shadow_vertical__hover_enabled=\u00a0\u00bbon|desktop\u00a0\u00bb box_shadow_spread__hover=\u00a0\u00bb-10px\u00a0\u00bb box_shadow_spread__hover_enabled=\u00a0\u00bbon|hover\u00a0\u00bb transform_styles__hover_enabled=\u00a0\u00bbon|hover\u00a0\u00bb transform_scale__hover_enabled=\u00a0\u00bboff|hover\u00a0\u00bb transform_translate__hover_enabled=\u00a0\u00bboff|hover\u00a0\u00bb transform_rotate__hover_enabled=\u00a0\u00bboff|hover\u00a0\u00bb transform_skew__hover_enabled=\u00a0\u00bboff|hover\u00a0\u00bb transform_origin__hover_enabled=\u00a0\u00bboff|hover\u00a0\u00bb][\/et_pb_image][\/et_pb_column][\/et_pb_row][et_pb_row custom_padding_last_edited=\u00a0\u00bbon|tablet\u00a0\u00bb _builder_version=\u00a0\u00bb4.16&Prime; _module_preset=\u00a0\u00bbdefault\u00a0\u00bb width_tablet=\u00a0\u00bb\u00a0\u00bb width_phone=\u00a0\u00bb90%\u00a0\u00bb width_last_edited=\u00a0\u00bbon|phone\u00a0\u00bb custom_padding=\u00a0\u00bb20px||20px||false|false\u00a0\u00bb custom_padding_tablet=\u00a0\u00bb16px||16px||false|false\u00a0\u00bb custom_padding_phone=\u00a0\u00bb\u00a0\u00bb locked=\u00a0\u00bboff\u00a0\u00bb global_colors_info=\u00a0\u00bb{}\u00a0\u00bb][et_pb_column type=\u00a0\u00bb4_4&Prime; _builder_version=\u00a0\u00bb4.16&Prime; _module_preset=\u00a0\u00bbdefault\u00a0\u00bb global_colors_info=\u00a0\u00bb{}\u00a0\u00bb][et_pb_image src=\u00a0\u00bbhttps:\/\/landscapes-et-cie.com\/wp-content\/uploads\/2024\/01\/Jardin-La-Maison-Landscapes-et-Cie-52-scaled.jpg\u00a0\u00bb alt=\u00a0\u00bbLe jardin de gravier am\u00e9nag\u00e9 dans l&rsquo;ancienne cour de ferme. Un large chemin de gravier serpente entre des massifs vari\u00e9s o\u00f9 se m\u00ealent arbustes taill\u00e9s, couvre-sols et vivaces. Un grand pot en zinc contenant une gramin\u00e9e sert de point focal. En arri\u00e8re-plan, une d\u00e9pendance en pierre au toit d&rsquo;ardoise.\u00a0\u00bb title_text=\u00a0\u00bbJardin &lsquo;La Maison&rsquo; &#8211; Landscapes et Cie (52)\u00a0\u00bb show_in_lightbox=\u00a0\u00bbon\u00a0\u00bb _builder_version=\u00a0\u00bb4.24.0&Prime; _module_preset=\u00a0\u00bbdefault\u00a0\u00bb transform_scale_last_edited=\u00a0\u00bboff|desktop\u00a0\u00bb transform_translate_last_edited=\u00a0\u00bboff|desktop\u00a0\u00bb transform_rotate_last_edited=\u00a0\u00bboff|desktop\u00a0\u00bb transform_skew_last_edited=\u00a0\u00bboff|desktop\u00a0\u00bb transform_origin_last_edited=\u00a0\u00bboff|desktop\u00a0\u00bb custom_margin=\u00a0\u00bb|0px||0px|false|false\u00a0\u00bb box_shadow_style=\u00a0\u00bbpreset3&Prime; box_shadow_vertical=\u00a0\u00bb7px\u00a0\u00bb box_shadow_blur=\u00a0\u00bb33px\u00a0\u00bb box_shadow_spread=\u00a0\u00bb-17px\u00a0\u00bb box_shadow_color=\u00a0\u00bbrgba(10,0,0,0.76)\u00a0\u00bb global_colors_info=\u00a0\u00bb{}\u00a0\u00bb box_shadow_vertical__hover=\u00a0\u00bb7px\u00a0\u00bb box_shadow_vertical__hover_enabled=\u00a0\u00bbon|desktop\u00a0\u00bb box_shadow_spread__hover=\u00a0\u00bb-10px\u00a0\u00bb box_shadow_spread__hover_enabled=\u00a0\u00bbon|hover\u00a0\u00bb transform_styles__hover_enabled=\u00a0\u00bbon|hover\u00a0\u00bb transform_scale__hover_enabled=\u00a0\u00bboff|hover\u00a0\u00bb transform_translate__hover_enabled=\u00a0\u00bboff|hover\u00a0\u00bb transform_rotate__hover_enabled=\u00a0\u00bboff|hover\u00a0\u00bb transform_skew__hover_enabled=\u00a0\u00bboff|hover\u00a0\u00bb transform_origin__hover_enabled=\u00a0\u00bboff|hover\u00a0\u00bb][\/et_pb_image][\/et_pb_column][\/et_pb_row][et_pb_row column_structure=\u00a0\u00bb1_3,1_3,1_3&Prime; custom_padding_last_edited=\u00a0\u00bbon|tablet\u00a0\u00bb _builder_version=\u00a0\u00bb4.16&Prime; _module_preset=\u00a0\u00bbdefault\u00a0\u00bb width_tablet=\u00a0\u00bb\u00a0\u00bb width_phone=\u00a0\u00bb90%\u00a0\u00bb width_last_edited=\u00a0\u00bbon|phone\u00a0\u00bb custom_padding=\u00a0\u00bb20px||20px||false|false\u00a0\u00bb custom_padding_tablet=\u00a0\u00bb16px||16px||false|false\u00a0\u00bb custom_padding_phone=\u00a0\u00bb\u00a0\u00bb locked=\u00a0\u00bboff\u00a0\u00bb global_colors_info=\u00a0\u00bb{}\u00a0\u00bb][et_pb_column type=\u00a0\u00bb1_3&Prime; _builder_version=\u00a0\u00bb4.16&Prime; _module_preset=\u00a0\u00bbdefault\u00a0\u00bb global_colors_info=\u00a0\u00bb{}\u00a0\u00bb][et_pb_image src=\u00a0\u00bbhttps:\/\/landscapes-et-cie.com\/wp-content\/uploads\/2024\/01\/Jardin-La-Maison-Landscapes-et-Cie-37-scaled.jpg\u00a0\u00bb alt=\u00a0\u00bbVue sur un massif ensoleill\u00e9, encadr\u00e9e par le feuillage d&rsquo;un arbre et une haie taill\u00e9e au premier plan. La lumi\u00e8re tachet\u00e9e r\u00e9v\u00e8le des pivoines magenta, des gramin\u00e9es et une abondance de vivaces, cr\u00e9ant une sensation de profondeur et de d\u00e9couverte, comme si l&rsquo;on regardait dans une pi\u00e8ce secr\u00e8te du jardin.\u00a0\u00bb title_text=\u00a0\u00bbJardin &lsquo;La Maison&rsquo; &#8211; Landscapes et Cie (37)\u00a0\u00bb show_in_lightbox=\u00a0\u00bbon\u00a0\u00bb _builder_version=\u00a0\u00bb4.24.0&Prime; _module_preset=\u00a0\u00bbdefault\u00a0\u00bb transform_scale_last_edited=\u00a0\u00bboff|desktop\u00a0\u00bb transform_translate_last_edited=\u00a0\u00bboff|desktop\u00a0\u00bb transform_rotate_last_edited=\u00a0\u00bboff|desktop\u00a0\u00bb transform_skew_last_edited=\u00a0\u00bboff|desktop\u00a0\u00bb transform_origin_last_edited=\u00a0\u00bboff|desktop\u00a0\u00bb custom_margin=\u00a0\u00bb|-12px||0px|false|false\u00a0\u00bb custom_margin_tablet=\u00a0\u00bb|0px||0px|false|false\u00a0\u00bb custom_margin_phone=\u00a0\u00bb\u00a0\u00bb custom_margin_last_edited=\u00a0\u00bbon|phone\u00a0\u00bb box_shadow_style=\u00a0\u00bbpreset3&Prime; box_shadow_vertical=\u00a0\u00bb7px\u00a0\u00bb box_shadow_blur=\u00a0\u00bb33px\u00a0\u00bb box_shadow_spread=\u00a0\u00bb-17px\u00a0\u00bb box_shadow_color=\u00a0\u00bbrgba(10,0,0,0.76)\u00a0\u00bb global_colors_info=\u00a0\u00bb{}\u00a0\u00bb box_shadow_vertical__hover=\u00a0\u00bb7px\u00a0\u00bb box_shadow_vertical__hover_enabled=\u00a0\u00bbon|desktop\u00a0\u00bb box_shadow_spread__hover=\u00a0\u00bb-10px\u00a0\u00bb box_shadow_spread__hover_enabled=\u00a0\u00bbon|hover\u00a0\u00bb transform_styles__hover_enabled=\u00a0\u00bbon|hover\u00a0\u00bb transform_scale__hover_enabled=\u00a0\u00bbon|hover\u00a0\u00bb transform_translate__hover_enabled=\u00a0\u00bbon|desktop\u00a0\u00bb transform_rotate__hover_enabled=\u00a0\u00bbon|desktop\u00a0\u00bb transform_skew__hover_enabled=\u00a0\u00bbon|desktop\u00a0\u00bb transform_origin__hover_enabled=\u00a0\u00bbon|desktop\u00a0\u00bb][\/et_pb_image][\/et_pb_column][et_pb_column type=\u00a0\u00bb1_3&Prime; _builder_version=\u00a0\u00bb4.16&Prime; _module_preset=\u00a0\u00bbdefault\u00a0\u00bb global_colors_info=\u00a0\u00bb{}\u00a0\u00bb][et_pb_image src=\u00a0\u00bbhttps:\/\/landscapes-et-cie.com\/wp-content\/uploads\/2024\/01\/Jardin-La-Maison-Landscapes-et-Cie-5-scaled.jpeg\u00a0\u00bb alt=\u00a0\u00bbGros plan sur des fleurs de pavots d&rsquo;Orient aux p\u00e9tales d\u00e9licats et translucides d&rsquo;un rose-mauve intense, baign\u00e9s par la lumi\u00e8re du soleil. Leurs capsules vertes pro\u00e9minentes ajoutent un int\u00e9r\u00eat graphique au milieu d&rsquo;un feuillage l\u00e9ger et a\u00e9r\u00e9, capturant la beaut\u00e9 \u00e9ph\u00e9m\u00e8re d&rsquo;une prairie de jardin.\u00a0\u00bb title_text=\u00a0\u00bbJardin &lsquo;La Maison&rsquo; &#8211; Landscapes et Cie (5)\u00a0\u00bb show_in_lightbox=\u00a0\u00bbon\u00a0\u00bb _builder_version=\u00a0\u00bb4.24.0&Prime; _module_preset=\u00a0\u00bbdefault\u00a0\u00bb transform_scale_last_edited=\u00a0\u00bboff|desktop\u00a0\u00bb transform_translate_last_edited=\u00a0\u00bboff|desktop\u00a0\u00bb transform_rotate_last_edited=\u00a0\u00bboff|desktop\u00a0\u00bb transform_skew_last_edited=\u00a0\u00bboff|desktop\u00a0\u00bb transform_origin_last_edited=\u00a0\u00bboff|desktop\u00a0\u00bb custom_margin=\u00a0\u00bb|-6px||-6px|false|false\u00a0\u00bb custom_margin_tablet=\u00a0\u00bb|0px||0px|false|false\u00a0\u00bb custom_margin_phone=\u00a0\u00bb\u00a0\u00bb custom_margin_last_edited=\u00a0\u00bbon|phone\u00a0\u00bb box_shadow_style=\u00a0\u00bbpreset3&Prime; box_shadow_vertical=\u00a0\u00bb7px\u00a0\u00bb box_shadow_blur=\u00a0\u00bb33px\u00a0\u00bb box_shadow_spread=\u00a0\u00bb-17px\u00a0\u00bb box_shadow_color=\u00a0\u00bbrgba(10,0,0,0.76)\u00a0\u00bb global_colors_info=\u00a0\u00bb{}\u00a0\u00bb box_shadow_spread__hover=\u00a0\u00bb-10px\u00a0\u00bb box_shadow_spread__hover_enabled=\u00a0\u00bbon|hover\u00a0\u00bb box_shadow_vertical__hover_enabled=\u00a0\u00bbon|desktop\u00a0\u00bb box_shadow_vertical__hover=\u00a0\u00bb7px\u00a0\u00bb transform_styles__hover_enabled=\u00a0\u00bbon|hover\u00a0\u00bb transform_scale__hover_enabled=\u00a0\u00bbon|hover\u00a0\u00bb transform_translate__hover_enabled=\u00a0\u00bbon|desktop\u00a0\u00bb transform_rotate__hover_enabled=\u00a0\u00bbon|desktop\u00a0\u00bb transform_skew__hover_enabled=\u00a0\u00bbon|desktop\u00a0\u00bb transform_origin__hover_enabled=\u00a0\u00bbon|desktop\u00a0\u00bb][\/et_pb_image][\/et_pb_column][et_pb_column type=\u00a0\u00bb1_3&Prime; _builder_version=\u00a0\u00bb4.16&Prime; _module_preset=\u00a0\u00bbdefault\u00a0\u00bb global_colors_info=\u00a0\u00bb{}\u00a0\u00bb][et_pb_image src=\u00a0\u00bbhttps:\/\/landscapes-et-cie.com\/wp-content\/uploads\/2024\/01\/Jardin-La-Maison-Landscapes-et-Cie-2-scaled.jpeg\u00a0\u00bb alt=\u00a0\u00bbMassif de vivaces ensoleill\u00e9 avec des alliums g\u00e9ants aux sph\u00e8res violettes se dressant fi\u00e8rement au-dessus d&rsquo;un feuillage panach\u00e9. En arri\u00e8re-plan, une pelouse m\u00e8ne \u00e0 des bordures mixtes riches en textures et en couleurs, bord\u00e9es par des arbres matures, illustrant un style de jardin anglais naturaliste.\u00a0\u00bb title_text=\u00a0\u00bbJardin &lsquo;La Maison&rsquo; &#8211; Landscapes et Cie (2)\u00a0\u00bb show_in_lightbox=\u00a0\u00bbon\u00a0\u00bb _builder_version=\u00a0\u00bb4.24.0&Prime; _module_preset=\u00a0\u00bbdefault\u00a0\u00bb transform_scale_last_edited=\u00a0\u00bboff|desktop\u00a0\u00bb transform_translate_last_edited=\u00a0\u00bboff|desktop\u00a0\u00bb transform_rotate_last_edited=\u00a0\u00bboff|desktop\u00a0\u00bb transform_skew_last_edited=\u00a0\u00bboff|desktop\u00a0\u00bb transform_origin_last_edited=\u00a0\u00bboff|desktop\u00a0\u00bb custom_margin=\u00a0\u00bb|0px||-12px|false|false\u00a0\u00bb custom_margin_tablet=\u00a0\u00bb|0px||0px|false|false\u00a0\u00bb custom_margin_phone=\u00a0\u00bb\u00a0\u00bb custom_margin_last_edited=\u00a0\u00bbon|phone\u00a0\u00bb box_shadow_style=\u00a0\u00bbpreset3&Prime; box_shadow_vertical=\u00a0\u00bb7px\u00a0\u00bb box_shadow_blur=\u00a0\u00bb33px\u00a0\u00bb box_shadow_spread=\u00a0\u00bb-17px\u00a0\u00bb box_shadow_color=\u00a0\u00bbrgba(10,0,0,0.76)\u00a0\u00bb global_colors_info=\u00a0\u00bb{}\u00a0\u00bb box_shadow_vertical__hover=\u00a0\u00bb7px\u00a0\u00bb box_shadow_vertical__hover_enabled=\u00a0\u00bbon|desktop\u00a0\u00bb box_shadow_spread__hover=\u00a0\u00bb-10px\u00a0\u00bb box_shadow_spread__hover_enabled=\u00a0\u00bbon|hover\u00a0\u00bb transform_styles__hover_enabled=\u00a0\u00bbon|hover\u00a0\u00bb transform_scale__hover_enabled=\u00a0\u00bbon|hover\u00a0\u00bb transform_translate__hover_enabled=\u00a0\u00bbon|desktop\u00a0\u00bb transform_rotate__hover_enabled=\u00a0\u00bbon|desktop\u00a0\u00bb transform_skew__hover_enabled=\u00a0\u00bbon|desktop\u00a0\u00bb transform_origin__hover_enabled=\u00a0\u00bbon|desktop\u00a0\u00bb][\/et_pb_image][\/et_pb_column][\/et_pb_row][et_pb_row column_structure=\u00a0\u00bb1_2,1_2&Prime; custom_padding_last_edited=\u00a0\u00bbon|tablet\u00a0\u00bb _builder_version=\u00a0\u00bb4.16&Prime; _module_preset=\u00a0\u00bbdefault\u00a0\u00bb width_tablet=\u00a0\u00bb\u00a0\u00bb width_phone=\u00a0\u00bb90%\u00a0\u00bb width_last_edited=\u00a0\u00bbon|phone\u00a0\u00bb custom_padding=\u00a0\u00bb20px||20px||false|false\u00a0\u00bb custom_padding_tablet=\u00a0\u00bb16px||16px||false|false\u00a0\u00bb custom_padding_phone=\u00a0\u00bb\u00a0\u00bb locked=\u00a0\u00bboff\u00a0\u00bb global_colors_info=\u00a0\u00bb{}\u00a0\u00bb][et_pb_column type=\u00a0\u00bb1_2&Prime; _builder_version=\u00a0\u00bb4.16&Prime; _module_preset=\u00a0\u00bbdefault\u00a0\u00bb global_colors_info=\u00a0\u00bb{}\u00a0\u00bb][et_pb_image src=\u00a0\u00bbhttps:\/\/landscapes-et-cie.com\/wp-content\/uploads\/2024\/01\/Jardin-La-Maison-Landscapes-et-Cie-9-scaled.jpeg\u00a0\u00bb alt=\u00a0\u00bbJeu d&rsquo;ombre et de lumi\u00e8re dans une partie du jardin. Le soleil du matin filtre \u00e0 travers les arbres, illuminant un massif compos\u00e9 de Hostas au feuillage gaufr\u00e9, de gramin\u00e9es fines et d&rsquo;ifs taill\u00e9s en coussins sombres. Une haute haie de charme structure l&rsquo;espace et cr\u00e9e une atmosph\u00e8re intime et sereine.\u00a0\u00bb title_text=\u00a0\u00bbJardin &lsquo;La Maison&rsquo; &#8211; Landscapes et Cie (9)\u00a0\u00bb show_in_lightbox=\u00a0\u00bbon\u00a0\u00bb _builder_version=\u00a0\u00bb4.24.0&Prime; _module_preset=\u00a0\u00bbdefault\u00a0\u00bb transform_scale_last_edited=\u00a0\u00bboff|desktop\u00a0\u00bb transform_translate_last_edited=\u00a0\u00bboff|desktop\u00a0\u00bb transform_rotate_last_edited=\u00a0\u00bboff|desktop\u00a0\u00bb transform_skew_last_edited=\u00a0\u00bboff|desktop\u00a0\u00bb transform_origin_last_edited=\u00a0\u00bboff|desktop\u00a0\u00bb custom_margin=\u00a0\u00bb|-12px||0px|false|false\u00a0\u00bb custom_margin_tablet=\u00a0\u00bb|0px||0px|false|false\u00a0\u00bb custom_margin_phone=\u00a0\u00bb\u00a0\u00bb custom_margin_last_edited=\u00a0\u00bbon|phone\u00a0\u00bb box_shadow_style=\u00a0\u00bbpreset3&Prime; box_shadow_vertical=\u00a0\u00bb7px\u00a0\u00bb box_shadow_blur=\u00a0\u00bb33px\u00a0\u00bb box_shadow_spread=\u00a0\u00bb-17px\u00a0\u00bb box_shadow_color=\u00a0\u00bbrgba(10,0,0,0.76)\u00a0\u00bb global_colors_info=\u00a0\u00bb{}\u00a0\u00bb box_shadow_vertical__hover=\u00a0\u00bb7px\u00a0\u00bb box_shadow_vertical__hover_enabled=\u00a0\u00bbon|hover\u00a0\u00bb box_shadow_spread__hover=\u00a0\u00bb-10px\u00a0\u00bb box_shadow_spread__hover_enabled=\u00a0\u00bbon|hover\u00a0\u00bb transform_styles__hover_enabled=\u00a0\u00bbon|hover\u00a0\u00bb transform_scale__hover_enabled=\u00a0\u00bboff|hover\u00a0\u00bb transform_translate__hover_enabled=\u00a0\u00bboff|hover\u00a0\u00bb transform_rotate__hover_enabled=\u00a0\u00bboff|hover\u00a0\u00bb transform_skew__hover_enabled=\u00a0\u00bboff|hover\u00a0\u00bb transform_origin__hover_enabled=\u00a0\u00bboff|hover\u00a0\u00bb][\/et_pb_image][\/et_pb_column][et_pb_column type=\u00a0\u00bb1_2&Prime; _builder_version=\u00a0\u00bb4.16&Prime; _module_preset=\u00a0\u00bbdefault\u00a0\u00bb global_colors_info=\u00a0\u00bb{}\u00a0\u00bb][et_pb_image src=\u00a0\u00bbhttps:\/\/landscapes-et-cie.com\/wp-content\/uploads\/2024\/01\/Jardin-La-Maison-Landscapes-et-Cie-1-scaled.jpeg\u00a0\u00bb alt=\u00a0\u00bbBordure riche en couleurs le long d&rsquo;un chemin de gravier et d&rsquo;un muret en pierre. Le feuillage pourpre d&rsquo;une heuch\u00e8re au premier plan contraste vivement avec des plantes argent\u00e9es, des fleurs de persicaria roses et un arbuste au feuillage jaune lumineux en arri\u00e8re-plan, cr\u00e9ant une composition vibrante.\u00a0\u00bb title_text=\u00a0\u00bbJardin &lsquo;La Maison&rsquo; &#8211; Landscapes et Cie (68)\u00a0\u00bb show_in_lightbox=\u00a0\u00bbon\u00a0\u00bb _builder_version=\u00a0\u00bb4.24.0&Prime; _module_preset=\u00a0\u00bbdefault\u00a0\u00bb transform_scale_last_edited=\u00a0\u00bboff|desktop\u00a0\u00bb transform_translate_last_edited=\u00a0\u00bboff|desktop\u00a0\u00bb transform_rotate_last_edited=\u00a0\u00bboff|desktop\u00a0\u00bb transform_skew_last_edited=\u00a0\u00bboff|desktop\u00a0\u00bb transform_origin_last_edited=\u00a0\u00bboff|desktop\u00a0\u00bb custom_margin=\u00a0\u00bb|||-12px|false|false\u00a0\u00bb custom_margin_tablet=\u00a0\u00bb|||0px|false|false\u00a0\u00bb custom_margin_phone=\u00a0\u00bb\u00a0\u00bb custom_margin_last_edited=\u00a0\u00bbon|phone\u00a0\u00bb box_shadow_style=\u00a0\u00bbpreset3&Prime; box_shadow_vertical=\u00a0\u00bb7px\u00a0\u00bb box_shadow_blur=\u00a0\u00bb33px\u00a0\u00bb box_shadow_spread=\u00a0\u00bb-17px\u00a0\u00bb box_shadow_color=\u00a0\u00bbrgba(10,0,0,0.76)\u00a0\u00bb global_colors_info=\u00a0\u00bb{}\u00a0\u00bb box_shadow_vertical__hover=\u00a0\u00bb7px\u00a0\u00bb box_shadow_vertical__hover_enabled=\u00a0\u00bbon|desktop\u00a0\u00bb box_shadow_spread__hover=\u00a0\u00bb-10px\u00a0\u00bb box_shadow_spread__hover_enabled=\u00a0\u00bbon|hover\u00a0\u00bb transform_styles__hover_enabled=\u00a0\u00bbon|hover\u00a0\u00bb transform_scale__hover_enabled=\u00a0\u00bboff|hover\u00a0\u00bb transform_translate__hover_enabled=\u00a0\u00bboff|hover\u00a0\u00bb transform_rotate__hover_enabled=\u00a0\u00bboff|hover\u00a0\u00bb transform_skew__hover_enabled=\u00a0\u00bboff|hover\u00a0\u00bb transform_origin__hover_enabled=\u00a0\u00bboff|hover\u00a0\u00bb][\/et_pb_image][\/et_pb_column][\/et_pb_row][et_pb_row custom_padding_last_edited=\u00a0\u00bbon|tablet\u00a0\u00bb _builder_version=\u00a0\u00bb4.16&Prime; _module_preset=\u00a0\u00bbdefault\u00a0\u00bb width_tablet=\u00a0\u00bb\u00a0\u00bb width_phone=\u00a0\u00bb90%\u00a0\u00bb width_last_edited=\u00a0\u00bbon|phone\u00a0\u00bb custom_padding=\u00a0\u00bb20px||20px||false|false\u00a0\u00bb custom_padding_tablet=\u00a0\u00bb16px||16px||false|false\u00a0\u00bb custom_padding_phone=\u00a0\u00bb\u00a0\u00bb locked=\u00a0\u00bboff\u00a0\u00bb global_colors_info=\u00a0\u00bb{}\u00a0\u00bb][et_pb_column type=\u00a0\u00bb4_4&Prime; _builder_version=\u00a0\u00bb4.16&Prime; _module_preset=\u00a0\u00bbdefault\u00a0\u00bb global_colors_info=\u00a0\u00bb{}\u00a0\u00bb][et_pb_image src=\u00a0\u00bbhttps:\/\/landscapes-et-cie.com\/wp-content\/uploads\/2024\/01\/Jardin-La-Maison-Landscapes-et-Cie-8-scaled.jpeg\u00a0\u00bb alt=\u00a0\u00bbAmbiance m\u00e9diterran\u00e9enne dans le jardin de gravier. Un albizia en fleurs domine la sc\u00e8ne devant un mur en pierre. Des gramin\u00e9es ornementales et des vivaces adapt\u00e9es au sol sec prosp\u00e8rent le long du chemin. Un parasol blanc sugg\u00e8re un espace de d\u00e9tente au c\u0153ur de cette oasis ensoleill\u00e9e, con\u00e7ue sans irrigation.\u00a0\u00bb title_text=\u00a0\u00bbJardin &lsquo;La Maison&rsquo; &#8211; Landscapes et Cie (8)\u00a0\u00bb show_in_lightbox=\u00a0\u00bbon\u00a0\u00bb _builder_version=\u00a0\u00bb4.24.0&Prime; _module_preset=\u00a0\u00bbdefault\u00a0\u00bb transform_scale_last_edited=\u00a0\u00bboff|desktop\u00a0\u00bb transform_translate_last_edited=\u00a0\u00bboff|desktop\u00a0\u00bb transform_rotate_last_edited=\u00a0\u00bboff|desktop\u00a0\u00bb transform_skew_last_edited=\u00a0\u00bboff|desktop\u00a0\u00bb transform_origin_last_edited=\u00a0\u00bboff|desktop\u00a0\u00bb custom_margin=\u00a0\u00bb|0px||0px|false|false\u00a0\u00bb box_shadow_style=\u00a0\u00bbpreset3&Prime; box_shadow_vertical=\u00a0\u00bb7px\u00a0\u00bb box_shadow_blur=\u00a0\u00bb33px\u00a0\u00bb box_shadow_spread=\u00a0\u00bb-17px\u00a0\u00bb box_shadow_color=\u00a0\u00bbrgba(10,0,0,0.76)\u00a0\u00bb global_colors_info=\u00a0\u00bb{}\u00a0\u00bb box_shadow_vertical__hover=\u00a0\u00bb7px\u00a0\u00bb box_shadow_vertical__hover_enabled=\u00a0\u00bbon|desktop\u00a0\u00bb box_shadow_spread__hover=\u00a0\u00bb-10px\u00a0\u00bb box_shadow_spread__hover_enabled=\u00a0\u00bbon|hover\u00a0\u00bb transform_styles__hover_enabled=\u00a0\u00bbon|hover\u00a0\u00bb transform_scale__hover_enabled=\u00a0\u00bboff|hover\u00a0\u00bb transform_translate__hover_enabled=\u00a0\u00bboff|hover\u00a0\u00bb transform_rotate__hover_enabled=\u00a0\u00bboff|hover\u00a0\u00bb transform_skew__hover_enabled=\u00a0\u00bboff|hover\u00a0\u00bb transform_origin__hover_enabled=\u00a0\u00bboff|hover\u00a0\u00bb][\/et_pb_image][\/et_pb_column][\/et_pb_row][et_pb_row column_structure=\u00a0\u00bb1_3,1_3,1_3&Prime; custom_padding_last_edited=\u00a0\u00bbon|tablet\u00a0\u00bb _builder_version=\u00a0\u00bb4.16&Prime; _module_preset=\u00a0\u00bbdefault\u00a0\u00bb width_tablet=\u00a0\u00bb\u00a0\u00bb width_phone=\u00a0\u00bb90%\u00a0\u00bb width_last_edited=\u00a0\u00bbon|phone\u00a0\u00bb custom_padding=\u00a0\u00bb20px||20px||false|false\u00a0\u00bb custom_padding_tablet=\u00a0\u00bb16px||16px||false|false\u00a0\u00bb custom_padding_phone=\u00a0\u00bb\u00a0\u00bb locked=\u00a0\u00bboff\u00a0\u00bb global_colors_info=\u00a0\u00bb{}\u00a0\u00bb][et_pb_column type=\u00a0\u00bb1_3&Prime; _builder_version=\u00a0\u00bb4.16&Prime; _module_preset=\u00a0\u00bbdefault\u00a0\u00bb global_colors_info=\u00a0\u00bb{}\u00a0\u00bb][et_pb_image src=\u00a0\u00bbhttps:\/\/landscapes-et-cie.com\/wp-content\/uploads\/2024\/01\/Jardin-La-Maison-Landscapes-et-Cie-14-scaled.jpg\u00a0\u00bb alt=\u00a0\u00bb\u00c9clat printanier avec un groupe de tulipes botaniques d&rsquo;un orange-rouge vif, \u00e9mergeant d&rsquo;un tapis de couvre-sol verdoyant. Leurs fleurs \u00e9l\u00e9gantes sont mises en valeur par le soleil et le feuillage fin de gramin\u00e9es ornementales, apportant une touche de couleur vibrante au jardin de gravier.\u00a0\u00bb title_text=\u00a0\u00bbJardin &lsquo;La Maison&rsquo; &#8211; Landscapes et Cie (14)\u00a0\u00bb show_in_lightbox=\u00a0\u00bbon\u00a0\u00bb _builder_version=\u00a0\u00bb4.24.0&Prime; _module_preset=\u00a0\u00bbdefault\u00a0\u00bb transform_scale_last_edited=\u00a0\u00bboff|desktop\u00a0\u00bb transform_translate_last_edited=\u00a0\u00bboff|desktop\u00a0\u00bb transform_rotate_last_edited=\u00a0\u00bboff|desktop\u00a0\u00bb transform_skew_last_edited=\u00a0\u00bboff|desktop\u00a0\u00bb transform_origin_last_edited=\u00a0\u00bboff|desktop\u00a0\u00bb custom_margin=\u00a0\u00bb|-12px||0px|false|false\u00a0\u00bb custom_margin_tablet=\u00a0\u00bb|0px||0px|false|false\u00a0\u00bb custom_margin_phone=\u00a0\u00bb\u00a0\u00bb custom_margin_last_edited=\u00a0\u00bbon|phone\u00a0\u00bb box_shadow_style=\u00a0\u00bbpreset3&Prime; box_shadow_vertical=\u00a0\u00bb7px\u00a0\u00bb box_shadow_blur=\u00a0\u00bb33px\u00a0\u00bb box_shadow_spread=\u00a0\u00bb-17px\u00a0\u00bb box_shadow_color=\u00a0\u00bbrgba(10,0,0,0.76)\u00a0\u00bb global_colors_info=\u00a0\u00bb{}\u00a0\u00bb box_shadow_vertical__hover=\u00a0\u00bb7px\u00a0\u00bb box_shadow_vertical__hover_enabled=\u00a0\u00bbon|desktop\u00a0\u00bb box_shadow_spread__hover=\u00a0\u00bb-10px\u00a0\u00bb box_shadow_spread__hover_enabled=\u00a0\u00bbon|hover\u00a0\u00bb transform_styles__hover_enabled=\u00a0\u00bbon|hover\u00a0\u00bb transform_scale__hover_enabled=\u00a0\u00bbon|hover\u00a0\u00bb transform_translate__hover_enabled=\u00a0\u00bbon|desktop\u00a0\u00bb transform_rotate__hover_enabled=\u00a0\u00bbon|desktop\u00a0\u00bb transform_skew__hover_enabled=\u00a0\u00bbon|desktop\u00a0\u00bb transform_origin__hover_enabled=\u00a0\u00bbon|desktop\u00a0\u00bb][\/et_pb_image][\/et_pb_column][et_pb_column type=\u00a0\u00bb1_3&Prime; _builder_version=\u00a0\u00bb4.16&Prime; _module_preset=\u00a0\u00bbdefault\u00a0\u00bb global_colors_info=\u00a0\u00bb{}\u00a0\u00bb][et_pb_image src=\u00a0\u00bbhttps:\/\/landscapes-et-cie.com\/wp-content\/uploads\/2024\/01\/Jardin-La-Maison-Landscapes-et-Cie-8-scaled.jpg\u00a0\u00bb alt=\u00a0\u00bbVue depuis une fen\u00eatre sur le jardin de gravier, o\u00f9 un salon de jardin simple est install\u00e9 pour profiter du soleil. Un rosier grimpant aux fleurs roses abondantes encadre la sc\u00e8ne \u00e0 droite, tandis que le reste de la cour est bord\u00e9 de massifs riches en textures et en feuillages vari\u00e9s, allant jusqu&rsquo;au fond du jardin.\u00a0\u00bb title_text=\u00a0\u00bbJardin &lsquo;La Maison&rsquo; &#8211; Landscapes et Cie (61)\u00a0\u00bb show_in_lightbox=\u00a0\u00bbon\u00a0\u00bb _builder_version=\u00a0\u00bb4.24.0&Prime; _module_preset=\u00a0\u00bbdefault\u00a0\u00bb transform_scale_last_edited=\u00a0\u00bboff|desktop\u00a0\u00bb transform_translate_last_edited=\u00a0\u00bboff|desktop\u00a0\u00bb transform_rotate_last_edited=\u00a0\u00bboff|desktop\u00a0\u00bb transform_skew_last_edited=\u00a0\u00bboff|desktop\u00a0\u00bb transform_origin_last_edited=\u00a0\u00bboff|desktop\u00a0\u00bb custom_margin=\u00a0\u00bb|-6px||-6px|false|false\u00a0\u00bb custom_margin_tablet=\u00a0\u00bb|0px||0px|false|false\u00a0\u00bb custom_margin_phone=\u00a0\u00bb\u00a0\u00bb custom_margin_last_edited=\u00a0\u00bbon|phone\u00a0\u00bb box_shadow_style=\u00a0\u00bbpreset3&Prime; box_shadow_vertical=\u00a0\u00bb7px\u00a0\u00bb box_shadow_blur=\u00a0\u00bb33px\u00a0\u00bb box_shadow_spread=\u00a0\u00bb-17px\u00a0\u00bb box_shadow_color=\u00a0\u00bbrgba(10,0,0,0.76)\u00a0\u00bb global_colors_info=\u00a0\u00bb{}\u00a0\u00bb box_shadow_vertical__hover=\u00a0\u00bb7px\u00a0\u00bb box_shadow_vertical__hover_enabled=\u00a0\u00bbon|desktop\u00a0\u00bb box_shadow_spread__hover=\u00a0\u00bb-10px\u00a0\u00bb box_shadow_spread__hover_enabled=\u00a0\u00bbon|hover\u00a0\u00bb transform_styles__hover_enabled=\u00a0\u00bbon|hover\u00a0\u00bb transform_scale__hover_enabled=\u00a0\u00bbon|hover\u00a0\u00bb transform_translate__hover_enabled=\u00a0\u00bbon|desktop\u00a0\u00bb transform_rotate__hover_enabled=\u00a0\u00bbon|desktop\u00a0\u00bb transform_skew__hover_enabled=\u00a0\u00bbon|desktop\u00a0\u00bb transform_origin__hover_enabled=\u00a0\u00bbon|desktop\u00a0\u00bb][\/et_pb_image][\/et_pb_column][et_pb_column type=\u00a0\u00bb1_3&Prime; _builder_version=\u00a0\u00bb4.16&Prime; _module_preset=\u00a0\u00bbdefault\u00a0\u00bb global_colors_info=\u00a0\u00bb{}\u00a0\u00bb][et_pb_image src=\u00a0\u00bbhttps:\/\/landscapes-et-cie.com\/wp-content\/uploads\/2024\/01\/Jardin-La-Maison-Landscapes-et-Cie-15-scaled.jpg\u00a0\u00bb alt=\u00a0\u00bbUn banc en pierre aux lignes courbes et simples, invitant au repos \u00e0 l&rsquo;ombre d&rsquo;un arbre au feuillage lumineux. Entour\u00e9 de gramin\u00e9es, d&rsquo;un massif de fleurs blanches et d&rsquo;une haie de h\u00eatres, ce coin tranquille illustre l&rsquo;int\u00e9gration d&rsquo;\u00e9l\u00e9ments sculpturaux pour profiter de la qui\u00e9tude du jardin.\u00a0\u00bb title_text=\u00a0\u00bbJardin &lsquo;La Maison&rsquo; &#8211; Landscapes et Cie (15)\u00a0\u00bb show_in_lightbox=\u00a0\u00bbon\u00a0\u00bb _builder_version=\u00a0\u00bb4.24.0&Prime; _module_preset=\u00a0\u00bbdefault\u00a0\u00bb transform_scale_last_edited=\u00a0\u00bboff|desktop\u00a0\u00bb transform_translate_last_edited=\u00a0\u00bboff|desktop\u00a0\u00bb transform_rotate_last_edited=\u00a0\u00bboff|desktop\u00a0\u00bb transform_skew_last_edited=\u00a0\u00bboff|desktop\u00a0\u00bb transform_origin_last_edited=\u00a0\u00bboff|desktop\u00a0\u00bb custom_margin=\u00a0\u00bb|0px||-12px|false|false\u00a0\u00bb custom_margin_tablet=\u00a0\u00bb|0px||0px|false|false\u00a0\u00bb custom_margin_phone=\u00a0\u00bb\u00a0\u00bb custom_margin_last_edited=\u00a0\u00bbon|phone\u00a0\u00bb box_shadow_style=\u00a0\u00bbpreset3&Prime; box_shadow_vertical=\u00a0\u00bb7px\u00a0\u00bb box_shadow_blur=\u00a0\u00bb33px\u00a0\u00bb box_shadow_spread=\u00a0\u00bb-17px\u00a0\u00bb box_shadow_color=\u00a0\u00bbrgba(10,0,0,0.76)\u00a0\u00bb global_colors_info=\u00a0\u00bb{}\u00a0\u00bb box_shadow_vertical__hover=\u00a0\u00bb7px\u00a0\u00bb box_shadow_vertical__hover_enabled=\u00a0\u00bbon|desktop\u00a0\u00bb box_shadow_spread__hover=\u00a0\u00bb-10px\u00a0\u00bb box_shadow_spread__hover_enabled=\u00a0\u00bbon|hover\u00a0\u00bb transform_styles__hover_enabled=\u00a0\u00bbon|hover\u00a0\u00bb transform_scale__hover_enabled=\u00a0\u00bbon|hover\u00a0\u00bb transform_translate__hover_enabled=\u00a0\u00bbon|desktop\u00a0\u00bb transform_rotate__hover_enabled=\u00a0\u00bbon|desktop\u00a0\u00bb transform_skew__hover_enabled=\u00a0\u00bbon|desktop\u00a0\u00bb transform_origin__hover_enabled=\u00a0\u00bbon|desktop\u00a0\u00bb][\/et_pb_image][\/et_pb_column][\/et_pb_row][et_pb_row column_structure=\u00a0\u00bb1_4,1_4,1_4,1_4&Prime; custom_padding_last_edited=\u00a0\u00bbon|tablet\u00a0\u00bb _builder_version=\u00a0\u00bb4.16&Prime; _module_preset=\u00a0\u00bbdefault\u00a0\u00bb width_tablet=\u00a0\u00bb\u00a0\u00bb width_phone=\u00a0\u00bb90%\u00a0\u00bb width_last_edited=\u00a0\u00bbon|phone\u00a0\u00bb custom_padding=\u00a0\u00bb20px||20px||false|false\u00a0\u00bb custom_padding_tablet=\u00a0\u00bb16px||16px||false|false\u00a0\u00bb custom_padding_phone=\u00a0\u00bb\u00a0\u00bb global_colors_info=\u00a0\u00bb{}\u00a0\u00bb][et_pb_column type=\u00a0\u00bb1_4&Prime; _builder_version=\u00a0\u00bb4.16&Prime; _module_preset=\u00a0\u00bbdefault\u00a0\u00bb global_colors_info=\u00a0\u00bb{}\u00a0\u00bb][et_pb_image src=\u00a0\u00bbhttps:\/\/landscapes-et-cie.com\/wp-content\/uploads\/2024\/01\/Jardin-La-Maison-Landscapes-et-Cie-26-scaled.jpg\u00a0\u00bb alt=\u00a0\u00bbSuperbe contraste de textures dans le jardin de gramin\u00e9es. Les inflorescences plumeuses et dor\u00e9es des gramin\u00e9es, comme le Stipa tenuissima, sont illumin\u00e9es par le soleil et semblent s&rsquo;\u00e9couler autour de la forme dense et sombre d&rsquo;un arbuste taill\u00e9, cr\u00e9ant un effet visuel saisissant de mouvement et de stabilit\u00e9.\u00a0\u00bb title_text=\u00a0\u00bbJardin &lsquo;La Maison&rsquo; &#8211; Landscapes et Cie (26)\u00a0\u00bb show_in_lightbox=\u00a0\u00bbon\u00a0\u00bb _builder_version=\u00a0\u00bb4.24.0&Prime; _module_preset=\u00a0\u00bbdefault\u00a0\u00bb transform_scale_last_edited=\u00a0\u00bboff|desktop\u00a0\u00bb transform_translate_last_edited=\u00a0\u00bboff|desktop\u00a0\u00bb transform_rotate_last_edited=\u00a0\u00bboff|desktop\u00a0\u00bb transform_skew_last_edited=\u00a0\u00bboff|desktop\u00a0\u00bb transform_origin_last_edited=\u00a0\u00bboff|desktop\u00a0\u00bb custom_margin=\u00a0\u00bb|-12px||0px|false|false\u00a0\u00bb custom_margin_tablet=\u00a0\u00bb|0px||0px|false|false\u00a0\u00bb custom_margin_phone=\u00a0\u00bb\u00a0\u00bb custom_margin_last_edited=\u00a0\u00bbon|tablet\u00a0\u00bb box_shadow_style=\u00a0\u00bbpreset3&Prime; box_shadow_vertical=\u00a0\u00bb7px\u00a0\u00bb box_shadow_blur=\u00a0\u00bb33px\u00a0\u00bb box_shadow_spread=\u00a0\u00bb-17px\u00a0\u00bb box_shadow_color=\u00a0\u00bbrgba(10,0,0,0.76)\u00a0\u00bb global_colors_info=\u00a0\u00bb{}\u00a0\u00bb box_shadow_vertical__hover=\u00a0\u00bb7px\u00a0\u00bb box_shadow_vertical__hover_enabled=\u00a0\u00bbon|desktop\u00a0\u00bb box_shadow_spread__hover=\u00a0\u00bb-10px\u00a0\u00bb box_shadow_spread__hover_enabled=\u00a0\u00bbon|hover\u00a0\u00bb transform_styles__hover_enabled=\u00a0\u00bbon|hover\u00a0\u00bb transform_scale__hover_enabled=\u00a0\u00bbon|hover\u00a0\u00bb transform_translate__hover_enabled=\u00a0\u00bbon|desktop\u00a0\u00bb transform_rotate__hover_enabled=\u00a0\u00bbon|desktop\u00a0\u00bb transform_skew__hover_enabled=\u00a0\u00bbon|desktop\u00a0\u00bb transform_origin__hover_enabled=\u00a0\u00bbon|desktop\u00a0\u00bb][\/et_pb_image][\/et_pb_column][et_pb_column type=\u00a0\u00bb1_4&Prime; _builder_version=\u00a0\u00bb4.16&Prime; _module_preset=\u00a0\u00bbdefault\u00a0\u00bb global_colors_info=\u00a0\u00bb{}\u00a0\u00bb][et_pb_image src=\u00a0\u00bbhttps:\/\/landscapes-et-cie.com\/wp-content\/uploads\/2024\/01\/Jardin-La-Maison-Landscapes-et-Cie-58-scaled.jpg\u00a0\u00bb alt=\u00a0\u00bbUn banc simple et massif, taill\u00e9 dans une poutre de bois, est pos\u00e9 \u00e0 la lisi\u00e8re de la pelouse. Il offre une place pour admirer la floraison abondante des chrysanth\u00e8mes d&rsquo;automne, dont les touffes de fleurs blanches et magenta apportent une touche de couleur bienvenue en fin de saison.\u00a0\u00bb title_text=\u00a0\u00bbJardin &lsquo;La Maison&rsquo; &#8211; Landscapes et Cie (58)\u00a0\u00bb show_in_lightbox=\u00a0\u00bbon\u00a0\u00bb _builder_version=\u00a0\u00bb4.24.0&Prime; _module_preset=\u00a0\u00bbdefault\u00a0\u00bb transform_scale_last_edited=\u00a0\u00bboff|desktop\u00a0\u00bb transform_translate_last_edited=\u00a0\u00bboff|desktop\u00a0\u00bb transform_rotate_last_edited=\u00a0\u00bboff|desktop\u00a0\u00bb transform_skew_last_edited=\u00a0\u00bboff|desktop\u00a0\u00bb transform_origin_last_edited=\u00a0\u00bboff|desktop\u00a0\u00bb custom_margin=\u00a0\u00bb|-9px||-3px|false|false\u00a0\u00bb custom_margin_tablet=\u00a0\u00bb|0px||0px|false|false\u00a0\u00bb custom_margin_phone=\u00a0\u00bb\u00a0\u00bb custom_margin_last_edited=\u00a0\u00bbon|tablet\u00a0\u00bb box_shadow_style=\u00a0\u00bbpreset3&Prime; box_shadow_vertical=\u00a0\u00bb7px\u00a0\u00bb box_shadow_blur=\u00a0\u00bb33px\u00a0\u00bb box_shadow_spread=\u00a0\u00bb-17px\u00a0\u00bb box_shadow_color=\u00a0\u00bbrgba(10,0,0,0.76)\u00a0\u00bb global_colors_info=\u00a0\u00bb{}\u00a0\u00bb box_shadow_vertical__hover=\u00a0\u00bb7px\u00a0\u00bb box_shadow_vertical__hover_enabled=\u00a0\u00bbon|desktop\u00a0\u00bb box_shadow_spread__hover=\u00a0\u00bb-10px\u00a0\u00bb box_shadow_spread__hover_enabled=\u00a0\u00bbon|hover\u00a0\u00bb transform_styles__hover_enabled=\u00a0\u00bbon|hover\u00a0\u00bb transform_scale__hover_enabled=\u00a0\u00bbon|hover\u00a0\u00bb transform_translate__hover_enabled=\u00a0\u00bbon|desktop\u00a0\u00bb transform_rotate__hover_enabled=\u00a0\u00bbon|desktop\u00a0\u00bb transform_skew__hover_enabled=\u00a0\u00bbon|desktop\u00a0\u00bb transform_origin__hover_enabled=\u00a0\u00bbon|desktop\u00a0\u00bb][\/et_pb_image][\/et_pb_column][et_pb_column type=\u00a0\u00bb1_4&Prime; _builder_version=\u00a0\u00bb4.16&Prime; _module_preset=\u00a0\u00bbdefault\u00a0\u00bb global_colors_info=\u00a0\u00bb{}\u00a0\u00bb][et_pb_image src=\u00a0\u00bbhttps:\/\/landscapes-et-cie.com\/wp-content\/uploads\/2024\/01\/Jardin-La-Maison-Landscapes-et-Cie-41-scaled.jpg\u00a0\u00bb alt=\u00a0\u00bbGros plan sur une rose botanique simple aux p\u00e9tales rose tendre et au c\u0153ur d&rsquo;\u00e9tamines dor\u00e9es. La fleur, baign\u00e9e d&rsquo;une lumi\u00e8re douce, se d\u00e9tache sur un fond flou aux couleurs chaudes. Des boutons floraux et de jeunes feuilles pourpres compl\u00e8tent cette sc\u00e8ne d\u00e9licate et romantique.\u00a0\u00bb title_text=\u00a0\u00bbJardin &lsquo;La Maison&rsquo; &#8211; Landscapes et Cie (41)\u00a0\u00bb show_in_lightbox=\u00a0\u00bbon\u00a0\u00bb _builder_version=\u00a0\u00bb4.24.0&Prime; _module_preset=\u00a0\u00bbdefault\u00a0\u00bb transform_scale_last_edited=\u00a0\u00bboff|desktop\u00a0\u00bb transform_translate_last_edited=\u00a0\u00bboff|desktop\u00a0\u00bb transform_rotate_last_edited=\u00a0\u00bboff|desktop\u00a0\u00bb transform_skew_last_edited=\u00a0\u00bboff|desktop\u00a0\u00bb transform_origin_last_edited=\u00a0\u00bboff|desktop\u00a0\u00bb custom_margin=\u00a0\u00bb|-3px||-9px|false|false\u00a0\u00bb custom_margin_tablet=\u00a0\u00bb|0px||0px|false|false\u00a0\u00bb custom_margin_phone=\u00a0\u00bb\u00a0\u00bb custom_margin_last_edited=\u00a0\u00bbon|tablet\u00a0\u00bb box_shadow_style=\u00a0\u00bbpreset3&Prime; box_shadow_vertical=\u00a0\u00bb7px\u00a0\u00bb box_shadow_blur=\u00a0\u00bb33px\u00a0\u00bb box_shadow_spread=\u00a0\u00bb-17px\u00a0\u00bb box_shadow_color=\u00a0\u00bbrgba(10,0,0,0.76)\u00a0\u00bb global_colors_info=\u00a0\u00bb{}\u00a0\u00bb box_shadow_vertical__hover=\u00a0\u00bb7px\u00a0\u00bb box_shadow_vertical__hover_enabled=\u00a0\u00bbon|desktop\u00a0\u00bb box_shadow_spread__hover=\u00a0\u00bb-10px\u00a0\u00bb box_shadow_spread__hover_enabled=\u00a0\u00bbon|hover\u00a0\u00bb transform_styles__hover_enabled=\u00a0\u00bbon|hover\u00a0\u00bb transform_scale__hover_enabled=\u00a0\u00bbon|hover\u00a0\u00bb transform_translate__hover_enabled=\u00a0\u00bbon|desktop\u00a0\u00bb transform_rotate__hover_enabled=\u00a0\u00bbon|desktop\u00a0\u00bb transform_skew__hover_enabled=\u00a0\u00bbon|desktop\u00a0\u00bb transform_origin__hover_enabled=\u00a0\u00bbon|desktop\u00a0\u00bb][\/et_pb_image][\/et_pb_column][et_pb_column type=\u00a0\u00bb1_4&Prime; _builder_version=\u00a0\u00bb4.16&Prime; _module_preset=\u00a0\u00bbdefault\u00a0\u00bb global_colors_info=\u00a0\u00bb{}\u00a0\u00bb][et_pb_image src=\u00a0\u00bbhttps:\/\/landscapes-et-cie.com\/wp-content\/uploads\/2024\/01\/Jardin-La-Maison-Landscapes-et-Cie-25-scaled.jpg\u00a0\u00bb alt=\u00a0\u00bbGros plan sur un papillon aux ailes orang\u00e9es et brunes (Myrtil), butinant une fleur d&rsquo;origan. Cette image capture un instant de vie dans le jardin, soulignant son importance en tant qu&rsquo;habitat pour la biodiversit\u00e9 et les insectes pollinisateurs, attir\u00e9s par des plantes nectarif\u00e8res.\u00a0\u00bb title_text=\u00a0\u00bbJardin &lsquo;La Maison&rsquo; &#8211; Landscapes et Cie (25)\u00a0\u00bb show_in_lightbox=\u00a0\u00bbon\u00a0\u00bb _builder_version=\u00a0\u00bb4.24.0&Prime; _module_preset=\u00a0\u00bbdefault\u00a0\u00bb transform_scale_last_edited=\u00a0\u00bboff|desktop\u00a0\u00bb transform_translate_last_edited=\u00a0\u00bboff|desktop\u00a0\u00bb transform_rotate_last_edited=\u00a0\u00bboff|desktop\u00a0\u00bb transform_skew_last_edited=\u00a0\u00bboff|desktop\u00a0\u00bb transform_origin_last_edited=\u00a0\u00bboff|desktop\u00a0\u00bb custom_margin=\u00a0\u00bb|0px||-12px|false|false\u00a0\u00bb custom_margin_tablet=\u00a0\u00bb|0px||0px|false|false\u00a0\u00bb custom_margin_phone=\u00a0\u00bb\u00a0\u00bb custom_margin_last_edited=\u00a0\u00bbon|phone\u00a0\u00bb box_shadow_style=\u00a0\u00bbpreset3&Prime; box_shadow_vertical=\u00a0\u00bb7px\u00a0\u00bb box_shadow_blur=\u00a0\u00bb33px\u00a0\u00bb box_shadow_spread=\u00a0\u00bb-17px\u00a0\u00bb box_shadow_color=\u00a0\u00bbrgba(10,0,0,0.76)\u00a0\u00bb global_colors_info=\u00a0\u00bb{}\u00a0\u00bb box_shadow_vertical__hover=\u00a0\u00bb7px\u00a0\u00bb box_shadow_vertical__hover_enabled=\u00a0\u00bbon|desktop\u00a0\u00bb box_shadow_spread__hover=\u00a0\u00bb-10px\u00a0\u00bb box_shadow_spread__hover_enabled=\u00a0\u00bbon|hover\u00a0\u00bb transform_styles__hover_enabled=\u00a0\u00bbon|hover\u00a0\u00bb transform_scale__hover_enabled=\u00a0\u00bbon|hover\u00a0\u00bb transform_translate__hover_enabled=\u00a0\u00bbon|desktop\u00a0\u00bb transform_rotate__hover_enabled=\u00a0\u00bbon|desktop\u00a0\u00bb transform_skew__hover_enabled=\u00a0\u00bbon|desktop\u00a0\u00bb transform_origin__hover_enabled=\u00a0\u00bbon|desktop\u00a0\u00bb][\/et_pb_image][\/et_pb_column][\/et_pb_row][et_pb_row custom_padding_last_edited=\u00a0\u00bbon|tablet\u00a0\u00bb _builder_version=\u00a0\u00bb4.16&Prime; _module_preset=\u00a0\u00bbdefault\u00a0\u00bb width_tablet=\u00a0\u00bb\u00a0\u00bb width_phone=\u00a0\u00bb90%\u00a0\u00bb width_last_edited=\u00a0\u00bbon|phone\u00a0\u00bb custom_padding=\u00a0\u00bb20px||20px||false|false\u00a0\u00bb custom_padding_tablet=\u00a0\u00bb16px||16px||false|false\u00a0\u00bb custom_padding_phone=\u00a0\u00bb\u00a0\u00bb locked=\u00a0\u00bboff\u00a0\u00bb global_colors_info=\u00a0\u00bb{}\u00a0\u00bb][et_pb_column type=\u00a0\u00bb4_4&Prime; _builder_version=\u00a0\u00bb4.16&Prime; _module_preset=\u00a0\u00bbdefault\u00a0\u00bb global_colors_info=\u00a0\u00bb{}\u00a0\u00bb][et_pb_image src=\u00a0\u00bbhttps:\/\/landscapes-et-cie.com\/wp-content\/uploads\/2024\/01\/Jardin-La-Maison-Landscapes-et-Cie-4-scaled.jpeg\u00a0\u00bb alt=\u00a0\u00bbLe jardin de gravier s&rsquo;\u00e9tend devant une ancienne d\u00e9pendance en pierre au toit d&rsquo;ardoise. Les plantations sont naturalistes, avec des arbustes aux feuillages pourpres, des plantes couvre-sol argent\u00e9es et des ifs taill\u00e9s. Des poteaux de bois rustiques ajoutent un \u00e9l\u00e9ment vertical \u00e0 la composition.\u00a0\u00bb title_text=\u00a0\u00bbJardin &lsquo;La Maison&rsquo; &#8211; Landscapes et Cie (65)\u00a0\u00bb show_in_lightbox=\u00a0\u00bbon\u00a0\u00bb _builder_version=\u00a0\u00bb4.24.0&Prime; _module_preset=\u00a0\u00bbdefault\u00a0\u00bb transform_scale_last_edited=\u00a0\u00bboff|desktop\u00a0\u00bb transform_translate_last_edited=\u00a0\u00bboff|desktop\u00a0\u00bb transform_rotate_last_edited=\u00a0\u00bboff|desktop\u00a0\u00bb transform_skew_last_edited=\u00a0\u00bboff|desktop\u00a0\u00bb transform_origin_last_edited=\u00a0\u00bboff|desktop\u00a0\u00bb custom_margin=\u00a0\u00bb|0px||0px|false|false\u00a0\u00bb box_shadow_style=\u00a0\u00bbpreset3&Prime; box_shadow_vertical=\u00a0\u00bb7px\u00a0\u00bb box_shadow_blur=\u00a0\u00bb33px\u00a0\u00bb box_shadow_spread=\u00a0\u00bb-17px\u00a0\u00bb box_shadow_color=\u00a0\u00bbrgba(10,0,0,0.76)\u00a0\u00bb global_colors_info=\u00a0\u00bb{}\u00a0\u00bb box_shadow_vertical__hover=\u00a0\u00bb7px\u00a0\u00bb box_shadow_vertical__hover_enabled=\u00a0\u00bbon|desktop\u00a0\u00bb box_shadow_spread__hover=\u00a0\u00bb-10px\u00a0\u00bb box_shadow_spread__hover_enabled=\u00a0\u00bbon|hover\u00a0\u00bb transform_styles__hover_enabled=\u00a0\u00bbon|desktop\u00a0\u00bb transform_scale__hover_enabled=\u00a0\u00bbon|desktop\u00a0\u00bb transform_translate__hover_enabled=\u00a0\u00bboff|hover\u00a0\u00bb transform_rotate__hover_enabled=\u00a0\u00bboff|hover\u00a0\u00bb transform_skew__hover_enabled=\u00a0\u00bboff|hover\u00a0\u00bb transform_origin__hover_enabled=\u00a0\u00bboff|hover\u00a0\u00bb][\/et_pb_image][\/et_pb_column][\/et_pb_row][et_pb_row column_structure=\u00a0\u00bb1_3,1_3,1_3&Prime; custom_padding_last_edited=\u00a0\u00bbon|tablet\u00a0\u00bb _builder_version=\u00a0\u00bb4.16&Prime; _module_preset=\u00a0\u00bbdefault\u00a0\u00bb width_tablet=\u00a0\u00bb\u00a0\u00bb width_phone=\u00a0\u00bb90%\u00a0\u00bb width_last_edited=\u00a0\u00bbon|phone\u00a0\u00bb custom_padding=\u00a0\u00bb20px||20px||false|false\u00a0\u00bb custom_padding_tablet=\u00a0\u00bb16px||16px||false|false\u00a0\u00bb custom_padding_phone=\u00a0\u00bb\u00a0\u00bb locked=\u00a0\u00bboff\u00a0\u00bb global_colors_info=\u00a0\u00bb{}\u00a0\u00bb][et_pb_column type=\u00a0\u00bb1_3&Prime; _builder_version=\u00a0\u00bb4.16&Prime; _module_preset=\u00a0\u00bbdefault\u00a0\u00bb global_colors_info=\u00a0\u00bb{}\u00a0\u00bb][et_pb_image src=\u00a0\u00bbhttps:\/\/landscapes-et-cie.com\/wp-content\/uploads\/2024\/01\/Jardin-La-Maison-Landscapes-et-Cie-10-scaled.jpg\u00a0\u00bb alt=\u00a0\u00bbGros plan sur les \u00e9pis floraux rose tendre et d\u00e9licats d&rsquo;une persicaria (renou\u00e9e). Les petites fleurs sont mises en valeur par la lumi\u00e8re douce et un arri\u00e8re-plan flou, soulignant la beaut\u00e9 subtile des floraisons de fin d&rsquo;\u00e9t\u00e9 dans le jardin et l&rsquo;attrait pour les insectes pollinisateurs.\u00a0\u00bb title_text=\u00a0\u00bbJardin &lsquo;La Maison&rsquo; &#8211; Landscapes et Cie (10)\u00a0\u00bb show_in_lightbox=\u00a0\u00bbon\u00a0\u00bb _builder_version=\u00a0\u00bb4.24.0&Prime; _module_preset=\u00a0\u00bbdefault\u00a0\u00bb transform_scale_last_edited=\u00a0\u00bboff|desktop\u00a0\u00bb transform_translate_last_edited=\u00a0\u00bboff|desktop\u00a0\u00bb transform_rotate_last_edited=\u00a0\u00bboff|desktop\u00a0\u00bb transform_skew_last_edited=\u00a0\u00bboff|desktop\u00a0\u00bb transform_origin_last_edited=\u00a0\u00bboff|desktop\u00a0\u00bb custom_margin=\u00a0\u00bb|-12px||0px|false|false\u00a0\u00bb custom_margin_tablet=\u00a0\u00bb|0px||0px|false|false\u00a0\u00bb custom_margin_phone=\u00a0\u00bb\u00a0\u00bb custom_margin_last_edited=\u00a0\u00bbon|phone\u00a0\u00bb box_shadow_style=\u00a0\u00bbpreset3&Prime; box_shadow_vertical=\u00a0\u00bb7px\u00a0\u00bb box_shadow_blur=\u00a0\u00bb33px\u00a0\u00bb box_shadow_spread=\u00a0\u00bb-17px\u00a0\u00bb box_shadow_color=\u00a0\u00bbrgba(10,0,0,0.76)\u00a0\u00bb global_colors_info=\u00a0\u00bb{}\u00a0\u00bb box_shadow_vertical__hover=\u00a0\u00bb7px\u00a0\u00bb box_shadow_vertical__hover_enabled=\u00a0\u00bbon|desktop\u00a0\u00bb box_shadow_spread__hover=\u00a0\u00bb-10px\u00a0\u00bb box_shadow_spread__hover_enabled=\u00a0\u00bbon|hover\u00a0\u00bb transform_styles__hover_enabled=\u00a0\u00bbon|hover\u00a0\u00bb transform_scale__hover_enabled=\u00a0\u00bbon|hover\u00a0\u00bb transform_translate__hover_enabled=\u00a0\u00bbon|desktop\u00a0\u00bb transform_rotate__hover_enabled=\u00a0\u00bbon|desktop\u00a0\u00bb transform_skew__hover_enabled=\u00a0\u00bbon|desktop\u00a0\u00bb transform_origin__hover_enabled=\u00a0\u00bbon|desktop\u00a0\u00bb][\/et_pb_image][\/et_pb_column][et_pb_column type=\u00a0\u00bb1_3&Prime; _builder_version=\u00a0\u00bb4.16&Prime; _module_preset=\u00a0\u00bbdefault\u00a0\u00bb global_colors_info=\u00a0\u00bb{}\u00a0\u00bb][et_pb_image src=\u00a0\u00bbhttps:\/\/landscapes-et-cie.com\/wp-content\/uploads\/2024\/01\/Jardin-La-Maison-Landscapes-et-Cie-13-scaled.jpg\u00a0\u00bb alt=\u00a0\u00bbAmbiance hivernale et myst\u00e9rieuse lors d&rsquo;une matin\u00e9e brumeuse. La silhouette d&rsquo;une cl\u00f4ture rustique en bois et les branches nues d&rsquo;un arbuste se dessinent dans la brume. Un buis taill\u00e9 en boule apporte une touche de vert persistant, illustrant la po\u00e9sie du jardin endormi sous le givre.\u00a0\u00bb title_text=\u00a0\u00bbJardin &lsquo;La Maison&rsquo; &#8211; Landscapes et Cie (13)\u00a0\u00bb show_in_lightbox=\u00a0\u00bbon\u00a0\u00bb _builder_version=\u00a0\u00bb4.24.0&Prime; _module_preset=\u00a0\u00bbdefault\u00a0\u00bb transform_scale_last_edited=\u00a0\u00bboff|desktop\u00a0\u00bb transform_translate_last_edited=\u00a0\u00bboff|desktop\u00a0\u00bb transform_rotate_last_edited=\u00a0\u00bboff|desktop\u00a0\u00bb transform_skew_last_edited=\u00a0\u00bboff|desktop\u00a0\u00bb transform_origin_last_edited=\u00a0\u00bboff|desktop\u00a0\u00bb custom_margin=\u00a0\u00bb|-6px||-6px|false|false\u00a0\u00bb custom_margin_tablet=\u00a0\u00bb|0px||0px|false|false\u00a0\u00bb custom_margin_phone=\u00a0\u00bb\u00a0\u00bb custom_margin_last_edited=\u00a0\u00bbon|phone\u00a0\u00bb box_shadow_style=\u00a0\u00bbpreset3&Prime; box_shadow_vertical=\u00a0\u00bb7px\u00a0\u00bb box_shadow_blur=\u00a0\u00bb33px\u00a0\u00bb box_shadow_spread=\u00a0\u00bb-17px\u00a0\u00bb box_shadow_color=\u00a0\u00bbrgba(10,0,0,0.76)\u00a0\u00bb global_colors_info=\u00a0\u00bb{}\u00a0\u00bb box_shadow_vertical__hover=\u00a0\u00bb7px\u00a0\u00bb box_shadow_vertical__hover_enabled=\u00a0\u00bbon|desktop\u00a0\u00bb box_shadow_spread__hover=\u00a0\u00bb-10px\u00a0\u00bb box_shadow_spread__hover_enabled=\u00a0\u00bbon|hover\u00a0\u00bb transform_styles__hover_enabled=\u00a0\u00bbon|hover\u00a0\u00bb transform_scale__hover_enabled=\u00a0\u00bbon|hover\u00a0\u00bb transform_translate__hover_enabled=\u00a0\u00bbon|desktop\u00a0\u00bb transform_rotate__hover_enabled=\u00a0\u00bbon|desktop\u00a0\u00bb transform_skew__hover_enabled=\u00a0\u00bbon|desktop\u00a0\u00bb transform_origin__hover_enabled=\u00a0\u00bbon|desktop\u00a0\u00bb][\/et_pb_image][\/et_pb_column][et_pb_column type=\u00a0\u00bb1_3&Prime; _builder_version=\u00a0\u00bb4.16&Prime; _module_preset=\u00a0\u00bbdefault\u00a0\u00bb global_colors_info=\u00a0\u00bb{}\u00a0\u00bb][et_pb_image src=\u00a0\u00bbhttps:\/\/landscapes-et-cie.com\/wp-content\/uploads\/2024\/01\/Jardin-La-Maison-Landscapes-et-Cie-1.jpg\u00a0\u00bb alt=\u00a0\u00bbUne fontaine rustique o\u00f9 l&rsquo;eau s&rsquo;\u00e9coule d&rsquo;un bec en m\u00e9tal courb\u00e9 dans une vasque en pierre brute. Le point d&rsquo;eau est nich\u00e9 au c\u0153ur d&rsquo;une v\u00e9g\u00e9tation luxuriante, avec des plantes \u00e0 grandes feuilles, des vivaces \u00e0 fleurs roses et un poteau en bois vieilli, cr\u00e9ant une sc\u00e8ne naturelle et apaisante dans un coin du jardin.\u00a0\u00bb title_text=\u00a0\u00bbJardin &lsquo;La Maison&rsquo; &#8211; Landscapes et Cie (1)\u00a0\u00bb show_in_lightbox=\u00a0\u00bbon\u00a0\u00bb _builder_version=\u00a0\u00bb4.24.0&Prime; _module_preset=\u00a0\u00bbdefault\u00a0\u00bb transform_scale_last_edited=\u00a0\u00bboff|desktop\u00a0\u00bb transform_translate_last_edited=\u00a0\u00bboff|desktop\u00a0\u00bb transform_rotate_last_edited=\u00a0\u00bboff|desktop\u00a0\u00bb transform_skew_last_edited=\u00a0\u00bboff|desktop\u00a0\u00bb transform_origin_last_edited=\u00a0\u00bboff|desktop\u00a0\u00bb custom_margin=\u00a0\u00bb|0px||-12px|false|false\u00a0\u00bb custom_margin_tablet=\u00a0\u00bb|0px||0px|false|false\u00a0\u00bb custom_margin_phone=\u00a0\u00bb\u00a0\u00bb custom_margin_last_edited=\u00a0\u00bbon|phone\u00a0\u00bb box_shadow_style=\u00a0\u00bbpreset3&Prime; box_shadow_vertical=\u00a0\u00bb7px\u00a0\u00bb box_shadow_blur=\u00a0\u00bb33px\u00a0\u00bb box_shadow_spread=\u00a0\u00bb-17px\u00a0\u00bb box_shadow_color=\u00a0\u00bbrgba(10,0,0,0.76)\u00a0\u00bb global_colors_info=\u00a0\u00bb{}\u00a0\u00bb box_shadow_vertical__hover=\u00a0\u00bb7px\u00a0\u00bb box_shadow_vertical__hover_enabled=\u00a0\u00bbon|desktop\u00a0\u00bb box_shadow_spread__hover=\u00a0\u00bb-10px\u00a0\u00bb box_shadow_spread__hover_enabled=\u00a0\u00bbon|hover\u00a0\u00bb transform_styles__hover_enabled=\u00a0\u00bbon|hover\u00a0\u00bb transform_scale__hover_enabled=\u00a0\u00bbon|hover\u00a0\u00bb transform_translate__hover_enabled=\u00a0\u00bbon|desktop\u00a0\u00bb transform_rotate__hover_enabled=\u00a0\u00bbon|desktop\u00a0\u00bb transform_skew__hover_enabled=\u00a0\u00bbon|desktop\u00a0\u00bb transform_origin__hover_enabled=\u00a0\u00bbon|desktop\u00a0\u00bb][\/et_pb_image][\/et_pb_column][\/et_pb_row][et_pb_row column_structure=\u00a0\u00bb1_2,1_2&Prime; custom_padding_last_edited=\u00a0\u00bbon|tablet\u00a0\u00bb _builder_version=\u00a0\u00bb4.16&Prime; _module_preset=\u00a0\u00bbdefault\u00a0\u00bb width_tablet=\u00a0\u00bb\u00a0\u00bb width_phone=\u00a0\u00bb90%\u00a0\u00bb width_last_edited=\u00a0\u00bbon|phone\u00a0\u00bb custom_padding=\u00a0\u00bb20px||20px||false|false\u00a0\u00bb custom_padding_tablet=\u00a0\u00bb16px||16px||false|false\u00a0\u00bb custom_padding_phone=\u00a0\u00bb\u00a0\u00bb locked=\u00a0\u00bboff\u00a0\u00bb global_colors_info=\u00a0\u00bb{}\u00a0\u00bb][et_pb_column type=\u00a0\u00bb1_2&Prime; _builder_version=\u00a0\u00bb4.16&Prime; _module_preset=\u00a0\u00bbdefault\u00a0\u00bb global_colors_info=\u00a0\u00bb{}\u00a0\u00bb][et_pb_image src=\u00a0\u00bbhttps:\/\/landscapes-et-cie.com\/wp-content\/uploads\/2024\/01\/Jardin-La-Maison-Landscapes-et-Cie-51-scaled.jpg\u00a0\u00bb alt=\u00a0\u00bbSc\u00e8ne matinale d&rsquo;automne dans le jardin de gramin\u00e9es. La lumi\u00e8re rasante illumine les plumeaux de l&rsquo;herbe de la pampa, un arbuste au feuillage orang\u00e9 et les silhouettes des vivaces s\u00e9ch\u00e9es. Des buis taill\u00e9s en boules sombres structurent ce tableau o\u00f9 les textures du givre et des plantes cr\u00e9ent une atmosph\u00e8re magique.\u00a0\u00bb title_text=\u00a0\u00bbJardin &lsquo;La Maison&rsquo; &#8211; Landscapes et Cie (51)\u00a0\u00bb show_in_lightbox=\u00a0\u00bbon\u00a0\u00bb _builder_version=\u00a0\u00bb4.24.0&Prime; _module_preset=\u00a0\u00bbdefault\u00a0\u00bb transform_scale_last_edited=\u00a0\u00bboff|desktop\u00a0\u00bb transform_translate_last_edited=\u00a0\u00bboff|desktop\u00a0\u00bb transform_rotate_last_edited=\u00a0\u00bboff|desktop\u00a0\u00bb transform_skew_last_edited=\u00a0\u00bboff|desktop\u00a0\u00bb transform_origin_last_edited=\u00a0\u00bboff|desktop\u00a0\u00bb custom_margin=\u00a0\u00bb|-12px||0px|false|false\u00a0\u00bb custom_margin_tablet=\u00a0\u00bb|0px||0px|false|false\u00a0\u00bb custom_margin_phone=\u00a0\u00bb\u00a0\u00bb custom_margin_last_edited=\u00a0\u00bbon|phone\u00a0\u00bb box_shadow_style=\u00a0\u00bbpreset3&Prime; box_shadow_vertical=\u00a0\u00bb7px\u00a0\u00bb box_shadow_blur=\u00a0\u00bb33px\u00a0\u00bb box_shadow_spread=\u00a0\u00bb-17px\u00a0\u00bb box_shadow_color=\u00a0\u00bbrgba(10,0,0,0.76)\u00a0\u00bb global_colors_info=\u00a0\u00bb{}\u00a0\u00bb box_shadow_vertical__hover=\u00a0\u00bb7px\u00a0\u00bb box_shadow_vertical__hover_enabled=\u00a0\u00bbon|desktop\u00a0\u00bb box_shadow_spread__hover=\u00a0\u00bb-10px\u00a0\u00bb box_shadow_spread__hover_enabled=\u00a0\u00bbon|hover\u00a0\u00bb transform_styles__hover_enabled=\u00a0\u00bbon|hover\u00a0\u00bb transform_scale__hover_enabled=\u00a0\u00bboff|hover\u00a0\u00bb transform_translate__hover_enabled=\u00a0\u00bboff|hover\u00a0\u00bb transform_rotate__hover_enabled=\u00a0\u00bboff|hover\u00a0\u00bb transform_skew__hover_enabled=\u00a0\u00bboff|hover\u00a0\u00bb transform_origin__hover_enabled=\u00a0\u00bboff|hover\u00a0\u00bb][\/et_pb_image][\/et_pb_column][et_pb_column type=\u00a0\u00bb1_2&Prime; _builder_version=\u00a0\u00bb4.16&Prime; _module_preset=\u00a0\u00bbdefault\u00a0\u00bb global_colors_info=\u00a0\u00bb{}\u00a0\u00bb][et_pb_image src=\u00a0\u00bbhttps:\/\/landscapes-et-cie.com\/wp-content\/uploads\/2024\/01\/Jardin-La-Maison-Landscapes-et-Cie-47-scaled.jpg\u00a0\u00bb alt=\u00a0\u00bbBordure de gravier ensoleill\u00e9e et color\u00e9e, illustrant un jardin sec r\u00e9ussi. Des buis ronds structurent la plantation o\u00f9 des santolines argent\u00e9es aux fleurs jaunes c\u00f4toient des sauges arbustives roses. Un feuillage panach\u00e9 apporte de la lumi\u00e8re, cr\u00e9ant un ensemble n\u00e9cessitant peu d&rsquo;eau et plein de vie.\u00a0\u00bb title_text=\u00a0\u00bbJardin &lsquo;La Maison&rsquo; &#8211; Landscapes et Cie (47)\u00a0\u00bb show_in_lightbox=\u00a0\u00bbon\u00a0\u00bb _builder_version=\u00a0\u00bb4.24.0&Prime; _module_preset=\u00a0\u00bbdefault\u00a0\u00bb transform_scale_last_edited=\u00a0\u00bboff|desktop\u00a0\u00bb transform_translate_last_edited=\u00a0\u00bboff|desktop\u00a0\u00bb transform_rotate_last_edited=\u00a0\u00bboff|desktop\u00a0\u00bb transform_skew_last_edited=\u00a0\u00bboff|desktop\u00a0\u00bb transform_origin_last_edited=\u00a0\u00bboff|desktop\u00a0\u00bb custom_margin=\u00a0\u00bb|||-12px|false|false\u00a0\u00bb custom_margin_tablet=\u00a0\u00bb|||0px|false|false\u00a0\u00bb custom_margin_phone=\u00a0\u00bb\u00a0\u00bb custom_margin_last_edited=\u00a0\u00bbon|phone\u00a0\u00bb box_shadow_style=\u00a0\u00bbpreset3&Prime; box_shadow_vertical=\u00a0\u00bb7px\u00a0\u00bb box_shadow_blur=\u00a0\u00bb33px\u00a0\u00bb box_shadow_spread=\u00a0\u00bb-17px\u00a0\u00bb box_shadow_color=\u00a0\u00bbrgba(10,0,0,0.76)\u00a0\u00bb global_colors_info=\u00a0\u00bb{}\u00a0\u00bb box_shadow_vertical__hover=\u00a0\u00bb7px\u00a0\u00bb box_shadow_vertical__hover_enabled=\u00a0\u00bbon|desktop\u00a0\u00bb box_shadow_spread__hover=\u00a0\u00bb-10px\u00a0\u00bb box_shadow_spread__hover_enabled=\u00a0\u00bbon|hover\u00a0\u00bb transform_styles__hover_enabled=\u00a0\u00bbon|hover\u00a0\u00bb transform_scale__hover_enabled=\u00a0\u00bboff|hover\u00a0\u00bb transform_translate__hover_enabled=\u00a0\u00bboff|hover\u00a0\u00bb transform_rotate__hover_enabled=\u00a0\u00bboff|hover\u00a0\u00bb transform_skew__hover_enabled=\u00a0\u00bboff|hover\u00a0\u00bb transform_origin__hover_enabled=\u00a0\u00bboff|hover\u00a0\u00bb][\/et_pb_image][\/et_pb_column][\/et_pb_row][et_pb_row custom_padding_last_edited=\u00a0\u00bbon|tablet\u00a0\u00bb _builder_version=\u00a0\u00bb4.16&Prime; _module_preset=\u00a0\u00bbdefault\u00a0\u00bb width_tablet=\u00a0\u00bb\u00a0\u00bb width_phone=\u00a0\u00bb90%\u00a0\u00bb width_last_edited=\u00a0\u00bbon|phone\u00a0\u00bb custom_padding=\u00a0\u00bb20px||20px||false|false\u00a0\u00bb custom_padding_tablet=\u00a0\u00bb16px||16px||false|false\u00a0\u00bb custom_padding_phone=\u00a0\u00bb\u00a0\u00bb locked=\u00a0\u00bboff\u00a0\u00bb global_colors_info=\u00a0\u00bb{}\u00a0\u00bb][et_pb_column type=\u00a0\u00bb4_4&Prime; _builder_version=\u00a0\u00bb4.16&Prime; _module_preset=\u00a0\u00bbdefault\u00a0\u00bb global_colors_info=\u00a0\u00bb{}\u00a0\u00bb][et_pb_image src=\u00a0\u00bbhttps:\/\/landscapes-et-cie.com\/wp-content\/uploads\/2024\/01\/Jardin-La-Maison-Landscapes-et-Cie-56-scaled-e1705070415609.jpg\u00a0\u00bb alt=\u00a0\u00bbMassif ensoleill\u00e9 adoss\u00e9 au mur en pierre de la maison, typique du jardin de gravier. La lumi\u00e8re du soir met en valeur une association de plantes r\u00e9sistantes \u00e0 la s\u00e9cheresse, incluant des agapanthes bleues, des feuillages gris\u00e2tres et la haute silhouette d&rsquo;un fenouil en fleur, cr\u00e9ant une sc\u00e8ne chaleureuse.\u00a0\u00bb title_text=\u00a0\u00bbJardin &lsquo;La Maison&rsquo; &#8211; Landscapes et Cie (56)\u00a0\u00bb show_in_lightbox=\u00a0\u00bbon\u00a0\u00bb _builder_version=\u00a0\u00bb4.24.0&Prime; _module_preset=\u00a0\u00bbdefault\u00a0\u00bb transform_scale_last_edited=\u00a0\u00bboff|desktop\u00a0\u00bb transform_translate_last_edited=\u00a0\u00bboff|desktop\u00a0\u00bb transform_rotate_last_edited=\u00a0\u00bboff|desktop\u00a0\u00bb transform_skew_last_edited=\u00a0\u00bboff|desktop\u00a0\u00bb transform_origin_last_edited=\u00a0\u00bboff|desktop\u00a0\u00bb custom_margin=\u00a0\u00bb|0px||0px|false|false\u00a0\u00bb box_shadow_style=\u00a0\u00bbpreset3&Prime; box_shadow_vertical=\u00a0\u00bb7px\u00a0\u00bb box_shadow_blur=\u00a0\u00bb33px\u00a0\u00bb box_shadow_spread=\u00a0\u00bb-17px\u00a0\u00bb box_shadow_color=\u00a0\u00bbrgba(10,0,0,0.76)\u00a0\u00bb global_colors_info=\u00a0\u00bb{}\u00a0\u00bb box_shadow_vertical__hover=\u00a0\u00bb7px\u00a0\u00bb box_shadow_vertical__hover_enabled=\u00a0\u00bbon|desktop\u00a0\u00bb box_shadow_spread__hover=\u00a0\u00bb-10px\u00a0\u00bb box_shadow_spread__hover_enabled=\u00a0\u00bbon|hover\u00a0\u00bb transform_styles__hover_enabled=\u00a0\u00bbon|desktop\u00a0\u00bb transform_scale__hover_enabled=\u00a0\u00bbon|desktop\u00a0\u00bb transform_translate__hover_enabled=\u00a0\u00bboff|hover\u00a0\u00bb transform_rotate__hover_enabled=\u00a0\u00bboff|hover\u00a0\u00bb transform_skew__hover_enabled=\u00a0\u00bboff|hover\u00a0\u00bb transform_origin__hover_enabled=\u00a0\u00bboff|hover\u00a0\u00bb][\/et_pb_image][\/et_pb_column][\/et_pb_row][et_pb_row custom_padding_last_edited=\u00a0\u00bbon|tablet\u00a0\u00bb _builder_version=\u00a0\u00bb4.16&Prime; _module_preset=\u00a0\u00bbdefault\u00a0\u00bb width_tablet=\u00a0\u00bb\u00a0\u00bb width_phone=\u00a0\u00bb90%\u00a0\u00bb width_last_edited=\u00a0\u00bbon|phone\u00a0\u00bb custom_padding=\u00a0\u00bb20px||20px||false|false\u00a0\u00bb custom_padding_tablet=\u00a0\u00bb16px||16px||false|false\u00a0\u00bb custom_padding_phone=\u00a0\u00bb\u00a0\u00bb locked=\u00a0\u00bboff\u00a0\u00bb global_colors_info=\u00a0\u00bb{}\u00a0\u00bb][et_pb_column type=\u00a0\u00bb4_4&Prime; _builder_version=\u00a0\u00bb4.16&Prime; _module_preset=\u00a0\u00bbdefault\u00a0\u00bb global_colors_info=\u00a0\u00bb{}\u00a0\u00bb][et_pb_image src=\u00a0\u00bbhttps:\/\/landscapes-et-cie.com\/wp-content\/uploads\/2024\/01\/Jardin-La-Maison-Landscapes-et-Cie-11-scaled-e1705070510812.jpg\u00a0\u00bb alt=\u00a0\u00bbSc\u00e8ne automnale riche en textures. Le feuillage argent\u00e9 d&rsquo;une vivace au premier plan contraste avec les feuilles d&rsquo;un arbuste prenant des teintes chaudes rouge-orang\u00e9. En arri\u00e8re-plan, des gramin\u00e9es s\u00e8ches et une chaise de jardin en bois invitent \u00e0 la contemplation, montrant la beaut\u00e9 du jardin en toute saison.\u00a0\u00bb title_text=\u00a0\u00bbJardin &lsquo;La Maison&rsquo; &#8211; Landscapes et Cie (11)\u00a0\u00bb show_in_lightbox=\u00a0\u00bbon\u00a0\u00bb _builder_version=\u00a0\u00bb4.24.0&Prime; _module_preset=\u00a0\u00bbdefault\u00a0\u00bb transform_scale_last_edited=\u00a0\u00bboff|desktop\u00a0\u00bb transform_translate_last_edited=\u00a0\u00bboff|desktop\u00a0\u00bb transform_rotate_last_edited=\u00a0\u00bboff|desktop\u00a0\u00bb transform_skew_last_edited=\u00a0\u00bboff|desktop\u00a0\u00bb transform_origin_last_edited=\u00a0\u00bboff|desktop\u00a0\u00bb custom_margin=\u00a0\u00bb|0px||0px|false|false\u00a0\u00bb box_shadow_style=\u00a0\u00bbpreset3&Prime; box_shadow_vertical=\u00a0\u00bb7px\u00a0\u00bb box_shadow_blur=\u00a0\u00bb33px\u00a0\u00bb box_shadow_spread=\u00a0\u00bb-17px\u00a0\u00bb box_shadow_color=\u00a0\u00bbrgba(10,0,0,0.76)\u00a0\u00bb global_colors_info=\u00a0\u00bb{}\u00a0\u00bb box_shadow_vertical__hover=\u00a0\u00bb7px\u00a0\u00bb box_shadow_vertical__hover_enabled=\u00a0\u00bbon|desktop\u00a0\u00bb box_shadow_spread__hover=\u00a0\u00bb-10px\u00a0\u00bb box_shadow_spread__hover_enabled=\u00a0\u00bbon|hover\u00a0\u00bb transform_styles__hover_enabled=\u00a0\u00bboff|hover\u00a0\u00bb transform_scale__hover_enabled=\u00a0\u00bboff|hover\u00a0\u00bb transform_translate__hover_enabled=\u00a0\u00bboff|hover\u00a0\u00bb transform_rotate__hover_enabled=\u00a0\u00bboff|hover\u00a0\u00bb transform_skew__hover_enabled=\u00a0\u00bboff|hover\u00a0\u00bb transform_origin__hover_enabled=\u00a0\u00bboff|hover\u00a0\u00bb][\/et_pb_image][\/et_pb_column][\/et_pb_row][et_pb_row column_structure=\u00a0\u00bb1_3,1_3,1_3&Prime; custom_padding_last_edited=\u00a0\u00bbon|tablet\u00a0\u00bb _builder_version=\u00a0\u00bb4.16&Prime; _module_preset=\u00a0\u00bbdefault\u00a0\u00bb width_tablet=\u00a0\u00bb\u00a0\u00bb width_phone=\u00a0\u00bb90%\u00a0\u00bb width_last_edited=\u00a0\u00bbon|phone\u00a0\u00bb custom_padding=\u00a0\u00bb20px||20px||false|false\u00a0\u00bb custom_padding_tablet=\u00a0\u00bb16px||16px||false|false\u00a0\u00bb custom_padding_phone=\u00a0\u00bb\u00a0\u00bb locked=\u00a0\u00bboff\u00a0\u00bb global_colors_info=\u00a0\u00bb{}\u00a0\u00bb][et_pb_column type=\u00a0\u00bb1_3&Prime; _builder_version=\u00a0\u00bb4.16&Prime; _module_preset=\u00a0\u00bbdefault\u00a0\u00bb global_colors_info=\u00a0\u00bb{}\u00a0\u00bb][et_pb_image src=\u00a0\u00bbhttps:\/\/landscapes-et-cie.com\/wp-content\/uploads\/2024\/01\/Jardin-La-Maison-Landscapes-et-Cie-35-scaled.jpg\u00a0\u00bb alt=\u00a0\u00bbUne profonde bordure mixte de style anglais, o\u00f9 une abondance de vivaces et d&rsquo;arbustes cr\u00e9e un tableau luxuriant. Les feuillages pourpres, les textures vari\u00e9es et les fleurs blanches d&rsquo;allium et d&rsquo;autres plantes se superposent pour former une composition dense et harmonieuse le long de la pelouse.\u00a0\u00bb title_text=\u00a0\u00bbJardin &lsquo;La Maison&rsquo; &#8211; Landscapes et Cie (35)\u00a0\u00bb show_in_lightbox=\u00a0\u00bbon\u00a0\u00bb _builder_version=\u00a0\u00bb4.24.0&Prime; _module_preset=\u00a0\u00bbdefault\u00a0\u00bb transform_scale_last_edited=\u00a0\u00bboff|desktop\u00a0\u00bb transform_translate_last_edited=\u00a0\u00bboff|desktop\u00a0\u00bb transform_rotate_last_edited=\u00a0\u00bboff|desktop\u00a0\u00bb transform_skew_last_edited=\u00a0\u00bboff|desktop\u00a0\u00bb transform_origin_last_edited=\u00a0\u00bboff|desktop\u00a0\u00bb custom_margin=\u00a0\u00bb|-12px||0px|false|false\u00a0\u00bb custom_margin_tablet=\u00a0\u00bb|0px||0px|false|false\u00a0\u00bb custom_margin_phone=\u00a0\u00bb\u00a0\u00bb custom_margin_last_edited=\u00a0\u00bbon|phone\u00a0\u00bb box_shadow_style=\u00a0\u00bbpreset3&Prime; box_shadow_vertical=\u00a0\u00bb7px\u00a0\u00bb box_shadow_blur=\u00a0\u00bb33px\u00a0\u00bb box_shadow_spread=\u00a0\u00bb-17px\u00a0\u00bb box_shadow_color=\u00a0\u00bbrgba(10,0,0,0.76)\u00a0\u00bb global_colors_info=\u00a0\u00bb{}\u00a0\u00bb box_shadow_vertical__hover=\u00a0\u00bb7px\u00a0\u00bb box_shadow_vertical__hover_enabled=\u00a0\u00bbon|desktop\u00a0\u00bb box_shadow_spread__hover=\u00a0\u00bb-10px\u00a0\u00bb box_shadow_spread__hover_enabled=\u00a0\u00bbon|hover\u00a0\u00bb transform_styles__hover_enabled=\u00a0\u00bbon|hover\u00a0\u00bb transform_scale__hover_enabled=\u00a0\u00bbon|hover\u00a0\u00bb transform_translate__hover_enabled=\u00a0\u00bbon|desktop\u00a0\u00bb transform_rotate__hover_enabled=\u00a0\u00bbon|desktop\u00a0\u00bb transform_skew__hover_enabled=\u00a0\u00bbon|desktop\u00a0\u00bb transform_origin__hover_enabled=\u00a0\u00bbon|desktop\u00a0\u00bb][\/et_pb_image][\/et_pb_column][et_pb_column type=\u00a0\u00bb1_3&Prime; _builder_version=\u00a0\u00bb4.16&Prime; _module_preset=\u00a0\u00bbdefault\u00a0\u00bb global_colors_info=\u00a0\u00bb{}\u00a0\u00bb][et_pb_image src=\u00a0\u00bbhttps:\/\/landscapes-et-cie.com\/wp-content\/uploads\/2024\/01\/Jardin-La-Maison-Landscapes-et-Cie-38-scaled.jpg\u00a0\u00bb alt=\u00a0\u00bbVaste prairie de gramin\u00e9es dont les inflorescences vaporeuses cr\u00e9ent un nuage aux teintes ros\u00e9es et bronze sous la lumi\u00e8re. Cet espace sauvage, bord\u00e9 par une lisi\u00e8re bois\u00e9e sombre, ondule au gr\u00e9 du vent, offrant un paysage naturaliste, mouvant et d&rsquo;une grande po\u00e9sie \u00e0 l&rsquo;\u00e9chelle du paysage.\u00a0\u00bb title_text=\u00a0\u00bbJardin &lsquo;La Maison&rsquo; &#8211; Landscapes et Cie (38)\u00a0\u00bb show_in_lightbox=\u00a0\u00bbon\u00a0\u00bb _builder_version=\u00a0\u00bb4.24.0&Prime; _module_preset=\u00a0\u00bbdefault\u00a0\u00bb transform_scale_last_edited=\u00a0\u00bboff|desktop\u00a0\u00bb transform_translate_last_edited=\u00a0\u00bboff|desktop\u00a0\u00bb transform_rotate_last_edited=\u00a0\u00bboff|desktop\u00a0\u00bb transform_skew_last_edited=\u00a0\u00bboff|desktop\u00a0\u00bb transform_origin_last_edited=\u00a0\u00bboff|desktop\u00a0\u00bb custom_margin=\u00a0\u00bb|-6px||-6px|false|false\u00a0\u00bb custom_margin_tablet=\u00a0\u00bb|0px||0px|false|false\u00a0\u00bb custom_margin_phone=\u00a0\u00bb\u00a0\u00bb custom_margin_last_edited=\u00a0\u00bbon|phone\u00a0\u00bb box_shadow_style=\u00a0\u00bbpreset3&Prime; box_shadow_vertical=\u00a0\u00bb7px\u00a0\u00bb box_shadow_blur=\u00a0\u00bb33px\u00a0\u00bb box_shadow_spread=\u00a0\u00bb-17px\u00a0\u00bb box_shadow_color=\u00a0\u00bbrgba(10,0,0,0.76)\u00a0\u00bb global_colors_info=\u00a0\u00bb{}\u00a0\u00bb box_shadow_vertical__hover=\u00a0\u00bb7px\u00a0\u00bb box_shadow_vertical__hover_enabled=\u00a0\u00bbon|desktop\u00a0\u00bb box_shadow_spread__hover=\u00a0\u00bb-10px\u00a0\u00bb box_shadow_spread__hover_enabled=\u00a0\u00bbon|hover\u00a0\u00bb transform_styles__hover_enabled=\u00a0\u00bbon|hover\u00a0\u00bb transform_scale__hover_enabled=\u00a0\u00bbon|hover\u00a0\u00bb transform_translate__hover_enabled=\u00a0\u00bbon|desktop\u00a0\u00bb transform_rotate__hover_enabled=\u00a0\u00bbon|desktop\u00a0\u00bb transform_skew__hover_enabled=\u00a0\u00bbon|desktop\u00a0\u00bb transform_origin__hover_enabled=\u00a0\u00bbon|desktop\u00a0\u00bb][\/et_pb_image][\/et_pb_column][et_pb_column type=\u00a0\u00bb1_3&Prime; _builder_version=\u00a0\u00bb4.16&Prime; _module_preset=\u00a0\u00bbdefault\u00a0\u00bb global_colors_info=\u00a0\u00bb{}\u00a0\u00bb][et_pb_image src=\u00a0\u00bbhttps:\/\/landscapes-et-cie.com\/wp-content\/uploads\/2024\/01\/Jardin-La-Maison-Landscapes-et-Cie-40-scaled.jpg\u00a0\u00bb alt=\u00a0\u00bbCoin de repos automnal nich\u00e9 dans une clairi\u00e8re. Deux chaises longues en bois invitent \u00e0 la d\u00e9tente sur la pelouse, entour\u00e9es d&rsquo;arbres aux couleurs de saison et de massifs de s\u00e9dums et d&rsquo;asters en pleine floraison. Une sc\u00e8ne qui \u00e9voque la qui\u00e9tude et le charme du jardin en fin de saison.\u00a0\u00bb title_text=\u00a0\u00bbJardin &lsquo;La Maison&rsquo; &#8211; Landscapes et Cie (40)\u00a0\u00bb show_in_lightbox=\u00a0\u00bbon\u00a0\u00bb _builder_version=\u00a0\u00bb4.24.0&Prime; _module_preset=\u00a0\u00bbdefault\u00a0\u00bb transform_scale_last_edited=\u00a0\u00bboff|desktop\u00a0\u00bb transform_translate_last_edited=\u00a0\u00bboff|desktop\u00a0\u00bb transform_rotate_last_edited=\u00a0\u00bboff|desktop\u00a0\u00bb transform_skew_last_edited=\u00a0\u00bboff|desktop\u00a0\u00bb transform_origin_last_edited=\u00a0\u00bboff|desktop\u00a0\u00bb custom_margin=\u00a0\u00bb|0px||-12px|false|false\u00a0\u00bb custom_margin_tablet=\u00a0\u00bb|0px||0px|false|false\u00a0\u00bb custom_margin_phone=\u00a0\u00bb\u00a0\u00bb custom_margin_last_edited=\u00a0\u00bbon|phone\u00a0\u00bb box_shadow_style=\u00a0\u00bbpreset3&Prime; box_shadow_vertical=\u00a0\u00bb7px\u00a0\u00bb box_shadow_blur=\u00a0\u00bb33px\u00a0\u00bb box_shadow_spread=\u00a0\u00bb-17px\u00a0\u00bb box_shadow_color=\u00a0\u00bbrgba(10,0,0,0.76)\u00a0\u00bb global_colors_info=\u00a0\u00bb{}\u00a0\u00bb box_shadow_vertical__hover=\u00a0\u00bb7px\u00a0\u00bb box_shadow_vertical__hover_enabled=\u00a0\u00bbon|desktop\u00a0\u00bb box_shadow_spread__hover=\u00a0\u00bb-10px\u00a0\u00bb box_shadow_spread__hover_enabled=\u00a0\u00bbon|hover\u00a0\u00bb transform_styles__hover_enabled=\u00a0\u00bbon|hover\u00a0\u00bb transform_scale__hover_enabled=\u00a0\u00bbon|hover\u00a0\u00bb transform_translate__hover_enabled=\u00a0\u00bbon|desktop\u00a0\u00bb transform_rotate__hover_enabled=\u00a0\u00bbon|desktop\u00a0\u00bb transform_skew__hover_enabled=\u00a0\u00bbon|desktop\u00a0\u00bb transform_origin__hover_enabled=\u00a0\u00bbon|desktop\u00a0\u00bb][\/et_pb_image][\/et_pb_column][\/et_pb_row][et_pb_row custom_padding_last_edited=\u00a0\u00bbon|phone\u00a0\u00bb _builder_version=\u00a0\u00bb4.16&Prime; _module_preset=\u00a0\u00bbdefault\u00a0\u00bb custom_margin=\u00a0\u00bb0px||-30px||false|false\u00a0\u00bb custom_margin_tablet=\u00a0\u00bb4px||-42px||false|false\u00a0\u00bb custom_margin_phone=\u00a0\u00bb0px||0px||false|false\u00a0\u00bb custom_margin_last_edited=\u00a0\u00bbon|desktop\u00a0\u00bb custom_padding=\u00a0\u00bb0px||||false|false\u00a0\u00bb custom_padding_tablet=\u00a0\u00bb0px||||false|false\u00a0\u00bb custom_padding_phone=\u00a0\u00bb0px||20px||false|false\u00a0\u00bb locked=\u00a0\u00bboff\u00a0\u00bb global_colors_info=\u00a0\u00bb{}\u00a0\u00bb][et_pb_column type=\u00a0\u00bb4_4&Prime; _builder_version=\u00a0\u00bb4.16&Prime; _module_preset=\u00a0\u00bbdefault\u00a0\u00bb global_colors_info=\u00a0\u00bb{}\u00a0\u00bb][et_pb_button button_url=\u00a0\u00bbhttps:\/\/landscapes-et-cie.com\/presse\/\u00a0\u00bb button_text=\u00a0\u00bb\u2192 aussi dans la presse\u00a0\u00bb _builder_version=\u00a0\u00bb4.16&Prime; _module_preset=\u00a0\u00bbdefault\u00a0\u00bb button_text_size=\u00a0\u00bb18px\u00a0\u00bb button_text_color=\u00a0\u00bb#D3A13B\u00a0\u00bb button_bg_color=\u00a0\u00bbRGBA(0,0,0,0)\u00a0\u00bb button_border_width=\u00a0\u00bb0px\u00a0\u00bb button_border_color=\u00a0\u00bb#fffaf2&Prime; button_font=\u00a0\u00bbLibre Baskerville|700||||||#D3A13B|solid\u00a0\u00bb custom_margin=\u00a0\u00bb30px||0px||false|false\u00a0\u00bb custom_margin_tablet=\u00a0\u00bb20px||||false|false\u00a0\u00bb custom_margin_phone=\u00a0\u00bb20px||-33px||false|false\u00a0\u00bb custom_margin_last_edited=\u00a0\u00bbon|phone\u00a0\u00bb custom_padding=\u00a0\u00bb14px|22px|14px|22px|true|true\u00a0\u00bb button_bg_color_last_edited=\u00a0\u00bboff|desktop\u00a0\u00bb box_shadow_style=\u00a0\u00bbpreset3&Prime; box_shadow_vertical=\u00a0\u00bb7px\u00a0\u00bb box_shadow_blur=\u00a0\u00bb11px\u00a0\u00bb box_shadow_spread=\u00a0\u00bb-21px\u00a0\u00bb box_shadow_color=\u00a0\u00bbrgba(69,93,81,0.16)\u00a0\u00bb global_colors_info=\u00a0\u00bb{}\u00a0\u00bb button_border_color__hover_enabled=\u00a0\u00bbon|hover\u00a0\u00bb button_border_color__hover=\u00a0\u00bbRGBA(0,0,0,0)\u00a0\u00bb button_bg_color__hover_enabled=\u00a0\u00bbon|hover\u00a0\u00bb button_border_radius__hover_enabled=\u00a0\u00bbon|hover\u00a0\u00bb button_border_width__hover_enabled=\u00a0\u00bbon|hover\u00a0\u00bb button_border_width__hover=\u00a0\u00bb0px\u00a0\u00bb box_shadow_spread__hover=\u00a0\u00bb0px\u00a0\u00bb button_bg_color__hover=\u00a0\u00bbRGBA(0,0,0,0)\u00a0\u00bb][\/et_pb_button][\/et_pb_column][\/et_pb_row][\/et_pb_section]<\/p>","protected":false},"excerpt":{"rendered":"<p>Nearly thirty years ago, Clare started this garden on one hectare of farmland. Apart from three large oak trees on the edge of the property, there were no trees or hedges and the front of the house was a farmyard filled with rubble. The garden was particularly dry, with [\u2026]<\/p>","protected":false},"author":1,"featured_media":238277,"parent":0,"menu_order":0,"comment_status":"closed","ping_status":"closed","template":"","meta":{"_et_pb_use_builder":"on","_et_pb_old_content":"","_et_gb_content_width":"","_monsterinsights_skip_tracking":false,"_monsterinsights_sitenote_active":false,"_monsterinsights_sitenote_note":"","_monsterinsights_sitenote_category":0,"footnotes":""},"class_list":["post-21","page","type-page","status-publish","has-post-thumbnail","hentry"],"yoast_head":"<!-- This site is optimized with the Yoast SEO plugin v27.5 - https:\/\/yoast.com\/product\/yoast-seo-wordpress\/ -->\n<title>Jardin \u00abLa Maison\u00bb &#8226; Projets &#8226; Landscapes et Cie<\/title>\n<meta name=\"description\" content=\"Le jardin priv\u00e9 de Clare Ob\u00e9ron en images. Son premier jardin dans les C\u00f4tes d\u2019Armor qui a \u00e9t\u00e9 beaucoup visit\u00e9 et photographi\u00e9 pour la richesse de ses palettes v\u00e9g\u00e9tales et ses ambiances.\" \/>\n<meta name=\"robots\" content=\"index, follow, max-snippet:-1, max-image-preview:large, max-video-preview:-1\" \/>\n<link rel=\"canonical\" href=\"https:\/\/landscapes-et-cie.com\/en\/jardin-la-maison\/\" \/>\n<meta property=\"og:locale\" content=\"en_GB\" \/>\n<meta property=\"og:type\" content=\"article\" \/>\n<meta property=\"og:title\" content=\"Jardin \u00abLa Maison\u00bb &#8226; Projets &#8226; Landscapes et Cie\" \/>\n<meta property=\"og:description\" content=\"Le jardin priv\u00e9 de Clare Ob\u00e9ron en images. Son premier jardin dans les C\u00f4tes d\u2019Armor qui a \u00e9t\u00e9 beaucoup visit\u00e9 et photographi\u00e9 pour la richesse de ses palettes v\u00e9g\u00e9tales et ses ambiances.\" \/>\n<meta property=\"og:url\" content=\"https:\/\/landscapes-et-cie.com\/en\/jardin-la-maison\/\" \/>\n<meta property=\"og:site_name\" content=\"Landscapes et Cie\" \/>\n<meta property=\"article:publisher\" content=\"https:\/\/www.facebook.com\/Landscapesetcie\/\" \/>\n<meta property=\"article:modified_time\" content=\"2025-09-20T10:22:20+00:00\" \/>\n<meta property=\"og:image\" content=\"https:\/\/landscapes-et-cie.com\/wp-content\/uploads\/2024\/01\/Jardin-La-Maison-Landscapes-et-Cie-4-scaled.jpeg\" \/>\n\t<meta property=\"og:image:width\" content=\"2560\" \/>\n\t<meta property=\"og:image:height\" content=\"1920\" \/>\n\t<meta property=\"og:image:type\" content=\"image\/jpeg\" \/>\n<meta name=\"twitter:card\" content=\"summary_large_image\" \/>\n<meta name=\"twitter:label1\" content=\"Estimated reading time\" \/>\n\t<meta name=\"twitter:data1\" content=\"8 minutes\" \/>\n<script type=\"application\/ld+json\" class=\"yoast-schema-graph\">{\"@context\":\"https:\\\/\\\/schema.org\",\"@graph\":[{\"@type\":\"WebPage\",\"@id\":\"https:\\\/\\\/landscapes-et-cie.com\\\/jardin-la-maison\\\/\",\"url\":\"https:\\\/\\\/landscapes-et-cie.com\\\/jardin-la-maison\\\/\",\"name\":\"Jardin \u00abLa Maison\u00bb &#8226; Projets &#8226; Landscapes et Cie\",\"isPartOf\":{\"@id\":\"https:\\\/\\\/landscapes-et-cie.com\\\/#website\"},\"primaryImageOfPage\":{\"@id\":\"https:\\\/\\\/landscapes-et-cie.com\\\/jardin-la-maison\\\/#primaryimage\"},\"image\":{\"@id\":\"https:\\\/\\\/landscapes-et-cie.com\\\/jardin-la-maison\\\/#primaryimage\"},\"thumbnailUrl\":\"https:\\\/\\\/landscapes-et-cie.com\\\/wp-content\\\/uploads\\\/2024\\\/01\\\/Jardin-La-Maison-Landscapes-et-Cie-4-scaled.jpeg\",\"datePublished\":\"2021-03-30T13:44:45+00:00\",\"dateModified\":\"2025-09-20T10:22:20+00:00\",\"description\":\"Le jardin priv\u00e9 de Clare Ob\u00e9ron en images. Son premier jardin dans les C\u00f4tes d\u2019Armor qui a \u00e9t\u00e9 beaucoup visit\u00e9 et photographi\u00e9 pour la richesse de ses palettes v\u00e9g\u00e9tales et ses ambiances.\",\"breadcrumb\":{\"@id\":\"https:\\\/\\\/landscapes-et-cie.com\\\/jardin-la-maison\\\/#breadcrumb\"},\"inLanguage\":\"en-GB\",\"potentialAction\":[{\"@type\":\"ReadAction\",\"target\":[\"https:\\\/\\\/landscapes-et-cie.com\\\/jardin-la-maison\\\/\"]}]},{\"@type\":\"ImageObject\",\"inLanguage\":\"en-GB\",\"@id\":\"https:\\\/\\\/landscapes-et-cie.com\\\/jardin-la-maison\\\/#primaryimage\",\"url\":\"https:\\\/\\\/landscapes-et-cie.com\\\/wp-content\\\/uploads\\\/2024\\\/01\\\/Jardin-La-Maison-Landscapes-et-Cie-4-scaled.jpeg\",\"contentUrl\":\"https:\\\/\\\/landscapes-et-cie.com\\\/wp-content\\\/uploads\\\/2024\\\/01\\\/Jardin-La-Maison-Landscapes-et-Cie-4-scaled.jpeg\",\"width\":2560,\"height\":1920,\"caption\":\"Jardin \\\"La Maison\\\" par Landscapes et Cie - Image 65\"},{\"@type\":\"BreadcrumbList\",\"@id\":\"https:\\\/\\\/landscapes-et-cie.com\\\/jardin-la-maison\\\/#breadcrumb\",\"itemListElement\":[{\"@type\":\"ListItem\",\"position\":1,\"name\":\"Accueil\",\"item\":\"https:\\\/\\\/landscapes-et-cie.com\\\/\"},{\"@type\":\"ListItem\",\"position\":2,\"name\":\"Jardin \u00abLa Maison\u00bb\"}]},{\"@type\":\"WebSite\",\"@id\":\"https:\\\/\\\/landscapes-et-cie.com\\\/#website\",\"url\":\"https:\\\/\\\/landscapes-et-cie.com\\\/\",\"name\":\"Landscapes et Cie\",\"description\":\"Garden Design - Clare Ob\u00e9ron, Architecte Paysagiste\",\"publisher\":{\"@id\":\"https:\\\/\\\/landscapes-et-cie.com\\\/#organization\"},\"potentialAction\":[{\"@type\":\"SearchAction\",\"target\":{\"@type\":\"EntryPoint\",\"urlTemplate\":\"https:\\\/\\\/landscapes-et-cie.com\\\/?s={search_term_string}\"},\"query-input\":{\"@type\":\"PropertyValueSpecification\",\"valueRequired\":true,\"valueName\":\"search_term_string\"}}],\"inLanguage\":\"en-GB\"},{\"@type\":\"Organization\",\"@id\":\"https:\\\/\\\/landscapes-et-cie.com\\\/#organization\",\"name\":\"Landscapes et Cie\",\"url\":\"https:\\\/\\\/landscapes-et-cie.com\\\/\",\"logo\":{\"@type\":\"ImageObject\",\"inLanguage\":\"en-GB\",\"@id\":\"https:\\\/\\\/landscapes-et-cie.com\\\/#\\\/schema\\\/logo\\\/image\\\/\",\"url\":\"https:\\\/\\\/landscapes-et-cie.com\\\/wp-content\\\/uploads\\\/2021\\\/03\\\/LANDSCAPES_LOGO-1.png\",\"contentUrl\":\"https:\\\/\\\/landscapes-et-cie.com\\\/wp-content\\\/uploads\\\/2021\\\/03\\\/LANDSCAPES_LOGO-1.png\",\"width\":2000,\"height\":398,\"caption\":\"Landscapes et Cie\"},\"image\":{\"@id\":\"https:\\\/\\\/landscapes-et-cie.com\\\/#\\\/schema\\\/logo\\\/image\\\/\"},\"sameAs\":[\"https:\\\/\\\/www.facebook.com\\\/Landscapesetcie\\\/\"]}]}<\/script>\n<!-- \/ Yoast SEO plugin. -->","yoast_head_json":{"title":"Jardin \u00abLa Maison\u00bb &#8226; Projets &#8226; Landscapes et Cie","description":"Le jardin priv\u00e9 de Clare Ob\u00e9ron en images. Son premier jardin dans les C\u00f4tes d\u2019Armor qui a \u00e9t\u00e9 beaucoup visit\u00e9 et photographi\u00e9 pour la richesse de ses palettes v\u00e9g\u00e9tales et ses ambiances.","robots":{"index":"index","follow":"follow","max-snippet":"max-snippet:-1","max-image-preview":"max-image-preview:large","max-video-preview":"max-video-preview:-1"},"canonical":"https:\/\/landscapes-et-cie.com\/en\/jardin-la-maison\/","og_locale":"en_GB","og_type":"article","og_title":"Jardin \u00abLa Maison\u00bb &#8226; Projets &#8226; Landscapes et Cie","og_description":"Le jardin priv\u00e9 de Clare Ob\u00e9ron en images. Son premier jardin dans les C\u00f4tes d\u2019Armor qui a \u00e9t\u00e9 beaucoup visit\u00e9 et photographi\u00e9 pour la richesse de ses palettes v\u00e9g\u00e9tales et ses ambiances.","og_url":"https:\/\/landscapes-et-cie.com\/en\/jardin-la-maison\/","og_site_name":"Landscapes et Cie","article_publisher":"https:\/\/www.facebook.com\/Landscapesetcie\/","article_modified_time":"2025-09-20T10:22:20+00:00","og_image":[{"width":2560,"height":1920,"url":"https:\/\/landscapes-et-cie.com\/wp-content\/uploads\/2024\/01\/Jardin-La-Maison-Landscapes-et-Cie-4-scaled.jpeg","type":"image\/jpeg"}],"twitter_card":"summary_large_image","twitter_misc":{"Estimated reading time":"8 minutes"},"schema":{"@context":"https:\/\/schema.org","@graph":[{"@type":"WebPage","@id":"https:\/\/landscapes-et-cie.com\/jardin-la-maison\/","url":"https:\/\/landscapes-et-cie.com\/jardin-la-maison\/","name":"Jardin \u00abLa Maison\u00bb &#8226; Projets &#8226; Landscapes et Cie","isPartOf":{"@id":"https:\/\/landscapes-et-cie.com\/#website"},"primaryImageOfPage":{"@id":"https:\/\/landscapes-et-cie.com\/jardin-la-maison\/#primaryimage"},"image":{"@id":"https:\/\/landscapes-et-cie.com\/jardin-la-maison\/#primaryimage"},"thumbnailUrl":"https:\/\/landscapes-et-cie.com\/wp-content\/uploads\/2024\/01\/Jardin-La-Maison-Landscapes-et-Cie-4-scaled.jpeg","datePublished":"2021-03-30T13:44:45+00:00","dateModified":"2025-09-20T10:22:20+00:00","description":"Le jardin priv\u00e9 de Clare Ob\u00e9ron en images. Son premier jardin dans les C\u00f4tes d\u2019Armor qui a \u00e9t\u00e9 beaucoup visit\u00e9 et photographi\u00e9 pour la richesse de ses palettes v\u00e9g\u00e9tales et ses ambiances.","breadcrumb":{"@id":"https:\/\/landscapes-et-cie.com\/jardin-la-maison\/#breadcrumb"},"inLanguage":"en-GB","potentialAction":[{"@type":"ReadAction","target":["https:\/\/landscapes-et-cie.com\/jardin-la-maison\/"]}]},{"@type":"ImageObject","inLanguage":"en-GB","@id":"https:\/\/landscapes-et-cie.com\/jardin-la-maison\/#primaryimage","url":"https:\/\/landscapes-et-cie.com\/wp-content\/uploads\/2024\/01\/Jardin-La-Maison-Landscapes-et-Cie-4-scaled.jpeg","contentUrl":"https:\/\/landscapes-et-cie.com\/wp-content\/uploads\/2024\/01\/Jardin-La-Maison-Landscapes-et-Cie-4-scaled.jpeg","width":2560,"height":1920,"caption":"Jardin \"La Maison\" par Landscapes et Cie - Image 65"},{"@type":"BreadcrumbList","@id":"https:\/\/landscapes-et-cie.com\/jardin-la-maison\/#breadcrumb","itemListElement":[{"@type":"ListItem","position":1,"name":"Accueil","item":"https:\/\/landscapes-et-cie.com\/"},{"@type":"ListItem","position":2,"name":"Jardin \u00abLa Maison\u00bb"}]},{"@type":"WebSite","@id":"https:\/\/landscapes-et-cie.com\/#website","url":"https:\/\/landscapes-et-cie.com\/","name":"Landscapes et Cie","description":"Garden Design - Clare Ob\u00e9ron, Landscape Architect","publisher":{"@id":"https:\/\/landscapes-et-cie.com\/#organization"},"potentialAction":[{"@type":"SearchAction","target":{"@type":"EntryPoint","urlTemplate":"https:\/\/landscapes-et-cie.com\/?s={search_term_string}"},"query-input":{"@type":"PropertyValueSpecification","valueRequired":true,"valueName":"search_term_string"}}],"inLanguage":"en-GB"},{"@type":"Organization","@id":"https:\/\/landscapes-et-cie.com\/#organization","name":"Landscapes et Cie","url":"https:\/\/landscapes-et-cie.com\/","logo":{"@type":"ImageObject","inLanguage":"en-GB","@id":"https:\/\/landscapes-et-cie.com\/#\/schema\/logo\/image\/","url":"https:\/\/landscapes-et-cie.com\/wp-content\/uploads\/2021\/03\/LANDSCAPES_LOGO-1.png","contentUrl":"https:\/\/landscapes-et-cie.com\/wp-content\/uploads\/2021\/03\/LANDSCAPES_LOGO-1.png","width":2000,"height":398,"caption":"Landscapes et Cie"},"image":{"@id":"https:\/\/landscapes-et-cie.com\/#\/schema\/logo\/image\/"},"sameAs":["https:\/\/www.facebook.com\/Landscapesetcie\/"]}]}},"jetpack_sharing_enabled":true,"_links":{"self":[{"href":"https:\/\/landscapes-et-cie.com\/en\/wp-json\/wp\/v2\/pages\/21","targetHints":{"allow":["GET"]}}],"collection":[{"href":"https:\/\/landscapes-et-cie.com\/en\/wp-json\/wp\/v2\/pages"}],"about":[{"href":"https:\/\/landscapes-et-cie.com\/en\/wp-json\/wp\/v2\/types\/page"}],"author":[{"embeddable":true,"href":"https:\/\/landscapes-et-cie.com\/en\/wp-json\/wp\/v2\/users\/1"}],"replies":[{"embeddable":true,"href":"https:\/\/landscapes-et-cie.com\/en\/wp-json\/wp\/v2\/comments?post=21"}],"version-history":[{"count":41,"href":"https:\/\/landscapes-et-cie.com\/en\/wp-json\/wp\/v2\/pages\/21\/revisions"}],"predecessor-version":[{"id":239117,"href":"https:\/\/landscapes-et-cie.com\/en\/wp-json\/wp\/v2\/pages\/21\/revisions\/239117"}],"wp:featuredmedia":[{"embeddable":true,"href":"https:\/\/landscapes-et-cie.com\/en\/wp-json\/wp\/v2\/media\/238277"}],"wp:attachment":[{"href":"https:\/\/landscapes-et-cie.com\/en\/wp-json\/wp\/v2\/media?parent=21"}],"curies":[{"name":"wp","href":"https:\/\/api.w.org\/{rel}","templated":true}]}}