{"id":15,"date":"2021-03-30T16:11:48","date_gmt":"2021-03-30T16:11:48","guid":{"rendered":"https:\/\/landscapes-et-cie.com\/?page_id=15"},"modified":"2025-10-07T10:56:36","modified_gmt":"2025-10-07T10:56:36","slug":"a-propos","status":"publish","type":"page","link":"https:\/\/landscapes-et-cie.com\/en\/a-propos\/","title":{"rendered":"About"},"content":{"rendered":"<p>[et_pb_section fb_built=\u00a0\u00bb1&Prime; _builder_version=\u00a0\u00bb4.16&Prime; _module_preset=\u00a0\u00bbdefault\u00a0\u00bb background_color=\u00a0\u00bbRGBA(0,0,0,0)\u00a0\u00bb background_image=\u00a0\u00bbhttps:\/\/landscapes-et-cie.com\/wp-content\/uploads\/2021\/04\/04-scaled.jpg\u00a0\u00bb background_blend=\u00a0\u00bbmultiply\u00a0\u00bb max_height=\u00a0\u00bb302px\u00a0\u00bb max_height_tablet=\u00a0\u00bb\u00a0\u00bb max_height_phone=\u00a0\u00bb237px\u00a0\u00bb max_height_last_edited=\u00a0\u00bbon|phone\u00a0\u00bb locked=\u00a0\u00bboff\u00a0\u00bb global_colors_info=\u00a0\u00bb{}\u00a0\u00bb][et_pb_row _builder_version=\u00a0\u00bb4.16&Prime; _module_preset=\u00a0\u00bbdefault\u00a0\u00bb global_colors_info=\u00a0\u00bb{}\u00a0\u00bb][et_pb_column type=\u00a0\u00bb4_4&Prime; _builder_version=\u00a0\u00bb4.16&Prime; _module_preset=\u00a0\u00bbdefault\u00a0\u00bb global_colors_info=\u00a0\u00bb{}\u00a0\u00bb][et_pb_cta title=\u00a0\u00bb\u00c0 propos\u00a0\u00bb _builder_version=\u00a0\u00bb4.27.4&Prime; _module_preset=\u00a0\u00bbdefault\u00a0\u00bb header_level=\u00a0\u00bbh1&Prime; header_font=\u00a0\u00bb|700|||||||\u00a0\u00bb header_font_size=\u00a0\u00bb30px\u00a0\u00bb background_color=\u00a0\u00bbRGBA(0,0,0,0)\u00a0\u00bb custom_margin=\u00a0\u00bb25px||||false|false\u00a0\u00bb custom_margin_tablet=\u00a0\u00bb\u00a0\u00bb custom_margin_phone=\u00a0\u00bb-36px||||false|false\u00a0\u00bb custom_margin_last_edited=\u00a0\u00bbon|phone\u00a0\u00bb hover_enabled=\u00a0\u00bb0&Prime; header_line_height_tablet=\u00a0\u00bb\u00a0\u00bb header_line_height_phone=\u00a0\u00bb1.3em\u00a0\u00bb header_line_height_last_edited=\u00a0\u00bbon|phone\u00a0\u00bb global_colors_info=\u00a0\u00bb{}\u00a0\u00bb sticky_enabled=\u00a0\u00bb0&Prime;][\/et_pb_cta][\/et_pb_column][\/et_pb_row][\/et_pb_section][et_pb_section fb_built=\u00a0\u00bb1&Prime; custom_padding_last_edited=\u00a0\u00bbon|phone\u00a0\u00bb _builder_version=\u00a0\u00bb4.16&Prime; _module_preset=\u00a0\u00bbdefault\u00a0\u00bb background_color=\u00a0\u00bbrgba(229,217,199,0.47)\u00a0\u00bb custom_margin_tablet=\u00a0\u00bb\u00a0\u00bb custom_margin_phone=\u00a0\u00bb0px||0px||false|false\u00a0\u00bb custom_margin_last_edited=\u00a0\u00bbon|phone\u00a0\u00bb custom_padding_tablet=\u00a0\u00bb\u00a0\u00bb custom_padding_phone=\u00a0\u00bb8px||2px||false|false\u00a0\u00bb global_colors_info=\u00a0\u00bb{}\u00a0\u00bb][et_pb_row column_structure=\u00a0\u00bb1_2,1_2&Prime; _builder_version=\u00a0\u00bb4.16&Prime; _module_preset=\u00a0\u00bbdefault\u00a0\u00bb width_tablet=\u00a0\u00bb\u00a0\u00bb width_phone=\u00a0\u00bb86%\u00a0\u00bb width_last_edited=\u00a0\u00bbon|phone\u00a0\u00bb module_alignment=\u00a0\u00bbcenter\u00a0\u00bb custom_margin_tablet=\u00a0\u00bb-20px||-24px||false|false\u00a0\u00bb custom_margin_phone=\u00a0\u00bb6px|0px|0px|0px|false|false\u00a0\u00bb custom_margin_last_edited=\u00a0\u00bbon|phone\u00a0\u00bb module_alignment_tablet=\u00a0\u00bbcenter\u00a0\u00bb module_alignment_phone=\u00a0\u00bbcenter\u00a0\u00bb module_alignment_last_edited=\u00a0\u00bbon|phone\u00a0\u00bb global_colors_info=\u00a0\u00bb{}\u00a0\u00bb][et_pb_column type=\u00a0\u00bb1_2&Prime; _builder_version=\u00a0\u00bb4.16&Prime; _module_preset=\u00a0\u00bbdefault\u00a0\u00bb global_colors_info=\u00a0\u00bb{}\u00a0\u00bb][et_pb_image src=\u00a0\u00bbhttps:\/\/landscapes-et-cie.com\/wp-content\/uploads\/2021\/04\/a-propos2-e1705066326205.png\u00a0\u00bb alt=\u00a0\u00bb\u00c0 propos de Clare Oberon &#8211; Architecte paysagiste et designer\u00a0\u00bb title_text=\u00a0\u00bbA Propos &#8211; Clare Ob\u00e9ron | Landscapes et Cie\u00a0\u00bb _builder_version=\u00a0\u00bb4.24.0&Prime; _module_preset=\u00a0\u00bbdefault\u00a0\u00bb width=\u00a0\u00bb103%\u00a0\u00bb width_tablet=\u00a0\u00bb100%\u00a0\u00bb width_phone=\u00a0\u00bb100%\u00a0\u00bb width_last_edited=\u00a0\u00bbon|desktop\u00a0\u00bb module_alignment=\u00a0\u00bbright\u00a0\u00bb custom_margin=\u00a0\u00bb45px||||false|false\u00a0\u00bb custom_margin_tablet=\u00a0\u00bb\u00a0\u00bb custom_margin_phone=\u00a0\u00bb-16px||||false|false\u00a0\u00bb custom_margin_last_edited=\u00a0\u00bbon|phone\u00a0\u00bb custom_padding_tablet=\u00a0\u00bb\u00a0\u00bb custom_padding_phone=\u00a0\u00bb\u00a0\u00bb custom_padding_last_edited=\u00a0\u00bbon|tablet\u00a0\u00bb module_alignment_tablet=\u00a0\u00bb\u00a0\u00bb module_alignment_phone=\u00a0\u00bbcenter\u00a0\u00bb module_alignment_last_edited=\u00a0\u00bbon|phone\u00a0\u00bb global_colors_info=\u00a0\u00bb{}\u00a0\u00bb][\/et_pb_image][\/et_pb_column][et_pb_column type=\u00a0\u00bb1_2&Prime; _builder_version=\u00a0\u00bb4.16&Prime; _module_preset=\u00a0\u00bbdefault\u00a0\u00bb global_colors_info=\u00a0\u00bb{}\u00a0\u00bb][et_pb_text _builder_version=\u00a0\u00bb4.24.0&Prime; _module_preset=\u00a0\u00bbdefault\u00a0\u00bb text_text_color=\u00a0\u00bb#163526&Prime; text_line_height=\u00a0\u00bb2em\u00a0\u00bb width=\u00a0\u00bb90%\u00a0\u00bb width_tablet=\u00a0\u00bb92%\u00a0\u00bb width_phone=\u00a0\u00bb100%\u00a0\u00bb width_last_edited=\u00a0\u00bbon|phone\u00a0\u00bb module_alignment=\u00a0\u00bbcenter\u00a0\u00bb custom_margin=\u00a0\u00bb8px||||false|false\u00a0\u00bb custom_margin_tablet=\u00a0\u00bb\u00a0\u00bb custom_margin_phone=\u00a0\u00bb-8px||||false|false\u00a0\u00bb custom_margin_last_edited=\u00a0\u00bbon|phone\u00a0\u00bb custom_padding_tablet=\u00a0\u00bb\u00a0\u00bb custom_padding_phone=\u00a0\u00bb\u00a0\u00bb custom_padding_last_edited=\u00a0\u00bbon|desktop\u00a0\u00bb text_font_size_tablet=\u00a0\u00bb\u00a0\u00bb text_font_size_phone=\u00a0\u00bb14px\u00a0\u00bb text_font_size_last_edited=\u00a0\u00bbon|phone\u00a0\u00bb global_colors_info=\u00a0\u00bb{}\u00a0\u00bb]<\/p>\n<p style=\"font-weight: 400;\"><strong>Clare Oberon<\/strong> studied Architecture in England. When she arrived in Paris at the end of the 1980s, she worked as an architect at <strong>J\u00e9r\u00f4me Brunet<\/strong> And <strong>Eric Saunier<\/strong>, then at <strong>Francis Soler<\/strong>.<\/p>\n<p style=\"font-weight: 400;\">In the mid-90s she returned to her first passion and settled in Brittany as a landscape architect. Since then, she has worked on a wide range of projects, from the smallest courtyards and terraces to large parks (notably for nearly 10 years at the P\u00e9hou park on the banks of the Rance).<\/p>\n<p style=\"font-weight: 400;\">She attaches great importance to the choice of plants in order to find a natural balance so that each garden can evolve harmoniously over the years. His first garden in the C\u00f4tes d&#039;Armor has been visited and photographed a lot for the richness of its plant palettes and its atmosphere.<\/p>\n<p>[\/et_pb_text] \u00bb on|phone \u00bb _builder_version= \u00bb4.16\u2033 _module_preset= \u00bbdefault \u00bb custom_margin= \u00bb-22px||12px||false|false \u00bb custom_margin_tablet= \u00bb \u00bb custom_margin_phone= \u00bb-48px||||false|false \u00bb custom_margin_last_edited= \u00bbon| phone \u00bb custom_padding= \u00bb20px||0px||false|false \u00bb custom_padding_tablet= \u00bb \u00bb custom_padding_phone= \u00bb28px||||false|false \u00bb locked= \u00bboff \u00bb global_colors_info= \u00bb{} \u00bb][et_pb_column type= \u00bb4_4\u2033 _builder_version= \u00bb4.16\u2033 _module_preset= \u00bbdefault \u00bb global_colors_info= \u00bb{} \u00bb][et_pb_text _builder_version= \u00bb4.16\u2033 _module_preset= \u00bbdefault \u00bb text_font= \u00bbFree Baskerville|700||||||| \u00bb text_text_color= \u00bb#163526\u2033 header_font= \u00bb|||||||| \u00bb header_text_align= \u00bbcenter \u00bb header_font_size= \u00bb26px \u00bb text_orientation= \u00bbcenter \u00bb custom_margin= \u00bb||10px||false|false \u00bb custom_padding= \u00bb||0px||false|false \u00bb locked= \u00bboff \u00bb global_colors_info= \u00bb{} \u00bb]<\/p>\n<h1><strong>OUR SERVICES<\/strong><\/h1>\n<p>[\/et_pb_text][et_pb_divider color=\u00a0\u00bb#163526&Prime; _builder_version=\u00a0\u00bb4.16&Prime; _module_preset=\u00a0\u00bbdefault\u00a0\u00bb custom_margin=\u00a0\u00bb0px||10px||false|false\u00a0\u00bb custom_padding=\u00a0\u00bb0px||0px||false|false\u00a0\u00bb locked=\u00a0\u00bboff\u00a0\u00bb global_colors_info=\u00a0\u00bb{}\u00a0\u00bb][\/et_pb_divider][\/et_pb_column][\/et_pb_row][et_pb_row _builder_version=\u00a0\u00bb4.24.0&Prime; _module_preset=\u00a0\u00bbdefault\u00a0\u00bb global_colors_info=\u00a0\u00bb{}\u00a0\u00bb][et_pb_column type=\u00a0\u00bb4_4&Prime; _builder_version=\u00a0\u00bb4.24.0&Prime; _module_preset=\u00a0\u00bbdefault\u00a0\u00bb global_colors_info=\u00a0\u00bb{}\u00a0\u00bb][et_pb_text _builder_version=\u00a0\u00bb4.24.0&Prime; _module_preset=\u00a0\u00bbdefault\u00a0\u00bb text_orientation=\u00a0\u00bbcenter\u00a0\u00bb global_colors_info=\u00a0\u00bb{}\u00a0\u00bb]<\/p>\n<p style=\"text-align: center;\"><span>We work mainly in the 'C\u00f4tes-d'Armor' and 'Ille et Villaine' areas, with many projects on the coast between St Malo, Dinard and the 'Tr\u00e9gor'.<\/span><\/p>\n<p><span>We also do city gardens and terraces: Rennes, Dinan, Saint Brieuc....<\/span><\/p>\n<p><span>But we work elsewhere in France, notably in the Aude region, and also in Brussels.<\/span><\/p>\n<p><span>Do not hesitate to call me to discuss your project.<\/span><\/p>\n<p>[\/et_pb_text][\/et_pb_column][\/et_pb_row][et_pb_row column_structure= \u00bb1_2,1_2\u2033 _builder_version= \u00bb4.20.4\u2033 _module_preset= \u00bbdefault \u00bb custom_margin= \u00bb0px||||false|false \u00bb custom_padding= \u00bb20px| |32px||false|false \u00bb locked= \u00bboff \u00bb global_colors_info= \u00bb{} \u00bb][et_pb_column type= \u00bb1_2\u2033 _builder_version= \u00bb4.16\u2033 _module_preset= \u00bbdefault \u00bb global_colors_info= \u00bb{} \u00bb][et_pb_image src= \u00bbhttps :\/\/landscapes-et-cie.com\/wp-content\/uploads\/2021\/04\/a-propos4-e1705066464343.png \u00bb alt= \u00bbAbout our design services \u2013 Landscape architect and designer \u00bb title_text= \u00bbAbout 2 \u2013 Clare Oberon | Landscapes et Cie \u00bb disabled_on= \u00bbon|on|off \u00bb _builder_version= \u00bb4.20.4\u2033 _module_preset= \u00bbdefault \u00bb global_colors_info= \u00bb{} \u00bb][\/et_pb_image][\/et_pb_column][et_pb_column type= \u00bb1_2\u2033 _builder_version= \u00bb 4.16\u2033 _module_preset= \u00bbdefault \u00bb global_colors_info= \u00bb{} \u00bb][et_pb_image src= \u00bbhttps:\/\/landscapes-et-cie.com\/wp-content\/uploads\/2021\/04\/a-propos3-e1705066556784.png \u00bb alt = \u00bbAbout our design services \u2013 Landscape architect and designer \u00bb title_text= \u00bbAbout 3 \u2013 Clare Ob\u00e9ron | Landscapes et Cie \u00bb _builder_version= \u00bb4.20.4\u2033 _module_preset= \u00bbdefault \u00bb custom_margin_tablet= \u00bb-34px||||false|false \u00bb custom_margin_phone= \u00bb-62px||||false|false \u00bb custom_margin_last_edited= \u00bbon|tablet \u00bb global_colors_info = \u00bb{} \u00bb][\/et_pb_image][\/et_pb_column][\/et_pb_row][et_pb_row custom_padding_last_edited= \u00bbon|phone \u00bb _builder_version= \u00bb4.16\u2033 _module_preset= \u00bbdefault \u00bb width= \u00bb90% \u00bb width_tablet= \u00bb \u00bb width_phone= \u00bb84% \u00bb width_last_edited= \u00bbon|phone \u00bb custom_margin= \u00bb4px||||false|false \u00bb custom_margin_tablet= \u00bb \u00bb custom_margin_phone= \u00bb4px||||false|false \u00bb custom_margin_last_edited= \u00bbon|phone \u00bb custom_padding_tablet= \u00bb \u00bb custom_padding_phone= \u00bb 0px||||false|false \u00bb locked= \u00bboff \u00bb global_colors_info= \u00bb{} \u00bb][et_pb_column type= \u00bb4_4\u2033 _builder_version= \u00bb4.16\u2033 _module_preset= \u00bbdefault \u00bb global_colors_info= \u00bb{} \u00bb][et_pb_text _builder_version= \u00bb 4.16\u2033 _module_preset= \u00bbdefault \u00bb text_font= \u00bb|||||||| \u00bb text_line_height= \u00bb1.8em \u00bb text_orientation= \u00bbcenter \u00bb width= \u00bb46% \u00bb width_tablet= \u00bb90% \u00bb width_phone= \u00bb100% \u00bb width_last_edited= \u00bbon|phone \u00bb max_width_tablet= \u00bb \u00bb max_width_phone= \u00bb \u00bb max_width_last_edited= \u00bbon|tablet \u00bb module_alignment = \u00bbcenter \u00bb custom_margin_tablet= \u00bb \u00bb custom_margin_phone= \u00bb|0px||0px|false|false \u00bb custom_margin_last_edited= \u00bbon|phone \u00bb custom_padding_tablet= \u00bb \u00bb custom_padding_phone= \u00bb|0px||0px|false|false \u00bb custom_padding_last_edited= \u00bbon| phone \u00bb text_font_size_tablet= \u00bb \u00bb text_font_size_phone= \u00bb14px \u00bb text_font_size_last_edited= \u00bbon|phone \u00bb global_colors_info= \u00bb{} \u00bb]<\/p>\n<p>Each garden project is unique and we offer services adapted to your needs by favoring in-\ndepth dialogue. An initial consultation allows us to define the brief and explain the different\nphases going from sketch design to completion and the ongoing care of your garden:<\/p>\n<p>[\/et_pb_text] width_last_edited= \u00bbon|tablet \u00bb custom_margin_tablet= \u00bb||-44px|65px|false|false \u00bb custom_margin_phone= \u00bb||-50px|42px|false|false \u00bb custom_margin_last_edited= \u00bbon|phone \u00bb custom_padding_tablet= \u00bb \u00bb custom_padding_phone= \u00bb4px ||4px|31px|false|false \u00bb locked= \u00bboff \u00bb global_colors_info= \u00bb{} \u00bb][et_pb_column type= \u00bb1_3\u2033 _builder_version= \u00bb4.16\u2033 _module_preset= \u00bbdefault \u00bb global_colors_info= \u00bb{} \u00bb][et_pb_text _builder_version= \u00bb4.16\u2033 _module_preset= \u00bbdefault \u00bb text_font= \u00bb|600||||||| \u00bb width= \u00bb100% \u00bb module_alignment= \u00bbright \u00bb custom_margin= \u00bb|0px||0px|false|false \u00bb custom_padding= \u00bb|||140px|false|false \u00bb custom_padding_tablet= \u00bb|||0px|false|false \u00bb custom_padding_phone= \u00bb|||16px|false|false \u00bb custom_padding_last_edited= \u00bbon|phone \u00bb module_alignment_tablet= \u00bb \u00bb module_alignment_phone= \u00bbleft \u00bb module_alignment_last_edited= \u00bbon|phone \u00bb global_colors_info= \u00bb{} \u00bb]<\/p>\n<ul>\n<li>Design consultancy<\/li>\n<li>Sketch Design<\/li>\n<li>Master plan<\/li>\n<li>Final project plan<\/li>\n<\/ul>\n<p>[\/et_pb_text][\/et_pb_column][et_pb_column type= \u00bb1_3\u2033 _builder_version= \u00bb4.16\u2033 _module_preset= \u00bbdefault \u00bb global_colors_info= \u00bb{} \u00bb][et_pb_text _builder_version= \u00bb4.16\u2033 _module_preset= \u00bbdefault \u00bb text_font= \u00bb|600| |||||| \u00bb custom_margin= \u00bb|||88px|false|false \u00bb custom_margin_tablet= \u00bb-150px|||210px|false|false \u00bb custom_margin_phone= \u00bb-43px|||16px|false|false \u00bb custom_margin_last_edited= \u00bbon|tablet \u00bb custom_padding= \u00bb0px||||false|false \u00bb custom_padding_tablet= \u00bb \u00bb custom_padding_phone= \u00bb \u00bb custom_padding_last_edited= \u00bbon|phone \u00bb global_colors_info= \u00bb{} \u00bb]<\/p>\n<ul>\n<li>3D visuals<\/li>\n<li>Technical details<\/li>\n<li>Site supervision<\/li>\n<li>Full project management<\/li>\n<\/ul>\n<p>[\/et_pb_text][\/et_pb_column][et_pb_column type= \u00bb1_3\u2033 _builder_version= \u00bb4.16\u2033 _module_preset= \u00bbdefault \u00bb global_colors_info= \u00bb{} \u00bb][et_pb_text _builder_version= \u00bb4.16\u2033 _module_preset= \u00bbdefault \u00bb text_font= \u00bb|600| |||||| \u00bb width= \u00bb100% \u00bb width_tablet= \u00bb \u00bb width_phone= \u00bb88% \u00bb width_last_edited= \u00bbon|phone \u00bb module_alignment= \u00bbleft \u00bb custom_margin= \u00bb|||0px|false|false \u00bb custom_margin_tablet= \u00bb-180px|||405px|false |false \u00bb custom_margin_phone= \u00bb-42px|||16px|false|false \u00bb custom_margin_last_edited= \u00bbon|phone \u00bb module_alignment_tablet= \u00bb \u00bb module_alignment_phone= \u00bbcenter \u00bb module_alignment_last_edited= \u00bbon|phone \u00bb global_colors_info= \u00bb{} \u00bb]<\/p>\n<ul>\n<li>Plant sourcing<\/li>\n<li>Planting plans<\/li>\n<li>Setting out of plants<\/li>\n<li>Management consultancy<\/li>\n<\/ul>\n<p>[\/et_pb_text][\/et_pb_column][\/et_pb_row][et_pb_row _builder_version= \u00bb4.16\u2033 _module_preset= \u00bbdefault \u00bb width= \u00bb85% \u00bb custom_padding= \u00bb14px||8px||false|false \u00bb locked= \u00bboff \u00bb global_colors_info= \u00bb {} \u00bb][et_pb_column type= \u00bb4_4\u2033 _builder_version= \u00bb4.16\u2033 _module_preset= \u00bbdefault \u00bb global_colors_info= \u00bb{} \u00bb][et_pb_text _builder_version= \u00bb4.16\u2033 _module_preset= \u00bbdefault \u00bb text_font= \u00bb||||||| | \u00bb text_line_height= \u00bb1.8em \u00bb text_orientation= \u00bbcenter \u00bb width= \u00bb46% \u00bb width_tablet= \u00bb90% \u00bb width_phone= \u00bb100% \u00bb width_last_edited= \u00bbon|phone \u00bb max_width_tablet= \u00bb \u00bb max_width_phone= \u00bb \u00bb max_width_last_edited= \u00bbon|tablet \u00bb module_alignment = \u00bbcenter \u00bb custom_margin_tablet= \u00bb-14px||||false|false \u00bb custom_margin_phone= \u00bb20px||||false|false \u00bb custom_margin_last_edited= \u00bbon|phone \u00bb custom_padding_tablet= \u00bb \u00bb custom_padding_phone= \u00bb0px||||false| false \u00bb custom_padding_last_edited= \u00bbon|phone \u00bb text_font_size_tablet= \u00bb \u00bb text_font_size_phone= \u00bb14px \u00bb text_font_size_last_edited= \u00bbon|phone \u00bb global_colors_info= \u00bb{} \u00bb]<\/p>\n<p>We can cover just one or all of these services, in the short term or spread over time. As far as\npossible we like to follow the completion of a project so that the result meets our vision and\nyour expectations.<\/p>\n<p>[\/et_pb_text][\/et_pb_column][\/et_pb_row][et_pb_row custom_padding_last_edited= \u00bbon|phone \u00bb _builder_version= \u00bb4.16\u2033 _module_preset= \u00bbdefault \u00bb custom_margin= \u00bb0px||-30px||false|false \u00bb custom_margin_tablet= \u00bb4px| |-42px||false|false \u00bb custom_margin_phone= \u00bb-4px||-4px||false|false \u00bb custom_margin_last_edited= \u00bbon|phone \u00bb custom_padding= \u00bb0px||||false|false \u00bb custom_padding_tablet= \u00bb0px||| |false|false \u00bb custom_padding_phone= \u00bb0px||20px||false|false \u00bb locked= \u00bboff \u00bb global_colors_info= \u00bb{} \u00bb][et_pb_column type= \u00bb4_4\u2033 _builder_version= \u00bb4.16\u2033 _module_preset= \u00bbdefault \u00bb global_colors_info= \u00bb {} \u00bb][et_pb_button button_url= \u00bbhttps:\/\/landscapes-et-cie.com\/contact\/ \u00bb button_text= \u00bb\u2192 contact \u00bb _builder_version= \u00bb4.16\u2033 _module_preset= \u00bbdefault \u00bb button_text_size= \u00bb18px \u00bb button_text_color= \u00bb#D3A13B \u00bb button_bg_color= \u00bbRGBA(0,0,0,0) \u00bb button_border_width= \u00bb0px \u00bb button_border_color= \u00bb#fffaf2\u2033 button_font= \u00bbFree Baskerville|700||||||#D3A13B|solid \u00bb custom_margin= \u00bb30px||0px|| false|false \u00bb custom_margin_tablet= \u00bb20px||||false|false \u00bb custom_margin_phone= \u00bb20px||-33px||false|false \u00bb custom_margin_last_edited= \u00bbon|phone \u00bb custom_padding= \u00bb14px|22px|14px|22px|true| true \u00bb button_bg_color_last_edited= \u00bboff|desktop \u00bb box_shadow_style= \u00bbpreset3\u2033 box_shadow_vertical= \u00bb7px \u00bb box_shadow_blur= \u00bb11px \u00bb box_shadow_spread= \u00bb-21px \u00bb box_shadow_color= \u00bbrgba(69,93,81,0.16) \u00bb global_colors_info= \u00bb{} \u00bb button_border_color__hover_enabled= \u00bbon|hover \u00bb button_border_color__hover= \u00bbRGBA(0,0,0,0) \u00bb button_bg_color__hover_enabled= \u00bbon|hover \u00bb button_border_radius__hover_enabled= \u00bbon|hover \u00bb button_border_width__hover_enabled= \u00bbon|hover \u00bb button_border_width__hover= \u00bb0px \u00bb box _shadow_spread__hover= \u00bb 0px \u00bb button_bg_color__hover= \u00bbRGBA(0,0,0,0) \u00bb][\/et_pb_button][\/et_pb_column][\/et_pb_row][\/et_pb_section]<\/p>","protected":false},"excerpt":{"rendered":"<p>Clare Ob\u00e9ron studied Architecture in England. When she arrived in Paris at the end of the 1980s, she worked as an architect for J\u00e9r\u00f4me Brunet and Eric Saunier, then for Francis Soler. In the mid-90s she returned to her first passion and settled in Brittany as a landscape architect. Since then she has been working on [\u2026]<\/p>","protected":false},"author":1,"featured_media":238017,"parent":0,"menu_order":0,"comment_status":"closed","ping_status":"closed","template":"","meta":{"_et_pb_use_builder":"on","_et_pb_old_content":"","_et_gb_content_width":"","_monsterinsights_skip_tracking":false,"_monsterinsights_sitenote_active":false,"_monsterinsights_sitenote_note":"","_monsterinsights_sitenote_category":0,"footnotes":""},"class_list":["post-15","page","type-page","status-publish","has-post-thumbnail","hentry"],"yoast_head":"<!-- This site is optimized with the Yoast SEO plugin v27.5 - https:\/\/yoast.com\/product\/yoast-seo-wordpress\/ -->\n<title>\u00c0 propos &#8226; Landscapes et Cie<\/title>\n<meta name=\"description\" content=\"Clare Ob\u00e9ron paysagiste conceptrice chez Landscapes and Cie en Bretagne. Bureau d&#039;\u00e9tude en conception paysag\u00e8re pour des jardins et parcs priv\u00e9s et jardins th\u00e9rapeutiques.\" \/>\n<meta name=\"robots\" content=\"index, follow, max-snippet:-1, max-image-preview:large, max-video-preview:-1\" \/>\n<link rel=\"canonical\" href=\"https:\/\/landscapes-et-cie.com\/en\/a-propos\/\" \/>\n<meta property=\"og:locale\" content=\"en_GB\" \/>\n<meta property=\"og:type\" content=\"article\" \/>\n<meta property=\"og:title\" content=\"\u00c0 propos &#8226; Landscapes et Cie\" \/>\n<meta property=\"og:description\" content=\"Clare Ob\u00e9ron paysagiste conceptrice chez Landscapes and Cie en Bretagne. Bureau d&#039;\u00e9tude en conception paysag\u00e8re pour des jardins et parcs priv\u00e9s et jardins th\u00e9rapeutiques.\" \/>\n<meta property=\"og:url\" content=\"https:\/\/landscapes-et-cie.com\/en\/a-propos\/\" \/>\n<meta property=\"og:site_name\" content=\"Landscapes et Cie\" \/>\n<meta property=\"article:publisher\" content=\"https:\/\/www.facebook.com\/Landscapesetcie\/\" \/>\n<meta property=\"article:modified_time\" content=\"2025-10-07T10:56:36+00:00\" \/>\n<meta property=\"og:image\" content=\"https:\/\/landscapes-et-cie.com\/wp-content\/uploads\/2021\/04\/DSC_1913.jpeg\" \/>\n\t<meta property=\"og:image:width\" content=\"1404\" \/>\n\t<meta property=\"og:image:height\" content=\"1954\" \/>\n\t<meta property=\"og:image:type\" content=\"image\/jpeg\" \/>\n<meta name=\"twitter:card\" content=\"summary_large_image\" \/>\n<meta name=\"twitter:label1\" content=\"Estimated reading time\" \/>\n\t<meta name=\"twitter:data1\" content=\"3 minutes\" \/>\n<script type=\"application\/ld+json\" class=\"yoast-schema-graph\">{\"@context\":\"https:\\\/\\\/schema.org\",\"@graph\":[{\"@type\":\"WebPage\",\"@id\":\"https:\\\/\\\/landscapes-et-cie.com\\\/a-propos\\\/\",\"url\":\"https:\\\/\\\/landscapes-et-cie.com\\\/a-propos\\\/\",\"name\":\"\u00c0 propos &#8226; Landscapes et Cie\",\"isPartOf\":{\"@id\":\"https:\\\/\\\/landscapes-et-cie.com\\\/#website\"},\"primaryImageOfPage\":{\"@id\":\"https:\\\/\\\/landscapes-et-cie.com\\\/a-propos\\\/#primaryimage\"},\"image\":{\"@id\":\"https:\\\/\\\/landscapes-et-cie.com\\\/a-propos\\\/#primaryimage\"},\"thumbnailUrl\":\"https:\\\/\\\/landscapes-et-cie.com\\\/wp-content\\\/uploads\\\/2021\\\/04\\\/DSC_1913.jpeg\",\"datePublished\":\"2021-03-30T16:11:48+00:00\",\"dateModified\":\"2025-10-07T10:56:36+00:00\",\"description\":\"Clare Ob\u00e9ron paysagiste conceptrice chez Landscapes and Cie en Bretagne. Bureau d'\u00e9tude en conception paysag\u00e8re pour des jardins et parcs priv\u00e9s et jardins th\u00e9rapeutiques.\",\"breadcrumb\":{\"@id\":\"https:\\\/\\\/landscapes-et-cie.com\\\/a-propos\\\/#breadcrumb\"},\"inLanguage\":\"en-GB\",\"potentialAction\":[{\"@type\":\"ReadAction\",\"target\":[\"https:\\\/\\\/landscapes-et-cie.com\\\/a-propos\\\/\"]}]},{\"@type\":\"ImageObject\",\"inLanguage\":\"en-GB\",\"@id\":\"https:\\\/\\\/landscapes-et-cie.com\\\/a-propos\\\/#primaryimage\",\"url\":\"https:\\\/\\\/landscapes-et-cie.com\\\/wp-content\\\/uploads\\\/2021\\\/04\\\/DSC_1913.jpeg\",\"contentUrl\":\"https:\\\/\\\/landscapes-et-cie.com\\\/wp-content\\\/uploads\\\/2021\\\/04\\\/DSC_1913.jpeg\",\"width\":1404,\"height\":1954,\"caption\":\"Clare Ob\u00e9ron - Architecte Paysagiste - Landscapes et Cie\"},{\"@type\":\"BreadcrumbList\",\"@id\":\"https:\\\/\\\/landscapes-et-cie.com\\\/a-propos\\\/#breadcrumb\",\"itemListElement\":[{\"@type\":\"ListItem\",\"position\":1,\"name\":\"Accueil\",\"item\":\"https:\\\/\\\/landscapes-et-cie.com\\\/\"},{\"@type\":\"ListItem\",\"position\":2,\"name\":\"\u00c0 propos\"}]},{\"@type\":\"WebSite\",\"@id\":\"https:\\\/\\\/landscapes-et-cie.com\\\/#website\",\"url\":\"https:\\\/\\\/landscapes-et-cie.com\\\/\",\"name\":\"Landscapes et Cie\",\"description\":\"Garden Design - Clare Ob\u00e9ron, Architecte Paysagiste\",\"publisher\":{\"@id\":\"https:\\\/\\\/landscapes-et-cie.com\\\/#organization\"},\"potentialAction\":[{\"@type\":\"SearchAction\",\"target\":{\"@type\":\"EntryPoint\",\"urlTemplate\":\"https:\\\/\\\/landscapes-et-cie.com\\\/?s={search_term_string}\"},\"query-input\":{\"@type\":\"PropertyValueSpecification\",\"valueRequired\":true,\"valueName\":\"search_term_string\"}}],\"inLanguage\":\"en-GB\"},{\"@type\":\"Organization\",\"@id\":\"https:\\\/\\\/landscapes-et-cie.com\\\/#organization\",\"name\":\"Landscapes et Cie\",\"url\":\"https:\\\/\\\/landscapes-et-cie.com\\\/\",\"logo\":{\"@type\":\"ImageObject\",\"inLanguage\":\"en-GB\",\"@id\":\"https:\\\/\\\/landscapes-et-cie.com\\\/#\\\/schema\\\/logo\\\/image\\\/\",\"url\":\"https:\\\/\\\/landscapes-et-cie.com\\\/wp-content\\\/uploads\\\/2021\\\/03\\\/LANDSCAPES_LOGO-1.png\",\"contentUrl\":\"https:\\\/\\\/landscapes-et-cie.com\\\/wp-content\\\/uploads\\\/2021\\\/03\\\/LANDSCAPES_LOGO-1.png\",\"width\":2000,\"height\":398,\"caption\":\"Landscapes et Cie\"},\"image\":{\"@id\":\"https:\\\/\\\/landscapes-et-cie.com\\\/#\\\/schema\\\/logo\\\/image\\\/\"},\"sameAs\":[\"https:\\\/\\\/www.facebook.com\\\/Landscapesetcie\\\/\"]}]}<\/script>\n<!-- \/ Yoast SEO plugin. -->","yoast_head_json":{"title":"\u00c0 propos &#8226; Landscapes et Cie","description":"Clare Ob\u00e9ron paysagiste conceptrice chez Landscapes and Cie en Bretagne. Bureau d'\u00e9tude en conception paysag\u00e8re pour des jardins et parcs priv\u00e9s et jardins th\u00e9rapeutiques.","robots":{"index":"index","follow":"follow","max-snippet":"max-snippet:-1","max-image-preview":"max-image-preview:large","max-video-preview":"max-video-preview:-1"},"canonical":"https:\/\/landscapes-et-cie.com\/en\/a-propos\/","og_locale":"en_GB","og_type":"article","og_title":"\u00c0 propos &#8226; Landscapes et Cie","og_description":"Clare Ob\u00e9ron paysagiste conceptrice chez Landscapes and Cie en Bretagne. Bureau d'\u00e9tude en conception paysag\u00e8re pour des jardins et parcs priv\u00e9s et jardins th\u00e9rapeutiques.","og_url":"https:\/\/landscapes-et-cie.com\/en\/a-propos\/","og_site_name":"Landscapes et Cie","article_publisher":"https:\/\/www.facebook.com\/Landscapesetcie\/","article_modified_time":"2025-10-07T10:56:36+00:00","og_image":[{"width":1404,"height":1954,"url":"https:\/\/landscapes-et-cie.com\/wp-content\/uploads\/2021\/04\/DSC_1913.jpeg","type":"image\/jpeg"}],"twitter_card":"summary_large_image","twitter_misc":{"Estimated reading time":"3 minutes"},"schema":{"@context":"https:\/\/schema.org","@graph":[{"@type":"WebPage","@id":"https:\/\/landscapes-et-cie.com\/a-propos\/","url":"https:\/\/landscapes-et-cie.com\/a-propos\/","name":"\u00c0 propos &#8226; Landscapes et Cie","isPartOf":{"@id":"https:\/\/landscapes-et-cie.com\/#website"},"primaryImageOfPage":{"@id":"https:\/\/landscapes-et-cie.com\/a-propos\/#primaryimage"},"image":{"@id":"https:\/\/landscapes-et-cie.com\/a-propos\/#primaryimage"},"thumbnailUrl":"https:\/\/landscapes-et-cie.com\/wp-content\/uploads\/2021\/04\/DSC_1913.jpeg","datePublished":"2021-03-30T16:11:48+00:00","dateModified":"2025-10-07T10:56:36+00:00","description":"Clare Ob\u00e9ron paysagiste conceptrice chez Landscapes and Cie en Bretagne. Bureau d'\u00e9tude en conception paysag\u00e8re pour des jardins et parcs priv\u00e9s et jardins th\u00e9rapeutiques.","breadcrumb":{"@id":"https:\/\/landscapes-et-cie.com\/a-propos\/#breadcrumb"},"inLanguage":"en-GB","potentialAction":[{"@type":"ReadAction","target":["https:\/\/landscapes-et-cie.com\/a-propos\/"]}]},{"@type":"ImageObject","inLanguage":"en-GB","@id":"https:\/\/landscapes-et-cie.com\/a-propos\/#primaryimage","url":"https:\/\/landscapes-et-cie.com\/wp-content\/uploads\/2021\/04\/DSC_1913.jpeg","contentUrl":"https:\/\/landscapes-et-cie.com\/wp-content\/uploads\/2021\/04\/DSC_1913.jpeg","width":1404,"height":1954,"caption":"Clare Ob\u00e9ron - Architecte Paysagiste - Landscapes et Cie"},{"@type":"BreadcrumbList","@id":"https:\/\/landscapes-et-cie.com\/a-propos\/#breadcrumb","itemListElement":[{"@type":"ListItem","position":1,"name":"Accueil","item":"https:\/\/landscapes-et-cie.com\/"},{"@type":"ListItem","position":2,"name":"\u00c0 propos"}]},{"@type":"WebSite","@id":"https:\/\/landscapes-et-cie.com\/#website","url":"https:\/\/landscapes-et-cie.com\/","name":"Landscapes et Cie","description":"Garden Design - Clare Ob\u00e9ron, Landscape Architect","publisher":{"@id":"https:\/\/landscapes-et-cie.com\/#organization"},"potentialAction":[{"@type":"SearchAction","target":{"@type":"EntryPoint","urlTemplate":"https:\/\/landscapes-et-cie.com\/?s={search_term_string}"},"query-input":{"@type":"PropertyValueSpecification","valueRequired":true,"valueName":"search_term_string"}}],"inLanguage":"en-GB"},{"@type":"Organization","@id":"https:\/\/landscapes-et-cie.com\/#organization","name":"Landscapes et Cie","url":"https:\/\/landscapes-et-cie.com\/","logo":{"@type":"ImageObject","inLanguage":"en-GB","@id":"https:\/\/landscapes-et-cie.com\/#\/schema\/logo\/image\/","url":"https:\/\/landscapes-et-cie.com\/wp-content\/uploads\/2021\/03\/LANDSCAPES_LOGO-1.png","contentUrl":"https:\/\/landscapes-et-cie.com\/wp-content\/uploads\/2021\/03\/LANDSCAPES_LOGO-1.png","width":2000,"height":398,"caption":"Landscapes et Cie"},"image":{"@id":"https:\/\/landscapes-et-cie.com\/#\/schema\/logo\/image\/"},"sameAs":["https:\/\/www.facebook.com\/Landscapesetcie\/"]}]}},"jetpack_sharing_enabled":true,"_links":{"self":[{"href":"https:\/\/landscapes-et-cie.com\/en\/wp-json\/wp\/v2\/pages\/15","targetHints":{"allow":["GET"]}}],"collection":[{"href":"https:\/\/landscapes-et-cie.com\/en\/wp-json\/wp\/v2\/pages"}],"about":[{"href":"https:\/\/landscapes-et-cie.com\/en\/wp-json\/wp\/v2\/types\/page"}],"author":[{"embeddable":true,"href":"https:\/\/landscapes-et-cie.com\/en\/wp-json\/wp\/v2\/users\/1"}],"replies":[{"embeddable":true,"href":"https:\/\/landscapes-et-cie.com\/en\/wp-json\/wp\/v2\/comments?post=15"}],"version-history":[{"count":42,"href":"https:\/\/landscapes-et-cie.com\/en\/wp-json\/wp\/v2\/pages\/15\/revisions"}],"predecessor-version":[{"id":239179,"href":"https:\/\/landscapes-et-cie.com\/en\/wp-json\/wp\/v2\/pages\/15\/revisions\/239179"}],"wp:featuredmedia":[{"embeddable":true,"href":"https:\/\/landscapes-et-cie.com\/en\/wp-json\/wp\/v2\/media\/238017"}],"wp:attachment":[{"href":"https:\/\/landscapes-et-cie.com\/en\/wp-json\/wp\/v2\/media?parent=15"}],"curies":[{"name":"wp","href":"https:\/\/api.w.org\/{rel}","templated":true}]}}